{"id":9875,"date":"2022-04-19T15:17:19","date_gmt":"2022-04-19T13:17:19","guid":{"rendered":"https:\/\/www.akuplastics.com\/tompahegeszto-gep\/"},"modified":"2024-02-05T11:44:51","modified_gmt":"2024-02-05T10:44:51","slug":"hegesztogep-kezi-mukodtetesu-lemezhegeszto-gep","status":"publish","type":"page","link":"https:\/\/www.akuplastics.com\/hu\/gepek-es-eszkoezoek\/hegesztogep-kezi-mukodtetesu-lemezhegeszto-gep\/","title":{"rendered":"Tompahegeszt\u0151 g\u00e9p"},"content":{"rendered":"\t\t<div data-elementor-type=\"wp-page\" data-elementor-id=\"9875\" class=\"elementor elementor-9875 elementor-6144\" data-elementor-post-type=\"page\">\n\t\t\t\t\t\t<section class=\"elementor-section elementor-top-section elementor-element elementor-element-3be7ddce elementor-section-boxed elementor-section-height-default elementor-section-height-default\" data-id=\"3be7ddce\" data-element_type=\"section\" data-e-type=\"section\">\n\t\t\t\t\t\t<div class=\"elementor-container elementor-column-gap-default\">\n\t\t\t\t\t<div class=\"elementor-column elementor-col-100 elementor-top-column elementor-element elementor-element-572d334d\" data-id=\"572d334d\" data-element_type=\"column\" data-e-type=\"column\">\n\t\t\t<div class=\"elementor-widget-wrap elementor-element-populated\">\n\t\t\t\t\t\t<div class=\"elementor-element elementor-element-67c989fc elementor-widget elementor-widget-text-editor\" data-id=\"67c989fc\" data-element_type=\"widget\" data-e-type=\"widget\" data-widget_type=\"text-editor.default\">\n\t\t\t\t<div class=\"elementor-widget-container\">\n\t\t\t\t\t\t\t\t\t<h1>K\u00e9zi vez\u00e9rl\u00e9s\u0171 panelhegeszt\u0151 g\u00e9p PVC-U, PE-HD, PP, PVDF lemezekhez<\/h1>\n\t\t\t\t\t\t\t\t<\/div>\n\t\t\t\t<\/div>\n\t\t\t\t<section class=\"elementor-section elementor-inner-section elementor-element elementor-element-4b68b8ba elementor-section-boxed elementor-section-height-default elementor-section-height-default\" data-id=\"4b68b8ba\" data-element_type=\"section\" data-e-type=\"section\">\n\t\t\t\t\t\t<div class=\"elementor-container elementor-column-gap-default\">\n\t\t\t\t\t<div class=\"elementor-column elementor-col-50 elementor-inner-column elementor-element elementor-element-3e047d67\" data-id=\"3e047d67\" data-element_type=\"column\" data-e-type=\"column\">\n\t\t\t<div class=\"elementor-widget-wrap elementor-element-populated\">\n\t\t\t\t\t\t<div class=\"elementor-element elementor-element-14ebd2df elementor-widget elementor-widget-text-editor\" data-id=\"14ebd2df\" data-element_type=\"widget\" data-e-type=\"widget\" data-widget_type=\"text-editor.default\">\n\t\t\t\t<div class=\"elementor-widget-container\">\n\t\t\t\t\t\t\t\t\t<p>Ez a g\u00e9p <b>k\u00e9zi m\u0171k\u00f6dtet\u00e9se<\/b> miatt ide\u00e1lis <b>bel\u00e9p\u0151 szint\u0171 modellnek <\/b>.  <br \/>Ide\u00e1lis a <b>sz\u00e1ll\u00edthat\u00f3 k\u00f6vetelm\u00e9nyekhez<\/b> is, \u00e9s t\u00f6k\u00e9letesen alkalmas <b>\u00fcreges kamr\u00e1s lemezek<\/b> (60 mm-ig) <b>hegeszt\u00e9s\u00e9re<\/b>.<\/p>\n<p><b>A munkadarabokat pneumatikusan r\u00f6gz\u00edtik<\/b>, \u00e9s a hegeszt\u00e9si ciklus k\u00e9zzel t\u00f6rt\u00e9nik.<\/p>\n<p><b>V\u00e9grehajt\u00e1s<\/b>:  <br \/>Munkasz\u00e9less\u00e9g + anyagvastags\u00e1g<\/p>\n<ul>\n<li>1500 mm 20 mm vastags\u00e1gig<\/li>\n<li><span style=\"letter-spacing: 0.1px; color: var( --e-global-color-text );\">2000 mm 15 mm vastags\u00e1gig\n<p><\/span><\/li>\n<\/ul>\n\t\t\t\t\t\t\t\t<\/div>\n\t\t\t\t<\/div>\n\t\t\t\t<div class=\"elementor-element elementor-element-a3c11f9 elementor-widget elementor-widget-text-editor\" data-id=\"a3c11f9\" data-element_type=\"widget\" data-e-type=\"widget\" data-widget_type=\"text-editor.default\">\n\t\t\t\t<div class=\"elementor-widget-container\">\n\t\t\t\t\t\t\t\t\t<p><b>M\u0171anyaglemezek prec\u00edz hegeszt\u00e9se<br><br><\/b><\/p>\n<p>A <b>k\u00e9zi vez\u00e9rl\u00e9s\u0171 lemezhegeszt\u0151 g\u00e9p<\/b> <b>kompakt \u00e9s mobil megold\u00e1st<\/b> jelent a m\u0171anyag lemezek prec\u00edz hegeszt\u00e9s\u00e9hez.  <br><br>Ez a hegeszt\u0151g\u00e9p lehet\u0151v\u00e9 teszi a kezel\u0151k sz\u00e1m\u00e1ra a m\u0171anyag lemezek biztons\u00e1gos \u00e9s hat\u00e9kony \u00f6sszeilleszt\u00e9s\u00e9t, legyen sz\u00f3 \u00e9p\u00edt\u00e9si \u00e9s kivitelez\u00e9si projektekr\u0151l, rekl\u00e1mtechnik\u00e1r\u00f3l vagy m\u00e1s alkalmaz\u00e1sokr\u00f3l.<br><br><\/p>\n<p>A k\u00e9zi vez\u00e9rl\u00e9s\u0171 lemezhegeszt\u0151 g\u00e9p <b>jellemz\u0151i \u00e9s alkalmaz\u00e1sai<\/b> &nbsp;<br><br><\/p>\n<p><strong>Tulajdons\u00e1gok:<br><br><\/strong><\/p>\n<ul>\n<li>\n<p><strong>K\u00e9zi vez\u00e9rl\u00e9s:<\/strong> <br>A g\u00e9pet k\u00e9zzel m\u0171k\u00f6dtetik, \u00edgy a kezel\u0151 teljes m\u00e9rt\u00e9kben ellen\u0151rizheti a hegeszt\u00e9si folyamatot.<\/p>\n<\/li>\n<li>\n<p><strong>F\u0171t\u0151elem-technol\u00f3gia:<\/strong> <br>Fejlett f\u0171t\u0151elemekkel felszerelt, amelyek lehet\u0151v\u00e9 teszik a pontos h\u0151m\u00e9rs\u00e9klet-be\u00e1ll\u00edt\u00e1sokat a m\u0171anyag lapok egyenletes felmeleg\u00edt\u00e9s\u00e9hez.<\/p>\n<\/li>\n<li>\n<p><strong>Nyom\u00f3rendszer:<\/strong> <br>A g\u00e9p pr\u00e9sel\u0151rendszerrel rendelkezik, amely a hegesztend\u0151 m\u0171anyag lapokat \u00f6sszetartja, \u00e9s biztos\u00edtja az egyenletes h\u0151eloszl\u00e1st.<\/p>\n<\/li>\n<li>\n<p><strong>H\u0151m\u00e9rs\u00e9klet-szab\u00e1lyoz\u00e1s:<\/strong> <br>A h\u0151m\u00e9rs\u00e9klet \u00e1ll\u00edthat\u00f3, ami lehet\u0151v\u00e9 teszi, hogy a g\u00e9pet k\u00fcl\u00f6nb\u00f6z\u0151 t\u00edpus\u00fa m\u0171anyagokhoz igaz\u00edtsuk.<\/p>\n<\/li>\n<li>\n<p><strong>Kompakt kialak\u00edt\u00e1s:<\/strong> <br>A k\u00e9zi vez\u00e9rl\u00e9s\u0171 lemezhegeszt\u0151 g\u00e9pek gyakran kompaktak \u00e9s k\u00f6nny\u0171ek, \u00edgy mobilisak \u00e9s k\u00f6nnyen sz\u00e1ll\u00edthat\u00f3ak a k\u00fcl\u00f6nb\u00f6z\u0151 munkater\u00fcletek k\u00f6z\u00f6tt.<br><br><\/p>\n<\/li>\n<\/ul>\n<p><strong>El\u0151ny\u00f6k:<br><br><\/strong><\/p>\n<ul>\n<li>\n<p><strong>Pontos hegesztett k\u00f6t\u00e9sek:<\/strong> <br>A k\u00e9zi vez\u00e9rl\u00e9s lehet\u0151v\u00e9 teszi a kezel\u0151 sz\u00e1m\u00e1ra, hogy a hegesztett k\u00f6t\u00e9seket pontosan \u00e9s ig\u00e9ny szerint \u00e1ll\u00edtsa be.<\/p>\n<\/li>\n<li>\n<p><strong>Sokoldal\u00fas\u00e1g:<\/strong> <br>A g\u00e9p alkalmazkod\u00f3k\u00e9pess\u00e9ge a k\u00fcl\u00f6nb\u00f6z\u0151 m\u0171anyagokhoz teszi alkalmass\u00e1 a legk\u00fcl\u00f6nf\u00e9l\u00e9bb alkalmaz\u00e1sokhoz, a t\u00e1bl\u00e1kt\u00f3l az \u00e9p\u00edt\u00e9si projektekig.<\/p>\n<\/li>\n<li>\n<p><strong>K\u00f6lts\u00e9ghat\u00e9konys\u00e1g:<\/strong> <br>A k\u00e9zi vez\u00e9rl\u00e9s\u0171 lemezhegeszt\u0151 g\u00e9pek k\u00f6lts\u00e9ghat\u00e9kony megold\u00e1st k\u00edn\u00e1lnak kisebb projektekhez, ahol nincs sz\u00fcks\u00e9g automatiz\u00e1lt vagy nagy volumen\u0171 g\u00e9pekre.<\/p>\n<\/li>\n<li>\n<p><strong>Rugalmass\u00e1g:<\/strong> <br>Mozg\u00e9konys\u00e1ga lehet\u0151v\u00e9 teszi, hogy k\u00fcl\u00f6nb\u00f6z\u0151 helyeken haszn\u00e1lj\u00e1k, ami k\u00fcl\u00f6n\u00f6sen hasznos olyan ter\u00fcleteken, ahol rugalmass\u00e1gra van sz\u00fcks\u00e9g.<br><br><\/p>\n<\/li>\n<\/ul>\n<p><strong>Alkalmaz\u00e1sok:<br><br><\/strong><\/p>\n<ul>\n<li>\n<p><strong>\u00c9p\u00edt\u00e9si \u00e9s kivitelez\u00e9si projektek:<\/strong> <br>Ide\u00e1lis m\u0171anyag lemezek hegeszt\u00e9s\u00e9hez <b>\u00e9p\u00edt\u00e9si projektekhez<\/b>, legyen sz\u00f3 t\u00e1bl\u00e1kr\u00f3l, kijelz\u0151kr\u0151l vagy m\u00e1s szerkezeti alkalmaz\u00e1sokr\u00f3l.<\/p>\n<\/li>\n<li>\n<p><strong>Rekl\u00e1m \u00e9s grafikai tervez\u00e9s:<\/strong> <br>A <b>rekl\u00e1mtechnik\u00e1ban <\/b>a k\u00e9zi vez\u00e9rl\u00e9s\u0171 lemezhegeszt\u0151 g\u00e9pet rekl\u00e1mt\u00e1bl\u00e1k, bannertart\u00f3k \u00e9s egy\u00e9b grafikai elemek gy\u00e1rt\u00e1s\u00e1ra haszn\u00e1lj\u00e1k.<\/p>\n<\/li>\n<li>\n<p><strong>V\u00e1s\u00e1r \u00e9s \u00fczletberendez\u00e9s:<\/strong> <br>A g\u00e9p \u00e9rt\u00e9kes eszk\u00f6z a v\u00e1s\u00e1rokon \u00e9s \u00fczletekben az <b>ideiglenes szerkezetek<\/b> vagy bemutat\u00f3k sz\u00e1m\u00e1ra.<\/p>\n<\/li>\n<li>\n<p><strong>Protot\u00edpus \u00e9p\u00edt\u00e9se:<\/strong> <br>A <b>term\u00e9kfejleszt\u00e9s \u00e9s a protot\u00edpusgy\u00e1rt\u00e1s<\/b> sor\u00e1n a k\u00e9zi vez\u00e9rl\u00e9s\u0171 lemezhegeszt\u0151 g\u00e9p gyors \u00e9s pontos hegeszt\u00e9st tesz lehet\u0151v\u00e9.<br><br><\/p>\n<\/li>\n<\/ul>\n<p>A k\u00e9zi vez\u00e9rl\u00e9s\u0171 lemezhegeszt\u0151 g\u00e9p <b>rugalmas megold\u00e1st<\/b> k\u00edn\u00e1l olyan <b>projektekhez<\/b>, ahol k\u00e9zi vez\u00e9rl\u00e9s \u00e9s mobilit\u00e1s sz\u00fcks\u00e9ges.  <br><b>Sokoldal\u00fas\u00e1g\u00e1nak \u00e9s k\u00f6lts\u00e9ghat\u00e9konys\u00e1g\u00e1nak<\/b> k\u00f6sz\u00f6nhet\u0151en ez a hegeszt\u0151g\u00e9pt\u00edpus k\u00fcl\u00f6n\u00f6sen alkalmas a k\u00fcl\u00f6nb\u00f6z\u0151 ipari \u00e1gazatok <b>kis \u00e9s k\u00f6zepes m\u00e9ret\u0171 alkalmaz\u00e1saihoz<\/b>.<\/p>\t\t\t\t\t\t\t\t<\/div>\n\t\t\t\t<\/div>\n\t\t\t\t\t<\/div>\n\t\t<\/div>\n\t\t\t\t<div class=\"elementor-column elementor-col-50 elementor-inner-column elementor-element elementor-element-7567f51b\" data-id=\"7567f51b\" data-element_type=\"column\" data-e-type=\"column\">\n\t\t\t<div class=\"elementor-widget-wrap elementor-element-populated\">\n\t\t\t\t\t\t<div class=\"elementor-element elementor-element-4a6681b9 elementor-widget__width-initial elementor-widget elementor-widget-image\" data-id=\"4a6681b9\" data-element_type=\"widget\" data-e-type=\"widget\" data-widget_type=\"image.default\">\n\t\t\t\t<div class=\"elementor-widget-container\">\n\t\t\t\t\t\t\t\t\t\t\t\t<figure class=\"wp-caption\">\n\t\t\t\t\t\t\t\t\t\t<img loading=\"lazy\" decoding=\"async\" width=\"768\" height=\"641\" src=\"https:\/\/www.akuplastics.com\/wp-content\/uploads\/2022\/04\/S_hand-1024x854-1-768x641.jpg\" class=\"attachment-medium_large size-medium_large wp-image-9908\" alt=\"Handbet\u00e4tigte Plattenschwei\u00dfmaschine\" srcset=\"https:\/\/www.akuplastics.com\/wp-content\/uploads\/2022\/04\/S_hand-1024x854-1-768x641.jpg 768w, https:\/\/www.akuplastics.com\/wp-content\/uploads\/2022\/04\/S_hand-1024x854-1-300x250.jpg 300w, https:\/\/www.akuplastics.com\/wp-content\/uploads\/2022\/04\/S_hand-1024x854-1.jpg 1024w\" sizes=\"auto, (max-width: 768px) 100vw, 768px\" \/>\t\t\t\t\t\t\t\t\t\t\t<figcaption class=\"widget-image-caption wp-caption-text\">K\u00e9zi lemezhegeszt\u0151 g\u00e9p<\/figcaption>\n\t\t\t\t\t\t\t\t\t\t<\/figure>\n\t\t\t\t\t\t\t\t\t<\/div>\n\t\t\t\t<\/div>\n\t\t\t\t\t<\/div>\n\t\t<\/div>\n\t\t\t\t\t<\/div>\n\t\t<\/section>\n\t\t\t\t\t<\/div>\n\t\t<\/div>\n\t\t\t\t\t<\/div>\n\t\t<\/section>\n\t\t\t\t<\/div>\n\t\t","protected":false},"excerpt":{"rendered":"<p>K\u00e9zi vez\u00e9rl\u00e9s\u0171 panelhegeszt\u0151 g\u00e9p PVC-U, PE-HD, PP, PVDF lemezekhez Ez a g\u00e9p k\u00e9zi m\u0171k\u00f6dtet\u00e9se miatt ide\u00e1lis bel\u00e9p\u0151 szint\u0171 modellnek . Ide\u00e1lis a sz\u00e1ll\u00edthat\u00f3 k\u00f6vetelm\u00e9nyekhez is, \u00e9s t\u00f6k\u00e9letesen alkalmas \u00fcreges kamr\u00e1s lemezek (60 mm-ig) hegeszt\u00e9s\u00e9re. A munkadarabokat pneumatikusan r\u00f6gz\u00edtik, \u00e9s a hegeszt\u00e9si ciklus k\u00e9zzel t\u00f6rt\u00e9nik. V\u00e9grehajt\u00e1s: Munkasz\u00e9less\u00e9g + anyagvastags\u00e1g 1500 mm 20 mm vastags\u00e1gig 2000 mm [&hellip;]<\/p>\n","protected":false},"author":2,"featured_media":0,"parent":9403,"menu_order":0,"comment_status":"closed","ping_status":"closed","template":"","meta":{"iawp_total_views":7,"footnotes":""},"class_list":["post-9875","page","type-page","status-publish","hentry"],"yoast_head":"<!-- This site is optimized with the Yoast SEO Premium plugin v27.4 (Yoast SEO v27.5) - https:\/\/yoast.com\/product\/yoast-seo-premium-wordpress\/ -->\n<title>Lemezhegeszt\u0151 g\u00e9p k\u00e9zik\u00f6nyv M\u0171anyag-feldolgoz\u00e1s PVC-U PE-HD PP PVDF<\/title>\n<meta name=\"description\" content=\"Hegeszt\u0151g\u00e9p, mint k\u00e9zi m\u0171k\u00f6dtet\u00e9s\u0171 lemezhegeszt\u0151 g\u00e9p. K\u00e9zi m\u0171k\u00f6dtet\u00e9se miatt ez a g\u00e9p ide\u00e1lis bel\u00e9p\u0151 szint\u0171 modellnek. Ide\u00e1lis a sz\u00e1ll\u00edthat\u00f3 ig\u00e9nyekhez is, \u00e9s t\u00f6k\u00e9letesen alkalmas \u00fcreges kamr\u00e1s lemezek (60 mm-ig) hegeszt\u00e9s\u00e9re A munkadarabok pneumatikusan ker\u00fclnek r\u00f6gz\u00edt\u00e9sre, \u00e9s a hegeszt\u00e9si ciklus k\u00e9zzel t\u00f6rt\u00e9nik.\" \/>\n<meta name=\"robots\" content=\"index, follow, max-snippet:-1, max-image-preview:large, max-video-preview:-1\" \/>\n<link rel=\"canonical\" href=\"https:\/\/www.akuplastics.com\/hu\/gepek-es-eszkoezoek\/hegesztogep-kezi-mukodtetesu-lemezhegeszto-gep\/\" \/>\n<script type=\"application\/ld+json\" class=\"yoast-schema-graph\">{\"@context\":\"https:\\\/\\\/schema.org\",\"@graph\":[{\"@type\":\"WebPage\",\"@id\":\"https:\\\/\\\/www.akuplastics.com\\\/hu\\\/gepek-es-eszkoezoek\\\/hegesztogep-kezi-mukodtetesu-lemezhegeszto-gep\\\/\",\"url\":\"https:\\\/\\\/www.akuplastics.com\\\/hu\\\/gepek-es-eszkoezoek\\\/hegesztogep-kezi-mukodtetesu-lemezhegeszto-gep\\\/\",\"name\":\"Lemezhegeszt\u0151 g\u00e9p k\u00e9zik\u00f6nyv M\u0171anyag-feldolgoz\u00e1s PVC-U PE-HD PP PVDF\",\"isPartOf\":{\"@id\":\"https:\\\/\\\/www.akuplastics.com\\\/hu\\\/#website\"},\"primaryImageOfPage\":{\"@id\":\"https:\\\/\\\/www.akuplastics.com\\\/hu\\\/gepek-es-eszkoezoek\\\/hegesztogep-kezi-mukodtetesu-lemezhegeszto-gep\\\/#primaryimage\"},\"image\":{\"@id\":\"https:\\\/\\\/www.akuplastics.com\\\/hu\\\/gepek-es-eszkoezoek\\\/hegesztogep-kezi-mukodtetesu-lemezhegeszto-gep\\\/#primaryimage\"},\"thumbnailUrl\":\"https:\\\/\\\/www.akuplastics.com\\\/wp-content\\\/uploads\\\/2022\\\/04\\\/S_hand-1024x854-1-768x641.jpg\",\"datePublished\":\"2022-04-19T13:17:19+00:00\",\"dateModified\":\"2024-02-05T10:44:51+00:00\",\"description\":\"Hegeszt\u0151g\u00e9p, mint k\u00e9zi m\u0171k\u00f6dtet\u00e9s\u0171 lemezhegeszt\u0151 g\u00e9p. K\u00e9zi m\u0171k\u00f6dtet\u00e9se miatt ez a g\u00e9p ide\u00e1lis bel\u00e9p\u0151 szint\u0171 modellnek. Ide\u00e1lis a sz\u00e1ll\u00edthat\u00f3 ig\u00e9nyekhez is, \u00e9s t\u00f6k\u00e9letesen alkalmas \u00fcreges kamr\u00e1s lemezek (60 mm-ig) hegeszt\u00e9s\u00e9re A munkadarabok pneumatikusan ker\u00fclnek r\u00f6gz\u00edt\u00e9sre, \u00e9s a hegeszt\u00e9si ciklus k\u00e9zzel t\u00f6rt\u00e9nik.\",\"breadcrumb\":{\"@id\":\"https:\\\/\\\/www.akuplastics.com\\\/hu\\\/gepek-es-eszkoezoek\\\/hegesztogep-kezi-mukodtetesu-lemezhegeszto-gep\\\/#breadcrumb\"},\"inLanguage\":\"hu\",\"potentialAction\":[{\"@type\":\"ReadAction\",\"target\":[\"https:\\\/\\\/www.akuplastics.com\\\/hu\\\/gepek-es-eszkoezoek\\\/hegesztogep-kezi-mukodtetesu-lemezhegeszto-gep\\\/\"]}]},{\"@type\":\"ImageObject\",\"inLanguage\":\"hu\",\"@id\":\"https:\\\/\\\/www.akuplastics.com\\\/hu\\\/gepek-es-eszkoezoek\\\/hegesztogep-kezi-mukodtetesu-lemezhegeszto-gep\\\/#primaryimage\",\"url\":\"https:\\\/\\\/www.akuplastics.com\\\/wp-content\\\/uploads\\\/2022\\\/04\\\/S_hand-1024x854-1-768x641.jpg\",\"contentUrl\":\"https:\\\/\\\/www.akuplastics.com\\\/wp-content\\\/uploads\\\/2022\\\/04\\\/S_hand-1024x854-1-768x641.jpg\"},{\"@type\":\"BreadcrumbList\",\"@id\":\"https:\\\/\\\/www.akuplastics.com\\\/hu\\\/gepek-es-eszkoezoek\\\/hegesztogep-kezi-mukodtetesu-lemezhegeszto-gep\\\/#breadcrumb\",\"itemListElement\":[{\"@type\":\"ListItem\",\"position\":1,\"name\":\"Kezd\u0151lap\",\"item\":\"https:\\\/\\\/www.akuplastics.com\\\/hu\\\/\"},{\"@type\":\"ListItem\",\"position\":2,\"name\":\"G\u00e9pek \u00e9s eszk\u00f6z\u00f6k\",\"item\":\"https:\\\/\\\/www.akuplastics.com\\\/hu\\\/gepek-es-eszkoezoek\\\/\"},{\"@type\":\"ListItem\",\"position\":3,\"name\":\"Tompahegeszt\u0151 g\u00e9p\"}]},{\"@type\":\"WebSite\",\"@id\":\"https:\\\/\\\/www.akuplastics.com\\\/hu\\\/#website\",\"url\":\"https:\\\/\\\/www.akuplastics.com\\\/hu\\\/\",\"name\":\"Semi-Finished Products \u2013 Finished Parts \u2013 Ventilation Moulded Parts \u2013 Machines\",\"description\":\"Halbzeuge, Halbfabrikate, Kunststoffhalbzeuge, Kunststoffhalbfabrikate\",\"publisher\":{\"@id\":\"https:\\\/\\\/www.akuplastics.com\\\/hu\\\/#organization\"},\"alternateName\":\"AKUPLASTICS \u2013 Engineering in Plastics\",\"potentialAction\":[{\"@type\":\"SearchAction\",\"target\":{\"@type\":\"EntryPoint\",\"urlTemplate\":\"https:\\\/\\\/www.akuplastics.com\\\/hu\\\/?s={search_term_string}\"},\"query-input\":{\"@type\":\"PropertyValueSpecification\",\"valueRequired\":true,\"valueName\":\"search_term_string\"}}],\"inLanguage\":\"hu\"},{\"@type\":\"Organization\",\"@id\":\"https:\\\/\\\/www.akuplastics.com\\\/hu\\\/#organization\",\"name\":\"Ing. Christian Ahlborn e.U.\",\"alternateName\":\"AKU\",\"url\":\"https:\\\/\\\/www.akuplastics.com\\\/hu\\\/\",\"logo\":{\"@type\":\"ImageObject\",\"inLanguage\":\"hu\",\"@id\":\"https:\\\/\\\/www.akuplastics.com\\\/hu\\\/#\\\/schema\\\/logo\\\/image\\\/\",\"url\":\"https:\\\/\\\/www.akuplastics.com\\\/wp-content\\\/uploads\\\/2020\\\/07\\\/Grafik14-inkl-r.png\",\"contentUrl\":\"https:\\\/\\\/www.akuplastics.com\\\/wp-content\\\/uploads\\\/2020\\\/07\\\/Grafik14-inkl-r.png\",\"width\":1994,\"height\":743,\"caption\":\"Ing. Christian Ahlborn e.U.\"},\"image\":{\"@id\":\"https:\\\/\\\/www.akuplastics.com\\\/hu\\\/#\\\/schema\\\/logo\\\/image\\\/\"}}]}<\/script>\n<!-- \/ Yoast SEO Premium plugin. -->","yoast_head_json":{"title":"Lemezhegeszt\u0151 g\u00e9p k\u00e9zik\u00f6nyv M\u0171anyag-feldolgoz\u00e1s PVC-U PE-HD PP PVDF","description":"Hegeszt\u0151g\u00e9p, mint k\u00e9zi m\u0171k\u00f6dtet\u00e9s\u0171 lemezhegeszt\u0151 g\u00e9p. K\u00e9zi m\u0171k\u00f6dtet\u00e9se miatt ez a g\u00e9p ide\u00e1lis bel\u00e9p\u0151 szint\u0171 modellnek. Ide\u00e1lis a sz\u00e1ll\u00edthat\u00f3 ig\u00e9nyekhez is, \u00e9s t\u00f6k\u00e9letesen alkalmas \u00fcreges kamr\u00e1s lemezek (60 mm-ig) hegeszt\u00e9s\u00e9re A munkadarabok pneumatikusan ker\u00fclnek r\u00f6gz\u00edt\u00e9sre, \u00e9s a hegeszt\u00e9si ciklus k\u00e9zzel t\u00f6rt\u00e9nik.","robots":{"index":"index","follow":"follow","max-snippet":"max-snippet:-1","max-image-preview":"max-image-preview:large","max-video-preview":"max-video-preview:-1"},"canonical":"https:\/\/www.akuplastics.com\/hu\/gepek-es-eszkoezoek\/hegesztogep-kezi-mukodtetesu-lemezhegeszto-gep\/","schema":{"@context":"https:\/\/schema.org","@graph":[{"@type":"WebPage","@id":"https:\/\/www.akuplastics.com\/hu\/gepek-es-eszkoezoek\/hegesztogep-kezi-mukodtetesu-lemezhegeszto-gep\/","url":"https:\/\/www.akuplastics.com\/hu\/gepek-es-eszkoezoek\/hegesztogep-kezi-mukodtetesu-lemezhegeszto-gep\/","name":"Lemezhegeszt\u0151 g\u00e9p k\u00e9zik\u00f6nyv M\u0171anyag-feldolgoz\u00e1s PVC-U PE-HD PP PVDF","isPartOf":{"@id":"https:\/\/www.akuplastics.com\/hu\/#website"},"primaryImageOfPage":{"@id":"https:\/\/www.akuplastics.com\/hu\/gepek-es-eszkoezoek\/hegesztogep-kezi-mukodtetesu-lemezhegeszto-gep\/#primaryimage"},"image":{"@id":"https:\/\/www.akuplastics.com\/hu\/gepek-es-eszkoezoek\/hegesztogep-kezi-mukodtetesu-lemezhegeszto-gep\/#primaryimage"},"thumbnailUrl":"https:\/\/www.akuplastics.com\/wp-content\/uploads\/2022\/04\/S_hand-1024x854-1-768x641.jpg","datePublished":"2022-04-19T13:17:19+00:00","dateModified":"2024-02-05T10:44:51+00:00","description":"Hegeszt\u0151g\u00e9p, mint k\u00e9zi m\u0171k\u00f6dtet\u00e9s\u0171 lemezhegeszt\u0151 g\u00e9p. K\u00e9zi m\u0171k\u00f6dtet\u00e9se miatt ez a g\u00e9p ide\u00e1lis bel\u00e9p\u0151 szint\u0171 modellnek. Ide\u00e1lis a sz\u00e1ll\u00edthat\u00f3 ig\u00e9nyekhez is, \u00e9s t\u00f6k\u00e9letesen alkalmas \u00fcreges kamr\u00e1s lemezek (60 mm-ig) hegeszt\u00e9s\u00e9re A munkadarabok pneumatikusan ker\u00fclnek r\u00f6gz\u00edt\u00e9sre, \u00e9s a hegeszt\u00e9si ciklus k\u00e9zzel t\u00f6rt\u00e9nik.","breadcrumb":{"@id":"https:\/\/www.akuplastics.com\/hu\/gepek-es-eszkoezoek\/hegesztogep-kezi-mukodtetesu-lemezhegeszto-gep\/#breadcrumb"},"inLanguage":"hu","potentialAction":[{"@type":"ReadAction","target":["https:\/\/www.akuplastics.com\/hu\/gepek-es-eszkoezoek\/hegesztogep-kezi-mukodtetesu-lemezhegeszto-gep\/"]}]},{"@type":"ImageObject","inLanguage":"hu","@id":"https:\/\/www.akuplastics.com\/hu\/gepek-es-eszkoezoek\/hegesztogep-kezi-mukodtetesu-lemezhegeszto-gep\/#primaryimage","url":"https:\/\/www.akuplastics.com\/wp-content\/uploads\/2022\/04\/S_hand-1024x854-1-768x641.jpg","contentUrl":"https:\/\/www.akuplastics.com\/wp-content\/uploads\/2022\/04\/S_hand-1024x854-1-768x641.jpg"},{"@type":"BreadcrumbList","@id":"https:\/\/www.akuplastics.com\/hu\/gepek-es-eszkoezoek\/hegesztogep-kezi-mukodtetesu-lemezhegeszto-gep\/#breadcrumb","itemListElement":[{"@type":"ListItem","position":1,"name":"Kezd\u0151lap","item":"https:\/\/www.akuplastics.com\/hu\/"},{"@type":"ListItem","position":2,"name":"G\u00e9pek \u00e9s eszk\u00f6z\u00f6k","item":"https:\/\/www.akuplastics.com\/hu\/gepek-es-eszkoezoek\/"},{"@type":"ListItem","position":3,"name":"Tompahegeszt\u0151 g\u00e9p"}]},{"@type":"WebSite","@id":"https:\/\/www.akuplastics.com\/hu\/#website","url":"https:\/\/www.akuplastics.com\/hu\/","name":"Semi-Finished Products \u2013 Finished Parts \u2013 Ventilation Moulded Parts \u2013 Machines","description":"Halbzeuge, Halbfabrikate, Kunststoffhalbzeuge, Kunststoffhalbfabrikate","publisher":{"@id":"https:\/\/www.akuplastics.com\/hu\/#organization"},"alternateName":"AKUPLASTICS \u2013 Engineering in Plastics","potentialAction":[{"@type":"SearchAction","target":{"@type":"EntryPoint","urlTemplate":"https:\/\/www.akuplastics.com\/hu\/?s={search_term_string}"},"query-input":{"@type":"PropertyValueSpecification","valueRequired":true,"valueName":"search_term_string"}}],"inLanguage":"hu"},{"@type":"Organization","@id":"https:\/\/www.akuplastics.com\/hu\/#organization","name":"Ing. Christian Ahlborn e.U.","alternateName":"AKU","url":"https:\/\/www.akuplastics.com\/hu\/","logo":{"@type":"ImageObject","inLanguage":"hu","@id":"https:\/\/www.akuplastics.com\/hu\/#\/schema\/logo\/image\/","url":"https:\/\/www.akuplastics.com\/wp-content\/uploads\/2020\/07\/Grafik14-inkl-r.png","contentUrl":"https:\/\/www.akuplastics.com\/wp-content\/uploads\/2020\/07\/Grafik14-inkl-r.png","width":1994,"height":743,"caption":"Ing. Christian Ahlborn e.U."},"image":{"@id":"https:\/\/www.akuplastics.com\/hu\/#\/schema\/logo\/image\/"}}]}},"_links":{"self":[{"href":"https:\/\/www.akuplastics.com\/hu\/wp-json\/wp\/v2\/pages\/9875","targetHints":{"allow":["GET"]}}],"collection":[{"href":"https:\/\/www.akuplastics.com\/hu\/wp-json\/wp\/v2\/pages"}],"about":[{"href":"https:\/\/www.akuplastics.com\/hu\/wp-json\/wp\/v2\/types\/page"}],"author":[{"embeddable":true,"href":"https:\/\/www.akuplastics.com\/hu\/wp-json\/wp\/v2\/users\/2"}],"replies":[{"embeddable":true,"href":"https:\/\/www.akuplastics.com\/hu\/wp-json\/wp\/v2\/comments?post=9875"}],"version-history":[{"count":6,"href":"https:\/\/www.akuplastics.com\/hu\/wp-json\/wp\/v2\/pages\/9875\/revisions"}],"predecessor-version":[{"id":16053,"href":"https:\/\/www.akuplastics.com\/hu\/wp-json\/wp\/v2\/pages\/9875\/revisions\/16053"}],"up":[{"embeddable":true,"href":"https:\/\/www.akuplastics.com\/hu\/wp-json\/wp\/v2\/pages\/9403"}],"wp:attachment":[{"href":"https:\/\/www.akuplastics.com\/hu\/wp-json\/wp\/v2\/media?parent=9875"}],"curies":[{"name":"wp","href":"https:\/\/api.w.org\/{rel}","templated":true}]}}