{"id":9725,"date":"2021-06-23T15:19:40","date_gmt":"2021-06-23T13:19:40","guid":{"rendered":"https:\/\/www.akuplastics.com\/hegeszto-tuekoer\/"},"modified":"2025-10-01T12:37:58","modified_gmt":"2025-10-01T10:37:58","slug":"hegeszto-tuekoer","status":"publish","type":"page","link":"https:\/\/www.akuplastics.com\/hu\/gepek-es-eszkoezoek\/hegeszto-tuekoer\/","title":{"rendered":"Hegeszt\u0151 t\u00fck\u00f6r"},"content":{"rendered":"\t\t<div data-elementor-type=\"wp-page\" data-elementor-id=\"9725\" class=\"elementor elementor-9725 elementor-4657\" data-elementor-post-type=\"page\">\n\t\t\t\t\t\t<section class=\"elementor-section elementor-top-section elementor-element elementor-element-25f95862 elementor-section-boxed elementor-section-height-default elementor-section-height-default\" data-id=\"25f95862\" data-element_type=\"section\" data-e-type=\"section\">\n\t\t\t\t\t\t<div class=\"elementor-container elementor-column-gap-default\">\n\t\t\t\t\t<div class=\"elementor-column elementor-col-100 elementor-top-column elementor-element elementor-element-381f0fb4\" data-id=\"381f0fb4\" data-element_type=\"column\" data-e-type=\"column\">\n\t\t\t<div class=\"elementor-widget-wrap elementor-element-populated\">\n\t\t\t\t\t\t<div class=\"elementor-element elementor-element-439a6057 elementor-widget elementor-widget-text-editor\" data-id=\"439a6057\" data-element_type=\"widget\" data-e-type=\"widget\" data-widget_type=\"text-editor.default\">\n\t\t\t\t<div class=\"elementor-widget-container\">\n\t\t\t\t\t\t\t\t\t<h1>K\u00e9zi hegeszt\u0151t\u00fckr\u00f6k \u00e9s asztali hegeszt\u0151t\u00fckr\u00f6k<\/h1>\t\t\t\t\t\t\t\t<\/div>\n\t\t\t\t<\/div>\n\t\t\t\t<section class=\"elementor-section elementor-inner-section elementor-element elementor-element-4bdb1992 elementor-section-boxed elementor-section-height-default elementor-section-height-default\" data-id=\"4bdb1992\" data-element_type=\"section\" data-e-type=\"section\">\n\t\t\t\t\t\t<div class=\"elementor-container elementor-column-gap-default\">\n\t\t\t\t\t<div class=\"elementor-column elementor-col-50 elementor-inner-column elementor-element elementor-element-7338e428\" data-id=\"7338e428\" data-element_type=\"column\" data-e-type=\"column\">\n\t\t\t<div class=\"elementor-widget-wrap elementor-element-populated\">\n\t\t\t\t\t\t<div class=\"elementor-element elementor-element-65e51add elementor-widget elementor-widget-text-editor\" data-id=\"65e51add\" data-element_type=\"widget\" data-e-type=\"widget\" data-widget_type=\"text-editor.default\">\n\t\t\t\t<div class=\"elementor-widget-container\">\n\t\t\t\t\t\t\t\t\t<p>A <strong>hegeszt\u0151 t\u00fckr\u00f6k\u00a0<\/strong>a\u00a0<strong>olcs\u00f3<\/strong>\u00a0\u00e9s\u00a0<strong>rugalmas bevezet\u00e9st<\/strong> jelentenek<strong>a\u00a0<\/strong><strong>m\u0171anyagfeldolgoz\u00e1sba<\/strong>\u00a0\u00e9s lehet\u0151v\u00e9 teszik a cs\u00f6vek, \u00f6nt\u00f6tt alkatr\u00e9szek, profilok\u00a0\u00e9s lemezanyagok egyszer\u0171 tompahegeszt\u00e9s\u00e9t.<\/p><p>\u00a0<\/p><p>A\u00a0a <strong>k\u00fcl\u00f6nb\u00f6z\u0151 m\u00e9retek \u00e9s kialak\u00edt\u00e1sok\u00a0<\/strong>lehet\u0151v\u00e9 teszik a k\u00e9zi eszk\u00f6z\u00f6k rugalmas \u00e9s szem\u00e9lyre szabott haszn\u00e1lat\u00e1t.<br \/>Minden\u00a0A\u00a0<strong>k\u00e9zi hegeszt\u0151 t\u00fckr\u00f6k<\/strong>\u00a0 PTFE-vel vannak felszerelve.\u00a0<strong>tapad\u00e1smentes bevonat\u00fa\u00a0<\/strong>\u00e9s\u00a0<strong>kerek<\/strong>\u00a0valamint a\u00a0<strong>n\u00e9gyzet alak\u00fa\u00a0<\/strong>el\u00e9rhet\u0151.\u00a0<\/p><p>\u00a0<\/p><p><strong>Ezeket a k\u00f6vetkez\u0151k\u00e9nt k\u00edn\u00e1ljuk:<\/strong><\/p><ul><li data-start=\"53\" data-end=\"80\"><p data-start=\"55\" data-end=\"80\"><a href=\"https:\/\/www.akuplastics.com\/hu\/gepek-es-eszkoezoek\/kerek-hegeszto-tuekoer\/\"><strong data-start=\"55\" data-end=\"78\">Kerek hegeszt\u0151t\u00fck\u00f6r<\/strong><\/a><\/p><\/li><li data-start=\"81\" data-end=\"112\"><p data-start=\"83\" data-end=\"112\"><a href=\"https:\/\/www.akuplastics.com\/hu\/gepek-es-eszkoezoek\/negyzet-alaku-hegeszto-tuekoer\/\"><strong data-start=\"83\" data-end=\"110\">Sz\u00f6gletes hegeszt\u0151t\u00fck\u00f6r<\/strong><\/a><\/p><\/li><li data-start=\"113\" data-end=\"174\"><p data-start=\"115\" data-end=\"174\"><a href=\"https:\/\/www.akuplastics.com\/hu\/gepek-es-eszkoezoek\/asztali-hegeszto-tuekroek-negyzet-alaku-szerelvenyhegeszto-egysegek\/\"><strong data-start=\"115\" data-end=\"172\">Asztali hegeszt\u0151t\u00fck\u00f6r \/ sz\u00f6gletes szerel\u0151-hegeszt\u0151g\u00e9p<\/strong><\/a><\/p><\/li><li data-start=\"175\" data-end=\"208\"><p data-start=\"177\" data-end=\"208\"><a href=\"https:\/\/www.akuplastics.com\/hu\/gepek-es-eszkoezoek\/kerek-szerelveny-hegesztok\/\"><strong data-start=\"177\" data-end=\"206\">Kerek szerel\u0151-hegeszt\u0151g\u00e9p<\/strong><\/a><\/p><\/li><\/ul><p>\u00a0<\/p><p>Alapkivitelben a\u00a0a\u00a0230 V-hoz k\u00e9sz\u00fcltek, opcion\u00e1lisan a\u00a0110 V-hoz is kaphat\u00f3k, a k\u00f6vetkez\u0151 m\u00e9retekben.<\/p><p>\u00a0<\/p><table style=\"width: 445px; height: 264px;\" border=\"0\" width=\"160\" cellspacing=\"0\" cellpadding=\"0\"><colgroup> <col style=\"width: 60pt;\" span=\"2\" width=\"80\" \/> <\/colgroup><tbody><tr style=\"height: 15.0pt;\"><td style=\"height: 15pt; width: 60pt; text-align: left;\" width=\"80\" height=\"20\"><strong>Kerek:<\/strong><\/td><td style=\"width: 60pt; text-align: left;\" width=\"80\"><strong>N\u00e9gyzet:<\/strong><\/td><\/tr><tr style=\"height: 15.0pt;\"><td style=\"height: 15.0pt; width: 60pt;\" width=\"80\" height=\"20\">\u00a0\u00d850 mm\u00a0<\/td><td>100 x 150 mm<\/td><\/tr><tr style=\"height: 15.0pt;\"><td style=\"height: 15.0pt; width: 60pt;\" width=\"80\" height=\"20\">\u00a0\u00d890 mm<\/td><td>150 x 150\u00a0mm<\/td><\/tr><tr style=\"height: 15.0pt;\"><td style=\"height: 15.0pt; width: 60pt;\" width=\"80\" height=\"20\">\u00d8120 mm\u00a0<\/td><td>250 x 250 mm<\/td><\/tr><tr style=\"height: 15.0pt;\"><td style=\"height: 15.0pt; width: 60pt;\" width=\"80\" height=\"20\">\u00d8200 mm<\/td><td>\u00a0<\/td><\/tr><tr style=\"height: 15.0pt;\"><td style=\"height: 15.0pt; width: 60pt;\" width=\"80\" height=\"20\">\u00d8250 mm<\/td><td>\u00a0<\/td><\/tr><tr style=\"height: 15.0pt;\"><td style=\"height: 15.0pt; width: 60pt;\" width=\"80\" height=\"20\">\u00d8320 mm<\/td><td>\u00a0<\/td><\/tr><\/tbody><\/table><p><b style=\"color: var( --e-global-color-text ); font-family: var( --e-global-typography-text-font-family ), arial; font-size: var( --e-global-typography-text-font-size ); letter-spacing: 0px;\">Adatlapok<\/b><span style=\"color: var( --e-global-color-text ); font-family: var( --e-global-typography-text-font-family ), arial; font-size: var( --e-global-typography-text-font-size ); font-weight: var( --e-global-typography-text-font-weight ); letter-spacing: 0px;\">:<br \/><\/span><\/p><p><a title=\"T\u00f6ltse le ezt a f\u00e1jlt (K\u00e9zi hegeszt\u0151 t\u00fck\u00f6r kerek.pdf)\" href=\"https:\/\/www.akuplastics.com\/wp-content\/uploads\/2023\/06\/Handschweissspiegel-rund.pdf\" target=\"_blank\" rel=\"noopener\"><strong>K\u00e9zi hegeszt\u0151 t\u00fck\u00f6r kerek.pdf<\/strong><\/a><\/p><p><a href=\"https:\/\/www.akuplastics.com\/wp-content\/uploads\/2023\/06\/Handschweissspiegel-viereckig.pdf\"><strong>K\u00e9zi hegeszt\u0151 t\u00fck\u00f6r n\u00e9gyzet.pdf<\/strong><\/a><\/p><h5><b>N\u00e9gyzet alak\u00fa asztali hegeszt\u0151 t\u00fck\u00f6r<\/b><\/h5><p>A <b>n\u00e9gyzet alak\u00fa hegeszt\u0151egys\u00e9geket<\/b> a lemezanyag hajl\u00edt\u00e1s\u00e1hoz ferde fels\u0151 \u00e9llel is tervezt\u00e9k.<\/p><p>\u00a0<\/p><p>A k\u00e9sz\u00fcl\u00e9ket a foganty\u00faba integr\u00e1lt <b>elektronikus vez\u00e9rl\u0151<\/b> vagy termoszt\u00e1ttal ell\u00e1tott vez\u00e9rl\u0151, valamint a h\u00e1l\u00f3zati vez\u00e9rl\u00e9ssel ell\u00e1tott be- \u00e9s kikapcsol\u00f3 kapcsol\u00f3, a f\u0171t\u00e9si id\u0151k\u00f6z\u00f6k jelz\u0151f\u00e9nye teszi teljess\u00e9.<\/p><p>\u00a0<\/p><p>Az <b>asztali tart\u00f3<\/b> a sz\u00e1ll\u00edt\u00e1si terjedelem r\u00e9sz\u00e9t k\u00e9pezi, a hozz\u00e1 ill\u0151 tokok opcion\u00e1lisan megv\u00e1s\u00e1rolhat\u00f3k.<\/p><p>\u00a0<\/p><p>Az <strong>asztali hegeszt\u0151t\u00fckr\u00f6k<\/strong>\u00a0<strong>f\u00fcgg\u0151legesen elforgathat\u00f3k<\/strong> a\u00a0<strong>\u00e9s a\u00a0k\u00f6z\u00f6tt v\u00edzszintesen<\/strong>\u00a0\u00e9s\u00a0a megfelel\u0151\u00a0<strong>alszerkezettel<\/strong>\u00a0sz\u00e1ll\u00edtj\u00e1k.\u00a0<\/p><p>\u00a0<\/p><p>A fels\u0151 \u00e9l itt is ferd\u00e9re van v\u00e1gva, hogy lehet\u0151v\u00e9 v\u00e1ljon a ferd\u00edt\u00e9s.\u00a0<\/p><p>A h\u0151m\u00e9rs\u00e9klet-szab\u00e1lyoz\u00e1s\u00a0elektronikus\u00a0(modellt\u0151l f\u00fcgg\u0151en).<\/p><p>\u00a0<\/p><p>A k\u00f6vetkez\u0151 m\u00e9retek \u00e1llnak rendelkez\u00e9sre:<\/p><p>\u00a0<\/p><table style=\"width: 704px; height: 333px;\" border=\"0\" width=\"536\" cellspacing=\"0\" cellpadding=\"0\"><colgroup> <col style=\"width: 60pt;\" span=\"2\" width=\"80\" \/> <col style=\"mso-width-source: userset; mso-width-alt: 4973; width: 102pt;\" width=\"136\" \/> <col style=\"width: 60pt;\" span=\"3\" width=\"80\" \/> <\/colgroup><tbody><tr style=\"height: 15.0pt;\"><td style=\"height: 15pt; width: 60pt; text-align: left;\" width=\"80\" height=\"20\"><strong>Modell<\/strong><\/td><td style=\"width: 60pt; text-align: left;\" width=\"80\"><strong>M\u00e9ret<\/strong><\/td><td style=\"width: 102pt; text-align: left;\" width=\"136\"><strong>Szab\u00e1lyoz\u00e1s<\/strong><\/td><td style=\"width: 60pt; text-align: left;\" width=\"80\"><strong>Volt<\/strong><\/td><td style=\"width: 60pt; text-align: left;\" width=\"80\"><strong>Watt<\/strong><\/td><td style=\"width: 60pt; text-align: left;\" width=\"80\"><strong>S\u00faly<\/strong><\/td><\/tr><tr style=\"height: 15.0pt;\"><td style=\"height: 15.0pt;\" height=\"20\">TSP 250T<\/td><td>250 x 250 mm<\/td><td>Termoszt\u00e1t<\/td><td>230 vagy 110<\/td><td align=\"right\">1400<\/td><td>12.0 kg<\/td><\/tr><tr style=\"height: 15.0pt;\"><td style=\"height: 15.0pt;\" height=\"20\">TSP 250D<\/td><td>250 x 250 mm<\/td><td>Elektronika<\/td><td>230 vagy 110<\/td><td align=\"right\">1400<\/td><td>12.0 kg<\/td><\/tr><tr style=\"height: 15.0pt;\"><td style=\"height: 15.0pt;\" height=\"20\">TSP 350T<\/td><td>350 x 350 mm<\/td><td>Termoszt\u00e1t<\/td><td>230 vagy 110<\/td><td align=\"right\">2500<\/td><td>17.0 kg<\/td><\/tr><tr style=\"height: 15.0pt;\"><td style=\"height: 15.0pt;\" height=\"20\">TSP 350D<\/td><td>350 x 350 mm<\/td><td>Elektronika<\/td><td>230 vagy 110<\/td><td align=\"right\">2500<\/td><td>17.0 kg<\/td><\/tr><tr style=\"height: 15.0pt;\"><td style=\"height: 15.0pt;\" height=\"20\">TSP 500T<\/td><td>500 x 500 mm<\/td><td>Termoszt\u00e1t<\/td><td>230 vagy 110<\/td><td align=\"right\">3500<\/td><td>26.0 kg<\/td><\/tr><tr style=\"height: 15.0pt;\"><td style=\"height: 15.0pt;\" height=\"20\">TSP 500D<\/td><td>500 x 500 mm<\/td><td>Elektronika<\/td><td>230 vagy 110<\/td><td align=\"right\">3500<\/td><td>26.0 kg<\/td><\/tr><\/tbody><\/table><p>Az <b>\u00e9rintkez\u00e9sen alapul\u00f3 f\u0171t\u00e9shez<\/b> a\u00a0<strong>weboldalon a\u00a0oldalra szab<\/strong>ott\u00a0lapos hegeszt\u0151t\u00fckr\u00f6k 3000 mm hossz\u00fas\u00e1gig, f\u0171t\u0151lemezek \u00e9s f\u0171t\u0151szalagok 3000&#215;3200 mm-es m\u00e9retig, illetve osztott gy\u0171r\u0171s hegeszt\u0151t\u00fckr\u00f6k A\u00d81700 mm-es m\u00e9retig a t\u00e1vf\u0171t\u00e9si k\u00f6penycs\u00f6vek hegeszt\u00e9s\u00e9hez a legk\u00fcl\u00f6nb\u00f6z\u0151bb kivitelben \u00e9s m\u00e9retben.<\/p><p>A <b>k\u00fcls\u0151 elektronikus vez\u00e9rl\u00e9s<\/b> maxim\u00e1lis pontoss\u00e1got \u00e9s rugalmass\u00e1got tesz lehet\u0151v\u00e9. A kiv\u00e1l\u00f3 min\u0151s\u00e9g\u0171 PTFE-bevonat minden oldalon jelent\u0151sen meghosszabb\u00edtja az \u00e9lettartamot.<\/p>\t\t\t\t\t\t\t\t<\/div>\n\t\t\t\t<\/div>\n\t\t\t\t<div class=\"elementor-element elementor-element-cff67ac elementor-widget elementor-widget-text-editor\" data-id=\"cff67ac\" data-element_type=\"widget\" data-e-type=\"widget\" data-widget_type=\"text-editor.default\">\n\t\t\t\t<div class=\"elementor-widget-container\">\n\t\t\t\t\t\t\t\t\t<p>A hegeszt\u0151t\u00fck\u00f6r egy <b>speci\u00e1lis eszk\u00f6z, amelyet a m\u0171anyaghegeszt\u00e9si technol\u00f3gi\u00e1ban haszn\u00e1lnak<\/b> a <b>hegeszt\u00e9si h\u0151 <\/b> <b>pontos szab\u00e1lyoz\u00e1s\u00e1ra \u00e9s f\u00f3kusz\u00e1l\u00e1s\u00e1ra<\/b>.  <br><br>Ez a k\u00e9sz\u00fcl\u00e9k lehet\u0151v\u00e9 teszi a hegeszt\u0151k sz\u00e1m\u00e1ra, hogy szab\u00e1lyozz\u00e1k a m\u0171anyag fel\u00fcletekhez alkalmazott h\u0151mennyis\u00e9get az egyenletes olvad\u00e1s \u00e9s az er\u0151s hegesztett k\u00f6t\u00e9sek el\u00e9r\u00e9se \u00e9rdek\u00e9ben.&nbsp;<br><br><\/p>\n<p><strong>A hegeszt\u0151t\u00fck\u00f6r tulajdons\u00e1gai:<br><br><\/strong><\/p>\n<ul>\n<li>\n<p><strong style=\"background-color: transparent; color: var( --e-global-color-text ); font-family: var( --e-global-typography-text-font-family ), arial;\">Alak \u00e9s m\u00e9ret:<\/strong><span style=\"background-color: transparent; color: var( --e-global-color-text ); font-family: var( --e-global-typography-text-font-family ), arial; font-weight: var( --e-global-typography-text-font-weight );\"> <br>A hegeszt\u0151t\u00fckr\u00f6k az alkalmaz\u00e1st\u00f3l \u00e9s a hegeszt\u00e9si elj\u00e1r\u00e1st\u00f3l f\u00fcgg\u0151en k\u00fcl\u00f6nb\u00f6z\u0151 form\u00e1j\u00fa \u00e9s m\u00e9ret\u0171ek lehetnek, a kerek t\u00fckr\u00f6kt\u0151l a t\u00e9glalap alak\u00fa t\u00fckr\u00f6kig.<\/span><br><\/p>\n<\/li>\n<li>\n<p><strong>H\u0151\u00e1ll\u00f3 anyag:<\/strong> <br>A fel\u00fclet h\u0151\u00e1ll\u00f3 anyagb\u00f3l k\u00e9sz\u00fclt, amely ellen\u00e1ll a m\u0171anyaghegeszt\u00e9s magas h\u0151m\u00e9rs\u00e9klet\u00e9nek.<\/p>\n<\/li>\n<li>\n<p><strong>Foganty\u00fa vagy tart\u00f3:<br><\/strong>&nbsp; A hegeszt\u0151t\u00fckr\u00f6t gyakran ell\u00e1tj\u00e1k foganty\u00faval vagy tart\u00f3val, hogy a hegeszt\u00e9si folyamat sor\u00e1n k\u00e9nyelmesen lehessen kezelni \u00e9s elhelyezni.<br><br><\/p>\n<\/li>\n<\/ul>\n<p><strong>Funkci\u00f3k:<br><br><\/strong><\/p>\n<ul>\n<li>\n<p><strong>H\u0151f\u00f3kusz\u00e1l\u00e1s:<\/strong> <br>A hegeszt\u0151t\u00fck\u00f6r a visszavert h\u0151t a hegesztend\u0151 m\u0171anyagfel\u00fcletekre koncentr\u00e1lja, \u00edgy biztos\u00edtva az egyenletes felmeleged\u00e9st \u00e9s olvad\u00e1st.<\/p>\n<\/li>\n<li>\n<p><strong>H\u0151m\u00e9rs\u00e9klet-szab\u00e1lyoz\u00e1s:<\/strong> <br>A d\u0151l\u00e9ssz\u00f6g be\u00e1ll\u00edt\u00e1s\u00e1val a hegeszt\u0151t\u00fck\u00f6r befoly\u00e1solhatja a h\u0151m\u00e9rs\u00e9klet-szab\u00e1lyoz\u00e1st \u00e9s ez\u00e1ltal a hegeszt\u00e9si k\u00f6r\u00fclm\u00e9nyeket.<\/p>\n<\/li>\n<li>\n<p><strong>Pontos hegeszt\u00e9si \u00fatmutat\u00e1s:<\/strong> <br>A hegeszt\u0151k a t\u00fck\u00f6r seg\u00edts\u00e9g\u00e9vel pontosan ir\u00e1ny\u00edthatj\u00e1k a hegeszt\u00e9si h\u0151t, \u00e9s \u00edgy pontos vezet\u00e9st biztos\u00edthatnak a hegeszt\u00e9si folyamat sor\u00e1n.<\/p>\n<\/li>\n<li>\n<p><strong>Fokozott hat\u00e9konys\u00e1g:<\/strong> <br>A h\u0151 hegeszt\u0151t\u00fck\u00f6r \u00e1ltali f\u00f3kusz\u00e1l\u00e1sa hozz\u00e1j\u00e1rul a hegeszt\u00e9si folyamat hat\u00e9konys\u00e1g\u00e1hoz, mivel az energia kifejezetten a hegeszt\u00e9si z\u00f3n\u00e1ra ir\u00e1nyul.<\/p>\n<\/li>\n<li>\n<p><strong>A hegeszt\u00e9si torzul\u00e1sok cs\u00f6kkent\u00e9se:<\/strong> <br>A h\u0151bevitel pontos szab\u00e1lyoz\u00e1s\u00e1val a hegeszt\u0151t\u00fck\u00f6r seg\u00edthet a hegeszt\u00e9si torzul\u00e1s minimaliz\u00e1l\u00e1s\u00e1ban \u00e9s a kiv\u00e1l\u00f3 min\u0151s\u00e9g\u0171 hegesztett k\u00f6t\u00e9s biztos\u00edt\u00e1s\u00e1ban.<br><br><\/p>\n<\/li>\n<\/ul>\n<p>A hegeszt\u0151t\u00fck\u00f6r a <b>m\u0171anyaghegeszt\u00e9si technol\u00f3gia alapvet\u0151 eszk\u00f6ze<\/b>, amely a <b>h\u0151 pontos szab\u00e1lyoz\u00e1s\u00e1ra<\/b> val\u00f3 k\u00e9pess\u00e9g\u00e9nek k\u00f6sz\u00f6nhet\u0151en seg\u00edt a <b>kiv\u00e1l\u00f3 min\u0151s\u00e9g\u0171 hegesztett k\u00f6t\u00e9sek<\/b> el\u0151\u00e1ll\u00edt\u00e1s\u00e1ban.<\/p>\t\t\t\t\t\t\t\t<\/div>\n\t\t\t\t<\/div>\n\t\t\t\t\t<\/div>\n\t\t<\/div>\n\t\t\t\t<div class=\"elementor-column elementor-col-50 elementor-inner-column elementor-element elementor-element-1d70094b\" data-id=\"1d70094b\" data-element_type=\"column\" data-e-type=\"column\" data-settings=\"{&quot;animation&quot;:&quot;none&quot;}\">\n\t\t\t<div class=\"elementor-widget-wrap elementor-element-populated\">\n\t\t\t\t\t\t<div class=\"elementor-element elementor-element-25a46a50 elementor-invisible elementor-widget elementor-widget-image\" data-id=\"25a46a50\" data-element_type=\"widget\" data-e-type=\"widget\" data-settings=\"{&quot;_animation&quot;:&quot;fadeInDown&quot;}\" data-widget_type=\"image.default\">\n\t\t\t\t<div class=\"elementor-widget-container\">\n\t\t\t\t\t\t\t\t\t\t\t\t<figure class=\"wp-caption\">\n\t\t\t\t\t\t\t\t\t\t<img loading=\"lazy\" decoding=\"async\" width=\"300\" height=\"137\" src=\"https:\/\/www.akuplastics.com\/wp-content\/uploads\/2020\/07\/Handschwei\u00dfspiegel-rund-300x137.jpg\" class=\"attachment-medium size-medium wp-image-12865\" alt=\"K\u00e9zi hegeszt\u0151 t\u00fck\u00f6r kerek\" srcset=\"https:\/\/www.akuplastics.com\/wp-content\/uploads\/2020\/07\/Handschwei\u00dfspiegel-rund-300x137.jpg 300w, https:\/\/www.akuplastics.com\/wp-content\/uploads\/2020\/07\/Handschwei\u00dfspiegel-rund-1024x468.jpg 1024w, https:\/\/www.akuplastics.com\/wp-content\/uploads\/2020\/07\/Handschwei\u00dfspiegel-rund-768x351.jpg 768w, https:\/\/www.akuplastics.com\/wp-content\/uploads\/2020\/07\/Handschwei\u00dfspiegel-rund-1200x549.jpg 1200w, https:\/\/www.akuplastics.com\/wp-content\/uploads\/2020\/07\/Handschwei\u00dfspiegel-rund.jpg 1240w\" sizes=\"auto, (max-width: 300px) 100vw, 300px\" \/>\t\t\t\t\t\t\t\t\t\t\t<figcaption class=\"widget-image-caption wp-caption-text\">K\u00e9zi hegeszt\u0151 t\u00fck\u00f6r kerek<\/figcaption>\n\t\t\t\t\t\t\t\t\t\t<\/figure>\n\t\t\t\t\t\t\t\t\t<\/div>\n\t\t\t\t<\/div>\n\t\t\t\t<div class=\"elementor-element elementor-element-a0fe798 elementor-invisible elementor-widget elementor-widget-image\" data-id=\"a0fe798\" data-element_type=\"widget\" data-e-type=\"widget\" data-settings=\"{&quot;_animation&quot;:&quot;fadeInUp&quot;}\" data-widget_type=\"image.default\">\n\t\t\t\t<div class=\"elementor-widget-container\">\n\t\t\t\t\t\t\t\t\t\t\t\t<figure class=\"wp-caption\">\n\t\t\t\t\t\t\t\t\t\t<img loading=\"lazy\" decoding=\"async\" width=\"200\" height=\"160\" src=\"https:\/\/www.akuplastics.com\/wp-content\/uploads\/2021\/06\/HSPR-rund.png\" class=\"attachment-medium size-medium wp-image-13138\" alt=\"Kerek k\u00e9zi hegeszt\u0151 t\u00fckr\u00f6k v\u00e1laszt\u00e9ka\" \/>\t\t\t\t\t\t\t\t\t\t\t<figcaption class=\"widget-image-caption wp-caption-text\">Kerek k\u00e9zi hegeszt\u0151 t\u00fckr\u00f6k kiv\u00e1laszt\u00e1sa  <\/figcaption>\n\t\t\t\t\t\t\t\t\t\t<\/figure>\n\t\t\t\t\t\t\t\t\t<\/div>\n\t\t\t\t<\/div>\n\t\t\t\t<div class=\"elementor-element elementor-element-2d02ec5 elementor-invisible elementor-widget elementor-widget-image\" data-id=\"2d02ec5\" data-element_type=\"widget\" data-e-type=\"widget\" data-settings=\"{&quot;_animation&quot;:&quot;fadeInUp&quot;}\" data-widget_type=\"image.default\">\n\t\t\t\t<div class=\"elementor-widget-container\">\n\t\t\t\t\t\t\t\t\t\t\t\t<figure class=\"wp-caption\">\n\t\t\t\t\t\t\t\t\t\t<img loading=\"lazy\" decoding=\"async\" width=\"200\" height=\"220\" src=\"https:\/\/www.akuplastics.com\/wp-content\/uploads\/2021\/06\/HSP-viereck.png\" class=\"attachment-medium size-medium wp-image-13139\" alt=\"T\u00e9glalap alak\u00fa k\u00e9zi hegeszt\u0151 t\u00fckr\u00f6k kiv\u00e1laszt\u00e1sa\" \/>\t\t\t\t\t\t\t\t\t\t\t<figcaption class=\"widget-image-caption wp-caption-text\">T\u00e9glalap alak\u00fa k\u00e9zi hegeszt\u0151 t\u00fckr\u00f6k kiv\u00e1laszt\u00e1sa<\/figcaption>\n\t\t\t\t\t\t\t\t\t\t<\/figure>\n\t\t\t\t\t\t\t\t\t<\/div>\n\t\t\t\t<\/div>\n\t\t\t\t<div class=\"elementor-element elementor-element-db07f25 elementor-invisible elementor-widget elementor-widget-image\" data-id=\"db07f25\" data-element_type=\"widget\" data-e-type=\"widget\" data-settings=\"{&quot;_animation&quot;:&quot;fadeInRight&quot;}\" data-widget_type=\"image.default\">\n\t\t\t\t<div class=\"elementor-widget-container\">\n\t\t\t\t\t\t\t\t\t\t\t\t<figure class=\"wp-caption\">\n\t\t\t\t\t\t\t\t\t\t<img loading=\"lazy\" decoding=\"async\" width=\"290\" height=\"300\" src=\"https:\/\/www.akuplastics.com\/wp-content\/uploads\/2021\/06\/Tischschweissspiegel-290x300.png\" class=\"attachment-medium size-medium wp-image-13134\" alt=\"Tischschweissspiegel\" srcset=\"https:\/\/www.akuplastics.com\/wp-content\/uploads\/2021\/06\/Tischschweissspiegel-290x300.png 290w, https:\/\/www.akuplastics.com\/wp-content\/uploads\/2021\/06\/Tischschweissspiegel.png 386w\" sizes=\"auto, (max-width: 290px) 100vw, 290px\" \/>\t\t\t\t\t\t\t\t\t\t\t<figcaption class=\"widget-image-caption wp-caption-text\">Asztali hegeszt\u0151 t\u00fck\u00f6r<\/figcaption>\n\t\t\t\t\t\t\t\t\t\t<\/figure>\n\t\t\t\t\t\t\t\t\t<\/div>\n\t\t\t\t<\/div>\n\t\t\t\t<div class=\"elementor-element elementor-element-0bff4fb elementor-invisible elementor-widget elementor-widget-image\" data-id=\"0bff4fb\" data-element_type=\"widget\" data-e-type=\"widget\" data-settings=\"{&quot;_animation&quot;:&quot;fadeInDown&quot;}\" data-widget_type=\"image.default\">\n\t\t\t\t<div class=\"elementor-widget-container\">\n\t\t\t\t\t\t\t\t\t\t\t\t<figure class=\"wp-caption\">\n\t\t\t\t\t\t\t\t\t\t<img loading=\"lazy\" decoding=\"async\" width=\"300\" height=\"155\" src=\"https:\/\/www.akuplastics.com\/wp-content\/uploads\/2021\/06\/PC030007-vrij-300x155.png\" class=\"attachment-medium size-medium wp-image-13140\" alt=\"Schweissspiegel eckig\" srcset=\"https:\/\/www.akuplastics.com\/wp-content\/uploads\/2021\/06\/PC030007-vrij-300x155.png 300w, https:\/\/www.akuplastics.com\/wp-content\/uploads\/2021\/06\/PC030007-vrij.png 400w\" sizes=\"auto, (max-width: 300px) 100vw, 300px\" \/>\t\t\t\t\t\t\t\t\t\t\t<figcaption class=\"widget-image-caption wp-caption-text\">Hegeszt\u0151 t\u00fck\u00f6r sz\u00f6gletes<\/figcaption>\n\t\t\t\t\t\t\t\t\t\t<\/figure>\n\t\t\t\t\t\t\t\t\t<\/div>\n\t\t\t\t<\/div>\n\t\t\t\t\t<\/div>\n\t\t<\/div>\n\t\t\t\t\t<\/div>\n\t\t<\/section>\n\t\t\t\t\t<\/div>\n\t\t<\/div>\n\t\t\t\t\t<\/div>\n\t\t<\/section>\n\t\t\t\t<\/div>\n\t\t","protected":false},"excerpt":{"rendered":"<p>K\u00e9zi hegeszt\u0151t\u00fckr\u00f6k \u00e9s asztali hegeszt\u0151t\u00fckr\u00f6k A hegeszt\u0151 t\u00fckr\u00f6k\u00a0a\u00a0olcs\u00f3\u00a0\u00e9s\u00a0rugalmas bevezet\u00e9st jelenteneka\u00a0m\u0171anyagfeldolgoz\u00e1sba\u00a0\u00e9s lehet\u0151v\u00e9 teszik a cs\u00f6vek, \u00f6nt\u00f6tt alkatr\u00e9szek, profilok\u00a0\u00e9s lemezanyagok egyszer\u0171 tompahegeszt\u00e9s\u00e9t. \u00a0 A\u00a0a k\u00fcl\u00f6nb\u00f6z\u0151 m\u00e9retek \u00e9s kialak\u00edt\u00e1sok\u00a0lehet\u0151v\u00e9 teszik a k\u00e9zi eszk\u00f6z\u00f6k rugalmas \u00e9s szem\u00e9lyre szabott haszn\u00e1lat\u00e1t.Minden\u00a0A\u00a0k\u00e9zi hegeszt\u0151 t\u00fckr\u00f6k\u00a0 PTFE-vel vannak felszerelve.\u00a0tapad\u00e1smentes bevonat\u00fa\u00a0\u00e9s\u00a0kerek\u00a0valamint a\u00a0n\u00e9gyzet alak\u00fa\u00a0el\u00e9rhet\u0151.\u00a0 \u00a0 Ezeket a k\u00f6vetkez\u0151k\u00e9nt k\u00edn\u00e1ljuk: Kerek hegeszt\u0151t\u00fck\u00f6r Sz\u00f6gletes hegeszt\u0151t\u00fck\u00f6r Asztali hegeszt\u0151t\u00fck\u00f6r \/ [&hellip;]<\/p>\n","protected":false},"author":2,"featured_media":13138,"parent":9403,"menu_order":0,"comment_status":"closed","ping_status":"closed","template":"elementor_header_footer","meta":{"iawp_total_views":42,"footnotes":""},"class_list":["post-9725","page","type-page","status-publish","has-post-thumbnail","hentry"],"yoast_head":"<!-- This site is optimized with the Yoast SEO Premium plugin v27.4 (Yoast SEO v27.5) - https:\/\/yoast.com\/product\/yoast-seo-premium-wordpress\/ -->\n<title>K\u00e9zi hegeszt\u0151t\u00fck\u00f6r Asztali hegeszt\u0151t\u00fck\u00f6r Gy\u0171r\u0171s hegeszt\u0151t\u00fck\u00f6r<\/title>\n<meta name=\"description\" content=\"Hegeszt\u0151t\u00fckr\u00f6k k\u00e9zi hegeszt\u0151t\u00fck\u00f6rk\u00e9nt, asztali hegeszt\u0151t\u00fck\u00f6rk\u00e9nt vagy gy\u0171r\u0171s hegeszt\u0151t\u00fck\u00f6rk\u00e9nt m\u0171anyag-feldolgoz\u00e1shoz. A hegeszt\u0151t\u00fckr\u00f6k jut\u00e1nyos \u00e9s rugalmas bevezet\u00e9st jelentenek a m\u0171anyag-feldolgoz\u00e1sba, \u00e9s lehet\u0151v\u00e9 teszik a cs\u00f6vek, \u00f6nt\u00f6tt alkatr\u00e9szek, profilok \u00e9s lemezanyagok egyszer\u0171 tompahegeszt\u00e9s\u00e9t.A k\u00fcl\u00f6nb\u00f6z\u0151 m\u00e9retek \u00e9s kialak\u00edt\u00e1sok lehet\u0151v\u00e9 teszik a praktikus eszk\u00f6z\u00f6k rugalmas \u00e9s egy\u00e9ni haszn\u00e1lat\u00e1t.Minden k\u00e9zi hegeszt\u0151t\u00fck\u00f6r PTFE-vel tapad\u00e1smentes bevonattal ell\u00e1tott, \u00e9s kerek \u00e9s n\u00e9gyzet alakban is kaphat\u00f3.\" \/>\n<meta name=\"robots\" content=\"index, follow, max-snippet:-1, max-image-preview:large, max-video-preview:-1\" \/>\n<link rel=\"canonical\" href=\"https:\/\/www.akuplastics.com\/hu\/gepek-es-eszkoezoek\/hegeszto-tuekoer\/\" \/>\n<script type=\"application\/ld+json\" class=\"yoast-schema-graph\">{\"@context\":\"https:\\\/\\\/schema.org\",\"@graph\":[{\"@type\":\"WebPage\",\"@id\":\"https:\\\/\\\/www.akuplastics.com\\\/hu\\\/gepek-es-eszkoezoek\\\/hegeszto-tuekoer\\\/\",\"url\":\"https:\\\/\\\/www.akuplastics.com\\\/hu\\\/gepek-es-eszkoezoek\\\/hegeszto-tuekoer\\\/\",\"name\":\"K\u00e9zi hegeszt\u0151t\u00fck\u00f6r Asztali hegeszt\u0151t\u00fck\u00f6r Gy\u0171r\u0171s hegeszt\u0151t\u00fck\u00f6r\",\"isPartOf\":{\"@id\":\"https:\\\/\\\/www.akuplastics.com\\\/hu\\\/#website\"},\"primaryImageOfPage\":{\"@id\":\"https:\\\/\\\/www.akuplastics.com\\\/hu\\\/gepek-es-eszkoezoek\\\/hegeszto-tuekoer\\\/#primaryimage\"},\"image\":{\"@id\":\"https:\\\/\\\/www.akuplastics.com\\\/hu\\\/gepek-es-eszkoezoek\\\/hegeszto-tuekoer\\\/#primaryimage\"},\"thumbnailUrl\":\"https:\\\/\\\/www.akuplastics.com\\\/wp-content\\\/uploads\\\/2021\\\/06\\\/HSPR-rund.png\",\"datePublished\":\"2021-06-23T13:19:40+00:00\",\"dateModified\":\"2025-10-01T10:37:58+00:00\",\"description\":\"Hegeszt\u0151t\u00fckr\u00f6k k\u00e9zi hegeszt\u0151t\u00fck\u00f6rk\u00e9nt, asztali hegeszt\u0151t\u00fck\u00f6rk\u00e9nt vagy gy\u0171r\u0171s hegeszt\u0151t\u00fck\u00f6rk\u00e9nt m\u0171anyag-feldolgoz\u00e1shoz. A hegeszt\u0151t\u00fckr\u00f6k jut\u00e1nyos \u00e9s rugalmas bevezet\u00e9st jelentenek a m\u0171anyag-feldolgoz\u00e1sba, \u00e9s lehet\u0151v\u00e9 teszik a cs\u00f6vek, \u00f6nt\u00f6tt alkatr\u00e9szek, profilok \u00e9s lemezanyagok egyszer\u0171 tompahegeszt\u00e9s\u00e9t.A k\u00fcl\u00f6nb\u00f6z\u0151 m\u00e9retek \u00e9s kialak\u00edt\u00e1sok lehet\u0151v\u00e9 teszik a praktikus eszk\u00f6z\u00f6k rugalmas \u00e9s egy\u00e9ni haszn\u00e1lat\u00e1t.Minden k\u00e9zi hegeszt\u0151t\u00fck\u00f6r PTFE-vel tapad\u00e1smentes bevonattal ell\u00e1tott, \u00e9s kerek \u00e9s n\u00e9gyzet alakban is kaphat\u00f3.\",\"breadcrumb\":{\"@id\":\"https:\\\/\\\/www.akuplastics.com\\\/hu\\\/gepek-es-eszkoezoek\\\/hegeszto-tuekoer\\\/#breadcrumb\"},\"inLanguage\":\"hu\",\"potentialAction\":[{\"@type\":\"ReadAction\",\"target\":[\"https:\\\/\\\/www.akuplastics.com\\\/hu\\\/gepek-es-eszkoezoek\\\/hegeszto-tuekoer\\\/\"]}]},{\"@type\":\"ImageObject\",\"inLanguage\":\"hu\",\"@id\":\"https:\\\/\\\/www.akuplastics.com\\\/hu\\\/gepek-es-eszkoezoek\\\/hegeszto-tuekoer\\\/#primaryimage\",\"url\":\"https:\\\/\\\/www.akuplastics.com\\\/wp-content\\\/uploads\\\/2021\\\/06\\\/HSPR-rund.png\",\"contentUrl\":\"https:\\\/\\\/www.akuplastics.com\\\/wp-content\\\/uploads\\\/2021\\\/06\\\/HSPR-rund.png\",\"width\":200,\"height\":160,\"caption\":\"Kerek k\u00e9zi hegeszt\u0151 t\u00fckr\u00f6k kiv\u00e1laszt\u00e1sa\"},{\"@type\":\"BreadcrumbList\",\"@id\":\"https:\\\/\\\/www.akuplastics.com\\\/hu\\\/gepek-es-eszkoezoek\\\/hegeszto-tuekoer\\\/#breadcrumb\",\"itemListElement\":[{\"@type\":\"ListItem\",\"position\":1,\"name\":\"Kezd\u0151lap\",\"item\":\"https:\\\/\\\/www.akuplastics.com\\\/hu\\\/\"},{\"@type\":\"ListItem\",\"position\":2,\"name\":\"G\u00e9pek \u00e9s eszk\u00f6z\u00f6k\",\"item\":\"https:\\\/\\\/www.akuplastics.com\\\/hu\\\/gepek-es-eszkoezoek\\\/\"},{\"@type\":\"ListItem\",\"position\":3,\"name\":\"Hegeszt\u0151 t\u00fck\u00f6r\"}]},{\"@type\":\"WebSite\",\"@id\":\"https:\\\/\\\/www.akuplastics.com\\\/hu\\\/#website\",\"url\":\"https:\\\/\\\/www.akuplastics.com\\\/hu\\\/\",\"name\":\"Semi-Finished Products \u2013 Finished Parts \u2013 Ventilation Moulded Parts \u2013 Machines\",\"description\":\"Halbzeuge, Halbfabrikate, Kunststoffhalbzeuge, Kunststoffhalbfabrikate\",\"publisher\":{\"@id\":\"https:\\\/\\\/www.akuplastics.com\\\/hu\\\/#organization\"},\"alternateName\":\"AKUPLASTICS \u2013 Engineering in Plastics\",\"potentialAction\":[{\"@type\":\"SearchAction\",\"target\":{\"@type\":\"EntryPoint\",\"urlTemplate\":\"https:\\\/\\\/www.akuplastics.com\\\/hu\\\/?s={search_term_string}\"},\"query-input\":{\"@type\":\"PropertyValueSpecification\",\"valueRequired\":true,\"valueName\":\"search_term_string\"}}],\"inLanguage\":\"hu\"},{\"@type\":\"Organization\",\"@id\":\"https:\\\/\\\/www.akuplastics.com\\\/hu\\\/#organization\",\"name\":\"Ing. Christian Ahlborn e.U.\",\"alternateName\":\"AKU\",\"url\":\"https:\\\/\\\/www.akuplastics.com\\\/hu\\\/\",\"logo\":{\"@type\":\"ImageObject\",\"inLanguage\":\"hu\",\"@id\":\"https:\\\/\\\/www.akuplastics.com\\\/hu\\\/#\\\/schema\\\/logo\\\/image\\\/\",\"url\":\"https:\\\/\\\/www.akuplastics.com\\\/wp-content\\\/uploads\\\/2020\\\/07\\\/Grafik14-inkl-r.png\",\"contentUrl\":\"https:\\\/\\\/www.akuplastics.com\\\/wp-content\\\/uploads\\\/2020\\\/07\\\/Grafik14-inkl-r.png\",\"width\":1994,\"height\":743,\"caption\":\"Ing. Christian Ahlborn e.U.\"},\"image\":{\"@id\":\"https:\\\/\\\/www.akuplastics.com\\\/hu\\\/#\\\/schema\\\/logo\\\/image\\\/\"}}]}<\/script>\n<!-- \/ Yoast SEO Premium plugin. -->","yoast_head_json":{"title":"K\u00e9zi hegeszt\u0151t\u00fck\u00f6r Asztali hegeszt\u0151t\u00fck\u00f6r Gy\u0171r\u0171s hegeszt\u0151t\u00fck\u00f6r","description":"Hegeszt\u0151t\u00fckr\u00f6k k\u00e9zi hegeszt\u0151t\u00fck\u00f6rk\u00e9nt, asztali hegeszt\u0151t\u00fck\u00f6rk\u00e9nt vagy gy\u0171r\u0171s hegeszt\u0151t\u00fck\u00f6rk\u00e9nt m\u0171anyag-feldolgoz\u00e1shoz. A hegeszt\u0151t\u00fckr\u00f6k jut\u00e1nyos \u00e9s rugalmas bevezet\u00e9st jelentenek a m\u0171anyag-feldolgoz\u00e1sba, \u00e9s lehet\u0151v\u00e9 teszik a cs\u00f6vek, \u00f6nt\u00f6tt alkatr\u00e9szek, profilok \u00e9s lemezanyagok egyszer\u0171 tompahegeszt\u00e9s\u00e9t.A k\u00fcl\u00f6nb\u00f6z\u0151 m\u00e9retek \u00e9s kialak\u00edt\u00e1sok lehet\u0151v\u00e9 teszik a praktikus eszk\u00f6z\u00f6k rugalmas \u00e9s egy\u00e9ni haszn\u00e1lat\u00e1t.Minden k\u00e9zi hegeszt\u0151t\u00fck\u00f6r PTFE-vel tapad\u00e1smentes bevonattal ell\u00e1tott, \u00e9s kerek \u00e9s n\u00e9gyzet alakban is kaphat\u00f3.","robots":{"index":"index","follow":"follow","max-snippet":"max-snippet:-1","max-image-preview":"max-image-preview:large","max-video-preview":"max-video-preview:-1"},"canonical":"https:\/\/www.akuplastics.com\/hu\/gepek-es-eszkoezoek\/hegeszto-tuekoer\/","schema":{"@context":"https:\/\/schema.org","@graph":[{"@type":"WebPage","@id":"https:\/\/www.akuplastics.com\/hu\/gepek-es-eszkoezoek\/hegeszto-tuekoer\/","url":"https:\/\/www.akuplastics.com\/hu\/gepek-es-eszkoezoek\/hegeszto-tuekoer\/","name":"K\u00e9zi hegeszt\u0151t\u00fck\u00f6r Asztali hegeszt\u0151t\u00fck\u00f6r Gy\u0171r\u0171s hegeszt\u0151t\u00fck\u00f6r","isPartOf":{"@id":"https:\/\/www.akuplastics.com\/hu\/#website"},"primaryImageOfPage":{"@id":"https:\/\/www.akuplastics.com\/hu\/gepek-es-eszkoezoek\/hegeszto-tuekoer\/#primaryimage"},"image":{"@id":"https:\/\/www.akuplastics.com\/hu\/gepek-es-eszkoezoek\/hegeszto-tuekoer\/#primaryimage"},"thumbnailUrl":"https:\/\/www.akuplastics.com\/wp-content\/uploads\/2021\/06\/HSPR-rund.png","datePublished":"2021-06-23T13:19:40+00:00","dateModified":"2025-10-01T10:37:58+00:00","description":"Hegeszt\u0151t\u00fckr\u00f6k k\u00e9zi hegeszt\u0151t\u00fck\u00f6rk\u00e9nt, asztali hegeszt\u0151t\u00fck\u00f6rk\u00e9nt vagy gy\u0171r\u0171s hegeszt\u0151t\u00fck\u00f6rk\u00e9nt m\u0171anyag-feldolgoz\u00e1shoz. A hegeszt\u0151t\u00fckr\u00f6k jut\u00e1nyos \u00e9s rugalmas bevezet\u00e9st jelentenek a m\u0171anyag-feldolgoz\u00e1sba, \u00e9s lehet\u0151v\u00e9 teszik a cs\u00f6vek, \u00f6nt\u00f6tt alkatr\u00e9szek, profilok \u00e9s lemezanyagok egyszer\u0171 tompahegeszt\u00e9s\u00e9t.A k\u00fcl\u00f6nb\u00f6z\u0151 m\u00e9retek \u00e9s kialak\u00edt\u00e1sok lehet\u0151v\u00e9 teszik a praktikus eszk\u00f6z\u00f6k rugalmas \u00e9s egy\u00e9ni haszn\u00e1lat\u00e1t.Minden k\u00e9zi hegeszt\u0151t\u00fck\u00f6r PTFE-vel tapad\u00e1smentes bevonattal ell\u00e1tott, \u00e9s kerek \u00e9s n\u00e9gyzet alakban is kaphat\u00f3.","breadcrumb":{"@id":"https:\/\/www.akuplastics.com\/hu\/gepek-es-eszkoezoek\/hegeszto-tuekoer\/#breadcrumb"},"inLanguage":"hu","potentialAction":[{"@type":"ReadAction","target":["https:\/\/www.akuplastics.com\/hu\/gepek-es-eszkoezoek\/hegeszto-tuekoer\/"]}]},{"@type":"ImageObject","inLanguage":"hu","@id":"https:\/\/www.akuplastics.com\/hu\/gepek-es-eszkoezoek\/hegeszto-tuekoer\/#primaryimage","url":"https:\/\/www.akuplastics.com\/wp-content\/uploads\/2021\/06\/HSPR-rund.png","contentUrl":"https:\/\/www.akuplastics.com\/wp-content\/uploads\/2021\/06\/HSPR-rund.png","width":200,"height":160,"caption":"Kerek k\u00e9zi hegeszt\u0151 t\u00fckr\u00f6k kiv\u00e1laszt\u00e1sa"},{"@type":"BreadcrumbList","@id":"https:\/\/www.akuplastics.com\/hu\/gepek-es-eszkoezoek\/hegeszto-tuekoer\/#breadcrumb","itemListElement":[{"@type":"ListItem","position":1,"name":"Kezd\u0151lap","item":"https:\/\/www.akuplastics.com\/hu\/"},{"@type":"ListItem","position":2,"name":"G\u00e9pek \u00e9s eszk\u00f6z\u00f6k","item":"https:\/\/www.akuplastics.com\/hu\/gepek-es-eszkoezoek\/"},{"@type":"ListItem","position":3,"name":"Hegeszt\u0151 t\u00fck\u00f6r"}]},{"@type":"WebSite","@id":"https:\/\/www.akuplastics.com\/hu\/#website","url":"https:\/\/www.akuplastics.com\/hu\/","name":"Semi-Finished Products \u2013 Finished Parts \u2013 Ventilation Moulded Parts \u2013 Machines","description":"Halbzeuge, Halbfabrikate, Kunststoffhalbzeuge, Kunststoffhalbfabrikate","publisher":{"@id":"https:\/\/www.akuplastics.com\/hu\/#organization"},"alternateName":"AKUPLASTICS \u2013 Engineering in Plastics","potentialAction":[{"@type":"SearchAction","target":{"@type":"EntryPoint","urlTemplate":"https:\/\/www.akuplastics.com\/hu\/?s={search_term_string}"},"query-input":{"@type":"PropertyValueSpecification","valueRequired":true,"valueName":"search_term_string"}}],"inLanguage":"hu"},{"@type":"Organization","@id":"https:\/\/www.akuplastics.com\/hu\/#organization","name":"Ing. Christian Ahlborn e.U.","alternateName":"AKU","url":"https:\/\/www.akuplastics.com\/hu\/","logo":{"@type":"ImageObject","inLanguage":"hu","@id":"https:\/\/www.akuplastics.com\/hu\/#\/schema\/logo\/image\/","url":"https:\/\/www.akuplastics.com\/wp-content\/uploads\/2020\/07\/Grafik14-inkl-r.png","contentUrl":"https:\/\/www.akuplastics.com\/wp-content\/uploads\/2020\/07\/Grafik14-inkl-r.png","width":1994,"height":743,"caption":"Ing. Christian Ahlborn e.U."},"image":{"@id":"https:\/\/www.akuplastics.com\/hu\/#\/schema\/logo\/image\/"}}]}},"_links":{"self":[{"href":"https:\/\/www.akuplastics.com\/hu\/wp-json\/wp\/v2\/pages\/9725","targetHints":{"allow":["GET"]}}],"collection":[{"href":"https:\/\/www.akuplastics.com\/hu\/wp-json\/wp\/v2\/pages"}],"about":[{"href":"https:\/\/www.akuplastics.com\/hu\/wp-json\/wp\/v2\/types\/page"}],"author":[{"embeddable":true,"href":"https:\/\/www.akuplastics.com\/hu\/wp-json\/wp\/v2\/users\/2"}],"replies":[{"embeddable":true,"href":"https:\/\/www.akuplastics.com\/hu\/wp-json\/wp\/v2\/comments?post=9725"}],"version-history":[{"count":27,"href":"https:\/\/www.akuplastics.com\/hu\/wp-json\/wp\/v2\/pages\/9725\/revisions"}],"predecessor-version":[{"id":27274,"href":"https:\/\/www.akuplastics.com\/hu\/wp-json\/wp\/v2\/pages\/9725\/revisions\/27274"}],"up":[{"embeddable":true,"href":"https:\/\/www.akuplastics.com\/hu\/wp-json\/wp\/v2\/pages\/9403"}],"wp:featuredmedia":[{"embeddable":true,"href":"https:\/\/www.akuplastics.com\/hu\/wp-json\/wp\/v2\/media\/13138"}],"wp:attachment":[{"href":"https:\/\/www.akuplastics.com\/hu\/wp-json\/wp\/v2\/media?parent=9725"}],"curies":[{"name":"wp","href":"https:\/\/api.w.org\/{rel}","templated":true}]}}