{"id":9684,"date":"2021-07-01T12:45:35","date_gmt":"2021-07-01T10:45:35","guid":{"rendered":"https:\/\/www.akuplastics.com\/asztali-futoelem-egy-ket-futes\/"},"modified":"2024-04-18T16:22:16","modified_gmt":"2024-04-18T14:22:16","slug":"asztali-futoelem-egy-ket-futes","status":"publish","type":"page","link":"https:\/\/www.akuplastics.com\/hu\/asztali-futoelem-egy-ket-futes\/","title":{"rendered":"Asztali f\u0171t\u0151elem egy\/k\u00e9t F\u0171t\u00e9s"},"content":{"rendered":"\t\t<div data-elementor-type=\"wp-page\" data-elementor-id=\"9684\" class=\"elementor elementor-9684 elementor-4778\" data-elementor-post-type=\"page\">\n\t\t\t\t\t\t<section class=\"elementor-section elementor-top-section elementor-element elementor-element-7a204d43 elementor-section-boxed elementor-section-height-default elementor-section-height-default\" data-id=\"7a204d43\" data-element_type=\"section\" data-e-type=\"section\">\n\t\t\t\t\t\t<div class=\"elementor-container elementor-column-gap-default\">\n\t\t\t\t\t<div class=\"elementor-column elementor-col-100 elementor-top-column elementor-element elementor-element-419aa49d\" data-id=\"419aa49d\" data-element_type=\"column\" data-e-type=\"column\">\n\t\t\t<div class=\"elementor-widget-wrap elementor-element-populated\">\n\t\t\t\t\t\t<div class=\"elementor-element elementor-element-69976ea6 elementor-widget elementor-widget-text-editor\" data-id=\"69976ea6\" data-element_type=\"widget\" data-e-type=\"widget\" data-widget_type=\"text-editor.default\">\n\t\t\t\t<div class=\"elementor-widget-container\">\n\t\t\t\t\t\t\t\t\t<h1>Asztali f\u0171t\u0151elem egyoldali \/ k\u00e9toldali f\u0171t\u00e9ssel<\/h1>\n\t\t\t\t\t\t\t\t<\/div>\n\t\t\t\t<\/div>\n\t\t\t\t<section class=\"elementor-section elementor-inner-section elementor-element elementor-element-66ef525c elementor-section-boxed elementor-section-height-default elementor-section-height-default\" data-id=\"66ef525c\" data-element_type=\"section\" data-e-type=\"section\">\n\t\t\t\t\t\t<div class=\"elementor-container elementor-column-gap-default\">\n\t\t\t\t\t<div class=\"elementor-column elementor-col-100 elementor-inner-column elementor-element elementor-element-34627fb\" data-id=\"34627fb\" data-element_type=\"column\" data-e-type=\"column\">\n\t\t\t<div class=\"elementor-widget-wrap elementor-element-populated\">\n\t\t\t\t\t\t<div class=\"elementor-element elementor-element-1dfef1e9 elementor-widget elementor-widget-text-editor\" data-id=\"1dfef1e9\" data-element_type=\"widget\" data-e-type=\"widget\" data-widget_type=\"text-editor.default\">\n\t\t\t\t<div class=\"elementor-widget-container\">\n\t\t\t\t\t\t\t\t\t<p><span style=\"color: var( --e-global-color-text ); font-family: var( --e-global-typography-text-font-family ), arial; font-size: var( --e-global-typography-text-font-size ); font-weight: var( --e-global-typography-text-font-weight );\">Asztali f\u0171t\u0151szalag egy <\/span><span style=\"color: var( --e-global-color-text ); font-family: var( --e-global-typography-text-font-family ), arial; font-size: var( --e-global-typography-text-font-size );\"><br \/>\n  <b>speci\u00e1lis f\u0171t\u0151berendez\u00e9s<\/b><br \/>\n<\/span><span style=\"color: var( --e-global-color-text ); font-family: var( --e-global-typography-text-font-family ), arial; font-size: var( --e-global-typography-text-font-size );\"><br \/>\n  <span style=\"font-weight: var( --e-global-typography-text-font-weight );\">amelyet egy asztalra vagy munkafel\u00fcletre helyeznek, hogy c\u00e9lzott h\u0151t biztos\u00edtson a m\u0171anyagoknak. <br \/><\/span><br \/>\n  <br \/>\n  <strong>Ezt a fajta f\u0171t\u0151rudat k\u00fcl\u00f6nb\u00f6z\u0151 ipari alkalmaz\u00e1sokban haszn\u00e1lj\u00e1k, k\u00fcl\u00f6n\u00f6sen a m\u0171anyag-feldolgoz\u00e1sban \u00e9s -form\u00e1z\u00e1sban.<\/strong><br \/>\n<\/span><\/p>\n<p><span style=\"color: var( --e-global-color-text ); font-family: var( --e-global-typography-text-font-family ), arial; font-size: var( --e-global-typography-text-font-size );\"><span style=\"font-weight: var( --e-global-typography-text-font-weight );\"> <\/span><\/span><\/p>\n<h5><strong>f\u0171t\u00e9ssel az egyik oldalon Mod. HT<\/strong><\/h5>\n<p>A HT t\u00edpus\u00fa asztali f\u0171t\u0151elemet amorf \u00e9s f\u00e9lkrist\u00e1lyos m\u0171anyaglemezek (pl. PVC-U, PMMA) \u00e9rintkez\u00e9smentes meleg\u00edt\u00e9s\u00e9re haszn\u00e1lj\u00e1k.<\/p>\n<p>Egysoros f\u0171t\u0151berendez\u00e9s (230 V) digit\u00e1lis h\u0151m\u00e9rs\u00e9klet-szab\u00e1lyoz\u00e1ssal, r\u00f6gz\u00edt\u0151szerkezettel \u00e9s sz\u00e9less\u00e9gben\/magass\u00e1gban \u00e1ll\u00edthat\u00f3 f\u00e1b\u00f3l k\u00e9sz\u00fclt t\u00e1maszt\u00f3fel\u00fclettel.<\/p>\n<p>Opcion\u00e1lisan kaphat\u00f3 has\u00edt\u00f3r\u00e1ccsal, hangjelz\u00e9ssel ell\u00e1tott id\u0151z\u00edt\u0151vel, tefloniz\u00e1lt \u00f6sszecsukhat\u00f3 r\u00faddal.<\/p>\n<p>A k\u00f6vetkez\u0151 munkasz\u00e9less\u00e9gekben kaphat\u00f3: 0,5m, 1m, 1,5m, 2m \u00e9s 3m.<\/p>\n<p><img loading=\"lazy\" decoding=\"async\" style=\"color: var( --e-global-color-text ); font-family: var( --e-global-typography-text-font-family ), arial; font-size: var( --e-global-typography-text-font-size ); font-weight: var( --e-global-typography-text-font-weight ); letter-spacing: 0px;\" src=\"http:\/\/ingenia-gmbh.gmbh\/wp-content\/uploads\/2016\/07\/05-HT.jpg\" alt=\"Asztali f\u0171t\u0151r\u00fad Mod.HT opcion\u00e1lis has\u00edt\u00f3 ker\u00edt\u00e9ssel  \" width=\"212\" height=\"131\"> <\/p>\n<p>K\u00e9p: Asztali f\u0171t\u0151r\u00fad Mod.HT opcion\u00e1lis v\u00e1g\u00f3r\u00e1ccsal  <\/p>\n<\/p>\n<h5><b>mindk\u00e9t oldalon f\u0171t\u00e9ssel Mod. 2.xx HT<\/b><\/h5>\n<p>A 2.xx HT asztali f\u0171t\u0151elem amorf \u00e9s f\u00e9lkrist\u00e1lyos m\u0171anyaglemezek (pl. PVC-U, PMMA) k\u00e9toldalas, \u00e9rint\u00e9smentes meleg\u00edt\u00e9s\u00e9re szolg\u00e1l.<\/p>\n<p>Egysoros fels\u0151 \u00e9s als\u00f3 f\u0171t\u00e9s (230 V) digit\u00e1lis h\u0151m\u00e9rs\u00e9klet-szab\u00e1lyoz\u00e1ssal \u00e9s fa al\u00e1t\u00e1maszt\u00f3 fel\u00fclettel.<\/p>\n<p>Opcion\u00e1lisan kaphat\u00f3 has\u00edt\u00f3r\u00e1ccsal, hangjelz\u00e9ssel ell\u00e1tott id\u0151z\u00edt\u0151vel, tefloniz\u00e1lt \u00f6sszecsukhat\u00f3 r\u00faddal.<\/p>\n<p>A k\u00f6vetkez\u0151 munkasz\u00e9less\u00e9gekben kaphat\u00f3: 0,5 m, 1 m, 1,5 m, 2 m \u00e9s 3 m.<\/p>\n<p><img loading=\"lazy\" decoding=\"async\" class=\"alignnone\" src=\"http:\/\/ingenia-gmbh.gmbh\/wp-content\/uploads\/2016\/09\/220HT.jpg\" alt=\"Asztali f\u0171t\u0151elem Mod. 2.10 HT fels\u0151 f\u0171t\u00e9ssel\" width=\"260\" height=\"91\"> <\/p>\n<p>K\u00e9p: Asztali f\u0171t\u0151szalag Mod. 2.10 HT fels\u0151 f\u0171t\u00e9ssel<\/p>\n<\/p>\n<h5><strong>K\u00e9zi f\u0171t\u0151elem x.HE \u00e9rint\u00e9ses f\u0171t\u00e9s vez\u00e9rl\u00e9ssel <\/strong><\/h5>\n<p>A HE sorozat\u00fa k\u00e9zi f\u0171t\u0151elemek m\u0171anyag lemezek (pl. PVC-U, PE-HD, PP) tompahegeszt\u00e9s\u00e9re vagy hajl\u00edt\u00e1s\u00e1ra szolg\u00e1lnak.<\/p>\n<p>A f\u0171t\u0151elemek fel\u00fclete teflonbevonat\u00fa. K\u00fcl\u00f6n\u00e1ll\u00f3 h\u0151m\u00e9rs\u00e9klet-szab\u00e1lyoz\u00e1s, elektronikus, digit\u00e1lis be\u00e1ll\u00edtott \u00e9s aktu\u00e1lis h\u0151m\u00e9rs\u00e9klet-kijelz\u0151vel. Opcion\u00e1lisan integr\u00e1lt id\u0151z\u00edt\u0151vel \u00e9s hangjelz\u00e9ssel is rendelhet\u0151.<\/p>\n<p>A k\u00e9zi f\u0171t\u0151elemek, pl. <span style=\"color: var( --e-global-color-text ); font-family: var( --e-global-typography-text-font-family ), arial; font-size: var( --e-global-typography-text-font-size ); font-weight: var( --e-global-typography-text-font-weight );\">10U k\u00e9zi f\u0171t\u0151elem \u00e9rintkez\u0151 f\u0171t\u00e9s vez\u00e9rl\u00e9ssel <\/span><span style=\"color: var( --e-global-color-text ); font-family: var( --e-global-typography-text-font-family ), arial; font-size: var( --e-global-typography-text-font-size ); font-weight: var( --e-global-typography-text-font-weight );\">, 2 v\u00e1ltozatban kaphat\u00f3k<\/span>:<\/p>\n<p>a) Fels\u0151 oldal lapos (tompaolvaszt\u00e1shoz)<\/p>\n<p><span style=\"color: var( --e-global-color-text ); font-family: var( --e-global-typography-text-font-family ), arial; font-size: var( --e-global-typography-text-font-size ); font-weight: var( --e-global-typography-text-font-weight );\">b) 82\u00b0-os k\u00f6z\u00e9psz\u00f6ggel (hajl\u00edt\u00e1shoz)<\/span><\/p>\n\t\t\t\t\t\t\t\t<\/div>\n\t\t\t\t<\/div>\n\t\t\t\t<div class=\"elementor-element elementor-element-a9113cf elementor-widget elementor-widget-text-editor\" data-id=\"a9113cf\" data-element_type=\"widget\" data-e-type=\"widget\" data-widget_type=\"text-editor.default\">\n\t\t\t\t<div class=\"elementor-widget-container\">\n\t\t\t\t\t\t\t\t\t<\/p>\n<p><strong>\u00c1ltal\u00e1nos jellemz\u0151k \u00e9s tulajdons\u00e1gok:<\/p>\n<p><\/strong><\/p>\n<ul>\n<li>\n<p><strong>Speci\u00e1lis f\u0171t\u00e9si technol\u00f3gia:<\/strong> <br \/>A m\u0171anyagokhoz haszn\u00e1lt padf\u0171t\u0151elemek gyakran prec\u00edz f\u0171t\u00e9si technol\u00f3gi\u00e1t alkalmaznak, amelynek c\u00e9lja, hogy a m\u0171anyagokat az optim\u00e1lis feldolgoz\u00e1si h\u0151m\u00e9rs\u00e9kletre meleg\u00edts\u00e9k. Ez t\u00f6rt\u00e9nhet elektromos ellen\u00e1ll\u00e1sf\u0171t\u00e9ssel, infrav\u00f6r\u00f6s sug\u00e1rz\u00f3kkal vagy m\u00e1s hat\u00e9kony f\u0171t\u00e9si rendszerekkel.<\/p>\n<\/li>\n<li>\n<p><strong>H\u0151m\u00e9rs\u00e9klet-szab\u00e1lyoz\u00e1s:<\/strong> <br \/>A pontos h\u0151m\u00e9rs\u00e9klet-szab\u00e1lyoz\u00e1s kulcsfontoss\u00e1g\u00fa annak biztos\u00edt\u00e1s\u00e1hoz, hogy a m\u0171anyagokat a megfelel\u0151 feldolgoz\u00e1si h\u0151m\u00e9rs\u00e9kletre meleg\u00edts\u00fck. A modern asztali f\u0171t\u0151elemek gyakran digit\u00e1lis h\u0151m\u00e9rs\u00e9klet-szab\u00e1lyoz\u00f3val rendelkeznek a pontos be\u00e1ll\u00edt\u00e1s \u00e9rdek\u00e9ben.<\/p>\n<\/li>\n<li>\n<p><strong>Alkalmazkod\u00f3k\u00e9pess\u00e9g k\u00fcl\u00f6nb\u00f6z\u0151 m\u0171anyagokhoz:<\/strong> <br \/>A m\u0171anyaghoz val\u00f3 padf\u0171t\u0151elemeket \u00fagy kell megtervezni, hogy azok alkalmazkodni tudjanak a k\u00fcl\u00f6nb\u00f6z\u0151 t\u00edpus\u00fa m\u0171anyagokhoz. Ez lehet\u0151v\u00e9 teszi a k\u00fcl\u00f6nb\u00f6z\u0151, saj\u00e1tos olvad\u00e1spont\u00fa m\u0171anyagok feldolgoz\u00e1s\u00e1t.<\/p>\n<\/li>\n<li>\n<p><strong>Biztons\u00e1gi funkci\u00f3k:<br \/><\/strong>Az ipari alkalmaz\u00e1sok miatt a m\u0171anyag asztali f\u0171t\u0151elemeknek olyan biztons\u00e1gi funkci\u00f3kkal kell rendelkezni\u00fck, mint a t\u00falmeleged\u00e9s elleni v\u00e9delem \u00e9s m\u00e1s v\u00e9d\u0151mechanizmusok a biztons\u00e1gos m\u0171k\u00f6d\u00e9s \u00e9rdek\u00e9ben.<\/p>\n<\/li>\n<li>\n<p><strong>Mobil vagy helyhez k\u00f6t\u00f6tt modellek:<\/strong> <br \/>Az ig\u00e9nyekt\u0151l f\u00fcgg\u0151en a m\u0171anyagokhoz val\u00f3 asztali f\u0171t\u0151elemek lehetnek mobilak \u00e9s k\u00fcl\u00f6nb\u00f6z\u0151 munkater\u00fcleteken haszn\u00e1lhat\u00f3k, vagy \u00e1lland\u00f3an egy fel\u00fcletre szerelve.<\/p>\n<\/li>\n<\/ul>\n<p><strong>Alkalmaz\u00e1sok:<\/p>\n<p><\/strong><\/p>\n<ul>\n<li>\n<p><strong>M\u0171anyag-feldolgoz\u00e1s:<\/strong> <br \/>A m\u0171anyag-feldolgoz\u00f3 iparban gyakran haszn\u00e1lnak asztali f\u0171t\u0151elemeket, hogy a m\u0171anyagokat a sz\u00fcks\u00e9ges feldolgoz\u00e1si h\u0151m\u00e9rs\u00e9kletre meleg\u00edts\u00e9k, miel\u0151tt azokat form\u00e1zz\u00e1k, extrud\u00e1lj\u00e1k vagy m\u00e1s m\u00f3don feldolgozz\u00e1k.<\/p>\n<\/li>\n<li>\n<p><strong>M\u0171anyag alkatr\u00e9szek \u00f6nt\u00e9se:<\/strong> <br \/>A fr\u00f6ccs\u00f6nt\u00e9si ter\u00fcleteken, mint p\u00e9ld\u00e1ul a fr\u00f6ccs\u00f6nt\u00e9s vagy a h\u0151form\u00e1z\u00e1s, az asztali f\u0171t\u0151szalagok seg\u00edthetnek felmeleg\u00edteni a m\u0171anyagokat a fr\u00f6ccs\u00f6nt\u00e9si folyamat el\u0151tt.<\/p>\n<\/li>\n<li>\n<p><strong>Laborat\u00f3riumi alkalmaz\u00e1sok:<\/strong> <br \/>A m\u0171anyagok kutat\u00e1s\u00e1val \u00e9s fejleszt\u00e9s\u00e9vel foglalkoz\u00f3 laborat\u00f3riumokban a prec\u00edz k\u00eds\u00e9rletekhez \u00e9s vizsg\u00e1latokhoz asztali f\u0171t\u0151elemek haszn\u00e1lhat\u00f3k.<\/p>\n<\/li>\n<li>\n<p><strong>Protot\u00edpusgy\u00e1rt\u00e1s:<\/strong> <br \/>Protot\u00edpusok vagy kis m\u0171anyagt\u00e9telek gy\u00e1rt\u00e1sakor az asztali f\u0171t\u0151rudak seg\u00edthetnek az anyagok k\u00edv\u00e1nt alakban t\u00f6rt\u00e9n\u0151 feldolgoz\u00e1s\u00e1ban.<\/p>\n<\/li>\n<\/ul>\n<p>Az asztali m\u0171anyag-f\u0171t\u0151elem a <b>m\u0171anyag-feldolgoz\u00f3 ipar alapvet\u0151 eszk\u00f6ze<\/b>, amely seg\u00edt a <b>m\u0171anyagok hat\u00e9kony \u00e9s pontos feldolgoz\u00e1s\u00e1ban<\/b>.<\/p>\n\t\t\t\t\t\t\t\t<\/div>\n\t\t\t\t<\/div>\n\t\t\t\t\t<\/div>\n\t\t<\/div>\n\t\t\t\t\t<\/div>\n\t\t<\/section>\n\t\t\t\t\t<\/div>\n\t\t<\/div>\n\t\t\t\t\t<\/div>\n\t\t<\/section>\n\t\t\t\t<\/div>\n\t\t","protected":false},"excerpt":{"rendered":"<p>Asztali f\u0171t\u0151elem egyoldali \/ k\u00e9toldali f\u0171t\u00e9ssel Asztali f\u0171t\u0151szalag egy speci\u00e1lis f\u0171t\u0151berendez\u00e9s amelyet egy asztalra vagy munkafel\u00fcletre helyeznek, hogy c\u00e9lzott h\u0151t biztos\u00edtson a m\u0171anyagoknak. Ezt a fajta f\u0171t\u0151rudat k\u00fcl\u00f6nb\u00f6z\u0151 ipari alkalmaz\u00e1sokban haszn\u00e1lj\u00e1k, k\u00fcl\u00f6n\u00f6sen a m\u0171anyag-feldolgoz\u00e1sban \u00e9s -form\u00e1z\u00e1sban. f\u0171t\u00e9ssel az egyik oldalon Mod. HT A HT t\u00edpus\u00fa asztali f\u0171t\u0151elemet amorf \u00e9s f\u00e9lkrist\u00e1lyos m\u0171anyaglemezek (pl. PVC-U, PMMA) \u00e9rintkez\u00e9smentes [&hellip;]<\/p>\n","protected":false},"author":2,"featured_media":0,"parent":0,"menu_order":0,"comment_status":"closed","ping_status":"closed","template":"elementor_header_footer","meta":{"iawp_total_views":6,"footnotes":""},"class_list":["post-9684","page","type-page","status-publish","hentry"],"yoast_head":"<!-- This site is optimized with the Yoast SEO Premium plugin v27.4 (Yoast SEO v27.5) - https:\/\/yoast.com\/product\/yoast-seo-premium-wordpress\/ -->\n<title>Asztali f\u0171t\u0151szalag egyoldal\u00fa f\u0171t\u00e9s mindk\u00e9t oldalon<\/title>\n<meta name=\"description\" content=\"Az asztali f\u0171t\u0151elem egy speci\u00e1lis f\u0171t\u0151berendez\u00e9s, amelyet egy asztalra vagy munkafel\u00fcletre helyeznek, hogy c\u00e9lzott h\u0151ell\u00e1t\u00e1st biztos\u00edtson a m\u0171anyagoknak, \u00e9s amelyet k\u00fcl\u00f6nb\u00f6z\u0151 ipari alkalmaz\u00e1sokban, k\u00fcl\u00f6n\u00f6sen a m\u0171anyag-feldolgoz\u00e1sban \u00e9s -form\u00e1z\u00e1sban haszn\u00e1lnak. Asztali f\u0171t\u0151elemet k\u00edn\u00e1lunk egyoldalas \/ k\u00e9toldalas f\u0171t\u00e9ssel\" \/>\n<meta name=\"robots\" content=\"index, follow, max-snippet:-1, max-image-preview:large, max-video-preview:-1\" \/>\n<link rel=\"canonical\" href=\"https:\/\/www.akuplastics.com\/hu\/asztali-futoelem-egy-ket-futes\/\" \/>\n<script type=\"application\/ld+json\" class=\"yoast-schema-graph\">{\"@context\":\"https:\\\/\\\/schema.org\",\"@graph\":[{\"@type\":\"WebPage\",\"@id\":\"https:\\\/\\\/www.akuplastics.com\\\/hu\\\/asztali-futoelem-egy-ket-futes\\\/\",\"url\":\"https:\\\/\\\/www.akuplastics.com\\\/hu\\\/asztali-futoelem-egy-ket-futes\\\/\",\"name\":\"Asztali f\u0171t\u0151szalag egyoldal\u00fa f\u0171t\u00e9s mindk\u00e9t oldalon\",\"isPartOf\":{\"@id\":\"https:\\\/\\\/www.akuplastics.com\\\/hu\\\/#website\"},\"primaryImageOfPage\":{\"@id\":\"https:\\\/\\\/www.akuplastics.com\\\/hu\\\/asztali-futoelem-egy-ket-futes\\\/#primaryimage\"},\"image\":{\"@id\":\"https:\\\/\\\/www.akuplastics.com\\\/hu\\\/asztali-futoelem-egy-ket-futes\\\/#primaryimage\"},\"thumbnailUrl\":\"http:\\\/\\\/ingenia-gmbh.gmbh\\\/wp-content\\\/uploads\\\/2016\\\/07\\\/05-HT.jpg\",\"datePublished\":\"2021-07-01T10:45:35+00:00\",\"dateModified\":\"2024-04-18T14:22:16+00:00\",\"description\":\"Az asztali f\u0171t\u0151elem egy speci\u00e1lis f\u0171t\u0151berendez\u00e9s, amelyet egy asztalra vagy munkafel\u00fcletre helyeznek, hogy c\u00e9lzott h\u0151ell\u00e1t\u00e1st biztos\u00edtson a m\u0171anyagoknak, \u00e9s amelyet k\u00fcl\u00f6nb\u00f6z\u0151 ipari alkalmaz\u00e1sokban, k\u00fcl\u00f6n\u00f6sen a m\u0171anyag-feldolgoz\u00e1sban \u00e9s -form\u00e1z\u00e1sban haszn\u00e1lnak. Asztali f\u0171t\u0151elemet k\u00edn\u00e1lunk egyoldalas \\\/ k\u00e9toldalas f\u0171t\u00e9ssel\",\"breadcrumb\":{\"@id\":\"https:\\\/\\\/www.akuplastics.com\\\/hu\\\/asztali-futoelem-egy-ket-futes\\\/#breadcrumb\"},\"inLanguage\":\"hu\",\"potentialAction\":[{\"@type\":\"ReadAction\",\"target\":[\"https:\\\/\\\/www.akuplastics.com\\\/hu\\\/asztali-futoelem-egy-ket-futes\\\/\"]}]},{\"@type\":\"ImageObject\",\"inLanguage\":\"hu\",\"@id\":\"https:\\\/\\\/www.akuplastics.com\\\/hu\\\/asztali-futoelem-egy-ket-futes\\\/#primaryimage\",\"url\":\"http:\\\/\\\/ingenia-gmbh.gmbh\\\/wp-content\\\/uploads\\\/2016\\\/07\\\/05-HT.jpg\",\"contentUrl\":\"http:\\\/\\\/ingenia-gmbh.gmbh\\\/wp-content\\\/uploads\\\/2016\\\/07\\\/05-HT.jpg\"},{\"@type\":\"BreadcrumbList\",\"@id\":\"https:\\\/\\\/www.akuplastics.com\\\/hu\\\/asztali-futoelem-egy-ket-futes\\\/#breadcrumb\",\"itemListElement\":[{\"@type\":\"ListItem\",\"position\":1,\"name\":\"Kezd\u0151lap\",\"item\":\"https:\\\/\\\/www.akuplastics.com\\\/hu\\\/\"},{\"@type\":\"ListItem\",\"position\":2,\"name\":\"Asztali f\u0171t\u0151elem egy\\\/k\u00e9t F\u0171t\u00e9s\"}]},{\"@type\":\"WebSite\",\"@id\":\"https:\\\/\\\/www.akuplastics.com\\\/hu\\\/#website\",\"url\":\"https:\\\/\\\/www.akuplastics.com\\\/hu\\\/\",\"name\":\"Semi-Finished Products \u2013 Finished Parts \u2013 Ventilation Moulded Parts \u2013 Machines\",\"description\":\"Halbzeuge, Halbfabrikate, Kunststoffhalbzeuge, Kunststoffhalbfabrikate\",\"publisher\":{\"@id\":\"https:\\\/\\\/www.akuplastics.com\\\/hu\\\/#organization\"},\"alternateName\":\"AKUPLASTICS \u2013 Engineering in Plastics\",\"potentialAction\":[{\"@type\":\"SearchAction\",\"target\":{\"@type\":\"EntryPoint\",\"urlTemplate\":\"https:\\\/\\\/www.akuplastics.com\\\/hu\\\/?s={search_term_string}\"},\"query-input\":{\"@type\":\"PropertyValueSpecification\",\"valueRequired\":true,\"valueName\":\"search_term_string\"}}],\"inLanguage\":\"hu\"},{\"@type\":\"Organization\",\"@id\":\"https:\\\/\\\/www.akuplastics.com\\\/hu\\\/#organization\",\"name\":\"Ing. Christian Ahlborn e.U.\",\"alternateName\":\"AKU\",\"url\":\"https:\\\/\\\/www.akuplastics.com\\\/hu\\\/\",\"logo\":{\"@type\":\"ImageObject\",\"inLanguage\":\"hu\",\"@id\":\"https:\\\/\\\/www.akuplastics.com\\\/hu\\\/#\\\/schema\\\/logo\\\/image\\\/\",\"url\":\"https:\\\/\\\/www.akuplastics.com\\\/wp-content\\\/uploads\\\/2020\\\/07\\\/Grafik14-inkl-r.png\",\"contentUrl\":\"https:\\\/\\\/www.akuplastics.com\\\/wp-content\\\/uploads\\\/2020\\\/07\\\/Grafik14-inkl-r.png\",\"width\":1994,\"height\":743,\"caption\":\"Ing. Christian Ahlborn e.U.\"},\"image\":{\"@id\":\"https:\\\/\\\/www.akuplastics.com\\\/hu\\\/#\\\/schema\\\/logo\\\/image\\\/\"}}]}<\/script>\n<!-- \/ Yoast SEO Premium plugin. -->","yoast_head_json":{"title":"Asztali f\u0171t\u0151szalag egyoldal\u00fa f\u0171t\u00e9s mindk\u00e9t oldalon","description":"Az asztali f\u0171t\u0151elem egy speci\u00e1lis f\u0171t\u0151berendez\u00e9s, amelyet egy asztalra vagy munkafel\u00fcletre helyeznek, hogy c\u00e9lzott h\u0151ell\u00e1t\u00e1st biztos\u00edtson a m\u0171anyagoknak, \u00e9s amelyet k\u00fcl\u00f6nb\u00f6z\u0151 ipari alkalmaz\u00e1sokban, k\u00fcl\u00f6n\u00f6sen a m\u0171anyag-feldolgoz\u00e1sban \u00e9s -form\u00e1z\u00e1sban haszn\u00e1lnak. Asztali f\u0171t\u0151elemet k\u00edn\u00e1lunk egyoldalas \/ k\u00e9toldalas f\u0171t\u00e9ssel","robots":{"index":"index","follow":"follow","max-snippet":"max-snippet:-1","max-image-preview":"max-image-preview:large","max-video-preview":"max-video-preview:-1"},"canonical":"https:\/\/www.akuplastics.com\/hu\/asztali-futoelem-egy-ket-futes\/","schema":{"@context":"https:\/\/schema.org","@graph":[{"@type":"WebPage","@id":"https:\/\/www.akuplastics.com\/hu\/asztali-futoelem-egy-ket-futes\/","url":"https:\/\/www.akuplastics.com\/hu\/asztali-futoelem-egy-ket-futes\/","name":"Asztali f\u0171t\u0151szalag egyoldal\u00fa f\u0171t\u00e9s mindk\u00e9t oldalon","isPartOf":{"@id":"https:\/\/www.akuplastics.com\/hu\/#website"},"primaryImageOfPage":{"@id":"https:\/\/www.akuplastics.com\/hu\/asztali-futoelem-egy-ket-futes\/#primaryimage"},"image":{"@id":"https:\/\/www.akuplastics.com\/hu\/asztali-futoelem-egy-ket-futes\/#primaryimage"},"thumbnailUrl":"http:\/\/ingenia-gmbh.gmbh\/wp-content\/uploads\/2016\/07\/05-HT.jpg","datePublished":"2021-07-01T10:45:35+00:00","dateModified":"2024-04-18T14:22:16+00:00","description":"Az asztali f\u0171t\u0151elem egy speci\u00e1lis f\u0171t\u0151berendez\u00e9s, amelyet egy asztalra vagy munkafel\u00fcletre helyeznek, hogy c\u00e9lzott h\u0151ell\u00e1t\u00e1st biztos\u00edtson a m\u0171anyagoknak, \u00e9s amelyet k\u00fcl\u00f6nb\u00f6z\u0151 ipari alkalmaz\u00e1sokban, k\u00fcl\u00f6n\u00f6sen a m\u0171anyag-feldolgoz\u00e1sban \u00e9s -form\u00e1z\u00e1sban haszn\u00e1lnak. Asztali f\u0171t\u0151elemet k\u00edn\u00e1lunk egyoldalas \/ k\u00e9toldalas f\u0171t\u00e9ssel","breadcrumb":{"@id":"https:\/\/www.akuplastics.com\/hu\/asztali-futoelem-egy-ket-futes\/#breadcrumb"},"inLanguage":"hu","potentialAction":[{"@type":"ReadAction","target":["https:\/\/www.akuplastics.com\/hu\/asztali-futoelem-egy-ket-futes\/"]}]},{"@type":"ImageObject","inLanguage":"hu","@id":"https:\/\/www.akuplastics.com\/hu\/asztali-futoelem-egy-ket-futes\/#primaryimage","url":"http:\/\/ingenia-gmbh.gmbh\/wp-content\/uploads\/2016\/07\/05-HT.jpg","contentUrl":"http:\/\/ingenia-gmbh.gmbh\/wp-content\/uploads\/2016\/07\/05-HT.jpg"},{"@type":"BreadcrumbList","@id":"https:\/\/www.akuplastics.com\/hu\/asztali-futoelem-egy-ket-futes\/#breadcrumb","itemListElement":[{"@type":"ListItem","position":1,"name":"Kezd\u0151lap","item":"https:\/\/www.akuplastics.com\/hu\/"},{"@type":"ListItem","position":2,"name":"Asztali f\u0171t\u0151elem egy\/k\u00e9t F\u0171t\u00e9s"}]},{"@type":"WebSite","@id":"https:\/\/www.akuplastics.com\/hu\/#website","url":"https:\/\/www.akuplastics.com\/hu\/","name":"Semi-Finished Products \u2013 Finished Parts \u2013 Ventilation Moulded Parts \u2013 Machines","description":"Halbzeuge, Halbfabrikate, Kunststoffhalbzeuge, Kunststoffhalbfabrikate","publisher":{"@id":"https:\/\/www.akuplastics.com\/hu\/#organization"},"alternateName":"AKUPLASTICS \u2013 Engineering in Plastics","potentialAction":[{"@type":"SearchAction","target":{"@type":"EntryPoint","urlTemplate":"https:\/\/www.akuplastics.com\/hu\/?s={search_term_string}"},"query-input":{"@type":"PropertyValueSpecification","valueRequired":true,"valueName":"search_term_string"}}],"inLanguage":"hu"},{"@type":"Organization","@id":"https:\/\/www.akuplastics.com\/hu\/#organization","name":"Ing. Christian Ahlborn e.U.","alternateName":"AKU","url":"https:\/\/www.akuplastics.com\/hu\/","logo":{"@type":"ImageObject","inLanguage":"hu","@id":"https:\/\/www.akuplastics.com\/hu\/#\/schema\/logo\/image\/","url":"https:\/\/www.akuplastics.com\/wp-content\/uploads\/2020\/07\/Grafik14-inkl-r.png","contentUrl":"https:\/\/www.akuplastics.com\/wp-content\/uploads\/2020\/07\/Grafik14-inkl-r.png","width":1994,"height":743,"caption":"Ing. Christian Ahlborn e.U."},"image":{"@id":"https:\/\/www.akuplastics.com\/hu\/#\/schema\/logo\/image\/"}}]}},"_links":{"self":[{"href":"https:\/\/www.akuplastics.com\/hu\/wp-json\/wp\/v2\/pages\/9684","targetHints":{"allow":["GET"]}}],"collection":[{"href":"https:\/\/www.akuplastics.com\/hu\/wp-json\/wp\/v2\/pages"}],"about":[{"href":"https:\/\/www.akuplastics.com\/hu\/wp-json\/wp\/v2\/types\/page"}],"author":[{"embeddable":true,"href":"https:\/\/www.akuplastics.com\/hu\/wp-json\/wp\/v2\/users\/2"}],"replies":[{"embeddable":true,"href":"https:\/\/www.akuplastics.com\/hu\/wp-json\/wp\/v2\/comments?post=9684"}],"version-history":[{"count":6,"href":"https:\/\/www.akuplastics.com\/hu\/wp-json\/wp\/v2\/pages\/9684\/revisions"}],"predecessor-version":[{"id":22132,"href":"https:\/\/www.akuplastics.com\/hu\/wp-json\/wp\/v2\/pages\/9684\/revisions\/22132"}],"wp:attachment":[{"href":"https:\/\/www.akuplastics.com\/hu\/wp-json\/wp\/v2\/media?parent=9684"}],"curies":[{"name":"wp","href":"https:\/\/api.w.org\/{rel}","templated":true}]}}