{"id":9664,"date":"2021-06-20T13:29:51","date_gmt":"2021-06-20T11:29:51","guid":{"rendered":"https:\/\/www.akuplastics.com\/grand-s-elektronikus\/"},"modified":"2025-02-19T10:45:10","modified_gmt":"2025-02-19T09:45:10","slug":"grand-s-elektronikus-meleglevego-fuvo","status":"publish","type":"page","link":"https:\/\/www.akuplastics.com\/hu\/grand-s-elektronikus-meleglevego-fuvo\/","title":{"rendered":"Grand &#8211; S &#8211; Elektronikus"},"content":{"rendered":"\t\t<div data-elementor-type=\"wp-page\" data-elementor-id=\"9664\" class=\"elementor elementor-9664 elementor-4342\" data-elementor-post-type=\"page\">\n\t\t\t\t\t\t<section class=\"elementor-section elementor-top-section elementor-element elementor-element-a64a1c4 elementor-section-boxed elementor-section-height-default elementor-section-height-default\" data-id=\"a64a1c4\" data-element_type=\"section\" data-e-type=\"section\">\n\t\t\t\t\t\t<div class=\"elementor-container elementor-column-gap-default\">\n\t\t\t\t\t<div class=\"elementor-column elementor-col-100 elementor-top-column elementor-element elementor-element-c038f5f\" data-id=\"c038f5f\" data-element_type=\"column\" data-e-type=\"column\">\n\t\t\t<div class=\"elementor-widget-wrap elementor-element-populated\">\n\t\t\t\t\t\t<div class=\"elementor-element elementor-element-80b41f7 elementor-widget elementor-widget-text-editor\" data-id=\"80b41f7\" data-element_type=\"widget\" data-e-type=\"widget\" data-widget_type=\"text-editor.default\">\n\t\t\t\t<div class=\"elementor-widget-container\">\n\t\t\t\t\t\t\t\t\t<h1>GRAND-S-Elektronikus melegleveg\u0151-f\u00fav\u00f3<\/h1>\t\t\t\t\t\t\t\t<\/div>\n\t\t\t\t<\/div>\n\t\t\t\t<section class=\"elementor-section elementor-inner-section elementor-element elementor-element-ce36295 elementor-section-boxed elementor-section-height-default elementor-section-height-default\" data-id=\"ce36295\" data-element_type=\"section\" data-e-type=\"section\">\n\t\t\t\t\t\t<div class=\"elementor-container elementor-column-gap-default\">\n\t\t\t\t\t<div class=\"elementor-column elementor-col-50 elementor-inner-column elementor-element elementor-element-6748ecd\" data-id=\"6748ecd\" data-element_type=\"column\" data-e-type=\"column\">\n\t\t\t<div class=\"elementor-widget-wrap elementor-element-populated\">\n\t\t\t\t\t\t<div class=\"elementor-element elementor-element-c9bebb3 elementor-widget elementor-widget-text-editor\" data-id=\"c9bebb3\" data-element_type=\"widget\" data-e-type=\"widget\" data-widget_type=\"text-editor.default\">\n\t\t\t\t<div class=\"elementor-widget-container\">\n\t\t\t\t\t\t\t\t\t<p>A <b>GRAND-S-Elektronikus melegleveg\u0151-f\u00fav\u00f3<\/b> minden\u00fctt haszn\u00e1lhat\u00f3, ahol meleg leveg\u0151 \u00e1raml\u00e1s\u00e1ra van sz\u00fcks\u00e9g a <b>f\u0171t\u00e9shez, meleg\u00edt\u00e9shez, form\u00e1z\u00e1shoz, zsugor\u00edt\u00e1shoz \u00e9s aktiv\u00e1l\u00e1shoz<\/b>.<br><br><\/p><p><br>A 3000 W vagy 3400 W 230 V-os f\u0171t\u00e9si teljes\u00edtm\u00e9ny fokozatmentesen \u00e1ll\u00edthat\u00f3 szobah\u0151m\u00e9rs\u00e9klett\u0151l 700 \u00b0C-ig. <br><br>A k\u00e9sz\u00fcl\u00e9k <b>\u00faj \u00e9s nagyon megb\u00edzhat\u00f3 h\u0151m\u00e9rs\u00e9klet-elektronik\u00e1val<\/b> rendelkezik. <br><br>A f\u00fav\u00f3k\u00e1t\u00f3l f\u00fcgg\u0151en a l\u00e9gkibocs\u00e1t\u00e1s 450 liter\/perc.<\/p><p>A l\u00e9g\u00e1raml\u00e1s <b>k\u00fcl\u00f6nb\u00f6z\u0151 csatlakoztathat\u00f3 f\u00fav\u00f3k\u00e1k <\/b>seg\u00edts\u00e9g\u00e9vel v\u00e1ltoztathat\u00f3, \u00edgy sz\u00e1mos megold\u00e1s k\u00edn\u00e1lkozik a felhaszn\u00e1l\u00e1s szempontj\u00e1b\u00f3l.<br><br><\/p><p><br>A Grand S-Electronic melegleveg\u0151-f\u00fav\u00f3 k\u00e9sz\u00fcl\u00e9ket egyed\u00fcl\u00e1ll\u00f3 ergonomikus foganty\u00fa jellemzi. Ennek az <b>ergonomikus kialak\u00edt\u00e1snak \u00e9s a kis s\u00falynak<\/b> k\u00f6sz\u00f6nhet\u0151en a felhaszn\u00e1l\u00f3 professzion\u00e1lisan \u00e9s f\u00e1radts\u00e1g n\u00e9lk\u00fcl tudja kezelni a k\u00e9sz\u00fcl\u00e9ket.<br><br><\/p><p><br><br>A k\u00e9sz\u00fcl\u00e9k <b>karbantart\u00e1sa <\/b>is <b>egyszer\u0171 <\/b>, k\u00f6sz\u00f6nhet\u0151en a motorok \u00faj gener\u00e1ci\u00f3j\u00e1nak, amelyeknek a szenesek \u00e9lettartama jelent\u0151sen hosszabb, t\u00f6bb mint 1500 \u00f3ra. A kollektorsz\u00e9neket kikapcsol\u00f3 berendez\u00e9ssel is felszerelt\u00e9k, amely megakad\u00e1lyozza a motor k\u00e1rosod\u00e1s\u00e1t, ha a sz\u00e9nkef\u00e9k elhaszn\u00e1l\u00f3dtak. A<b>kollektorsz\u00e9neket t\u00f6bbsz\u00f6r is ki lehet cser\u00e9lni<\/b>. <br>A sz\u00e9nkef\u00e9k k\u00edv\u00fclr\u0151l, a k\u00e9sz\u00fcl\u00e9k kinyit\u00e1sa n\u00e9lk\u00fcl, egyszer\u0171en cser\u00e9lhet\u0151k.<br><br><\/p><p>A Grand S-Electronic s\u00falya alacsony, 1400 g, 3 m-es csatlakoz\u00f3k\u00e1bellel, \u00edgy tiszt\u00e1n <b>k\u00e9zi eszk\u00f6zk\u00e9nt \u00e9s k\u00fcl\u00f6nb\u00f6z\u0151 g\u00e9pekbe val\u00f3 be\u00e9p\u00edt\u00e9sre<\/b> is haszn\u00e1lhat\u00f3.<\/p>\t\t\t\t\t\t\t\t<\/div>\n\t\t\t\t<\/div>\n\t\t\t\t\t<\/div>\n\t\t<\/div>\n\t\t\t\t<div class=\"elementor-column elementor-col-50 elementor-inner-column elementor-element elementor-element-37c3813\" data-id=\"37c3813\" data-element_type=\"column\" data-e-type=\"column\">\n\t\t\t<div class=\"elementor-widget-wrap elementor-element-populated\">\n\t\t\t\t\t\t<div class=\"elementor-element elementor-element-f13ebc1 elementor-invisible elementor-widget elementor-widget-image\" data-id=\"f13ebc1\" data-element_type=\"widget\" data-e-type=\"widget\" data-settings=\"{&quot;_animation&quot;:&quot;fadeInDown&quot;}\" data-widget_type=\"image.default\">\n\t\t\t\t<div class=\"elementor-widget-container\">\n\t\t\t\t\t\t\t\t\t\t\t\t<figure class=\"wp-caption\">\n\t\t\t\t\t\t\t\t\t\t<img loading=\"lazy\" decoding=\"async\" width=\"300\" height=\"216\" src=\"https:\/\/www.akuplastics.com\/wp-content\/uploads\/2020\/07\/Grand-S-E-1-300x216.jpg\" class=\"attachment-medium size-medium wp-image-12878\" alt=\"Grand-S-Electronic\" srcset=\"https:\/\/www.akuplastics.com\/wp-content\/uploads\/2020\/07\/Grand-S-E-1-300x216.jpg 300w, https:\/\/www.akuplastics.com\/wp-content\/uploads\/2020\/07\/Grand-S-E-1-1024x738.jpg 1024w, https:\/\/www.akuplastics.com\/wp-content\/uploads\/2020\/07\/Grand-S-E-1-768x554.jpg 768w, https:\/\/www.akuplastics.com\/wp-content\/uploads\/2020\/07\/Grand-S-E-1-1536x1108.jpg 1536w, https:\/\/www.akuplastics.com\/wp-content\/uploads\/2020\/07\/Grand-S-E-1-scaled.jpg 2048w, https:\/\/www.akuplastics.com\/wp-content\/uploads\/2020\/07\/Grand-S-E-1-1200x865.jpg 1200w, https:\/\/www.akuplastics.com\/wp-content\/uploads\/2020\/07\/Grand-S-E-1-1980x1428.jpg 1980w\" sizes=\"auto, (max-width: 300px) 100vw, 300px\" \/>\t\t\t\t\t\t\t\t\t\t\t<figcaption class=\"widget-image-caption wp-caption-text\">GRAND-S-Elektronikus melegleveg\u0151-f\u00fav\u00f3<\/figcaption>\n\t\t\t\t\t\t\t\t\t\t<\/figure>\n\t\t\t\t\t\t\t\t\t<\/div>\n\t\t\t\t<\/div>\n\t\t\t\t\t<\/div>\n\t\t<\/div>\n\t\t\t\t\t<\/div>\n\t\t<\/section>\n\t\t\t\t\t<\/div>\n\t\t<\/div>\n\t\t\t\t\t<\/div>\n\t\t<\/section>\n\t\t\t\t<\/div>\n\t\t","protected":false},"excerpt":{"rendered":"<p>GRAND-S-Elektronikus melegleveg\u0151-f\u00fav\u00f3 A GRAND-S-Elektronikus melegleveg\u0151-f\u00fav\u00f3 minden\u00fctt haszn\u00e1lhat\u00f3, ahol meleg leveg\u0151 \u00e1raml\u00e1s\u00e1ra van sz\u00fcks\u00e9g a f\u0171t\u00e9shez, meleg\u00edt\u00e9shez, form\u00e1z\u00e1shoz, zsugor\u00edt\u00e1shoz \u00e9s aktiv\u00e1l\u00e1shoz. A 3000 W vagy 3400 W 230 V-os f\u0171t\u00e9si teljes\u00edtm\u00e9ny fokozatmentesen \u00e1ll\u00edthat\u00f3 szobah\u0151m\u00e9rs\u00e9klett\u0151l 700 \u00b0C-ig. A k\u00e9sz\u00fcl\u00e9k \u00faj \u00e9s nagyon megb\u00edzhat\u00f3 h\u0151m\u00e9rs\u00e9klet-elektronik\u00e1val rendelkezik. A f\u00fav\u00f3k\u00e1t\u00f3l f\u00fcgg\u0151en a l\u00e9gkibocs\u00e1t\u00e1s 450 liter\/perc. A l\u00e9g\u00e1raml\u00e1s k\u00fcl\u00f6nb\u00f6z\u0151 csatlakoztathat\u00f3 f\u00fav\u00f3k\u00e1k [&hellip;]<\/p>\n","protected":false},"author":2,"featured_media":0,"parent":0,"menu_order":0,"comment_status":"closed","ping_status":"closed","template":"","meta":{"iawp_total_views":8,"footnotes":""},"class_list":["post-9664","page","type-page","status-publish","hentry"],"yoast_head":"<!-- This site is optimized with the Yoast SEO Premium plugin v27.4 (Yoast SEO v27.5) - https:\/\/yoast.com\/product\/yoast-seo-premium-wordpress\/ -->\n<title>Forr\u00f3leveg\u0151-f\u00fav\u00f3 Forr\u00f3leveg\u0151s hegeszt\u0151 M\u0171anyag-feldolgoz\u00e1s<\/title>\n<meta name=\"description\" content=\"A GRAND-S-Elektronikus melegleveg\u0151-f\u00fav\u00f3 minden\u00fctt haszn\u00e1lhat\u00f3, ahol meleg leveg\u0151 \u00e1raml\u00e1s\u00e1ra van sz\u00fcks\u00e9g a f\u0171t\u00e9shez, meleg\u00edt\u00e9shez, form\u00e1z\u00e1shoz, zsugor\u00edt\u00e1shoz \u00e9s aktiv\u00e1l\u00e1shoz.\" \/>\n<meta name=\"robots\" content=\"index, follow, max-snippet:-1, max-image-preview:large, max-video-preview:-1\" \/>\n<link rel=\"canonical\" href=\"https:\/\/www.akuplastics.com\/hu\/grand-s-elektronikus-meleglevego-fuvo\/\" \/>\n<script type=\"application\/ld+json\" class=\"yoast-schema-graph\">{\"@context\":\"https:\\\/\\\/schema.org\",\"@graph\":[{\"@type\":\"WebPage\",\"@id\":\"https:\\\/\\\/www.akuplastics.com\\\/hu\\\/grand-s-elektronikus-meleglevego-fuvo\\\/\",\"url\":\"https:\\\/\\\/www.akuplastics.com\\\/hu\\\/grand-s-elektronikus-meleglevego-fuvo\\\/\",\"name\":\"Forr\u00f3leveg\u0151-f\u00fav\u00f3 Forr\u00f3leveg\u0151s hegeszt\u0151 M\u0171anyag-feldolgoz\u00e1s\",\"isPartOf\":{\"@id\":\"https:\\\/\\\/www.akuplastics.com\\\/hu\\\/#website\"},\"primaryImageOfPage\":{\"@id\":\"https:\\\/\\\/www.akuplastics.com\\\/hu\\\/grand-s-elektronikus-meleglevego-fuvo\\\/#primaryimage\"},\"image\":{\"@id\":\"https:\\\/\\\/www.akuplastics.com\\\/hu\\\/grand-s-elektronikus-meleglevego-fuvo\\\/#primaryimage\"},\"thumbnailUrl\":\"https:\\\/\\\/www.akuplastics.com\\\/wp-content\\\/uploads\\\/2020\\\/07\\\/Grand-S-E-1-300x216.jpg\",\"datePublished\":\"2021-06-20T11:29:51+00:00\",\"dateModified\":\"2025-02-19T09:45:10+00:00\",\"description\":\"A GRAND-S-Elektronikus melegleveg\u0151-f\u00fav\u00f3 minden\u00fctt haszn\u00e1lhat\u00f3, ahol meleg leveg\u0151 \u00e1raml\u00e1s\u00e1ra van sz\u00fcks\u00e9g a f\u0171t\u00e9shez, meleg\u00edt\u00e9shez, form\u00e1z\u00e1shoz, zsugor\u00edt\u00e1shoz \u00e9s aktiv\u00e1l\u00e1shoz.\",\"breadcrumb\":{\"@id\":\"https:\\\/\\\/www.akuplastics.com\\\/hu\\\/grand-s-elektronikus-meleglevego-fuvo\\\/#breadcrumb\"},\"inLanguage\":\"hu\",\"potentialAction\":[{\"@type\":\"ReadAction\",\"target\":[\"https:\\\/\\\/www.akuplastics.com\\\/hu\\\/grand-s-elektronikus-meleglevego-fuvo\\\/\"]}]},{\"@type\":\"ImageObject\",\"inLanguage\":\"hu\",\"@id\":\"https:\\\/\\\/www.akuplastics.com\\\/hu\\\/grand-s-elektronikus-meleglevego-fuvo\\\/#primaryimage\",\"url\":\"https:\\\/\\\/www.akuplastics.com\\\/wp-content\\\/uploads\\\/2020\\\/07\\\/Grand-S-E-1-300x216.jpg\",\"contentUrl\":\"https:\\\/\\\/www.akuplastics.com\\\/wp-content\\\/uploads\\\/2020\\\/07\\\/Grand-S-E-1-300x216.jpg\"},{\"@type\":\"BreadcrumbList\",\"@id\":\"https:\\\/\\\/www.akuplastics.com\\\/hu\\\/grand-s-elektronikus-meleglevego-fuvo\\\/#breadcrumb\",\"itemListElement\":[{\"@type\":\"ListItem\",\"position\":1,\"name\":\"Kezd\u0151lap\",\"item\":\"https:\\\/\\\/www.akuplastics.com\\\/hu\\\/\"},{\"@type\":\"ListItem\",\"position\":2,\"name\":\"Grand &#8211; S &#8211; Elektronikus\"}]},{\"@type\":\"WebSite\",\"@id\":\"https:\\\/\\\/www.akuplastics.com\\\/hu\\\/#website\",\"url\":\"https:\\\/\\\/www.akuplastics.com\\\/hu\\\/\",\"name\":\"Semi-Finished Products \u2013 Finished Parts \u2013 Ventilation Moulded Parts \u2013 Machines\",\"description\":\"Halbzeuge, Halbfabrikate, Kunststoffhalbzeuge, Kunststoffhalbfabrikate\",\"publisher\":{\"@id\":\"https:\\\/\\\/www.akuplastics.com\\\/hu\\\/#organization\"},\"alternateName\":\"AKUPLASTICS \u2013 Engineering in Plastics\",\"potentialAction\":[{\"@type\":\"SearchAction\",\"target\":{\"@type\":\"EntryPoint\",\"urlTemplate\":\"https:\\\/\\\/www.akuplastics.com\\\/hu\\\/?s={search_term_string}\"},\"query-input\":{\"@type\":\"PropertyValueSpecification\",\"valueRequired\":true,\"valueName\":\"search_term_string\"}}],\"inLanguage\":\"hu\"},{\"@type\":\"Organization\",\"@id\":\"https:\\\/\\\/www.akuplastics.com\\\/hu\\\/#organization\",\"name\":\"Ing. Christian Ahlborn e.U.\",\"alternateName\":\"AKU\",\"url\":\"https:\\\/\\\/www.akuplastics.com\\\/hu\\\/\",\"logo\":{\"@type\":\"ImageObject\",\"inLanguage\":\"hu\",\"@id\":\"https:\\\/\\\/www.akuplastics.com\\\/hu\\\/#\\\/schema\\\/logo\\\/image\\\/\",\"url\":\"https:\\\/\\\/www.akuplastics.com\\\/wp-content\\\/uploads\\\/2020\\\/07\\\/Grafik14-inkl-r.png\",\"contentUrl\":\"https:\\\/\\\/www.akuplastics.com\\\/wp-content\\\/uploads\\\/2020\\\/07\\\/Grafik14-inkl-r.png\",\"width\":1994,\"height\":743,\"caption\":\"Ing. Christian Ahlborn e.U.\"},\"image\":{\"@id\":\"https:\\\/\\\/www.akuplastics.com\\\/hu\\\/#\\\/schema\\\/logo\\\/image\\\/\"}}]}<\/script>\n<!-- \/ Yoast SEO Premium plugin. -->","yoast_head_json":{"title":"Forr\u00f3leveg\u0151-f\u00fav\u00f3 Forr\u00f3leveg\u0151s hegeszt\u0151 M\u0171anyag-feldolgoz\u00e1s","description":"A GRAND-S-Elektronikus melegleveg\u0151-f\u00fav\u00f3 minden\u00fctt haszn\u00e1lhat\u00f3, ahol meleg leveg\u0151 \u00e1raml\u00e1s\u00e1ra van sz\u00fcks\u00e9g a f\u0171t\u00e9shez, meleg\u00edt\u00e9shez, form\u00e1z\u00e1shoz, zsugor\u00edt\u00e1shoz \u00e9s aktiv\u00e1l\u00e1shoz.","robots":{"index":"index","follow":"follow","max-snippet":"max-snippet:-1","max-image-preview":"max-image-preview:large","max-video-preview":"max-video-preview:-1"},"canonical":"https:\/\/www.akuplastics.com\/hu\/grand-s-elektronikus-meleglevego-fuvo\/","schema":{"@context":"https:\/\/schema.org","@graph":[{"@type":"WebPage","@id":"https:\/\/www.akuplastics.com\/hu\/grand-s-elektronikus-meleglevego-fuvo\/","url":"https:\/\/www.akuplastics.com\/hu\/grand-s-elektronikus-meleglevego-fuvo\/","name":"Forr\u00f3leveg\u0151-f\u00fav\u00f3 Forr\u00f3leveg\u0151s hegeszt\u0151 M\u0171anyag-feldolgoz\u00e1s","isPartOf":{"@id":"https:\/\/www.akuplastics.com\/hu\/#website"},"primaryImageOfPage":{"@id":"https:\/\/www.akuplastics.com\/hu\/grand-s-elektronikus-meleglevego-fuvo\/#primaryimage"},"image":{"@id":"https:\/\/www.akuplastics.com\/hu\/grand-s-elektronikus-meleglevego-fuvo\/#primaryimage"},"thumbnailUrl":"https:\/\/www.akuplastics.com\/wp-content\/uploads\/2020\/07\/Grand-S-E-1-300x216.jpg","datePublished":"2021-06-20T11:29:51+00:00","dateModified":"2025-02-19T09:45:10+00:00","description":"A GRAND-S-Elektronikus melegleveg\u0151-f\u00fav\u00f3 minden\u00fctt haszn\u00e1lhat\u00f3, ahol meleg leveg\u0151 \u00e1raml\u00e1s\u00e1ra van sz\u00fcks\u00e9g a f\u0171t\u00e9shez, meleg\u00edt\u00e9shez, form\u00e1z\u00e1shoz, zsugor\u00edt\u00e1shoz \u00e9s aktiv\u00e1l\u00e1shoz.","breadcrumb":{"@id":"https:\/\/www.akuplastics.com\/hu\/grand-s-elektronikus-meleglevego-fuvo\/#breadcrumb"},"inLanguage":"hu","potentialAction":[{"@type":"ReadAction","target":["https:\/\/www.akuplastics.com\/hu\/grand-s-elektronikus-meleglevego-fuvo\/"]}]},{"@type":"ImageObject","inLanguage":"hu","@id":"https:\/\/www.akuplastics.com\/hu\/grand-s-elektronikus-meleglevego-fuvo\/#primaryimage","url":"https:\/\/www.akuplastics.com\/wp-content\/uploads\/2020\/07\/Grand-S-E-1-300x216.jpg","contentUrl":"https:\/\/www.akuplastics.com\/wp-content\/uploads\/2020\/07\/Grand-S-E-1-300x216.jpg"},{"@type":"BreadcrumbList","@id":"https:\/\/www.akuplastics.com\/hu\/grand-s-elektronikus-meleglevego-fuvo\/#breadcrumb","itemListElement":[{"@type":"ListItem","position":1,"name":"Kezd\u0151lap","item":"https:\/\/www.akuplastics.com\/hu\/"},{"@type":"ListItem","position":2,"name":"Grand &#8211; S &#8211; Elektronikus"}]},{"@type":"WebSite","@id":"https:\/\/www.akuplastics.com\/hu\/#website","url":"https:\/\/www.akuplastics.com\/hu\/","name":"Semi-Finished Products \u2013 Finished Parts \u2013 Ventilation Moulded Parts \u2013 Machines","description":"Halbzeuge, Halbfabrikate, Kunststoffhalbzeuge, Kunststoffhalbfabrikate","publisher":{"@id":"https:\/\/www.akuplastics.com\/hu\/#organization"},"alternateName":"AKUPLASTICS \u2013 Engineering in Plastics","potentialAction":[{"@type":"SearchAction","target":{"@type":"EntryPoint","urlTemplate":"https:\/\/www.akuplastics.com\/hu\/?s={search_term_string}"},"query-input":{"@type":"PropertyValueSpecification","valueRequired":true,"valueName":"search_term_string"}}],"inLanguage":"hu"},{"@type":"Organization","@id":"https:\/\/www.akuplastics.com\/hu\/#organization","name":"Ing. Christian Ahlborn e.U.","alternateName":"AKU","url":"https:\/\/www.akuplastics.com\/hu\/","logo":{"@type":"ImageObject","inLanguage":"hu","@id":"https:\/\/www.akuplastics.com\/hu\/#\/schema\/logo\/image\/","url":"https:\/\/www.akuplastics.com\/wp-content\/uploads\/2020\/07\/Grafik14-inkl-r.png","contentUrl":"https:\/\/www.akuplastics.com\/wp-content\/uploads\/2020\/07\/Grafik14-inkl-r.png","width":1994,"height":743,"caption":"Ing. Christian Ahlborn e.U."},"image":{"@id":"https:\/\/www.akuplastics.com\/hu\/#\/schema\/logo\/image\/"}}]}},"_links":{"self":[{"href":"https:\/\/www.akuplastics.com\/hu\/wp-json\/wp\/v2\/pages\/9664","targetHints":{"allow":["GET"]}}],"collection":[{"href":"https:\/\/www.akuplastics.com\/hu\/wp-json\/wp\/v2\/pages"}],"about":[{"href":"https:\/\/www.akuplastics.com\/hu\/wp-json\/wp\/v2\/types\/page"}],"author":[{"embeddable":true,"href":"https:\/\/www.akuplastics.com\/hu\/wp-json\/wp\/v2\/users\/2"}],"replies":[{"embeddable":true,"href":"https:\/\/www.akuplastics.com\/hu\/wp-json\/wp\/v2\/comments?post=9664"}],"version-history":[{"count":6,"href":"https:\/\/www.akuplastics.com\/hu\/wp-json\/wp\/v2\/pages\/9664\/revisions"}],"predecessor-version":[{"id":26416,"href":"https:\/\/www.akuplastics.com\/hu\/wp-json\/wp\/v2\/pages\/9664\/revisions\/26416"}],"wp:attachment":[{"href":"https:\/\/www.akuplastics.com\/hu\/wp-json\/wp\/v2\/media?parent=9664"}],"curies":[{"name":"wp","href":"https:\/\/api.w.org\/{rel}","templated":true}]}}