{"id":9627,"date":"2021-06-23T15:02:44","date_gmt":"2021-06-23T13:02:44","guid":{"rendered":"https:\/\/www.akuplastics.com\/legkompresszor\/"},"modified":"2024-05-21T09:02:15","modified_gmt":"2024-05-21T07:02:15","slug":"kulso-legkompresszorok-hegesztolevego-forrolevegos-hegesztes","status":"publish","type":"page","link":"https:\/\/www.akuplastics.com\/hu\/gepek-es-eszkoezoek\/kulso-legkompresszorok-hegesztolevego-forrolevegos-hegesztes\/","title":{"rendered":"L\u00e9gkompresszor"},"content":{"rendered":"\t\t<div data-elementor-type=\"wp-page\" data-elementor-id=\"9627\" class=\"elementor elementor-9627 elementor-4638\" data-elementor-post-type=\"page\">\n\t\t\t\t\t\t<section class=\"elementor-section elementor-top-section elementor-element elementor-element-834d050 elementor-section-boxed elementor-section-height-default elementor-section-height-default\" data-id=\"834d050\" data-element_type=\"section\" data-e-type=\"section\">\n\t\t\t\t\t\t<div class=\"elementor-container elementor-column-gap-default\">\n\t\t\t\t\t<div class=\"elementor-column elementor-col-100 elementor-top-column elementor-element elementor-element-5d494b49\" data-id=\"5d494b49\" data-element_type=\"column\" data-e-type=\"column\">\n\t\t\t<div class=\"elementor-widget-wrap elementor-element-populated\">\n\t\t\t\t\t\t<div class=\"elementor-element elementor-element-7edd439b elementor-widget elementor-widget-text-editor\" data-id=\"7edd439b\" data-element_type=\"widget\" data-e-type=\"widget\" data-widget_type=\"text-editor.default\">\n\t\t\t\t<div class=\"elementor-widget-container\">\n\t\t\t\t\t\t\t\t\t<h1>Leveg\u0151 kompresszor hegeszt\u0151leveg\u0151h\u00f6z<\/h1>\n\t\t\t\t\t\t\t\t<\/div>\n\t\t\t\t<\/div>\n\t\t\t\t<section class=\"elementor-section elementor-inner-section elementor-element elementor-element-7f2fb347 elementor-section-boxed elementor-section-height-default elementor-section-height-default\" data-id=\"7f2fb347\" data-element_type=\"section\" data-e-type=\"section\">\n\t\t\t\t\t\t<div class=\"elementor-container elementor-column-gap-default\">\n\t\t\t\t\t<div class=\"elementor-column elementor-col-50 elementor-inner-column elementor-element elementor-element-1ff159d3\" data-id=\"1ff159d3\" data-element_type=\"column\" data-e-type=\"column\">\n\t\t\t<div class=\"elementor-widget-wrap elementor-element-populated\">\n\t\t\t\t\t\t<div class=\"elementor-element elementor-element-872d1d6 elementor-widget elementor-widget-text-editor\" data-id=\"872d1d6\" data-element_type=\"widget\" data-e-type=\"widget\" data-widget_type=\"text-editor.default\">\n\t\t\t\t<div class=\"elementor-widget-container\">\n\t\t\t\t\t\t\t\t\t<p>A m\u0171anyaghegeszt\u00e9shez haszn\u00e1lt <strong>hegeszt\u0151leveg\u0151 <\/strong>min\u0151s\u00e9g\u00e9t <strong>a DVS pontosan <\/strong><strong>szab\u00e1lyozza<\/strong>.<\/p>\n<p><b>A hegeszt\u00e9si leveg\u0151nek teljesen zs\u00edrmentesnek, pormentesnek \u00e9s sz\u00e1raznak kell lennie.<\/b><\/p>\n<\/p>\n<p>A k\u00f6zponti ell\u00e1t\u00f3rendszerekb\u0151l sz\u00e1rmaz\u00f3 s\u0171r\u00edtett leveg\u0151 jelent\u0151s m\u0171szaki \u00e9s p\u00e9nz\u00fcgyi er\u0151fesz\u00edt\u00e9sek n\u00e9lk\u00fcl nem felel meg ezeknek a szigor\u00fa el\u0151\u00edr\u00e1soknak.<\/p>\n<\/p>\n<p>A <strong>k\u00fcls\u0151 l\u00e9gkompresszorok <\/strong>mindig <strong>jobb <\/strong>\u00e9s <strong>k\u00f6lts\u00e9ghat\u00e9konyabb megold\u00e1st<\/strong> jelentenek.<\/p>\n<\/p>\n<p>P\u00e9ld\u00e1ul:<\/p>\n<ul>\n<li><a href=\"https:\/\/www.akuplastics.com\/hu\/gepek-es-eszkoezoek\/legkompresszor-szerelveny-fuvo-dt-80\/\"><strong>DT 80 l\u00e9gkompresszor<\/strong><\/a><\/li>\n<li><a href=\"https:\/\/www.akuplastics.com\/hu\/gepek-es-eszkoezoek\/kezi-fuvok-forro-gazhegesztok\/\"><strong>K\u00e9zi f\u00fav\u00f3ka <\/strong><\/a><\/li>\n<\/ul>\n<p>Az egyszer\u0171 <strong>hordozhat\u00f3 l\u00e9gkompresszorok <\/strong>mellett, amelyek <strong>ak\u00e1r 2 <\/strong><strong>forr\u00f3leveg\u0151s hegeszt\u0151egys\u00e9g <\/strong>csatlakoztat\u00e1s\u00e1ra alkalmasak, leveg\u0151\u00e1raml\u00e1sm\u00e9r\u0151vel vagy an\u00e9lk\u00fcl, <strong>m\u0171helykialak\u00edt\u00e1s\u00fa oldalcsatorn\u00e1s f\u00fav\u00f3k\u00e1kat <\/strong>is k\u00edn\u00e1lunk <strong>t\u00f6bb hegeszt\u0151egys\u00e9ghez vagy <\/strong> <strong>hegeszt\u0151 extruder<\/strong> csatlakoztat\u00e1s\u00e1ra.<\/p>\n<\/p>\n<p><strong>Nagyobb rendszerekhez <\/strong>zs\u00edrmentes <strong>nagynyom\u00e1s\u00fa f\u00fav\u00f3k <\/strong>vannak a programunkban, amelyek k\u00fcl\u00f6n\u00f6sen zajcs\u00f6kkentettek \u00e9s karbantart\u00e1smentesek.<\/p>\n<\/p>\n<p>Kifejezetten l\u00e9gf\u0171t\u0151kkel val\u00f3 haszn\u00e1latra tervezett <b>k\u00f6z\u00e9pnyom\u00e1s\u00fa f\u00fav\u00f3inkat<\/b> nagy teljes\u00edtm\u00e9ny jellemzi kis m\u00e9retben.<\/p>\n<\/p>\n<p>A teljes\u00edtm\u00e9nyoszt\u00e1lyoz\u00e1st kifejezetten az adott k\u00f6vetelm\u00e9nyekhez igaz\u00edtott\u00e1k.<br \/><b>Ez hossz\u00fa \u00e9lettartamot tesz lehet\u0151v\u00e9 alacsony \u00fczemeltet\u00e9si k\u00f6lts\u00e9gek mellett. <\/b><\/p>\n<p>A <b>kiemelked\u0151 hat\u00e1sfok<\/b>, a kedvez\u0151 zajviselked\u00e9s, valamint a stabil \u00e9s \u00e1raml\u00e1sra optimaliz\u00e1lt h\u00e1zkialak\u00edt\u00e1s, amely r\u00e1ad\u00e1sul karbantart\u00e1s- \u00e9s olajmentes, teszi teljess\u00e9 az \u00f6sszk\u00e9pet.<\/p>\n<\/p>\n<p>Az \u00fcgyf\u00e9l k\u00e9r\u00e9s\u00e9re a f\u00fav\u00f3k a fordulatsz\u00e1m-szab\u00e1lyoz\u00e1shoz <b>frekvenciav\u00e1lt\u00f3val <\/b>is rendelhet\u0151k.<\/p>\n\t\t\t\t\t\t\t\t<\/div>\n\t\t\t\t<\/div>\n\t\t\t\t<div class=\"elementor-element elementor-element-8580633 elementor-widget elementor-widget-text-editor\" data-id=\"8580633\" data-element_type=\"widget\" data-e-type=\"widget\" data-widget_type=\"text-editor.default\">\n\t\t\t\t<div class=\"elementor-widget-container\">\n\t\t\t\t\t\t\t\t\t<p><strong>Tov\u00e1bbi inform\u00e1ci\u00f3k a m\u0171anyaghegeszt\u00e9shez haszn\u00e1lt s\u0171r\u00edtett leveg\u0151vel kapcsolatban:<br><br><\/strong><\/p>\n<p>A m\u0171anyag-feldolgoz\u00f3 iparban a s\u0171r\u00edtett leveg\u0151t gyakran haszn\u00e1lj\u00e1k k\u00fcl\u00f6nb\u00f6z\u0151 hegeszt\u00e9si technik\u00e1khoz.<br>A s\u0171r\u00edtett leveg\u0151 az alkalmazott hegeszt\u00e9si elj\u00e1r\u00e1st\u00f3l f\u00fcgg\u0151en t\u00f6bbf\u00e9le funkci\u00f3t is bet\u00f6lthet.<br><br><\/p>\n<ul>\n<li><strong>Forr\u00f3leveg\u0151s hegeszt\u00e9s:<\/strong><br>Egyes m\u0171anyaghegeszt\u00e9si technik\u00e1kn\u00e1l, p\u00e9ld\u00e1ul a forr\u00f3leveg\u0151s hegeszt\u00e9sn\u00e9l s\u0171r\u00edtett leveg\u0151t haszn\u00e1lnak, hogy meleg\u00edtett leveg\u0151t ir\u00e1ny\u00edtsanak az \u00f6sszeillesztend\u0151 m\u0171anyagfel\u00fcletekre. A felmeleg\u00edtett leveg\u0151 megolvasztja a m\u0171anyagokat, \u00e9s leh\u0171l\u00e9s ut\u00e1n szil\u00e1rd hegeszt\u00e9si varrat j\u00f6n l\u00e9tre.<\/li>\n<li><strong>Ultrahangos hegeszt\u00e9s:<\/strong><br>Enn\u00e9l a m\u00f3dszern\u00e9l s\u0171r\u00edtett leveg\u0151t haszn\u00e1lnak egy ultrahangos jel\u00e1talak\u00edt\u00f3 m\u0171k\u00f6dtet\u00e9s\u00e9re, amely rezg\u00e9seket gener\u00e1l. Ezek a rezg\u00e9sek a m\u0171anyag fel\u00fcletek s\u00farl\u00f3d\u00e1s\u00e1t \u00e9s felmeleged\u00e9s\u00e9t okozz\u00e1k, ami a fel\u00fcletek \u00f6sszeolvad\u00e1s\u00e1hoz \u00e9s a hegeszt\u00e9si varrat kialakul\u00e1s\u00e1hoz vezet.<\/li>\n<li><strong>Extrud\u00e1l\u00e1sos hegeszt\u00e9s:<\/strong><br>Egyes esetekben s\u0171r\u00edtett leveg\u0151t haszn\u00e1lnak az extrud\u00e1l\u00e1si folyamat vez\u00e9rl\u00e9s\u00e9re. Az olvadt m\u0171anyagot egy f\u00fav\u00f3k\u00e1b\u00f3l pr\u00e9selik ki \u00e9s s\u0171r\u00edtett leveg\u0151vel form\u00e1zz\u00e1k, hogy hegesztett k\u00f6t\u00e9st hozzanak l\u00e9tre.<br><br><\/li>\n<\/ul>\n<p><strong>Jellemz\u0151k:<br><br><\/strong><\/p>\n<ul>\n<li><strong>Pontos vez\u00e9rl\u00e9s:<\/strong><br>A m\u0171anyagok hegeszt\u00e9s\u00e9hez haszn\u00e1lt s\u0171r\u00edtett leveg\u0151s rendszerek gyakran pontos szab\u00e1lyoz\u00e1st ig\u00e9nyelnek a sz\u00fcks\u00e9ges nyom\u00e1s \u00e9s az optim\u00e1lis leveg\u0151\u00f6sszet\u00e9tel biztos\u00edt\u00e1sa \u00e9rdek\u00e9ben.<\/li>\n<li><strong>Alkalmazkod\u00f3k\u00e9pess\u00e9g:<\/strong><br>A s\u0171r\u00edtett leveg\u0151 forr\u00e1s\u00e1nak alkalmazkodnia kell a k\u00fcl\u00f6nb\u00f6z\u0151 hegeszt\u00e9si technik\u00e1khoz \u00e9s m\u0171anyagokhoz.<\/li>\n<li><strong>Megb\u00edzhat\u00f3s\u00e1g:<\/strong><br>A megb\u00edzhat\u00f3 s\u0171r\u00edtettleveg\u0151-rendszer elengedhetetlen a hegeszt\u00e9si folyamat egyenletes eredm\u00e9nyeinek biztos\u00edt\u00e1s\u00e1hoz.<\/li>\n<li><strong>Biztons\u00e1gi funkci\u00f3k:<\/strong><br>A hegeszt\u00e9si alkalmaz\u00e1s speci\u00e1lis k\u00f6vetelm\u00e9nyeit\u0151l f\u00fcgg\u0151en biztons\u00e1gi funkci\u00f3k, p\u00e9ld\u00e1ul nyom\u00e1sszab\u00e1lyoz\u00f3k \u00e9s biztons\u00e1gi szelepek is felszerelhet\u0151k.<br><br><\/li>\n<\/ul>\n<p>Fontos megjegyezni, hogy a <b>s\u0171r\u00edtett leveg\u0151forr\u00e1s pontos t\u00edpusa \u00e9s funkci\u00f3i nagym\u00e9rt\u00e9kben f\u00fcggnek az adott hegeszt\u00e9si technol\u00f3gi\u00e1t\u00f3l \u00e9s a m\u0171anyaghegeszt\u00e9si folyamat k\u00f6vetelm\u00e9nyeit\u0151l<\/b>.<\/p>\t\t\t\t\t\t\t\t<\/div>\n\t\t\t\t<\/div>\n\t\t\t\t\t<\/div>\n\t\t<\/div>\n\t\t\t\t<div class=\"elementor-column elementor-col-50 elementor-inner-column elementor-element elementor-element-22be94a9\" data-id=\"22be94a9\" data-element_type=\"column\" data-e-type=\"column\">\n\t\t\t<div class=\"elementor-widget-wrap elementor-element-populated\">\n\t\t\t\t\t\t<div class=\"elementor-element elementor-element-519f7c8b elementor-invisible elementor-widget elementor-widget-image\" data-id=\"519f7c8b\" data-element_type=\"widget\" data-e-type=\"widget\" data-settings=\"{&quot;_animation&quot;:&quot;fadeInDown&quot;}\" data-widget_type=\"image.default\">\n\t\t\t\t<div class=\"elementor-widget-container\">\n\t\t\t\t\t\t\t\t\t\t\t\t<figure class=\"wp-caption\">\n\t\t\t\t\t\t\t\t\t\t<img loading=\"lazy\" decoding=\"async\" width=\"300\" height=\"183\" src=\"https:\/\/www.akuplastics.com\/wp-content\/uploads\/2021\/06\/Korund-DT6-300x183.jpg\" class=\"attachment-medium size-medium wp-image-13094\" alt=\"Luftverdichter Korund DT6\" srcset=\"https:\/\/www.akuplastics.com\/wp-content\/uploads\/2021\/06\/Korund-DT6-300x183.jpg 300w, https:\/\/www.akuplastics.com\/wp-content\/uploads\/2021\/06\/Korund-DT6-1024x625.jpg 1024w, https:\/\/www.akuplastics.com\/wp-content\/uploads\/2021\/06\/Korund-DT6-768x469.jpg 768w, https:\/\/www.akuplastics.com\/wp-content\/uploads\/2021\/06\/Korund-DT6-1536x938.jpg 1536w, https:\/\/www.akuplastics.com\/wp-content\/uploads\/2021\/06\/Korund-DT6.jpg 2048w\" sizes=\"auto, (max-width: 300px) 100vw, 300px\" \/>\t\t\t\t\t\t\t\t\t\t\t<figcaption class=\"widget-image-caption wp-caption-text\">L\u00e9gkompresszor korund DT6<\/figcaption>\n\t\t\t\t\t\t\t\t\t\t<\/figure>\n\t\t\t\t\t\t\t\t\t<\/div>\n\t\t\t\t<\/div>\n\t\t\t\t<div class=\"elementor-element elementor-element-393d648 elementor-invisible elementor-widget elementor-widget-image\" data-id=\"393d648\" data-element_type=\"widget\" data-e-type=\"widget\" data-settings=\"{&quot;_animation&quot;:&quot;fadeInDown&quot;}\" data-widget_type=\"image.default\">\n\t\t\t\t<div class=\"elementor-widget-container\">\n\t\t\t\t\t\t\t\t\t\t\t\t<figure class=\"wp-caption\">\n\t\t\t\t\t\t\t\t\t\t<img loading=\"lazy\" decoding=\"async\" width=\"300\" height=\"280\" src=\"https:\/\/www.akuplastics.com\/wp-content\/uploads\/2024\/05\/DT-80-300x280.webp\" class=\"attachment-medium size-medium wp-image-22738\" alt=\"Montagegebl\u00e4se DT 80\" srcset=\"https:\/\/www.akuplastics.com\/wp-content\/uploads\/2024\/05\/DT-80-300x280.webp 300w, https:\/\/www.akuplastics.com\/wp-content\/uploads\/2024\/05\/DT-80.webp 528w\" sizes=\"auto, (max-width: 300px) 100vw, 300px\" \/>\t\t\t\t\t\t\t\t\t\t\t<figcaption class=\"widget-image-caption wp-caption-text\">DT 80 l\u00e9gkompresszor<\/figcaption>\n\t\t\t\t\t\t\t\t\t\t<\/figure>\n\t\t\t\t\t\t\t\t\t<\/div>\n\t\t\t\t<\/div>\n\t\t\t\t<div class=\"elementor-element elementor-element-72fdf74 elementor-invisible elementor-widget elementor-widget-image\" data-id=\"72fdf74\" data-element_type=\"widget\" data-e-type=\"widget\" data-settings=\"{&quot;_animation&quot;:&quot;fadeInRight&quot;}\" data-widget_type=\"image.default\">\n\t\t\t\t<div class=\"elementor-widget-container\">\n\t\t\t\t\t\t\t\t\t\t\t\t<figure class=\"wp-caption\">\n\t\t\t\t\t\t\t\t\t\t<img loading=\"lazy\" decoding=\"async\" width=\"300\" height=\"247\" src=\"https:\/\/www.akuplastics.com\/wp-content\/uploads\/2021\/06\/Verdichter-DT14-300x247.png\" class=\"attachment-medium size-medium wp-image-13092\" alt=\"Luftverdichter DT6L\" srcset=\"https:\/\/www.akuplastics.com\/wp-content\/uploads\/2021\/06\/Verdichter-DT14-300x247.png 300w, https:\/\/www.akuplastics.com\/wp-content\/uploads\/2021\/06\/Verdichter-DT14.png 400w\" sizes=\"auto, (max-width: 300px) 100vw, 300px\" \/>\t\t\t\t\t\t\t\t\t\t\t<figcaption class=\"widget-image-caption wp-caption-text\">DT14 l\u00e9gkompresszor<\/figcaption>\n\t\t\t\t\t\t\t\t\t\t<\/figure>\n\t\t\t\t\t\t\t\t\t<\/div>\n\t\t\t\t<\/div>\n\t\t\t\t<div class=\"elementor-element elementor-element-373cd87 elementor-invisible elementor-widget elementor-widget-image\" data-id=\"373cd87\" data-element_type=\"widget\" data-e-type=\"widget\" data-settings=\"{&quot;_animation&quot;:&quot;fadeInUp&quot;}\" data-widget_type=\"image.default\">\n\t\t\t\t<div class=\"elementor-widget-container\">\n\t\t\t\t\t\t\t\t\t\t\t\t<figure class=\"wp-caption\">\n\t\t\t\t\t\t\t\t\t\t<img loading=\"lazy\" decoding=\"async\" width=\"250\" height=\"250\" src=\"https:\/\/www.akuplastics.com\/wp-content\/uploads\/2021\/06\/Verdichter-DLT25.jpg\" class=\"attachment-large size-large wp-image-13096\" alt=\"Luftverdichter DT14\" srcset=\"https:\/\/www.akuplastics.com\/wp-content\/uploads\/2021\/06\/Verdichter-DLT25.jpg 250w, https:\/\/www.akuplastics.com\/wp-content\/uploads\/2021\/06\/Verdichter-DLT25-150x150.jpg 150w\" sizes=\"auto, (max-width: 250px) 100vw, 250px\" \/>\t\t\t\t\t\t\t\t\t\t\t<figcaption class=\"widget-image-caption wp-caption-text\">DLT25 l\u00e9gkompresszor<\/figcaption>\n\t\t\t\t\t\t\t\t\t\t<\/figure>\n\t\t\t\t\t\t\t\t\t<\/div>\n\t\t\t\t<\/div>\n\t\t\t\t<div class=\"elementor-element elementor-element-6ba9077 elementor-invisible elementor-widget elementor-widget-image\" data-id=\"6ba9077\" data-element_type=\"widget\" data-e-type=\"widget\" data-settings=\"{&quot;_animation&quot;:&quot;fadeInUp&quot;}\" data-widget_type=\"image.default\">\n\t\t\t\t<div class=\"elementor-widget-container\">\n\t\t\t\t\t\t\t\t\t\t\t\t<figure class=\"wp-caption\">\n\t\t\t\t\t\t\t\t\t\t<img loading=\"lazy\" decoding=\"async\" width=\"266\" height=\"214\" src=\"https:\/\/www.akuplastics.com\/wp-content\/uploads\/2021\/06\/Seitenkanalverdichter.png\" class=\"attachment-medium size-medium wp-image-13095\" alt=\"Luftverdichter DLT25\" \/>\t\t\t\t\t\t\t\t\t\t\t<figcaption class=\"widget-image-caption wp-caption-text\">Oldalcsatorn\u00e1s f\u00fav\u00f3ka<\/figcaption>\n\t\t\t\t\t\t\t\t\t\t<\/figure>\n\t\t\t\t\t\t\t\t\t<\/div>\n\t\t\t\t<\/div>\n\t\t\t\t\t<\/div>\n\t\t<\/div>\n\t\t\t\t\t<\/div>\n\t\t<\/section>\n\t\t\t\t\t<\/div>\n\t\t<\/div>\n\t\t\t\t\t<\/div>\n\t\t<\/section>\n\t\t\t\t<\/div>\n\t\t","protected":false},"excerpt":{"rendered":"<p>Leveg\u0151 kompresszor hegeszt\u0151leveg\u0151h\u00f6z A m\u0171anyaghegeszt\u00e9shez haszn\u00e1lt hegeszt\u0151leveg\u0151 min\u0151s\u00e9g\u00e9t a DVS pontosan szab\u00e1lyozza. A hegeszt\u00e9si leveg\u0151nek teljesen zs\u00edrmentesnek, pormentesnek \u00e9s sz\u00e1raznak kell lennie. A k\u00f6zponti ell\u00e1t\u00f3rendszerekb\u0151l sz\u00e1rmaz\u00f3 s\u0171r\u00edtett leveg\u0151 jelent\u0151s m\u0171szaki \u00e9s p\u00e9nz\u00fcgyi er\u0151fesz\u00edt\u00e9sek n\u00e9lk\u00fcl nem felel meg ezeknek a szigor\u00fa el\u0151\u00edr\u00e1soknak. A k\u00fcls\u0151 l\u00e9gkompresszorok mindig jobb \u00e9s k\u00f6lts\u00e9ghat\u00e9konyabb megold\u00e1st jelentenek. P\u00e9ld\u00e1ul: DT 80 l\u00e9gkompresszor K\u00e9zi [&hellip;]<\/p>\n","protected":false},"author":2,"featured_media":22738,"parent":9403,"menu_order":0,"comment_status":"closed","ping_status":"closed","template":"elementor_header_footer","meta":{"iawp_total_views":24,"footnotes":""},"class_list":["post-9627","page","type-page","status-publish","has-post-thumbnail","hentry"],"yoast_head":"<!-- This site is optimized with the Yoast SEO Premium plugin v27.4 (Yoast SEO v27.5) - https:\/\/yoast.com\/product\/yoast-seo-premium-wordpress\/ -->\n<title>K\u00fcls\u0151 hordozhat\u00f3 l\u00e9gkompresszor Hegeszt\u00e9si leveg\u0151 DVS<\/title>\n<meta name=\"description\" content=\"Kifejezetten l\u00e9gf\u0171t\u0151kkel val\u00f3 haszn\u00e1latra tervezett k\u00f6z\u00e9pnyom\u00e1s\u00fa f\u00fav\u00f3inkat kis m\u00e9retben nagy teljes\u00edtm\u00e9ny jellemzi. a teljes\u00edtm\u00e9nyoszt\u00e1lyoz\u00e1st kifejezetten az adott k\u00f6vetelm\u00e9nyekhez igaz\u00edtottuk. ez hossz\u00fa \u00e9lettartamot tesz lehet\u0151v\u00e9 alacsony \u00fczemeltet\u00e9si k\u00f6lts\u00e9gek mellett. kiv\u00e1l\u00f3 hat\u00e1sfok, kedvez\u0151 zajviselked\u00e9s, valamint stabil \u00e9s \u00e1ramvonalas, karbantart\u00e1s- \u00e9s olajmentes h\u00e1zkialak\u00edt\u00e1s teszi teljess\u00e9 az \u00f6sszk\u00e9pet.Az \u00fcgyf\u00e9l k\u00e9r\u00e9s\u00e9re a f\u00fav\u00f3k a fordulatsz\u00e1m-szab\u00e1lyoz\u00e1shoz frekvenciav\u00e1lt\u00f3val is sz\u00e1ll\u00edthat\u00f3k. az egyszer\u0171 hordozhat\u00f3 l\u00e9gkompresszorok mellett, amelyek ak\u00e1r 2 forr\u00f3leveg\u0151s hegeszt\u0151egys\u00e9g csatlakoztat\u00e1s\u00e1ra alkalmasak, l\u00e9g\u00e1raml\u00e1sm\u00e9r\u0151vel vagy an\u00e9lk\u00fcl, m\u0171helykialak\u00edt\u00e1s\u00fa oldalcsatorn\u00e1s f\u00fav\u00f3kat is sz\u00e1ll\u00edtunk t\u00f6bb hegeszt\u0151egys\u00e9ghez vagy egy hegeszt\u0151 extruder csatlakoztat\u00e1s\u00e1hoz. Nagyobb rendszerekhez zs\u00edrmentes nagynyom\u00e1s\u00fa f\u00fav\u00f3k vannak a programunkban, amelyek k\u00fcl\u00f6n\u00f6sen zajcs\u00f6kkentettek \u00e9s karbantart\u00e1smentesek. Kifejezetten l\u00e9gf\u0171t\u0151kkel val\u00f3 haszn\u00e1latra tervezett k\u00f6z\u00e9pnyom\u00e1s\u00fa f\u00fav\u00f3inkat nagy teljes\u00edtm\u00e9ny jellemzi kis m\u00e9retben. A teljes\u00edtm\u00e9nyoszt\u00e1lyoz\u00e1st kifejezetten az adott k\u00f6vetelm\u00e9nyekhez igaz\u00edtott\u00e1k, ami hossz\u00fa \u00e9lettartamot \u00e9s alacsony \u00fczemeltet\u00e9si k\u00f6lts\u00e9geket tesz lehet\u0151v\u00e9.\" \/>\n<meta name=\"robots\" content=\"index, follow, max-snippet:-1, max-image-preview:large, max-video-preview:-1\" \/>\n<link rel=\"canonical\" href=\"https:\/\/www.akuplastics.com\/hu\/gepek-es-eszkoezoek\/kulso-legkompresszorok-hegesztolevego-forrolevegos-hegesztes\/\" \/>\n<script type=\"application\/ld+json\" class=\"yoast-schema-graph\">{\"@context\":\"https:\\\/\\\/schema.org\",\"@graph\":[{\"@type\":\"WebPage\",\"@id\":\"https:\\\/\\\/www.akuplastics.com\\\/hu\\\/gepek-es-eszkoezoek\\\/kulso-legkompresszorok-hegesztolevego-forrolevegos-hegesztes\\\/\",\"url\":\"https:\\\/\\\/www.akuplastics.com\\\/hu\\\/gepek-es-eszkoezoek\\\/kulso-legkompresszorok-hegesztolevego-forrolevegos-hegesztes\\\/\",\"name\":\"K\u00fcls\u0151 hordozhat\u00f3 l\u00e9gkompresszor Hegeszt\u00e9si leveg\u0151 DVS\",\"isPartOf\":{\"@id\":\"https:\\\/\\\/www.akuplastics.com\\\/hu\\\/#website\"},\"primaryImageOfPage\":{\"@id\":\"https:\\\/\\\/www.akuplastics.com\\\/hu\\\/gepek-es-eszkoezoek\\\/kulso-legkompresszorok-hegesztolevego-forrolevegos-hegesztes\\\/#primaryimage\"},\"image\":{\"@id\":\"https:\\\/\\\/www.akuplastics.com\\\/hu\\\/gepek-es-eszkoezoek\\\/kulso-legkompresszorok-hegesztolevego-forrolevegos-hegesztes\\\/#primaryimage\"},\"thumbnailUrl\":\"https:\\\/\\\/www.akuplastics.com\\\/wp-content\\\/uploads\\\/2024\\\/05\\\/DT-80.webp\",\"datePublished\":\"2021-06-23T13:02:44+00:00\",\"dateModified\":\"2024-05-21T07:02:15+00:00\",\"description\":\"Kifejezetten l\u00e9gf\u0171t\u0151kkel val\u00f3 haszn\u00e1latra tervezett k\u00f6z\u00e9pnyom\u00e1s\u00fa f\u00fav\u00f3inkat kis m\u00e9retben nagy teljes\u00edtm\u00e9ny jellemzi. a teljes\u00edtm\u00e9nyoszt\u00e1lyoz\u00e1st kifejezetten az adott k\u00f6vetelm\u00e9nyekhez igaz\u00edtottuk. ez hossz\u00fa \u00e9lettartamot tesz lehet\u0151v\u00e9 alacsony \u00fczemeltet\u00e9si k\u00f6lts\u00e9gek mellett. kiv\u00e1l\u00f3 hat\u00e1sfok, kedvez\u0151 zajviselked\u00e9s, valamint stabil \u00e9s \u00e1ramvonalas, karbantart\u00e1s- \u00e9s olajmentes h\u00e1zkialak\u00edt\u00e1s teszi teljess\u00e9 az \u00f6sszk\u00e9pet.Az \u00fcgyf\u00e9l k\u00e9r\u00e9s\u00e9re a f\u00fav\u00f3k a fordulatsz\u00e1m-szab\u00e1lyoz\u00e1shoz frekvenciav\u00e1lt\u00f3val is sz\u00e1ll\u00edthat\u00f3k. az egyszer\u0171 hordozhat\u00f3 l\u00e9gkompresszorok mellett, amelyek ak\u00e1r 2 forr\u00f3leveg\u0151s hegeszt\u0151egys\u00e9g csatlakoztat\u00e1s\u00e1ra alkalmasak, l\u00e9g\u00e1raml\u00e1sm\u00e9r\u0151vel vagy an\u00e9lk\u00fcl, m\u0171helykialak\u00edt\u00e1s\u00fa oldalcsatorn\u00e1s f\u00fav\u00f3kat is sz\u00e1ll\u00edtunk t\u00f6bb hegeszt\u0151egys\u00e9ghez vagy egy hegeszt\u0151 extruder csatlakoztat\u00e1s\u00e1hoz. Nagyobb rendszerekhez zs\u00edrmentes nagynyom\u00e1s\u00fa f\u00fav\u00f3k vannak a programunkban, amelyek k\u00fcl\u00f6n\u00f6sen zajcs\u00f6kkentettek \u00e9s karbantart\u00e1smentesek. Kifejezetten l\u00e9gf\u0171t\u0151kkel val\u00f3 haszn\u00e1latra tervezett k\u00f6z\u00e9pnyom\u00e1s\u00fa f\u00fav\u00f3inkat nagy teljes\u00edtm\u00e9ny jellemzi kis m\u00e9retben. A teljes\u00edtm\u00e9nyoszt\u00e1lyoz\u00e1st kifejezetten az adott k\u00f6vetelm\u00e9nyekhez igaz\u00edtott\u00e1k, ami hossz\u00fa \u00e9lettartamot \u00e9s alacsony \u00fczemeltet\u00e9si k\u00f6lts\u00e9geket tesz lehet\u0151v\u00e9.\",\"breadcrumb\":{\"@id\":\"https:\\\/\\\/www.akuplastics.com\\\/hu\\\/gepek-es-eszkoezoek\\\/kulso-legkompresszorok-hegesztolevego-forrolevegos-hegesztes\\\/#breadcrumb\"},\"inLanguage\":\"hu\",\"potentialAction\":[{\"@type\":\"ReadAction\",\"target\":[\"https:\\\/\\\/www.akuplastics.com\\\/hu\\\/gepek-es-eszkoezoek\\\/kulso-legkompresszorok-hegesztolevego-forrolevegos-hegesztes\\\/\"]}]},{\"@type\":\"ImageObject\",\"inLanguage\":\"hu\",\"@id\":\"https:\\\/\\\/www.akuplastics.com\\\/hu\\\/gepek-es-eszkoezoek\\\/kulso-legkompresszorok-hegesztolevego-forrolevegos-hegesztes\\\/#primaryimage\",\"url\":\"https:\\\/\\\/www.akuplastics.com\\\/wp-content\\\/uploads\\\/2024\\\/05\\\/DT-80.webp\",\"contentUrl\":\"https:\\\/\\\/www.akuplastics.com\\\/wp-content\\\/uploads\\\/2024\\\/05\\\/DT-80.webp\",\"width\":528,\"height\":493,\"caption\":\"Montagegebl\u00e4se DT 80\"},{\"@type\":\"BreadcrumbList\",\"@id\":\"https:\\\/\\\/www.akuplastics.com\\\/hu\\\/gepek-es-eszkoezoek\\\/kulso-legkompresszorok-hegesztolevego-forrolevegos-hegesztes\\\/#breadcrumb\",\"itemListElement\":[{\"@type\":\"ListItem\",\"position\":1,\"name\":\"Kezd\u0151lap\",\"item\":\"https:\\\/\\\/www.akuplastics.com\\\/hu\\\/\"},{\"@type\":\"ListItem\",\"position\":2,\"name\":\"G\u00e9pek \u00e9s eszk\u00f6z\u00f6k\",\"item\":\"https:\\\/\\\/www.akuplastics.com\\\/hu\\\/gepek-es-eszkoezoek\\\/\"},{\"@type\":\"ListItem\",\"position\":3,\"name\":\"L\u00e9gkompresszor\"}]},{\"@type\":\"WebSite\",\"@id\":\"https:\\\/\\\/www.akuplastics.com\\\/hu\\\/#website\",\"url\":\"https:\\\/\\\/www.akuplastics.com\\\/hu\\\/\",\"name\":\"Semi-Finished Products \u2013 Finished Parts \u2013 Ventilation Moulded Parts \u2013 Machines\",\"description\":\"Halbzeuge, Halbfabrikate, Kunststoffhalbzeuge, Kunststoffhalbfabrikate\",\"publisher\":{\"@id\":\"https:\\\/\\\/www.akuplastics.com\\\/hu\\\/#organization\"},\"alternateName\":\"AKUPLASTICS \u2013 Engineering in Plastics\",\"potentialAction\":[{\"@type\":\"SearchAction\",\"target\":{\"@type\":\"EntryPoint\",\"urlTemplate\":\"https:\\\/\\\/www.akuplastics.com\\\/hu\\\/?s={search_term_string}\"},\"query-input\":{\"@type\":\"PropertyValueSpecification\",\"valueRequired\":true,\"valueName\":\"search_term_string\"}}],\"inLanguage\":\"hu\"},{\"@type\":\"Organization\",\"@id\":\"https:\\\/\\\/www.akuplastics.com\\\/hu\\\/#organization\",\"name\":\"Ing. Christian Ahlborn e.U.\",\"alternateName\":\"AKU\",\"url\":\"https:\\\/\\\/www.akuplastics.com\\\/hu\\\/\",\"logo\":{\"@type\":\"ImageObject\",\"inLanguage\":\"hu\",\"@id\":\"https:\\\/\\\/www.akuplastics.com\\\/hu\\\/#\\\/schema\\\/logo\\\/image\\\/\",\"url\":\"https:\\\/\\\/www.akuplastics.com\\\/wp-content\\\/uploads\\\/2020\\\/07\\\/Grafik14-inkl-r.png\",\"contentUrl\":\"https:\\\/\\\/www.akuplastics.com\\\/wp-content\\\/uploads\\\/2020\\\/07\\\/Grafik14-inkl-r.png\",\"width\":1994,\"height\":743,\"caption\":\"Ing. Christian Ahlborn e.U.\"},\"image\":{\"@id\":\"https:\\\/\\\/www.akuplastics.com\\\/hu\\\/#\\\/schema\\\/logo\\\/image\\\/\"}}]}<\/script>\n<!-- \/ Yoast SEO Premium plugin. -->","yoast_head_json":{"title":"K\u00fcls\u0151 hordozhat\u00f3 l\u00e9gkompresszor Hegeszt\u00e9si leveg\u0151 DVS","description":"Kifejezetten l\u00e9gf\u0171t\u0151kkel val\u00f3 haszn\u00e1latra tervezett k\u00f6z\u00e9pnyom\u00e1s\u00fa f\u00fav\u00f3inkat kis m\u00e9retben nagy teljes\u00edtm\u00e9ny jellemzi. a teljes\u00edtm\u00e9nyoszt\u00e1lyoz\u00e1st kifejezetten az adott k\u00f6vetelm\u00e9nyekhez igaz\u00edtottuk. ez hossz\u00fa \u00e9lettartamot tesz lehet\u0151v\u00e9 alacsony \u00fczemeltet\u00e9si k\u00f6lts\u00e9gek mellett. kiv\u00e1l\u00f3 hat\u00e1sfok, kedvez\u0151 zajviselked\u00e9s, valamint stabil \u00e9s \u00e1ramvonalas, karbantart\u00e1s- \u00e9s olajmentes h\u00e1zkialak\u00edt\u00e1s teszi teljess\u00e9 az \u00f6sszk\u00e9pet.Az \u00fcgyf\u00e9l k\u00e9r\u00e9s\u00e9re a f\u00fav\u00f3k a fordulatsz\u00e1m-szab\u00e1lyoz\u00e1shoz frekvenciav\u00e1lt\u00f3val is sz\u00e1ll\u00edthat\u00f3k. az egyszer\u0171 hordozhat\u00f3 l\u00e9gkompresszorok mellett, amelyek ak\u00e1r 2 forr\u00f3leveg\u0151s hegeszt\u0151egys\u00e9g csatlakoztat\u00e1s\u00e1ra alkalmasak, l\u00e9g\u00e1raml\u00e1sm\u00e9r\u0151vel vagy an\u00e9lk\u00fcl, m\u0171helykialak\u00edt\u00e1s\u00fa oldalcsatorn\u00e1s f\u00fav\u00f3kat is sz\u00e1ll\u00edtunk t\u00f6bb hegeszt\u0151egys\u00e9ghez vagy egy hegeszt\u0151 extruder csatlakoztat\u00e1s\u00e1hoz. Nagyobb rendszerekhez zs\u00edrmentes nagynyom\u00e1s\u00fa f\u00fav\u00f3k vannak a programunkban, amelyek k\u00fcl\u00f6n\u00f6sen zajcs\u00f6kkentettek \u00e9s karbantart\u00e1smentesek. Kifejezetten l\u00e9gf\u0171t\u0151kkel val\u00f3 haszn\u00e1latra tervezett k\u00f6z\u00e9pnyom\u00e1s\u00fa f\u00fav\u00f3inkat nagy teljes\u00edtm\u00e9ny jellemzi kis m\u00e9retben. A teljes\u00edtm\u00e9nyoszt\u00e1lyoz\u00e1st kifejezetten az adott k\u00f6vetelm\u00e9nyekhez igaz\u00edtott\u00e1k, ami hossz\u00fa \u00e9lettartamot \u00e9s alacsony \u00fczemeltet\u00e9si k\u00f6lts\u00e9geket tesz lehet\u0151v\u00e9.","robots":{"index":"index","follow":"follow","max-snippet":"max-snippet:-1","max-image-preview":"max-image-preview:large","max-video-preview":"max-video-preview:-1"},"canonical":"https:\/\/www.akuplastics.com\/hu\/gepek-es-eszkoezoek\/kulso-legkompresszorok-hegesztolevego-forrolevegos-hegesztes\/","schema":{"@context":"https:\/\/schema.org","@graph":[{"@type":"WebPage","@id":"https:\/\/www.akuplastics.com\/hu\/gepek-es-eszkoezoek\/kulso-legkompresszorok-hegesztolevego-forrolevegos-hegesztes\/","url":"https:\/\/www.akuplastics.com\/hu\/gepek-es-eszkoezoek\/kulso-legkompresszorok-hegesztolevego-forrolevegos-hegesztes\/","name":"K\u00fcls\u0151 hordozhat\u00f3 l\u00e9gkompresszor Hegeszt\u00e9si leveg\u0151 DVS","isPartOf":{"@id":"https:\/\/www.akuplastics.com\/hu\/#website"},"primaryImageOfPage":{"@id":"https:\/\/www.akuplastics.com\/hu\/gepek-es-eszkoezoek\/kulso-legkompresszorok-hegesztolevego-forrolevegos-hegesztes\/#primaryimage"},"image":{"@id":"https:\/\/www.akuplastics.com\/hu\/gepek-es-eszkoezoek\/kulso-legkompresszorok-hegesztolevego-forrolevegos-hegesztes\/#primaryimage"},"thumbnailUrl":"https:\/\/www.akuplastics.com\/wp-content\/uploads\/2024\/05\/DT-80.webp","datePublished":"2021-06-23T13:02:44+00:00","dateModified":"2024-05-21T07:02:15+00:00","description":"Kifejezetten l\u00e9gf\u0171t\u0151kkel val\u00f3 haszn\u00e1latra tervezett k\u00f6z\u00e9pnyom\u00e1s\u00fa f\u00fav\u00f3inkat kis m\u00e9retben nagy teljes\u00edtm\u00e9ny jellemzi. a teljes\u00edtm\u00e9nyoszt\u00e1lyoz\u00e1st kifejezetten az adott k\u00f6vetelm\u00e9nyekhez igaz\u00edtottuk. ez hossz\u00fa \u00e9lettartamot tesz lehet\u0151v\u00e9 alacsony \u00fczemeltet\u00e9si k\u00f6lts\u00e9gek mellett. kiv\u00e1l\u00f3 hat\u00e1sfok, kedvez\u0151 zajviselked\u00e9s, valamint stabil \u00e9s \u00e1ramvonalas, karbantart\u00e1s- \u00e9s olajmentes h\u00e1zkialak\u00edt\u00e1s teszi teljess\u00e9 az \u00f6sszk\u00e9pet.Az \u00fcgyf\u00e9l k\u00e9r\u00e9s\u00e9re a f\u00fav\u00f3k a fordulatsz\u00e1m-szab\u00e1lyoz\u00e1shoz frekvenciav\u00e1lt\u00f3val is sz\u00e1ll\u00edthat\u00f3k. az egyszer\u0171 hordozhat\u00f3 l\u00e9gkompresszorok mellett, amelyek ak\u00e1r 2 forr\u00f3leveg\u0151s hegeszt\u0151egys\u00e9g csatlakoztat\u00e1s\u00e1ra alkalmasak, l\u00e9g\u00e1raml\u00e1sm\u00e9r\u0151vel vagy an\u00e9lk\u00fcl, m\u0171helykialak\u00edt\u00e1s\u00fa oldalcsatorn\u00e1s f\u00fav\u00f3kat is sz\u00e1ll\u00edtunk t\u00f6bb hegeszt\u0151egys\u00e9ghez vagy egy hegeszt\u0151 extruder csatlakoztat\u00e1s\u00e1hoz. Nagyobb rendszerekhez zs\u00edrmentes nagynyom\u00e1s\u00fa f\u00fav\u00f3k vannak a programunkban, amelyek k\u00fcl\u00f6n\u00f6sen zajcs\u00f6kkentettek \u00e9s karbantart\u00e1smentesek. Kifejezetten l\u00e9gf\u0171t\u0151kkel val\u00f3 haszn\u00e1latra tervezett k\u00f6z\u00e9pnyom\u00e1s\u00fa f\u00fav\u00f3inkat nagy teljes\u00edtm\u00e9ny jellemzi kis m\u00e9retben. A teljes\u00edtm\u00e9nyoszt\u00e1lyoz\u00e1st kifejezetten az adott k\u00f6vetelm\u00e9nyekhez igaz\u00edtott\u00e1k, ami hossz\u00fa \u00e9lettartamot \u00e9s alacsony \u00fczemeltet\u00e9si k\u00f6lts\u00e9geket tesz lehet\u0151v\u00e9.","breadcrumb":{"@id":"https:\/\/www.akuplastics.com\/hu\/gepek-es-eszkoezoek\/kulso-legkompresszorok-hegesztolevego-forrolevegos-hegesztes\/#breadcrumb"},"inLanguage":"hu","potentialAction":[{"@type":"ReadAction","target":["https:\/\/www.akuplastics.com\/hu\/gepek-es-eszkoezoek\/kulso-legkompresszorok-hegesztolevego-forrolevegos-hegesztes\/"]}]},{"@type":"ImageObject","inLanguage":"hu","@id":"https:\/\/www.akuplastics.com\/hu\/gepek-es-eszkoezoek\/kulso-legkompresszorok-hegesztolevego-forrolevegos-hegesztes\/#primaryimage","url":"https:\/\/www.akuplastics.com\/wp-content\/uploads\/2024\/05\/DT-80.webp","contentUrl":"https:\/\/www.akuplastics.com\/wp-content\/uploads\/2024\/05\/DT-80.webp","width":528,"height":493,"caption":"Montagegebl\u00e4se DT 80"},{"@type":"BreadcrumbList","@id":"https:\/\/www.akuplastics.com\/hu\/gepek-es-eszkoezoek\/kulso-legkompresszorok-hegesztolevego-forrolevegos-hegesztes\/#breadcrumb","itemListElement":[{"@type":"ListItem","position":1,"name":"Kezd\u0151lap","item":"https:\/\/www.akuplastics.com\/hu\/"},{"@type":"ListItem","position":2,"name":"G\u00e9pek \u00e9s eszk\u00f6z\u00f6k","item":"https:\/\/www.akuplastics.com\/hu\/gepek-es-eszkoezoek\/"},{"@type":"ListItem","position":3,"name":"L\u00e9gkompresszor"}]},{"@type":"WebSite","@id":"https:\/\/www.akuplastics.com\/hu\/#website","url":"https:\/\/www.akuplastics.com\/hu\/","name":"Semi-Finished Products \u2013 Finished Parts \u2013 Ventilation Moulded Parts \u2013 Machines","description":"Halbzeuge, Halbfabrikate, Kunststoffhalbzeuge, Kunststoffhalbfabrikate","publisher":{"@id":"https:\/\/www.akuplastics.com\/hu\/#organization"},"alternateName":"AKUPLASTICS \u2013 Engineering in Plastics","potentialAction":[{"@type":"SearchAction","target":{"@type":"EntryPoint","urlTemplate":"https:\/\/www.akuplastics.com\/hu\/?s={search_term_string}"},"query-input":{"@type":"PropertyValueSpecification","valueRequired":true,"valueName":"search_term_string"}}],"inLanguage":"hu"},{"@type":"Organization","@id":"https:\/\/www.akuplastics.com\/hu\/#organization","name":"Ing. Christian Ahlborn e.U.","alternateName":"AKU","url":"https:\/\/www.akuplastics.com\/hu\/","logo":{"@type":"ImageObject","inLanguage":"hu","@id":"https:\/\/www.akuplastics.com\/hu\/#\/schema\/logo\/image\/","url":"https:\/\/www.akuplastics.com\/wp-content\/uploads\/2020\/07\/Grafik14-inkl-r.png","contentUrl":"https:\/\/www.akuplastics.com\/wp-content\/uploads\/2020\/07\/Grafik14-inkl-r.png","width":1994,"height":743,"caption":"Ing. Christian Ahlborn e.U."},"image":{"@id":"https:\/\/www.akuplastics.com\/hu\/#\/schema\/logo\/image\/"}}]}},"_links":{"self":[{"href":"https:\/\/www.akuplastics.com\/hu\/wp-json\/wp\/v2\/pages\/9627","targetHints":{"allow":["GET"]}}],"collection":[{"href":"https:\/\/www.akuplastics.com\/hu\/wp-json\/wp\/v2\/pages"}],"about":[{"href":"https:\/\/www.akuplastics.com\/hu\/wp-json\/wp\/v2\/types\/page"}],"author":[{"embeddable":true,"href":"https:\/\/www.akuplastics.com\/hu\/wp-json\/wp\/v2\/users\/2"}],"replies":[{"embeddable":true,"href":"https:\/\/www.akuplastics.com\/hu\/wp-json\/wp\/v2\/comments?post=9627"}],"version-history":[{"count":15,"href":"https:\/\/www.akuplastics.com\/hu\/wp-json\/wp\/v2\/pages\/9627\/revisions"}],"predecessor-version":[{"id":22924,"href":"https:\/\/www.akuplastics.com\/hu\/wp-json\/wp\/v2\/pages\/9627\/revisions\/22924"}],"up":[{"embeddable":true,"href":"https:\/\/www.akuplastics.com\/hu\/wp-json\/wp\/v2\/pages\/9403"}],"wp:featuredmedia":[{"embeddable":true,"href":"https:\/\/www.akuplastics.com\/hu\/wp-json\/wp\/v2\/media\/22738"}],"wp:attachment":[{"href":"https:\/\/www.akuplastics.com\/hu\/wp-json\/wp\/v2\/media?parent=9627"}],"curies":[{"name":"wp","href":"https:\/\/api.w.org\/{rel}","templated":true}]}}