{"id":9619,"date":"2021-06-20T13:15:21","date_gmt":"2021-06-20T11:15:21","guid":{"rendered":"https:\/\/www.akuplastics.com\/quick-s-elektronic\/"},"modified":"2024-02-05T08:34:34","modified_gmt":"2024-02-05T07:34:34","slug":"meleglevegos-hegeszto-professzionalis-faradasmentes-hegesztes","status":"publish","type":"page","link":"https:\/\/www.akuplastics.com\/hu\/meleglevegos-hegeszto-professzionalis-faradasmentes-hegesztes\/","title":{"rendered":"Quick-S Elektronic"},"content":{"rendered":"\t\t<div data-elementor-type=\"wp-page\" data-elementor-id=\"9619\" class=\"elementor elementor-9619 elementor-4324\" data-elementor-post-type=\"page\">\n\t\t\t\t\t\t<section class=\"elementor-section elementor-top-section elementor-element elementor-element-b6f191f elementor-section-boxed elementor-section-height-default elementor-section-height-default\" data-id=\"b6f191f\" data-element_type=\"section\" data-e-type=\"section\">\n\t\t\t\t\t\t<div class=\"elementor-container elementor-column-gap-default\">\n\t\t\t\t\t<div class=\"elementor-column elementor-col-100 elementor-top-column elementor-element elementor-element-2109bfd\" data-id=\"2109bfd\" data-element_type=\"column\" data-e-type=\"column\">\n\t\t\t<div class=\"elementor-widget-wrap elementor-element-populated\">\n\t\t\t\t\t\t<div class=\"elementor-element elementor-element-5a31dc9 elementor-widget elementor-widget-text-editor\" data-id=\"5a31dc9\" data-element_type=\"widget\" data-e-type=\"widget\" data-widget_type=\"text-editor.default\">\n\t\t\t\t<div class=\"elementor-widget-container\">\n\t\t\t\t\t\t\t\t\t<h1>Forr\u00f3leveg\u0151s hegeszt\u0151&nbsp;<\/h1>\n\t\t\t\t\t\t\t\t<\/div>\n\t\t\t\t<\/div>\n\t\t\t\t<section class=\"elementor-section elementor-inner-section elementor-element elementor-element-5386378 elementor-section-boxed elementor-section-height-default elementor-section-height-default\" data-id=\"5386378\" data-element_type=\"section\" data-e-type=\"section\">\n\t\t\t\t\t\t<div class=\"elementor-container elementor-column-gap-default\">\n\t\t\t\t\t<div class=\"elementor-column elementor-col-50 elementor-inner-column elementor-element elementor-element-3819d49\" data-id=\"3819d49\" data-element_type=\"column\" data-e-type=\"column\">\n\t\t\t<div class=\"elementor-widget-wrap elementor-element-populated\">\n\t\t\t\t\t\t<div class=\"elementor-element elementor-element-b64a1c7 elementor-widget elementor-widget-text-editor\" data-id=\"b64a1c7\" data-element_type=\"widget\" data-e-type=\"widget\" data-widget_type=\"text-editor.default\">\n\t\t\t\t<div class=\"elementor-widget-container\">\n\t\t\t\t\t\t\t\t\t<p>A <b>Quick-S-Electronic forr\u00f3leveg\u0151s hegeszt\u0151g\u00e9pet<\/b> egyed\u00fcl\u00e1ll\u00f3 ergonomikus foganty\u00fa jellemzi.  <\/p>\n<p>Az <b>ergonomikus kialak\u00edt\u00e1snak <\/b>\u00e9s a <b>kis s\u00falynak<\/b> k\u00f6sz\u00f6nhet\u0151en a k\u00e9sz\u00fcl\u00e9k professzion\u00e1lis \u00e9s f\u00e1radts\u00e1gmentes hegeszt\u00e9st tesz lehet\u0151v\u00e9.<\/p>\n<p>A k\u00e9sz\u00fcl\u00e9k 1500 watt 230 V-os f\u0171t\u0151teljes\u00edtm\u00e9ny\u0171, \u00e1lland\u00f3 \u00e9s teljesen megb\u00edzhat\u00f3 vez\u00e9rl\u0151elektronik\u00e1val rendelkezik, amely ak\u00e1r 700 \u00b0C-os h\u0151m\u00e9rs\u00e9kleten is m\u0171k\u00f6dik.<\/p>\n<p>A k\u00e9sz\u00fcl\u00e9k <b>karbantart\u00e1sa <\/b>is <b>egyszer\u0171 <\/b>, k\u00f6sz\u00f6nhet\u0151en a motorok \u00faj gener\u00e1ci\u00f3j\u00e1nak, amelyek sz\u00e9n \u00e9lettartama jelent\u0151sen hosszabb, t\u00f6bb mint 1500 \u00f3ra.  <br \/>A <b>kollektorkef\u00e9k<\/b> egy kikapcsol\u00f3szerkezettel is fel vannak szerelve, amely megakad\u00e1lyozza a motor k\u00e1rosod\u00e1s\u00e1t, ha a sz\u00e9nkef\u00e9k elhaszn\u00e1l\u00f3dtak.  <br \/>A <b>gy\u0171jt\u0151sz\u00e9neket t\u00f6bbsz\u00f6r is ki lehet cser\u00e9lni<\/b>.  <br \/>A fasz\u00e9n k\u00f6nnyen cser\u00e9lhet\u0151 k\u00edv\u00fclr\u0151l, a k\u00e9sz\u00fcl\u00e9k kinyit\u00e1sa n\u00e9lk\u00fcl.  <\/p>\n<p>A <b>l\u00e9gh\u0171t\u00e9ses f\u0171t\u0151elem-cs\u0151<\/b> sz\u00e1mos k\u00fcl\u00f6nb\u00f6z\u0151 f\u00fav\u00f3kaform\u00e1hoz alkalmas.<\/p>\n<ul>\n<li>Univerz\u00e1lis k\u00e9sz\u00fcl\u00e9k minden h\u0151re l\u00e1gyul\u00f3 m\u0171anyag hegeszt\u00e9s\u00e9hez.<\/li>\n<li>Technikai text\u00edli\u00e1k, ponyvasz\u00f6vetek, t\u00f3f\u00f3li\u00e1k, tet\u0151b\u00e9l\u00e9sek \u00e9s \u00fasz\u00f3medence-\u00e9p\u00edt\u00e9si f\u00f3li\u00e1k hegeszt\u00e9se.<\/li>\n<li>Aut\u00f3ponyva \u00e9s s\u00e1trak jav\u00edt\u00e1s\u00e1hoz, PVC padl\u00f3burkolatok \u00e9s lin\u00f3leum hegeszt\u00e9s\u00e9hez<\/li>\n<li>Minden h\u0151re l\u00e1gyul\u00f3 kem\u00e9ny anyag megmunk\u00e1l\u00e1s\u00e1hoz a m\u0171anyag- \u00e9s tart\u00e1lygy\u00e1rt\u00e1sban<\/li>\n<li>Csomagol\u00f3f\u00f3li\u00e1k \u00e9s form\u00e1zott alkatr\u00e9szek zsugor\u00edt\u00e1sa<\/li>\n<li>Szintetikus fonalak \u00e9s sz\u00f6vetek v\u00e1g\u00e1sa \u00e9s \u00f6sszeilleszt\u00e9se<\/li>\n<li>Csomagol\u00f3anyagok steriliz\u00e1l\u00e1sa<\/li>\n<li>M\u0171anyag fr\u00f6ccs\u00f6nt\u0151 g\u00f6rcs\u00f6k elt\u00e1vol\u00edt\u00e1sa \u00e9s m\u0171anyag fel\u00fcletek pol\u00edroz\u00e1sa<\/li>\n<li>Elektromechanikai munk\u00e1khoz<\/li>\n<li>Zsugorcs\u00f6vek, csomagol\u00f3f\u00f3li\u00e1k zsugor\u00edt\u00e1sa<\/li>\n<li>F\u0171t\u00e9s h\u0151re l\u00e1gyul\u00f3 f\u00e9lk\u00e9sz term\u00e9kek form\u00e1z\u00e1s\u00e1hoz<\/li>\n<\/ul>\n\t\t\t\t\t\t\t\t<\/div>\n\t\t\t\t<\/div>\n\t\t\t\t\t<\/div>\n\t\t<\/div>\n\t\t\t\t<div class=\"elementor-column elementor-col-50 elementor-inner-column elementor-element elementor-element-2b1eac8\" data-id=\"2b1eac8\" data-element_type=\"column\" data-e-type=\"column\">\n\t\t\t<div class=\"elementor-widget-wrap elementor-element-populated\">\n\t\t\t\t\t\t<div class=\"elementor-element elementor-element-10d980c elementor-invisible elementor-widget elementor-widget-image\" data-id=\"10d980c\" data-element_type=\"widget\" data-e-type=\"widget\" data-settings=\"{&quot;_animation&quot;:&quot;fadeInDown&quot;}\" data-widget_type=\"image.default\">\n\t\t\t\t<div class=\"elementor-widget-container\">\n\t\t\t\t\t\t\t\t\t\t\t\t<figure class=\"wp-caption\">\n\t\t\t\t\t\t\t\t\t\t<img loading=\"lazy\" decoding=\"async\" width=\"300\" height=\"214\" src=\"https:\/\/www.akuplastics.com\/wp-content\/uploads\/2020\/07\/Quick-S-E-2-300x214.jpg\" class=\"attachment-medium size-medium wp-image-12876\" alt=\"Hei\u00dfluft Schwei\u00dfger\u00e4t Quick-S-Electronic\" srcset=\"https:\/\/www.akuplastics.com\/wp-content\/uploads\/2020\/07\/Quick-S-E-2-300x214.jpg 300w, https:\/\/www.akuplastics.com\/wp-content\/uploads\/2020\/07\/Quick-S-E-2-1024x730.jpg 1024w, https:\/\/www.akuplastics.com\/wp-content\/uploads\/2020\/07\/Quick-S-E-2-768x547.jpg 768w, https:\/\/www.akuplastics.com\/wp-content\/uploads\/2020\/07\/Quick-S-E-2-1536x1095.jpg 1536w, https:\/\/www.akuplastics.com\/wp-content\/uploads\/2020\/07\/Quick-S-E-2-scaled.jpg 2048w, https:\/\/www.akuplastics.com\/wp-content\/uploads\/2020\/07\/Quick-S-E-2-1200x855.jpg 1200w, https:\/\/www.akuplastics.com\/wp-content\/uploads\/2020\/07\/Quick-S-E-2-1980x1411.jpg 1980w\" sizes=\"auto, (max-width: 300px) 100vw, 300px\" \/>\t\t\t\t\t\t\t\t\t\t\t<figcaption class=\"widget-image-caption wp-caption-text\">Quick-S-Electronic forr\u00f3leveg\u0151s hegeszt\u0151<\/figcaption>\n\t\t\t\t\t\t\t\t\t\t<\/figure>\n\t\t\t\t\t\t\t\t\t<\/div>\n\t\t\t\t<\/div>\n\t\t\t\t\t<\/div>\n\t\t<\/div>\n\t\t\t\t\t<\/div>\n\t\t<\/section>\n\t\t\t\t\t<\/div>\n\t\t<\/div>\n\t\t\t\t\t<\/div>\n\t\t<\/section>\n\t\t\t\t<\/div>\n\t\t","protected":false},"excerpt":{"rendered":"<p>Forr\u00f3leveg\u0151s hegeszt\u0151&nbsp; A Quick-S-Electronic forr\u00f3leveg\u0151s hegeszt\u0151g\u00e9pet egyed\u00fcl\u00e1ll\u00f3 ergonomikus foganty\u00fa jellemzi. Az ergonomikus kialak\u00edt\u00e1snak \u00e9s a kis s\u00falynak k\u00f6sz\u00f6nhet\u0151en a k\u00e9sz\u00fcl\u00e9k professzion\u00e1lis \u00e9s f\u00e1radts\u00e1gmentes hegeszt\u00e9st tesz lehet\u0151v\u00e9. A k\u00e9sz\u00fcl\u00e9k 1500 watt 230 V-os f\u0171t\u0151teljes\u00edtm\u00e9ny\u0171, \u00e1lland\u00f3 \u00e9s teljesen megb\u00edzhat\u00f3 vez\u00e9rl\u0151elektronik\u00e1val rendelkezik, amely ak\u00e1r 700 \u00b0C-os h\u0151m\u00e9rs\u00e9kleten is m\u0171k\u00f6dik. A k\u00e9sz\u00fcl\u00e9k karbantart\u00e1sa is egyszer\u0171 , k\u00f6sz\u00f6nhet\u0151en a motorok [&hellip;]<\/p>\n","protected":false},"author":2,"featured_media":0,"parent":0,"menu_order":0,"comment_status":"closed","ping_status":"closed","template":"elementor_header_footer","meta":{"iawp_total_views":49,"footnotes":""},"class_list":["post-9619","page","type-page","status-publish","hentry"],"yoast_head":"<!-- This site is optimized with the Yoast SEO Premium plugin v27.4 (Yoast SEO v27.5) - https:\/\/yoast.com\/product\/yoast-seo-premium-wordpress\/ -->\n<title>Forr\u00f3leveg\u0151s m\u0171anyag hegeszt\u00e9s F\u00f3lia m\u0171anyag feldolgoz\u00e1sa<\/title>\n<meta name=\"description\" content=\"A Quick-S-Electronic forr\u00f3leveg\u0151s hegeszt\u0151g\u00e9pet egyed\u00fcl\u00e1ll\u00f3 ergonomikus foganty\u00fa jellemzi. AKUPLASTICS: Az \u00d6n megb\u00edzhat\u00f3 partnere f\u00e9lk\u00e9sz \u00e9s k\u00e9sz alkatr\u00e9szek ter\u00e9n, a PVC-t\u0151l a PTFE-ig. K\u00edn\u00e1latunkban lemezek, p\u00e1lc\u00e1k, cs\u00f6vek, hegeszt\u0151g\u00e9pek \u00e9s egy\u00e9b term\u00e9kek tal\u00e1lhat\u00f3k. Sok\u00e9ves tapasztalatunkkal kiv\u00e1l\u00f3 min\u0151s\u00e9g\u0171 megold\u00e1sokat k\u00edn\u00e1lunk k\u00fcl\u00f6nb\u00f6z\u0151 ipar\u00e1gak sz\u00e1m\u00e1ra. Szem\u00e9lyre szabott k\u00f6vetelm\u00e9nyekkel kapcsolatban l\u00e9pjen vel\u00fcnk kapcsolatba.\" \/>\n<meta name=\"robots\" content=\"index, follow, max-snippet:-1, max-image-preview:large, max-video-preview:-1\" \/>\n<link rel=\"canonical\" href=\"https:\/\/www.akuplastics.com\/hu\/meleglevegos-hegeszto-professzionalis-faradasmentes-hegesztes\/\" \/>\n<script type=\"application\/ld+json\" class=\"yoast-schema-graph\">{\"@context\":\"https:\\\/\\\/schema.org\",\"@graph\":[{\"@type\":\"WebPage\",\"@id\":\"https:\\\/\\\/www.akuplastics.com\\\/hu\\\/meleglevegos-hegeszto-professzionalis-faradasmentes-hegesztes\\\/\",\"url\":\"https:\\\/\\\/www.akuplastics.com\\\/hu\\\/meleglevegos-hegeszto-professzionalis-faradasmentes-hegesztes\\\/\",\"name\":\"Forr\u00f3leveg\u0151s m\u0171anyag hegeszt\u00e9s F\u00f3lia m\u0171anyag feldolgoz\u00e1sa\",\"isPartOf\":{\"@id\":\"https:\\\/\\\/www.akuplastics.com\\\/hu\\\/#website\"},\"primaryImageOfPage\":{\"@id\":\"https:\\\/\\\/www.akuplastics.com\\\/hu\\\/meleglevegos-hegeszto-professzionalis-faradasmentes-hegesztes\\\/#primaryimage\"},\"image\":{\"@id\":\"https:\\\/\\\/www.akuplastics.com\\\/hu\\\/meleglevegos-hegeszto-professzionalis-faradasmentes-hegesztes\\\/#primaryimage\"},\"thumbnailUrl\":\"https:\\\/\\\/www.akuplastics.com\\\/wp-content\\\/uploads\\\/2020\\\/07\\\/Quick-S-E-2-300x214.jpg\",\"datePublished\":\"2021-06-20T11:15:21+00:00\",\"dateModified\":\"2024-02-05T07:34:34+00:00\",\"description\":\"A Quick-S-Electronic forr\u00f3leveg\u0151s hegeszt\u0151g\u00e9pet egyed\u00fcl\u00e1ll\u00f3 ergonomikus foganty\u00fa jellemzi. AKUPLASTICS: Az \u00d6n megb\u00edzhat\u00f3 partnere f\u00e9lk\u00e9sz \u00e9s k\u00e9sz alkatr\u00e9szek ter\u00e9n, a PVC-t\u0151l a PTFE-ig. K\u00edn\u00e1latunkban lemezek, p\u00e1lc\u00e1k, cs\u00f6vek, hegeszt\u0151g\u00e9pek \u00e9s egy\u00e9b term\u00e9kek tal\u00e1lhat\u00f3k. Sok\u00e9ves tapasztalatunkkal kiv\u00e1l\u00f3 min\u0151s\u00e9g\u0171 megold\u00e1sokat k\u00edn\u00e1lunk k\u00fcl\u00f6nb\u00f6z\u0151 ipar\u00e1gak sz\u00e1m\u00e1ra. Szem\u00e9lyre szabott k\u00f6vetelm\u00e9nyekkel kapcsolatban l\u00e9pjen vel\u00fcnk kapcsolatba.\",\"breadcrumb\":{\"@id\":\"https:\\\/\\\/www.akuplastics.com\\\/hu\\\/meleglevegos-hegeszto-professzionalis-faradasmentes-hegesztes\\\/#breadcrumb\"},\"inLanguage\":\"hu\",\"potentialAction\":[{\"@type\":\"ReadAction\",\"target\":[\"https:\\\/\\\/www.akuplastics.com\\\/hu\\\/meleglevegos-hegeszto-professzionalis-faradasmentes-hegesztes\\\/\"]}]},{\"@type\":\"ImageObject\",\"inLanguage\":\"hu\",\"@id\":\"https:\\\/\\\/www.akuplastics.com\\\/hu\\\/meleglevegos-hegeszto-professzionalis-faradasmentes-hegesztes\\\/#primaryimage\",\"url\":\"https:\\\/\\\/www.akuplastics.com\\\/wp-content\\\/uploads\\\/2020\\\/07\\\/Quick-S-E-2-300x214.jpg\",\"contentUrl\":\"https:\\\/\\\/www.akuplastics.com\\\/wp-content\\\/uploads\\\/2020\\\/07\\\/Quick-S-E-2-300x214.jpg\"},{\"@type\":\"BreadcrumbList\",\"@id\":\"https:\\\/\\\/www.akuplastics.com\\\/hu\\\/meleglevegos-hegeszto-professzionalis-faradasmentes-hegesztes\\\/#breadcrumb\",\"itemListElement\":[{\"@type\":\"ListItem\",\"position\":1,\"name\":\"Kezd\u0151lap\",\"item\":\"https:\\\/\\\/www.akuplastics.com\\\/hu\\\/\"},{\"@type\":\"ListItem\",\"position\":2,\"name\":\"Quick-S Elektronic\"}]},{\"@type\":\"WebSite\",\"@id\":\"https:\\\/\\\/www.akuplastics.com\\\/hu\\\/#website\",\"url\":\"https:\\\/\\\/www.akuplastics.com\\\/hu\\\/\",\"name\":\"Semi-Finished Products \u2013 Finished Parts \u2013 Ventilation Moulded Parts \u2013 Machines\",\"description\":\"Halbzeuge, Halbfabrikate, Kunststoffhalbzeuge, Kunststoffhalbfabrikate\",\"publisher\":{\"@id\":\"https:\\\/\\\/www.akuplastics.com\\\/hu\\\/#organization\"},\"alternateName\":\"AKUPLASTICS \u2013 Engineering in Plastics\",\"potentialAction\":[{\"@type\":\"SearchAction\",\"target\":{\"@type\":\"EntryPoint\",\"urlTemplate\":\"https:\\\/\\\/www.akuplastics.com\\\/hu\\\/?s={search_term_string}\"},\"query-input\":{\"@type\":\"PropertyValueSpecification\",\"valueRequired\":true,\"valueName\":\"search_term_string\"}}],\"inLanguage\":\"hu\"},{\"@type\":\"Organization\",\"@id\":\"https:\\\/\\\/www.akuplastics.com\\\/hu\\\/#organization\",\"name\":\"Ing. Christian Ahlborn e.U.\",\"alternateName\":\"AKU\",\"url\":\"https:\\\/\\\/www.akuplastics.com\\\/hu\\\/\",\"logo\":{\"@type\":\"ImageObject\",\"inLanguage\":\"hu\",\"@id\":\"https:\\\/\\\/www.akuplastics.com\\\/hu\\\/#\\\/schema\\\/logo\\\/image\\\/\",\"url\":\"https:\\\/\\\/www.akuplastics.com\\\/wp-content\\\/uploads\\\/2020\\\/07\\\/Grafik14-inkl-r.png\",\"contentUrl\":\"https:\\\/\\\/www.akuplastics.com\\\/wp-content\\\/uploads\\\/2020\\\/07\\\/Grafik14-inkl-r.png\",\"width\":1994,\"height\":743,\"caption\":\"Ing. Christian Ahlborn e.U.\"},\"image\":{\"@id\":\"https:\\\/\\\/www.akuplastics.com\\\/hu\\\/#\\\/schema\\\/logo\\\/image\\\/\"}}]}<\/script>\n<!-- \/ Yoast SEO Premium plugin. -->","yoast_head_json":{"title":"Forr\u00f3leveg\u0151s m\u0171anyag hegeszt\u00e9s F\u00f3lia m\u0171anyag feldolgoz\u00e1sa","description":"A Quick-S-Electronic forr\u00f3leveg\u0151s hegeszt\u0151g\u00e9pet egyed\u00fcl\u00e1ll\u00f3 ergonomikus foganty\u00fa jellemzi. AKUPLASTICS: Az \u00d6n megb\u00edzhat\u00f3 partnere f\u00e9lk\u00e9sz \u00e9s k\u00e9sz alkatr\u00e9szek ter\u00e9n, a PVC-t\u0151l a PTFE-ig. K\u00edn\u00e1latunkban lemezek, p\u00e1lc\u00e1k, cs\u00f6vek, hegeszt\u0151g\u00e9pek \u00e9s egy\u00e9b term\u00e9kek tal\u00e1lhat\u00f3k. Sok\u00e9ves tapasztalatunkkal kiv\u00e1l\u00f3 min\u0151s\u00e9g\u0171 megold\u00e1sokat k\u00edn\u00e1lunk k\u00fcl\u00f6nb\u00f6z\u0151 ipar\u00e1gak sz\u00e1m\u00e1ra. Szem\u00e9lyre szabott k\u00f6vetelm\u00e9nyekkel kapcsolatban l\u00e9pjen vel\u00fcnk kapcsolatba.","robots":{"index":"index","follow":"follow","max-snippet":"max-snippet:-1","max-image-preview":"max-image-preview:large","max-video-preview":"max-video-preview:-1"},"canonical":"https:\/\/www.akuplastics.com\/hu\/meleglevegos-hegeszto-professzionalis-faradasmentes-hegesztes\/","schema":{"@context":"https:\/\/schema.org","@graph":[{"@type":"WebPage","@id":"https:\/\/www.akuplastics.com\/hu\/meleglevegos-hegeszto-professzionalis-faradasmentes-hegesztes\/","url":"https:\/\/www.akuplastics.com\/hu\/meleglevegos-hegeszto-professzionalis-faradasmentes-hegesztes\/","name":"Forr\u00f3leveg\u0151s m\u0171anyag hegeszt\u00e9s F\u00f3lia m\u0171anyag feldolgoz\u00e1sa","isPartOf":{"@id":"https:\/\/www.akuplastics.com\/hu\/#website"},"primaryImageOfPage":{"@id":"https:\/\/www.akuplastics.com\/hu\/meleglevegos-hegeszto-professzionalis-faradasmentes-hegesztes\/#primaryimage"},"image":{"@id":"https:\/\/www.akuplastics.com\/hu\/meleglevegos-hegeszto-professzionalis-faradasmentes-hegesztes\/#primaryimage"},"thumbnailUrl":"https:\/\/www.akuplastics.com\/wp-content\/uploads\/2020\/07\/Quick-S-E-2-300x214.jpg","datePublished":"2021-06-20T11:15:21+00:00","dateModified":"2024-02-05T07:34:34+00:00","description":"A Quick-S-Electronic forr\u00f3leveg\u0151s hegeszt\u0151g\u00e9pet egyed\u00fcl\u00e1ll\u00f3 ergonomikus foganty\u00fa jellemzi. AKUPLASTICS: Az \u00d6n megb\u00edzhat\u00f3 partnere f\u00e9lk\u00e9sz \u00e9s k\u00e9sz alkatr\u00e9szek ter\u00e9n, a PVC-t\u0151l a PTFE-ig. K\u00edn\u00e1latunkban lemezek, p\u00e1lc\u00e1k, cs\u00f6vek, hegeszt\u0151g\u00e9pek \u00e9s egy\u00e9b term\u00e9kek tal\u00e1lhat\u00f3k. Sok\u00e9ves tapasztalatunkkal kiv\u00e1l\u00f3 min\u0151s\u00e9g\u0171 megold\u00e1sokat k\u00edn\u00e1lunk k\u00fcl\u00f6nb\u00f6z\u0151 ipar\u00e1gak sz\u00e1m\u00e1ra. Szem\u00e9lyre szabott k\u00f6vetelm\u00e9nyekkel kapcsolatban l\u00e9pjen vel\u00fcnk kapcsolatba.","breadcrumb":{"@id":"https:\/\/www.akuplastics.com\/hu\/meleglevegos-hegeszto-professzionalis-faradasmentes-hegesztes\/#breadcrumb"},"inLanguage":"hu","potentialAction":[{"@type":"ReadAction","target":["https:\/\/www.akuplastics.com\/hu\/meleglevegos-hegeszto-professzionalis-faradasmentes-hegesztes\/"]}]},{"@type":"ImageObject","inLanguage":"hu","@id":"https:\/\/www.akuplastics.com\/hu\/meleglevegos-hegeszto-professzionalis-faradasmentes-hegesztes\/#primaryimage","url":"https:\/\/www.akuplastics.com\/wp-content\/uploads\/2020\/07\/Quick-S-E-2-300x214.jpg","contentUrl":"https:\/\/www.akuplastics.com\/wp-content\/uploads\/2020\/07\/Quick-S-E-2-300x214.jpg"},{"@type":"BreadcrumbList","@id":"https:\/\/www.akuplastics.com\/hu\/meleglevegos-hegeszto-professzionalis-faradasmentes-hegesztes\/#breadcrumb","itemListElement":[{"@type":"ListItem","position":1,"name":"Kezd\u0151lap","item":"https:\/\/www.akuplastics.com\/hu\/"},{"@type":"ListItem","position":2,"name":"Quick-S Elektronic"}]},{"@type":"WebSite","@id":"https:\/\/www.akuplastics.com\/hu\/#website","url":"https:\/\/www.akuplastics.com\/hu\/","name":"Semi-Finished Products \u2013 Finished Parts \u2013 Ventilation Moulded Parts \u2013 Machines","description":"Halbzeuge, Halbfabrikate, Kunststoffhalbzeuge, Kunststoffhalbfabrikate","publisher":{"@id":"https:\/\/www.akuplastics.com\/hu\/#organization"},"alternateName":"AKUPLASTICS \u2013 Engineering in Plastics","potentialAction":[{"@type":"SearchAction","target":{"@type":"EntryPoint","urlTemplate":"https:\/\/www.akuplastics.com\/hu\/?s={search_term_string}"},"query-input":{"@type":"PropertyValueSpecification","valueRequired":true,"valueName":"search_term_string"}}],"inLanguage":"hu"},{"@type":"Organization","@id":"https:\/\/www.akuplastics.com\/hu\/#organization","name":"Ing. Christian Ahlborn e.U.","alternateName":"AKU","url":"https:\/\/www.akuplastics.com\/hu\/","logo":{"@type":"ImageObject","inLanguage":"hu","@id":"https:\/\/www.akuplastics.com\/hu\/#\/schema\/logo\/image\/","url":"https:\/\/www.akuplastics.com\/wp-content\/uploads\/2020\/07\/Grafik14-inkl-r.png","contentUrl":"https:\/\/www.akuplastics.com\/wp-content\/uploads\/2020\/07\/Grafik14-inkl-r.png","width":1994,"height":743,"caption":"Ing. Christian Ahlborn e.U."},"image":{"@id":"https:\/\/www.akuplastics.com\/hu\/#\/schema\/logo\/image\/"}}]}},"_links":{"self":[{"href":"https:\/\/www.akuplastics.com\/hu\/wp-json\/wp\/v2\/pages\/9619","targetHints":{"allow":["GET"]}}],"collection":[{"href":"https:\/\/www.akuplastics.com\/hu\/wp-json\/wp\/v2\/pages"}],"about":[{"href":"https:\/\/www.akuplastics.com\/hu\/wp-json\/wp\/v2\/types\/page"}],"author":[{"embeddable":true,"href":"https:\/\/www.akuplastics.com\/hu\/wp-json\/wp\/v2\/users\/2"}],"replies":[{"embeddable":true,"href":"https:\/\/www.akuplastics.com\/hu\/wp-json\/wp\/v2\/comments?post=9619"}],"version-history":[{"count":9,"href":"https:\/\/www.akuplastics.com\/hu\/wp-json\/wp\/v2\/pages\/9619\/revisions"}],"predecessor-version":[{"id":15850,"href":"https:\/\/www.akuplastics.com\/hu\/wp-json\/wp\/v2\/pages\/9619\/revisions\/15850"}],"wp:attachment":[{"href":"https:\/\/www.akuplastics.com\/hu\/wp-json\/wp\/v2\/media?parent=9619"}],"curies":[{"name":"wp","href":"https:\/\/api.w.org\/{rel}","templated":true}]}}