{"id":9147,"date":"2020-08-14T10:51:34","date_gmt":"2020-08-14T08:51:34","guid":{"rendered":"https:\/\/www.akuplastics.com\/szellozolecek\/"},"modified":"2026-03-03T09:51:33","modified_gmt":"2026-03-03T08:51:33","slug":"szellozolecek","status":"publish","type":"page","link":"https:\/\/www.akuplastics.com\/hu\/szellozolecek\/","title":{"rendered":"Szell\u0151z\u0151elemek"},"content":{"rendered":"\t\t<div data-elementor-type=\"wp-page\" data-elementor-id=\"9147\" class=\"elementor elementor-9147 elementor-518\" data-elementor-post-type=\"page\">\n\t\t\t\t\t\t<section class=\"elementor-section elementor-top-section elementor-element elementor-element-6025abb3 elementor-section-full_width elementor-section-height-default elementor-section-height-default\" data-id=\"6025abb3\" data-element_type=\"section\" data-e-type=\"section\" data-settings=\"{&quot;background_background&quot;:&quot;gradient&quot;}\">\n\t\t\t\t\t\t<div class=\"elementor-container elementor-column-gap-default\">\n\t\t\t\t\t<div class=\"elementor-column elementor-col-100 elementor-top-column elementor-element elementor-element-c978d9b\" data-id=\"c978d9b\" data-element_type=\"column\" data-e-type=\"column\">\n\t\t\t<div class=\"elementor-widget-wrap elementor-element-populated\">\n\t\t\t\t\t\t<section class=\"elementor-section elementor-inner-section elementor-element elementor-element-1ead80f elementor-section-boxed elementor-section-height-default elementor-section-height-default\" data-id=\"1ead80f\" data-element_type=\"section\" data-e-type=\"section\">\n\t\t\t\t\t\t<div class=\"elementor-container elementor-column-gap-default\">\n\t\t\t\t\t<div class=\"elementor-column elementor-col-100 elementor-inner-column elementor-element elementor-element-97f2d40\" data-id=\"97f2d40\" data-element_type=\"column\" data-e-type=\"column\">\n\t\t\t<div class=\"elementor-widget-wrap elementor-element-populated\">\n\t\t\t\t\t\t<div class=\"elementor-element elementor-element-5288b20 elementor-widget__width-initial elementor-widget elementor-widget-text-editor\" data-id=\"5288b20\" data-element_type=\"widget\" data-e-type=\"widget\" data-widget_type=\"text-editor.default\">\n\t\t\t\t<div class=\"elementor-widget-container\">\n\t\t\t\t\t\t\t\t\t<h1 style=\"text-align: left;\">PVC-U PP-ek PPs-EL PP-H PE-HD \u00e9s PVDF szell\u0151ztet\u0151 alkatr\u00e9szek PVC-U PPs-EL PP-H PE-HD \u00e9s PVDF anyagokb\u00f3l<\/h1>\t\t\t\t\t\t\t\t<\/div>\n\t\t\t\t<\/div>\n\t\t\t\t<div class=\"elementor-element elementor-element-843282f elementor-widget__width-initial elementor-widget elementor-widget-text-editor\" data-id=\"843282f\" data-element_type=\"widget\" data-e-type=\"widget\" data-widget_type=\"text-editor.default\">\n\t\t\t\t<div class=\"elementor-widget-container\">\n\t\t\t\t\t\t\t\t\t<p style=\"text-align: left;\">A m\u0171anyagb\u00f3l \u00f6nt\u00f6tt szell\u0151z\u0151elemekre <strong>minden olyan esetben sz\u00fcks\u00e9g van, amikor<\/strong> a szell\u0151z\u0151csatorn\u00e1k m\u0171anyagb\u00f3l k\u00e9sz\u00fclnek <strong>vegyi ellen\u00e1ll\u00e1suk, korr\u00f3zi\u00f3\u00e1ll\u00f3s\u00e1guk<\/strong> vagy <strong>kop\u00e1s\u00e1ll\u00f3s\u00e1guk<\/strong> miatt.<\/p><p style=\"text-align: left;\">Speci\u00e1lis v\u00e1llalatk\u00e9nt k\u00fcl\u00f6nb\u00f6z\u0151, nagy k\u00e9miai \u00e9s kop\u00e1s\u00e1ll\u00f3s\u00e1g\u00fa m\u0171anyagokb\u00f3l, mint p\u00e9ld\u00e1ul<strong> PVC-U, PP, PPs-EL, PP-H, PP-H, PE-HD <\/strong>\u00e9s <strong>PVDF<\/strong>, \u00f6nt\u00f6tt szell\u0151z\u0151 alkatr\u00e9szeket k\u00edn\u00e1lunk.<\/p><p style=\"text-align: left;\">A szabadalmaztatott gy\u00e1rt\u00e1si elj\u00e1r\u00e1sok kiv\u00e1l\u00f3 illeszked\u00e9st \u00e9s m\u00e9retpontoss\u00e1got garant\u00e1lnak. K\u00fcl\u00f6nleges katal\u00f3gusunkban megtal\u00e1l minden olyan szerelv\u00e9nyt, amely a <strong>l\u00e9g\u00e1raml\u00e1s<\/strong> <strong>vez\u00e9rl\u00e9s\u00e9hez, eloszt\u00e1s\u00e1hoz<\/strong> \u00e9s <strong>szab\u00e1lyoz\u00e1s\u00e1hoz<\/strong> sz\u00fcks\u00e9ges PN 2,5-ig.<\/p><p style=\"text-align: left;\">Kiterjedt term\u00e9kpalett\u00e1nk term\u00e9szetesen csatornaismerev\u00edt\u0151k \u00e9s t\u00e9rfogat\u00e1ram-szab\u00e1lyoz\u00f3kat is tartalmaz.<\/p><p style=\"text-align: left;\"><span style=\"letter-spacing: 0.1px;\">\u00d6nt\u00f6tt alkatr\u00e9szek <\/span><strong style=\"letter-spacing: 0.1px;\">m\u00e9retek<\/strong><span style=\"letter-spacing: 0.1px;\"> a cs\u0151\u00e1tm\u00e9r\u0151k tartom\u00e1ny\u00e1ban <\/span><strong style=\"letter-spacing: 0.1px;\">\u00d850<\/strong><span style=\"letter-spacing: 0.1px;\"> \u00e9s k\u00f6z\u00f6tt <\/span><strong style=\"letter-spacing: 0.1px;\">\u00d8600<\/strong> <strong style=\"letter-spacing: 0.1px;\">mm<\/strong><span style=\"letter-spacing: 0.1px;\"> k\u00f6zponti rakt\u00e1runkb\u00f3l r\u00f6vid hat\u00e1rid\u0151vel sz\u00e1ll\u00edtunk.<\/span><\/p><p style=\"text-align: left;\">\u00a0<\/p><p style=\"text-align: left;\">K\u00e9r\u00e9sre nagyobb \u00e1tm\u00e9r\u0151k is hegeszthet\u0151k egyedi szegmensekben.<\/p><p style=\"text-align: left;\">Minden \u00f6nt\u00f6tt alkatr\u00e9sz <strong>alapfelszerelts\u00e9gk\u00e9nt aljzattal<\/strong> ker\u00fcl sz\u00e1ll\u00edt\u00e1sra, de opcion\u00e1lisan karim\u00e1kkal is felszerelhet\u0151.<\/p><p style=\"text-align: left;\">A cs\u0151 \u00e9s az aljzattal ell\u00e1tott \u00f6ntv\u00e9nyr\u00e9sz l\u00e9gmentes \u00f6sszek\u00f6t\u00e9se az anyagt\u00f3l f\u00fcgg\u0151en \u00e1ltal\u00e1ban old\u00f3szeres cementtel t\u00f6rt\u00e9n\u0151 ragaszt\u00e1ssal, forr\u00f3 leveg\u0151vel \u00e9s seg\u00e9dhuzallal t\u00f6rt\u00e9n\u0151 hegeszt\u00e9ssel vagy speci\u00e1lis ragaszt\u00f3- vagy t\u00f6m\u00edt\u0151szalagokkal t\u00f6rt\u00e9nik.<\/p><p style=\"text-align: left;\">Kattintson<strong> <a href=\"https:\/\/www.akuplastics.com\/wp-content\/uploads\/2021\/06\/005_Lueftungsformteile-AKU-Katalog.pdf?t=1721309979\">ide<\/a><\/strong> a <strong><a href=\"https:\/\/www.akuplastics.com\/wp-content\/uploads\/2026\/03\/Lueftungsformteile-Technikliste_DE-AKU-KG-v2.1.pdf\">szell\u0151z\u0151 idomok m\u0171szaki list\u00e1j\u00e1\u00e9rt.<\/a><\/strong><\/p><p style=\"text-align: left;\">Kattintson a c\u00edmre.<strong> <a href=\"https:\/\/www.akuplastics.com\/wp-content\/uploads\/2021\/06\/005_Lueftungsformteile-AKU-Katalog.pdf?t=1721309979\">itt<\/a><\/strong> a mi <strong><a href=\"https:\/\/www.akuplastics.com\/wp-content\/uploads\/2021\/06\/005_Lueftungsformteile-AKU-Katalog.pdf?t=1721309979\">form\u00e1zott szell\u0151z\u0151elemek teljes katal\u00f3gusa.<\/a><br \/><\/strong><\/p><p style=\"text-align: left;\"><span style=\"font-size: 14px; letter-spacing: 0.1px;\">Ezek a <b>fr\u00f6ccs\u00f6nt\u00f6tt alkatr\u00e9szek a k\u00f6vetkez\u0151kben kaphat\u00f3k:<\/b><\/span><\/p><ul><li style=\"text-align: left;\"><span style=\"background-color: transparent; letter-spacing: 0.1px;\">PP <\/span><\/li><li style=\"text-align: left;\">PPs \u00e9s PPs-el<\/li><li style=\"text-align: left;\">PE \u00e9s PE-el<\/li><li style=\"text-align: left;\">PVC-U<\/li><li style=\"text-align: left;\">PVDF<\/li><\/ul><p style=\"text-align: left;\">\u00a0<\/p><p style=\"text-align: left;\"><span style=\"font-size: 14px; letter-spacing: 0.1px;\">\u00e9s \u00e1ltal\u00e1ban fr\u00f6ccs\u00f6nt\u00e9si elj\u00e1r\u00e1ssal k\u00e9sz\u00fclnek, \u00e9s sz\u00e1mos <b>el\u0151nyt k\u00edn\u00e1lnak a l\u00e9gtechnikai alkalmaz\u00e1sokhoz<\/b>. <\/span><\/p><p style=\"text-align: left;\">\u00a0<\/p><p style=\"text-align: left;\"><b>A m\u0171anyag szell\u0151z\u0151form\u00e1k tulajdons\u00e1gai:<\/b><\/p><p style=\"text-align: left;\">\u00a0<\/p><ul style=\"text-align: left;\"><li><b>K\u00f6nny\u0171 s\u00faly<\/b>:<br \/>A m\u0171anyagok k\u00f6nnyebbek a f\u00e9mekhez k\u00e9pest, ami megk\u00f6nny\u00edti az idomok kezel\u00e9s\u00e9t, telep\u00edt\u00e9s\u00e9t \u00e9s sz\u00e1ll\u00edt\u00e1s\u00e1t.<\/li><li><b>Korr\u00f3zi\u00f3\u00e1ll\u00f3s\u00e1g<\/b>:<br \/>A m\u0171anyagok \u00e1ltal\u00e1ban ellen\u00e1llnak a korr\u00f3zi\u00f3nak, ami k\u00fcl\u00f6n\u00f6sen alkalmass\u00e1 teszi \u0151ket nedves k\u00f6rnyezetben vagy k\u00fclt\u00e9ri haszn\u00e1latra.<\/li><li><b>Alak\u00edthat\u00f3s\u00e1g<\/b>:<br \/>A m\u0171anyagok k\u00f6nnyen alak\u00edthat\u00f3k k\u00fcl\u00f6nb\u00f6z\u0151 form\u00e1kba, ami sz\u00e1mos tervez\u00e9si lehet\u0151s\u00e9get biztos\u00edt a l\u00e9gtechnikai idomok sz\u00e1m\u00e1ra.<\/li><li><b>Vegyszer\u00e1ll\u00f3s\u00e1g:<br \/><\/b>Sok m\u0171anyag ellen\u00e1ll a k\u00e9miai hat\u00e1soknak, ami n\u00f6veli tart\u00f3ss\u00e1gukat k\u00fcl\u00f6nb\u00f6z\u0151 k\u00f6rnyezetekben.<\/li><li><b>Szigetel\u0151 tulajdons\u00e1gok:<br \/><\/b>A m\u0171anyagok szigetel\u0151 tulajdons\u00e1gokkal rendelkezhetnek, ami el\u0151ny\u00f6s lehet bizonyos l\u00e9gtechnikai alkalmaz\u00e1sokn\u00e1l.<\/li><\/ul><p style=\"text-align: left;\">\u00a0<\/p><p style=\"text-align: left;\"><b>Tipikus m\u0171anyag szell\u0151z\u0151l\u00e9cek:<\/b><\/p><p style=\"text-align: left;\">\u00a0<\/p><ul style=\"text-align: left;\"><li><b>T-idomok \u00e9s el\u00e1gaz\u00e1sok:<br \/><\/b>Ezeket az idomokat arra haszn\u00e1lj\u00e1k, hogy a l\u00e9g\u00e1ramot k\u00fcl\u00f6nb\u00f6z\u0151 ir\u00e1nyokba terelj\u00e9k, \u00e9s el\u00e1gaz\u00e1sokat hozzanak l\u00e9tre a l\u00e9gtechnikai rendszerekben.<\/li><li><b>K\u00f6ny\u00f6k\u00f6k \u00e9s sarokidomok:<br \/><\/b>Ezek az idomok lehet\u0151v\u00e9 teszik az ir\u00e1nyv\u00e1ltoztat\u00e1sokat a l\u00e9gtechnikai rendszerben, \u00e9s k\u00fcl\u00f6n\u00f6sen hasznosak az akad\u00e1lyok megker\u00fcl\u00e9s\u00e9re.<\/li><li><b>Sz\u0171k\u00edt\u0151k \u00e9s \u00f6sszek\u00f6t\u0151 idomok:<br \/><\/b>Ezeket az idomokat a l\u00e9gcs\u00f6vek \u00e1tm\u00e9r\u0151j\u00e9nek v\u00e1ltoztat\u00e1s\u00e1ra \u00e9s k\u00fcl\u00f6nb\u00f6z\u0151 szakaszok \u00f6sszekapcsol\u00e1s\u00e1ra haszn\u00e1lj\u00e1k.<\/li><li><b>V\u00e9gdarabok \u00e9s lez\u00e1r\u00e1sok:<br \/><\/b>Ezek az idomok arra szolg\u00e1lnak, hogy lez\u00e1rj\u00e1k a l\u00e9g\u00e1ramot egy l\u00e9gtechnikai rendszerben, \u00e9s lehet\u0151v\u00e9 tegy\u00e9k a vezet\u00e9kek vagy csatorn\u00e1k lez\u00e1r\u00e1s\u00e1t.<\/li><li>\u00a0<\/li><\/ul><p style=\"text-align: left;\"><b>A m\u0171anyag szell\u0151z\u0151form\u00e1k alkalmaz\u00e1sai:<\/b><\/p><p style=\"text-align: left;\">\u00a0<\/p><ul style=\"text-align: left;\"><li><b>Lak\u00f3- \u00e9s kereskedelmi \u00e9p\u00fcletek:<br \/><\/b>L\u00e9gtechnikai idomokat haszn\u00e1lnak lak\u00f3h\u00e1zak, irodah\u00e1zak, iskol\u00e1k \u00e9s egy\u00e9b l\u00e9tes\u00edtm\u00e9nyek szell\u0151z\u0151rendszereiben.<\/li><li><b>Ipari l\u00e9tes\u00edtm\u00e9nyek:<br \/><\/b>Ipari k\u00f6rnyezetben a l\u00e9gtechnikai idomokat nagy szell\u0151z\u0151rendszerekben alkalmazz\u00e1k gy\u00e1rt\u00f3csarnokok, rakt\u00e1rak \u00e9s gy\u00e1rak szell\u0151ztet\u00e9s\u00e9re.<\/li><li><b>L\u00e9gkondicion\u00e1l\u00f3 rendszerek:<br \/><\/b>L\u00e9gtechnikai idomokat haszn\u00e1lnak l\u00e9gkondicion\u00e1l\u00f3 rendszerekben a l\u00e9g\u00e1ram szab\u00e1lyoz\u00e1s\u00e1ra \u00e9s a hat\u00e9kony h\u0171t\u00e9s vagy f\u0171t\u00e9s biztos\u00edt\u00e1s\u00e1ra.<\/li><li><b>Orvosi technol\u00f3gia<\/b>:<br \/>Laborat\u00f3riumok vagy eg\u00e9szs\u00e9g\u00fcgyi int\u00e9zm\u00e9nyek speci\u00e1lis szell\u0151z\u0151rendszereiben m\u0171anyag l\u00e9gtechnikai idomok alkalmazhat\u00f3k.<\/li><li>\u00a0<\/li><\/ul><p style=\"text-align: left;\"><b>A szell\u0151z\u0151l\u00e9cek el\u0151nyei:<\/b><\/p><p style=\"text-align: left;\">\u00a0<\/p><ul style=\"text-align: left;\"><li><b>K\u00f6lts\u00e9ghat\u00e9konys\u00e1g:<br \/><\/b>A l\u00e9gtechnikai idomok gy\u00e1rt\u00e1sa gyakran k\u00f6lts\u00e9ghat\u00e9konyabb a f\u00e9m alternat\u00edv\u00e1khoz k\u00e9pest.<\/li><li><b>K\u00f6nny\u0171 telep\u00edt\u00e9s:<br \/><\/b>A m\u0171anyag alkatr\u00e9szek alacsony s\u00falya megk\u00f6nny\u00edti a telep\u00edt\u00e9st \u00e9s a sz\u00e1ll\u00edt\u00e1st.<\/li><li><b>Sokoldal\u00fas\u00e1g:<br \/><\/b>A m\u0171anyagok sz\u00e9les k\u00f6r\u0171 tervez\u00e9si lehet\u0151s\u00e9geket k\u00edn\u00e1lnak, \u00e9s k\u00fcl\u00f6nb\u00f6z\u0151 ig\u00e9nyekhez igaz\u00edthat\u00f3k.<\/li><li><b>Tart\u00f3ss\u00e1g<\/b>:<br \/>A m\u0171anyagok gyakran tart\u00f3sak \u00e9s ellen\u00e1ll\u00f3ak a k\u00fcl\u00f6nb\u00f6z\u0151 k\u00f6rnyezeti hat\u00e1sokkal szemben.<\/li><li>\u00a0<\/li><\/ul><p style=\"text-align: left;\">A szell\u0151z\u0151l\u00e9cek <b>kiv\u00e1laszt\u00e1s\u00e1nak <\/b>a <b>szell\u0151z\u0151rendszer egyedi k\u00f6vetelm\u00e9nyein<\/b>, az <b>\u00fczemeltet\u00e9si k\u00f6r\u00fclm\u00e9nyeken <\/b>\u00e9s az <b>alkalmazand\u00f3 ipari szabv\u00e1nyokon<\/b> kell alapulnia. A <b>min\u0151s\u00e9gbiztos\u00edt\u00e1s <\/b>\u00e9s a <b>tapasztalt gy\u00e1rt\u00f3kkal val\u00f3 egy\u00fcttm\u0171k\u00f6d\u00e9s<\/b> szint\u00e9n d\u00f6nt\u0151 t\u00e9nyez\u0151 az ilyen \u00f6nt\u00f6tt alkatr\u00e9szek szell\u0151z\u0151rendszerekbe val\u00f3 sikeres integr\u00e1l\u00e1s\u00e1hoz.<\/p><p style=\"text-align: left;\">\u00a0<\/p>\t\t\t\t\t\t\t\t<\/div>\n\t\t\t\t<\/div>\n\t\t\t\t\t<\/div>\n\t\t<\/div>\n\t\t\t\t<div class=\"elementor-column elementor-col-50 elementor-inner-column elementor-element elementor-element-97bb919\" data-id=\"97bb919\" data-element_type=\"column\" data-e-type=\"column\">\n\t\t\t<div class=\"elementor-widget-wrap elementor-element-populated\">\n\t\t\t\t\t\t<div class=\"elementor-element elementor-element-a0bb4c8 elementor-widget__width-inherit e-transform elementor-widget elementor-widget-gallery\" data-id=\"a0bb4c8\" data-element_type=\"widget\" data-e-type=\"widget\" data-settings=\"{&quot;ideal_row_height&quot;:{&quot;unit&quot;:&quot;px&quot;,&quot;size&quot;:128,&quot;sizes&quot;:[]},&quot;gallery_layout&quot;:&quot;justified&quot;,&quot;_transform_rotateZ_effect&quot;:{&quot;unit&quot;:&quot;px&quot;,&quot;size&quot;:0,&quot;sizes&quot;:[]},&quot;ideal_row_height_tablet&quot;:{&quot;unit&quot;:&quot;px&quot;,&quot;size&quot;:150,&quot;sizes&quot;:[]},&quot;ideal_row_height_mobile&quot;:{&quot;unit&quot;:&quot;px&quot;,&quot;size&quot;:150,&quot;sizes&quot;:[]},&quot;gap&quot;:{&quot;unit&quot;:&quot;px&quot;,&quot;size&quot;:10,&quot;sizes&quot;:[]},&quot;gap_tablet&quot;:{&quot;unit&quot;:&quot;px&quot;,&quot;size&quot;:10,&quot;sizes&quot;:[]},&quot;gap_mobile&quot;:{&quot;unit&quot;:&quot;px&quot;,&quot;size&quot;:10,&quot;sizes&quot;:[]},&quot;link_to&quot;:&quot;file&quot;,&quot;content_hover_animation&quot;:&quot;fade-in&quot;,&quot;_transform_rotateZ_effect_tablet&quot;:{&quot;unit&quot;:&quot;deg&quot;,&quot;size&quot;:&quot;&quot;,&quot;sizes&quot;:[]},&quot;_transform_rotateZ_effect_mobile&quot;:{&quot;unit&quot;:&quot;deg&quot;,&quot;size&quot;:&quot;&quot;,&quot;sizes&quot;:[]}}\" data-widget_type=\"gallery.default\">\n\t\t\t\t<div class=\"elementor-widget-container\">\n\t\t\t\t\t\t\t<div class=\"elementor-gallery__container\">\n\t\t\t\t\t\t\t<a class=\"e-gallery-item elementor-gallery-item elementor-animated-content\" href=\"https:\/\/www.akuplastics.com\/wp-content\/uploads\/2023\/09\/Dachaufsatz-2-scaled-e1636551066145-Edited-Edited.png\" data-elementor-open-lightbox=\"yes\" data-elementor-lightbox-slideshow=\"a0bb4c8\" data-elementor-lightbox-title=\"Szell\u0151z\u0151 idomok: tet\u0151fel\u00e9p\u00edtm\u00e9ny\" data-elementor-lightbox-description=\"Szell\u0151z\u0151 idomok: tet\u0151fel\u00e9p\u00edtm\u00e9ny\" data-e-action-hash=\"#elementor-action%3Aaction%3Dlightbox%26settings%3DeyJpZCI6MTMyOTksInVybCI6Imh0dHBzOlwvXC93d3cuYWt1cGxhc3RpY3MuY29tXC93cC1jb250ZW50XC91cGxvYWRzXC8yMDIzXC8wOVwvRGFjaGF1ZnNhdHotMi1zY2FsZWQtZTE2MzY1NTEwNjYxNDUtRWRpdGVkLUVkaXRlZC5wbmciLCJzbGlkZXNob3ciOiJhMGJiNGM4In0%3D\">\n\t\t\t\t\t<div class=\"e-gallery-image elementor-gallery-item__image\" data-thumbnail=\"https:\/\/www.akuplastics.com\/wp-content\/uploads\/2023\/09\/Dachaufsatz-2-scaled-e1636551066145-Edited-Edited.png\" data-width=\"199\" data-height=\"300\" aria-label=\"Szell\u0151z\u0151 idomok: tet\u0151fel\u00e9p\u00edtm\u00e9ny\" role=\"img\" ><\/div>\n\t\t\t\t\t\t\t\t\t\t\t\t\t\t<\/a>\n\t\t\t\t\t\t\t<a class=\"e-gallery-item elementor-gallery-item elementor-animated-content\" href=\"https:\/\/www.akuplastics.com\/wp-content\/uploads\/2023\/09\/2023-09-14-15_02_58-Window.png\" data-elementor-open-lightbox=\"yes\" data-elementor-lightbox-slideshow=\"a0bb4c8\" data-elementor-lightbox-title=\"Szell\u0151z\u0151 idomok: cs\u0151k\u00f6ny\u00f6k\" data-elementor-lightbox-description=\"Szell\u0151z\u0151 idomok: cs\u0151k\u00f6ny\u00f6k\" data-e-action-hash=\"#elementor-action%3Aaction%3Dlightbox%26settings%3DeyJpZCI6MTMzMTAsInVybCI6Imh0dHBzOlwvXC93d3cuYWt1cGxhc3RpY3MuY29tXC93cC1jb250ZW50XC91cGxvYWRzXC8yMDIzXC8wOVwvMjAyMy0wOS0xNC0xNV8wMl81OC1XaW5kb3cucG5nIiwic2xpZGVzaG93IjoiYTBiYjRjOCJ9\">\n\t\t\t\t\t<div class=\"e-gallery-image elementor-gallery-item__image\" data-thumbnail=\"https:\/\/www.akuplastics.com\/wp-content\/uploads\/2023\/09\/2023-09-14-15_02_58-Window-300x231.png\" data-width=\"300\" data-height=\"231\" aria-label=\"Szell\u0151z\u0151 idomok: cs\u0151k\u00f6ny\u00f6k\" role=\"img\" ><\/div>\n\t\t\t\t\t\t\t\t\t\t\t\t\t\t<\/a>\n\t\t\t\t\t\t\t<a class=\"e-gallery-item elementor-gallery-item elementor-animated-content\" href=\"https:\/\/www.akuplastics.com\/wp-content\/uploads\/2023\/09\/Deflektorhaube-scaled-Edited-Edited.png\" data-elementor-open-lightbox=\"yes\" data-elementor-lightbox-slideshow=\"a0bb4c8\" data-elementor-lightbox-title=\"Deflektor burkolat\" data-elementor-lightbox-description=\"Deflektor burkolat, szell\u0151z\u0151 idomok\" data-e-action-hash=\"#elementor-action%3Aaction%3Dlightbox%26settings%3DeyJpZCI6MTMzMDEsInVybCI6Imh0dHBzOlwvXC93d3cuYWt1cGxhc3RpY3MuY29tXC93cC1jb250ZW50XC91cGxvYWRzXC8yMDIzXC8wOVwvRGVmbGVrdG9yaGF1YmUtc2NhbGVkLUVkaXRlZC1FZGl0ZWQucG5nIiwic2xpZGVzaG93IjoiYTBiYjRjOCJ9\">\n\t\t\t\t\t<div class=\"e-gallery-image elementor-gallery-item__image\" data-thumbnail=\"https:\/\/www.akuplastics.com\/wp-content\/uploads\/2023\/09\/Deflektorhaube-scaled-Edited-Edited-300x300.png\" data-width=\"300\" data-height=\"300\" aria-label=\"Deflektor burkolat\" role=\"img\" ><\/div>\n\t\t\t\t\t\t\t\t\t\t\t\t\t\t<\/a>\n\t\t\t\t\t\t\t<a class=\"e-gallery-item elementor-gallery-item elementor-animated-content\" href=\"https:\/\/www.akuplastics.com\/wp-content\/uploads\/2023\/09\/2023-09-14-15_00_49-Window-1.png\" data-elementor-open-lightbox=\"yes\" data-elementor-lightbox-slideshow=\"a0bb4c8\" data-elementor-lightbox-title=\"Szell\u0151z\u0151 idomok: T-idom\" data-elementor-lightbox-description=\"Szell\u0151z\u0151 idomok: T-idom\" data-e-action-hash=\"#elementor-action%3Aaction%3Dlightbox%26settings%3DeyJpZCI6MTMzMTEsInVybCI6Imh0dHBzOlwvXC93d3cuYWt1cGxhc3RpY3MuY29tXC93cC1jb250ZW50XC91cGxvYWRzXC8yMDIzXC8wOVwvMjAyMy0wOS0xNC0xNV8wMF80OS1XaW5kb3ctMS5wbmciLCJzbGlkZXNob3ciOiJhMGJiNGM4In0%3D\">\n\t\t\t\t\t<div class=\"e-gallery-image elementor-gallery-item__image\" data-thumbnail=\"https:\/\/www.akuplastics.com\/wp-content\/uploads\/2023\/09\/2023-09-14-15_00_49-Window-1-300x266.png\" data-width=\"300\" data-height=\"266\" aria-label=\"Szell\u0151z\u0151 idomok: T-idom\" role=\"img\" ><\/div>\n\t\t\t\t\t\t\t\t\t\t\t\t\t\t<\/a>\n\t\t\t\t\t\t\t<a class=\"e-gallery-item elementor-gallery-item elementor-animated-content\" href=\"https:\/\/www.akuplastics.com\/wp-content\/uploads\/2023\/09\/Drosselklappe-mit-Motor-2-scaled-Edited-Edited.png\" data-elementor-open-lightbox=\"yes\" data-elementor-lightbox-slideshow=\"a0bb4c8\" data-elementor-lightbox-title=\"Szell\u0151z\u0151 idomok: motoros fojt\u00f3szelep\" data-elementor-lightbox-description=\"Szell\u0151z\u0151 idomok: motoros fojt\u00f3szelep\" data-e-action-hash=\"#elementor-action%3Aaction%3Dlightbox%26settings%3DeyJpZCI6MTMzMDMsInVybCI6Imh0dHBzOlwvXC93d3cuYWt1cGxhc3RpY3MuY29tXC93cC1jb250ZW50XC91cGxvYWRzXC8yMDIzXC8wOVwvRHJvc3NlbGtsYXBwZS1taXQtTW90b3ItMi1zY2FsZWQtRWRpdGVkLUVkaXRlZC5wbmciLCJzbGlkZXNob3ciOiJhMGJiNGM4In0%3D\">\n\t\t\t\t\t<div class=\"e-gallery-image elementor-gallery-item__image\" data-thumbnail=\"https:\/\/www.akuplastics.com\/wp-content\/uploads\/2023\/09\/Drosselklappe-mit-Motor-2-scaled-Edited-Edited-235x300.png\" data-width=\"235\" data-height=\"300\" aria-label=\"Szell\u0151z\u0151 idomok: motoros fojt\u00f3szelep\" role=\"img\" ><\/div>\n\t\t\t\t\t\t\t\t\t\t\t\t\t\t<\/a>\n\t\t\t\t\t\t\t<a class=\"e-gallery-item elementor-gallery-item elementor-animated-content\" href=\"https:\/\/www.akuplastics.com\/wp-content\/uploads\/2023\/09\/Drosselklappe-mit-Motor-3-scaled-Edited-Edited.png\" data-elementor-open-lightbox=\"yes\" data-elementor-lightbox-slideshow=\"a0bb4c8\" data-elementor-lightbox-title=\"Szell\u0151z\u0151 idomok: motoros fojt\u00f3szelep\" data-elementor-lightbox-description=\"Szell\u0151z\u0151 idomok: motoros fojt\u00f3szelep\" data-e-action-hash=\"#elementor-action%3Aaction%3Dlightbox%26settings%3DeyJpZCI6MTMzMDQsInVybCI6Imh0dHBzOlwvXC93d3cuYWt1cGxhc3RpY3MuY29tXC93cC1jb250ZW50XC91cGxvYWRzXC8yMDIzXC8wOVwvRHJvc3NlbGtsYXBwZS1taXQtTW90b3ItMy1zY2FsZWQtRWRpdGVkLUVkaXRlZC5wbmciLCJzbGlkZXNob3ciOiJhMGJiNGM4In0%3D\">\n\t\t\t\t\t<div class=\"e-gallery-image elementor-gallery-item__image\" data-thumbnail=\"https:\/\/www.akuplastics.com\/wp-content\/uploads\/2023\/09\/Drosselklappe-mit-Motor-3-scaled-Edited-Edited-300x300.png\" data-width=\"300\" data-height=\"300\" aria-label=\"Szell\u0151z\u0151 idomok: motoros fojt\u00f3szelep\" role=\"img\" ><\/div>\n\t\t\t\t\t\t\t\t\t\t\t\t\t\t<\/a>\n\t\t\t\t\t\t\t<a class=\"e-gallery-item elementor-gallery-item elementor-animated-content\" href=\"https:\/\/www.akuplastics.com\/wp-content\/uploads\/2023\/09\/Drosselklappe-mit-Motor-scaled-Edited-Edited.png\" data-elementor-open-lightbox=\"yes\" data-elementor-lightbox-slideshow=\"a0bb4c8\" data-elementor-lightbox-title=\"Motoros fojt\u00f3szelep, szell\u0151z\u0151 idomok, motoros fojt\u00f3szelep\" data-elementor-lightbox-description=\"Szell\u0151z\u0151 idomok: motoros fojt\u00f3szelep\" data-e-action-hash=\"#elementor-action%3Aaction%3Dlightbox%26settings%3DeyJpZCI6MTMzMDUsInVybCI6Imh0dHBzOlwvXC93d3cuYWt1cGxhc3RpY3MuY29tXC93cC1jb250ZW50XC91cGxvYWRzXC8yMDIzXC8wOVwvRHJvc3NlbGtsYXBwZS1taXQtTW90b3Itc2NhbGVkLUVkaXRlZC1FZGl0ZWQucG5nIiwic2xpZGVzaG93IjoiYTBiYjRjOCJ9\">\n\t\t\t\t\t<div class=\"e-gallery-image elementor-gallery-item__image\" data-thumbnail=\"https:\/\/www.akuplastics.com\/wp-content\/uploads\/2023\/09\/Drosselklappe-mit-Motor-scaled-Edited-Edited-300x300.png\" data-width=\"300\" data-height=\"300\" aria-label=\"Szell\u0151z\u0151 idomok: motoros fojt\u00f3szelep\" role=\"img\" ><\/div>\n\t\t\t\t\t\t\t\t\t\t\t\t\t\t<\/a>\n\t\t\t\t\t\t\t<a class=\"e-gallery-item elementor-gallery-item elementor-animated-content\" href=\"https:\/\/www.akuplastics.com\/wp-content\/uploads\/2023\/09\/Drosselklappe-scaled-Edited-Edited.png\" data-elementor-open-lightbox=\"yes\" data-elementor-lightbox-slideshow=\"a0bb4c8\" data-elementor-lightbox-title=\"Fojt\u00f3szelep, szell\u0151z\u0151 idomok, fojt\u00f3szelep\" data-elementor-lightbox-description=\"Szell\u0151z\u0151 idomok: fojt\u00f3szelep\" data-e-action-hash=\"#elementor-action%3Aaction%3Dlightbox%26settings%3DeyJpZCI6MTMzMDYsInVybCI6Imh0dHBzOlwvXC93d3cuYWt1cGxhc3RpY3MuY29tXC93cC1jb250ZW50XC91cGxvYWRzXC8yMDIzXC8wOVwvRHJvc3NlbGtsYXBwZS1zY2FsZWQtRWRpdGVkLUVkaXRlZC5wbmciLCJzbGlkZXNob3ciOiJhMGJiNGM4In0%3D\">\n\t\t\t\t\t<div class=\"e-gallery-image elementor-gallery-item__image\" data-thumbnail=\"https:\/\/www.akuplastics.com\/wp-content\/uploads\/2023\/09\/Drosselklappe-scaled-Edited-Edited-300x300.png\" data-width=\"300\" data-height=\"300\" aria-label=\"Szell\u0151z\u0151 idomok: fojt\u00f3szelep\" role=\"img\" ><\/div>\n\t\t\t\t\t\t\t\t\t\t\t\t\t\t<\/a>\n\t\t\t\t\t\t\t<a class=\"e-gallery-item elementor-gallery-item elementor-animated-content\" href=\"https:\/\/www.akuplastics.com\/wp-content\/uploads\/2023\/09\/Hosen-T-Stueck-45-Grad-scaled-Edited-Edited.png\" data-elementor-open-lightbox=\"yes\" data-elementor-lightbox-slideshow=\"a0bb4c8\" data-elementor-lightbox-title=\"Szell\u0151z\u0151 idomok: 45 fokos nadr\u00e1g-T-idom\" data-elementor-lightbox-description=\"Szell\u0151z\u0151 idomok: 45 fokos nadr\u00e1g-T-idom\" data-e-action-hash=\"#elementor-action%3Aaction%3Dlightbox%26settings%3DeyJpZCI6MTMzMDcsInVybCI6Imh0dHBzOlwvXC93d3cuYWt1cGxhc3RpY3MuY29tXC93cC1jb250ZW50XC91cGxvYWRzXC8yMDIzXC8wOVwvSG9zZW4tVC1TdHVlY2stNDUtR3JhZC1zY2FsZWQtRWRpdGVkLUVkaXRlZC5wbmciLCJzbGlkZXNob3ciOiJhMGJiNGM4In0%3D\">\n\t\t\t\t\t<div class=\"e-gallery-image elementor-gallery-item__image\" data-thumbnail=\"https:\/\/www.akuplastics.com\/wp-content\/uploads\/2023\/09\/Hosen-T-Stueck-45-Grad-scaled-Edited-Edited-300x300.png\" data-width=\"300\" data-height=\"300\" aria-label=\"Szell\u0151z\u0151 idomok: 45 fokos nadr\u00e1g-T-idom\" role=\"img\" ><\/div>\n\t\t\t\t\t\t\t\t\t\t\t\t\t\t<\/a>\n\t\t\t\t\t<\/div>\n\t\t\t\t\t<\/div>\n\t\t\t\t<\/div>\n\t\t\t\t\t<\/div>\n\t\t<\/div>\n\t\t\t\t\t<\/div>\n\t\t<\/section>\n\t\t\t\t\t<\/div>\n\t\t<\/div>\n\t\t\t\t\t<\/div>\n\t\t<\/section>\n\t\t\t\t<\/div>\n\t\t","protected":false},"excerpt":{"rendered":"<p>L\u00e9gtechnikai idomok PVC-U, PPs, PPs-EL, PP-H, PE-HD \u00e9s PVDF anyagokb\u00f3l. M\u0171anyag l\u00e9gtechnikai idomokra minden\u00fctt sz\u00fcks\u00e9g van, ahol a l\u00e9gvezet\u00e9kek k\u00e9miai ellen\u00e1ll\u00e1s, korr\u00f3zi\u00f3\u00e1ll\u00f3s\u00e1g vagy kop\u00e1s\u00e1ll\u00f3s\u00e1g miatt m\u0171anyagb\u00f3l k\u00e9sz\u00fclnek.<\/p>\n","protected":false},"author":2,"featured_media":12806,"parent":0,"menu_order":0,"comment_status":"closed","ping_status":"closed","template":"","meta":{"iawp_total_views":46,"footnotes":""},"class_list":["post-9147","page","type-page","status-publish","has-post-thumbnail","hentry"],"yoast_head":"<!-- This site is optimized with the Yoast SEO Premium plugin v27.4 (Yoast SEO v27.5) - https:\/\/yoast.com\/product\/yoast-seo-premium-wordpress\/ -->\n<title>Form\u00e1zott szell\u0151z\u0151 alkatr\u00e9szek Form\u00e1zott alkatr\u00e9szek PVC-U PPs PPs-EL PP-H PE-HD PVDF<\/title>\n<meta name=\"description\" content=\"L\u00e9gtechnikai idomok PVC-U, PPs, PPs-EL, PP-H, PE-HD \u00e9s PVDF anyagokb\u00f3l. M\u0171anyag l\u00e9gtechnikai idomokra minden\u00fctt sz\u00fcks\u00e9g van, ahol a l\u00e9gvezet\u00e9kek k\u00e9miai ellen\u00e1ll\u00e1s, korr\u00f3zi\u00f3\u00e1ll\u00f3s\u00e1g vagy kop\u00e1s\u00e1ll\u00f3s\u00e1g miatt m\u0171anyagb\u00f3l k\u00e9sz\u00fclnek.\" \/>\n<meta name=\"robots\" content=\"index, follow, max-snippet:-1, max-image-preview:large, max-video-preview:-1\" \/>\n<link rel=\"canonical\" href=\"https:\/\/www.akuplastics.com\/hu\/szellozolecek\/\" \/>\n<script type=\"application\/ld+json\" class=\"yoast-schema-graph\">{\"@context\":\"https:\\\/\\\/schema.org\",\"@graph\":[{\"@type\":\"WebPage\",\"@id\":\"https:\\\/\\\/www.akuplastics.com\\\/hu\\\/szellozolecek\\\/\",\"url\":\"https:\\\/\\\/www.akuplastics.com\\\/hu\\\/szellozolecek\\\/\",\"name\":\"Form\u00e1zott szell\u0151z\u0151 alkatr\u00e9szek Form\u00e1zott alkatr\u00e9szek PVC-U PPs PPs-EL PP-H PE-HD PVDF\",\"isPartOf\":{\"@id\":\"https:\\\/\\\/www.akuplastics.com\\\/hu\\\/#website\"},\"primaryImageOfPage\":{\"@id\":\"https:\\\/\\\/www.akuplastics.com\\\/hu\\\/szellozolecek\\\/#primaryimage\"},\"image\":{\"@id\":\"https:\\\/\\\/www.akuplastics.com\\\/hu\\\/szellozolecek\\\/#primaryimage\"},\"thumbnailUrl\":\"https:\\\/\\\/www.akuplastics.com\\\/wp-content\\\/uploads\\\/2020\\\/06\\\/L\u00fcftungsfort-scaled.jpg\",\"datePublished\":\"2020-08-14T08:51:34+00:00\",\"dateModified\":\"2026-03-03T08:51:33+00:00\",\"description\":\"L\u00e9gtechnikai idomok PVC-U, PPs, PPs-EL, PP-H, PE-HD \u00e9s PVDF anyagokb\u00f3l. M\u0171anyag l\u00e9gtechnikai idomokra minden\u00fctt sz\u00fcks\u00e9g van, ahol a l\u00e9gvezet\u00e9kek k\u00e9miai ellen\u00e1ll\u00e1s, korr\u00f3zi\u00f3\u00e1ll\u00f3s\u00e1g vagy kop\u00e1s\u00e1ll\u00f3s\u00e1g miatt m\u0171anyagb\u00f3l k\u00e9sz\u00fclnek.\",\"breadcrumb\":{\"@id\":\"https:\\\/\\\/www.akuplastics.com\\\/hu\\\/szellozolecek\\\/#breadcrumb\"},\"inLanguage\":\"hu\",\"potentialAction\":[{\"@type\":\"ReadAction\",\"target\":[\"https:\\\/\\\/www.akuplastics.com\\\/hu\\\/szellozolecek\\\/\"]}]},{\"@type\":\"ImageObject\",\"inLanguage\":\"hu\",\"@id\":\"https:\\\/\\\/www.akuplastics.com\\\/hu\\\/szellozolecek\\\/#primaryimage\",\"url\":\"https:\\\/\\\/www.akuplastics.com\\\/wp-content\\\/uploads\\\/2020\\\/06\\\/L\u00fcftungsfort-scaled.jpg\",\"contentUrl\":\"https:\\\/\\\/www.akuplastics.com\\\/wp-content\\\/uploads\\\/2020\\\/06\\\/L\u00fcftungsfort-scaled.jpg\",\"width\":2048,\"height\":1447,\"caption\":\"Szell\u0151z\u0151 idomok m\u0171anyagb\u00f3l: PVC-U, PPs, PPs-EL, PP-H, PE-HD, PVDF\"},{\"@type\":\"BreadcrumbList\",\"@id\":\"https:\\\/\\\/www.akuplastics.com\\\/hu\\\/szellozolecek\\\/#breadcrumb\",\"itemListElement\":[{\"@type\":\"ListItem\",\"position\":1,\"name\":\"Kezd\u0151lap\",\"item\":\"https:\\\/\\\/www.akuplastics.com\\\/hu\\\/\"},{\"@type\":\"ListItem\",\"position\":2,\"name\":\"Szell\u0151z\u0151elemek\"}]},{\"@type\":\"WebSite\",\"@id\":\"https:\\\/\\\/www.akuplastics.com\\\/hu\\\/#website\",\"url\":\"https:\\\/\\\/www.akuplastics.com\\\/hu\\\/\",\"name\":\"Semi-Finished Products \u2013 Finished Parts \u2013 Ventilation Moulded Parts \u2013 Machines\",\"description\":\"Halbzeuge, Halbfabrikate, Kunststoffhalbzeuge, Kunststoffhalbfabrikate\",\"publisher\":{\"@id\":\"https:\\\/\\\/www.akuplastics.com\\\/hu\\\/#organization\"},\"alternateName\":\"AKUPLASTICS \u2013 Engineering in Plastics\",\"potentialAction\":[{\"@type\":\"SearchAction\",\"target\":{\"@type\":\"EntryPoint\",\"urlTemplate\":\"https:\\\/\\\/www.akuplastics.com\\\/hu\\\/?s={search_term_string}\"},\"query-input\":{\"@type\":\"PropertyValueSpecification\",\"valueRequired\":true,\"valueName\":\"search_term_string\"}}],\"inLanguage\":\"hu\"},{\"@type\":\"Organization\",\"@id\":\"https:\\\/\\\/www.akuplastics.com\\\/hu\\\/#organization\",\"name\":\"Ing. Christian Ahlborn e.U.\",\"alternateName\":\"AKU\",\"url\":\"https:\\\/\\\/www.akuplastics.com\\\/hu\\\/\",\"logo\":{\"@type\":\"ImageObject\",\"inLanguage\":\"hu\",\"@id\":\"https:\\\/\\\/www.akuplastics.com\\\/hu\\\/#\\\/schema\\\/logo\\\/image\\\/\",\"url\":\"https:\\\/\\\/www.akuplastics.com\\\/wp-content\\\/uploads\\\/2020\\\/07\\\/Grafik14-inkl-r.png\",\"contentUrl\":\"https:\\\/\\\/www.akuplastics.com\\\/wp-content\\\/uploads\\\/2020\\\/07\\\/Grafik14-inkl-r.png\",\"width\":1994,\"height\":743,\"caption\":\"Ing. Christian Ahlborn e.U.\"},\"image\":{\"@id\":\"https:\\\/\\\/www.akuplastics.com\\\/hu\\\/#\\\/schema\\\/logo\\\/image\\\/\"}}]}<\/script>\n<!-- \/ Yoast SEO Premium plugin. -->","yoast_head_json":{"title":"Form\u00e1zott szell\u0151z\u0151 alkatr\u00e9szek Form\u00e1zott alkatr\u00e9szek PVC-U PPs PPs-EL PP-H PE-HD PVDF","description":"L\u00e9gtechnikai idomok PVC-U, PPs, PPs-EL, PP-H, PE-HD \u00e9s PVDF anyagokb\u00f3l. M\u0171anyag l\u00e9gtechnikai idomokra minden\u00fctt sz\u00fcks\u00e9g van, ahol a l\u00e9gvezet\u00e9kek k\u00e9miai ellen\u00e1ll\u00e1s, korr\u00f3zi\u00f3\u00e1ll\u00f3s\u00e1g vagy kop\u00e1s\u00e1ll\u00f3s\u00e1g miatt m\u0171anyagb\u00f3l k\u00e9sz\u00fclnek.","robots":{"index":"index","follow":"follow","max-snippet":"max-snippet:-1","max-image-preview":"max-image-preview:large","max-video-preview":"max-video-preview:-1"},"canonical":"https:\/\/www.akuplastics.com\/hu\/szellozolecek\/","schema":{"@context":"https:\/\/schema.org","@graph":[{"@type":"WebPage","@id":"https:\/\/www.akuplastics.com\/hu\/szellozolecek\/","url":"https:\/\/www.akuplastics.com\/hu\/szellozolecek\/","name":"Form\u00e1zott szell\u0151z\u0151 alkatr\u00e9szek Form\u00e1zott alkatr\u00e9szek PVC-U PPs PPs-EL PP-H PE-HD PVDF","isPartOf":{"@id":"https:\/\/www.akuplastics.com\/hu\/#website"},"primaryImageOfPage":{"@id":"https:\/\/www.akuplastics.com\/hu\/szellozolecek\/#primaryimage"},"image":{"@id":"https:\/\/www.akuplastics.com\/hu\/szellozolecek\/#primaryimage"},"thumbnailUrl":"https:\/\/www.akuplastics.com\/wp-content\/uploads\/2020\/06\/L\u00fcftungsfort-scaled.jpg","datePublished":"2020-08-14T08:51:34+00:00","dateModified":"2026-03-03T08:51:33+00:00","description":"L\u00e9gtechnikai idomok PVC-U, PPs, PPs-EL, PP-H, PE-HD \u00e9s PVDF anyagokb\u00f3l. M\u0171anyag l\u00e9gtechnikai idomokra minden\u00fctt sz\u00fcks\u00e9g van, ahol a l\u00e9gvezet\u00e9kek k\u00e9miai ellen\u00e1ll\u00e1s, korr\u00f3zi\u00f3\u00e1ll\u00f3s\u00e1g vagy kop\u00e1s\u00e1ll\u00f3s\u00e1g miatt m\u0171anyagb\u00f3l k\u00e9sz\u00fclnek.","breadcrumb":{"@id":"https:\/\/www.akuplastics.com\/hu\/szellozolecek\/#breadcrumb"},"inLanguage":"hu","potentialAction":[{"@type":"ReadAction","target":["https:\/\/www.akuplastics.com\/hu\/szellozolecek\/"]}]},{"@type":"ImageObject","inLanguage":"hu","@id":"https:\/\/www.akuplastics.com\/hu\/szellozolecek\/#primaryimage","url":"https:\/\/www.akuplastics.com\/wp-content\/uploads\/2020\/06\/L\u00fcftungsfort-scaled.jpg","contentUrl":"https:\/\/www.akuplastics.com\/wp-content\/uploads\/2020\/06\/L\u00fcftungsfort-scaled.jpg","width":2048,"height":1447,"caption":"Szell\u0151z\u0151 idomok m\u0171anyagb\u00f3l: PVC-U, PPs, PPs-EL, PP-H, PE-HD, PVDF"},{"@type":"BreadcrumbList","@id":"https:\/\/www.akuplastics.com\/hu\/szellozolecek\/#breadcrumb","itemListElement":[{"@type":"ListItem","position":1,"name":"Kezd\u0151lap","item":"https:\/\/www.akuplastics.com\/hu\/"},{"@type":"ListItem","position":2,"name":"Szell\u0151z\u0151elemek"}]},{"@type":"WebSite","@id":"https:\/\/www.akuplastics.com\/hu\/#website","url":"https:\/\/www.akuplastics.com\/hu\/","name":"Semi-Finished Products \u2013 Finished Parts \u2013 Ventilation Moulded Parts \u2013 Machines","description":"Halbzeuge, Halbfabrikate, Kunststoffhalbzeuge, Kunststoffhalbfabrikate","publisher":{"@id":"https:\/\/www.akuplastics.com\/hu\/#organization"},"alternateName":"AKUPLASTICS \u2013 Engineering in Plastics","potentialAction":[{"@type":"SearchAction","target":{"@type":"EntryPoint","urlTemplate":"https:\/\/www.akuplastics.com\/hu\/?s={search_term_string}"},"query-input":{"@type":"PropertyValueSpecification","valueRequired":true,"valueName":"search_term_string"}}],"inLanguage":"hu"},{"@type":"Organization","@id":"https:\/\/www.akuplastics.com\/hu\/#organization","name":"Ing. Christian Ahlborn e.U.","alternateName":"AKU","url":"https:\/\/www.akuplastics.com\/hu\/","logo":{"@type":"ImageObject","inLanguage":"hu","@id":"https:\/\/www.akuplastics.com\/hu\/#\/schema\/logo\/image\/","url":"https:\/\/www.akuplastics.com\/wp-content\/uploads\/2020\/07\/Grafik14-inkl-r.png","contentUrl":"https:\/\/www.akuplastics.com\/wp-content\/uploads\/2020\/07\/Grafik14-inkl-r.png","width":1994,"height":743,"caption":"Ing. Christian Ahlborn e.U."},"image":{"@id":"https:\/\/www.akuplastics.com\/hu\/#\/schema\/logo\/image\/"}}]}},"_links":{"self":[{"href":"https:\/\/www.akuplastics.com\/hu\/wp-json\/wp\/v2\/pages\/9147","targetHints":{"allow":["GET"]}}],"collection":[{"href":"https:\/\/www.akuplastics.com\/hu\/wp-json\/wp\/v2\/pages"}],"about":[{"href":"https:\/\/www.akuplastics.com\/hu\/wp-json\/wp\/v2\/types\/page"}],"author":[{"embeddable":true,"href":"https:\/\/www.akuplastics.com\/hu\/wp-json\/wp\/v2\/users\/2"}],"replies":[{"embeddable":true,"href":"https:\/\/www.akuplastics.com\/hu\/wp-json\/wp\/v2\/comments?post=9147"}],"version-history":[{"count":10,"href":"https:\/\/www.akuplastics.com\/hu\/wp-json\/wp\/v2\/pages\/9147\/revisions"}],"predecessor-version":[{"id":32218,"href":"https:\/\/www.akuplastics.com\/hu\/wp-json\/wp\/v2\/pages\/9147\/revisions\/32218"}],"wp:featuredmedia":[{"embeddable":true,"href":"https:\/\/www.akuplastics.com\/hu\/wp-json\/wp\/v2\/media\/12806"}],"wp:attachment":[{"href":"https:\/\/www.akuplastics.com\/hu\/wp-json\/wp\/v2\/media?parent=9147"}],"curies":[{"name":"wp","href":"https:\/\/api.w.org\/{rel}","templated":true}]}}