{"id":30934,"date":"2025-10-29T10:58:56","date_gmt":"2025-10-29T09:58:56","guid":{"rendered":"https:\/\/www.akuplastics.com\/csatornamerevito\/"},"modified":"2025-10-29T11:41:00","modified_gmt":"2025-10-29T10:41:00","slug":"csatornamerevito","status":"publish","type":"page","link":"https:\/\/www.akuplastics.com\/hu\/csatornamerevito\/","title":{"rendered":"Csatornamerev\u00edt\u0151"},"content":{"rendered":"\t\t<div data-elementor-type=\"wp-page\" data-elementor-id=\"30934\" class=\"elementor elementor-30934 elementor-30508\" data-elementor-post-type=\"page\">\n\t\t\t\t\t\t<section class=\"elementor-section elementor-top-section elementor-element elementor-element-6025abb3 elementor-section-full_width elementor-section-height-default elementor-section-height-default\" data-id=\"6025abb3\" data-element_type=\"section\" data-e-type=\"section\" data-settings=\"{&quot;background_background&quot;:&quot;gradient&quot;}\">\n\t\t\t\t\t\t<div class=\"elementor-container elementor-column-gap-default\">\n\t\t\t\t\t<div class=\"elementor-column elementor-col-100 elementor-top-column elementor-element elementor-element-c978d9b\" data-id=\"c978d9b\" data-element_type=\"column\" data-e-type=\"column\">\n\t\t\t<div class=\"elementor-widget-wrap elementor-element-populated\">\n\t\t\t\t\t\t<section class=\"elementor-section elementor-inner-section elementor-element elementor-element-1ead80f elementor-section-boxed elementor-section-height-default elementor-section-height-default\" data-id=\"1ead80f\" data-element_type=\"section\" data-e-type=\"section\">\n\t\t\t\t\t\t<div class=\"elementor-container elementor-column-gap-default\">\n\t\t\t\t\t<div class=\"elementor-column elementor-col-100 elementor-inner-column elementor-element elementor-element-97f2d40\" data-id=\"97f2d40\" data-element_type=\"column\" data-e-type=\"column\">\n\t\t\t<div class=\"elementor-widget-wrap elementor-element-populated\">\n\t\t\t\t\t\t<div class=\"elementor-element elementor-element-5288b20 elementor-widget__width-initial elementor-widget elementor-widget-text-editor\" data-id=\"5288b20\" data-element_type=\"widget\" data-e-type=\"widget\" data-widget_type=\"text-editor.default\">\n\t\t\t\t<div class=\"elementor-widget-container\">\n\t\t\t\t\t\t\t\t\t<h1 class=\"csc-firstHeader\" style=\"text-align: left;\">Csatornamerev\u00edt\u0151 bels\u0151 er\u0151s\u00edt\u00e9shez PVC-U PPs PPs-EL PP-H PE-HD PVDF anyagb\u00f3l<\/h1>\t\t\t\t\t\t\t\t<\/div>\n\t\t\t\t<\/div>\n\t\t\t\t<div class=\"elementor-element elementor-element-843282f elementor-widget__width-initial elementor-widget elementor-widget-text-editor\" data-id=\"843282f\" data-element_type=\"widget\" data-e-type=\"widget\" data-widget_type=\"text-editor.default\">\n\t\t\t\t<div class=\"elementor-widget-container\">\n\t\t\t\t\t\t\t\t\t<p class=\"bodytext\" style=\"text-align: left;\">A l\u00e9gtechnikai rendszerek kerek \u00e9s sz\u00f6gletes csatorn\u00e1kb\u00f3l \u00e9s idomokb\u00f3l egyar\u00e1nt \u00e1llnak.<\/p><p class=\"bodytext\" style=\"text-align: left;\">A csatorn\u00e1k negat\u00edv t\u00falnyom\u00e1s elleni<br>stabiliz\u00e1l\u00e1s\u00e1hoz a csatorna m\u00e9ret\u00e9t\u0151l \u00e9s nyom\u00e1s\u00e1t\u00f3l f\u00fcgg\u0151en er\u0151s\u00edt\u00e9sre van sz\u00fcks\u00e9g \u2013 a kapcsol\u00f3d\u00f3 lehajl\u00e1si param\u00e9tereket a DIN EN 1507 szabv\u00e1ny szab\u00e1lyozza.<\/p><p> <\/p><p class=\"bodytext\" style=\"text-align: left;\">A csatornamerev\u00edt\u0151 bels\u0151 er\u0151s\u00edt\u00e9sre szolg\u00e1l, \u00e9s k\u00e9t r\u00e9szb\u0151l \u00e1ll \u2013 egy h\u00fcvelyb\u0151l \u00e9s egy be\u00fct\u0151csapb\u00f3l.<\/p><p class=\"bodytext\" style=\"text-align: left;\">El\u0151k\u00e9sz\u00edt\u00e9sk\u00e9nt a csatorn\u00e1ba mindk\u00e9t oldalon egy 20 mm-es furatot k\u00e9sz\u00edtenek.<\/p><p class=\"bodytext\" style=\"text-align: left;\">A h\u00fcvelybe egy \u00d8 32 mm x 3,0 mm m\u00e9ret\u0171 cs\u00f6vet r\u00f6gz\u00edtenek, amely a csatorn\u00e1ban haszn\u00e1lt anyagb\u00f3l k\u00e9sz\u00fcl.<\/p><p class=\"bodytext\" style=\"text-align: left;\">A be\u00fct\u0151csapot ezut\u00e1n k\u00edv\u00fclr\u0151l, a furaton kereszt\u00fcl egy gumikalap\u00e1ccsal be\u00fctik.<\/p><p class=\"bodytext\" style=\"text-align: left;\">Az egyszer\u0171 be\u00fct\u00e9si rendszernek k\u00f6sz\u00f6nhet\u0151en gyorsabb \u00e9s ez\u00e1ltal k\u00f6lts\u00e9ghat\u00e9konyabb gy\u00e1rt\u00e1s el\u0151ny\u00e9t \u00e9lvezheti.<\/p><p> <\/p><p class=\"bodytext\" style=\"text-align: left;\">A csatornamerev\u00edt\u0151 a k\u00f6vetkez\u0151 anyagokban kaphat\u00f3:<br>PVC, feh\u00e9r PVC, PPs, PP-H, PP-EL-s, PE-HD \u00e9s <strong>k\u00e9r\u00e9sre PVDF-ben.<\/strong><\/p>\t\t\t\t\t\t\t\t<\/div>\n\t\t\t\t<\/div>\n\t\t\t\t<div class=\"elementor-element elementor-element-b534910 elementor-widget__width-initial elementor-widget elementor-widget-text-editor\" data-id=\"b534910\" data-element_type=\"widget\" data-e-type=\"widget\" data-widget_type=\"text-editor.default\">\n\t\t\t\t<div class=\"elementor-widget-container\">\n\t\t\t\t\t\t\t\t\t<p style=\"text-align: left;\"> <\/p><p style=\"text-align: left;\">Lehets\u00e9ges negat\u00edv t\u00falnyom\u00e1s k\u00e9r\u00e9sre, mechanikai, k\u00e9miai \u00e9s termikus terhel\u00e9s ut\u00e1n.<\/p>\t\t\t\t\t\t\t\t<\/div>\n\t\t\t\t<\/div>\n\t\t\t\t\t<\/div>\n\t\t<\/div>\n\t\t\t\t<div class=\"elementor-column elementor-col-50 elementor-inner-column elementor-element elementor-element-97bb919\" data-id=\"97bb919\" data-element_type=\"column\" data-e-type=\"column\">\n\t\t\t<div class=\"elementor-widget-wrap elementor-element-populated\">\n\t\t\t\t\t\t<div class=\"elementor-element elementor-element-1a349e7 elementor-widget elementor-widget-image\" data-id=\"1a349e7\" data-element_type=\"widget\" data-e-type=\"widget\" data-widget_type=\"image.default\">\n\t\t\t\t<div class=\"elementor-widget-container\">\n\t\t\t\t\t\t\t\t\t\t\t\t<figure class=\"wp-caption\">\n\t\t\t\t\t\t\t\t\t\t<img loading=\"lazy\" decoding=\"async\" width=\"300\" height=\"214\" src=\"https:\/\/www.akuplastics.com\/wp-content\/uploads\/2025\/10\/Kanalverstaerker-innere-Verstaerkung-PVC-U-PPs-PPs-EL-PP-H-PE-HD-PVDF-300x214.webp\" class=\"attachment-medium size-medium wp-image-30746\" alt=\"Csatornamerev\u00edt\u0151 bels\u0151 er\u0151s\u00edt\u00e9s PVC-U PPs PPs-EL PP-H PE-HD PVDF\" srcset=\"https:\/\/www.akuplastics.com\/wp-content\/uploads\/2025\/10\/Kanalverstaerker-innere-Verstaerkung-PVC-U-PPs-PPs-EL-PP-H-PE-HD-PVDF-300x214.webp 300w, https:\/\/www.akuplastics.com\/wp-content\/uploads\/2025\/10\/Kanalverstaerker-innere-Verstaerkung-PVC-U-PPs-PPs-EL-PP-H-PE-HD-PVDF.webp 500w\" sizes=\"auto, (max-width: 300px) 100vw, 300px\" \/>\t\t\t\t\t\t\t\t\t\t\t<figcaption class=\"widget-image-caption wp-caption-text\">Csatornamerev\u00edt\u0151 bels\u0151 er\u0151s\u00edt\u00e9s PVC-U PPs PPs-EL PP-H PE-HD PVDF<\/figcaption>\n\t\t\t\t\t\t\t\t\t\t<\/figure>\n\t\t\t\t\t\t\t\t\t<\/div>\n\t\t\t\t<\/div>\n\t\t\t\t\t<\/div>\n\t\t<\/div>\n\t\t\t\t\t<\/div>\n\t\t<\/section>\n\t\t\t\t\t<\/div>\n\t\t<\/div>\n\t\t\t\t\t<\/div>\n\t\t<\/section>\n\t\t\t\t<\/div>\n\t\t","protected":false},"excerpt":{"rendered":"<p>Csatornamerev\u00edt\u0151 bels\u0151 er\u0151s\u00edt\u00e9shez PVC-U PPs PPs-EL PP-H PE-HD PVDF anyagb\u00f3l A l\u00e9gtechnikai rendszerek kerek \u00e9s sz\u00f6gletes csatorn\u00e1kb\u00f3l \u00e9s idomokb\u00f3l egyar\u00e1nt \u00e1llnak. A csatorn\u00e1k negat\u00edv t\u00falnyom\u00e1s ellenistabiliz\u00e1l\u00e1s\u00e1hoz a csatorna m\u00e9ret\u00e9t\u0151l \u00e9s nyom\u00e1s\u00e1t\u00f3l f\u00fcgg\u0151en er\u0151s\u00edt\u00e9sre van sz\u00fcks\u00e9g \u2013 a kapcsol\u00f3d\u00f3 lehajl\u00e1si param\u00e9tereket a DIN EN 1507 szabv\u00e1ny szab\u00e1lyozza. A csatornamerev\u00edt\u0151 bels\u0151 er\u0151s\u00edt\u00e9sre szolg\u00e1l, \u00e9s k\u00e9t r\u00e9szb\u0151l \u00e1ll [&hellip;]<\/p>\n","protected":false},"author":3,"featured_media":30746,"parent":0,"menu_order":0,"comment_status":"closed","ping_status":"closed","template":"","meta":{"iawp_total_views":0,"footnotes":""},"class_list":["post-30934","page","type-page","status-publish","has-post-thumbnail","hentry"],"yoast_head":"<!-- This site is optimized with the Yoast SEO Premium plugin v27.4 (Yoast SEO v27.5) - https:\/\/yoast.com\/product\/yoast-seo-premium-wordpress\/ -->\n<title>Csatornamerev\u00edt\u0151 bels\u0151 er\u0151s\u00edt\u00e9s PVC-U PPs PPs-EL PP-H PE-HD PVDF<\/title>\n<meta name=\"description\" content=\"A l\u00e9gtechnikai rendszerek kerek \u00e9s sz\u00f6gletes csatorn\u00e1kb\u00f3l \u00e9s idomokb\u00f3l egyar\u00e1nt \u00e1llnak. A csatorn\u00e1k negat\u00edv t\u00falnyom\u00e1s elleni stabiliz\u00e1l\u00e1s\u00e1hoz a csatorna m\u00e9ret\u00e9t\u0151l \u00e9s nyom\u00e1s\u00e1t\u00f3l f\u00fcgg\u0151en er\u0151s\u00edt\u00e9sre van sz\u00fcks\u00e9g \u2013 a kapcsol\u00f3d\u00f3 lehajl\u00e1si param\u00e9tereket a DIN EN 1507 szabv\u00e1ny szab\u00e1lyozza. PVC, feh\u00e9r PVC, PPs, PP-H, PP-EL-s, PE-HD \u00e9s k\u00e9r\u00e9sre PVDF anyagb\u00f3l.\" \/>\n<meta name=\"robots\" content=\"index, follow, max-snippet:-1, max-image-preview:large, max-video-preview:-1\" \/>\n<link rel=\"canonical\" href=\"https:\/\/www.akuplastics.com\/hu\/csatornamerevito\/\" \/>\n<script type=\"application\/ld+json\" class=\"yoast-schema-graph\">{\"@context\":\"https:\\\/\\\/schema.org\",\"@graph\":[{\"@type\":\"WebPage\",\"@id\":\"https:\\\/\\\/www.akuplastics.com\\\/hu\\\/csatornamerevito\\\/\",\"url\":\"https:\\\/\\\/www.akuplastics.com\\\/hu\\\/csatornamerevito\\\/\",\"name\":\"Csatornamerev\u00edt\u0151 bels\u0151 er\u0151s\u00edt\u00e9s PVC-U PPs PPs-EL PP-H PE-HD PVDF\",\"isPartOf\":{\"@id\":\"https:\\\/\\\/www.akuplastics.com\\\/hu\\\/#website\"},\"primaryImageOfPage\":{\"@id\":\"https:\\\/\\\/www.akuplastics.com\\\/hu\\\/csatornamerevito\\\/#primaryimage\"},\"image\":{\"@id\":\"https:\\\/\\\/www.akuplastics.com\\\/hu\\\/csatornamerevito\\\/#primaryimage\"},\"thumbnailUrl\":\"https:\\\/\\\/www.akuplastics.com\\\/wp-content\\\/uploads\\\/2025\\\/10\\\/Kanalverstaerker-innere-Verstaerkung-PVC-U-PPs-PPs-EL-PP-H-PE-HD-PVDF.webp\",\"datePublished\":\"2025-10-29T09:58:56+00:00\",\"dateModified\":\"2025-10-29T10:41:00+00:00\",\"description\":\"A l\u00e9gtechnikai rendszerek kerek \u00e9s sz\u00f6gletes csatorn\u00e1kb\u00f3l \u00e9s idomokb\u00f3l egyar\u00e1nt \u00e1llnak. A csatorn\u00e1k negat\u00edv t\u00falnyom\u00e1s elleni stabiliz\u00e1l\u00e1s\u00e1hoz a csatorna m\u00e9ret\u00e9t\u0151l \u00e9s nyom\u00e1s\u00e1t\u00f3l f\u00fcgg\u0151en er\u0151s\u00edt\u00e9sre van sz\u00fcks\u00e9g \u2013 a kapcsol\u00f3d\u00f3 lehajl\u00e1si param\u00e9tereket a DIN EN 1507 szabv\u00e1ny szab\u00e1lyozza. PVC, feh\u00e9r PVC, PPs, PP-H, PP-EL-s, PE-HD \u00e9s k\u00e9r\u00e9sre PVDF anyagb\u00f3l.\",\"breadcrumb\":{\"@id\":\"https:\\\/\\\/www.akuplastics.com\\\/hu\\\/csatornamerevito\\\/#breadcrumb\"},\"inLanguage\":\"hu\",\"potentialAction\":[{\"@type\":\"ReadAction\",\"target\":[\"https:\\\/\\\/www.akuplastics.com\\\/hu\\\/csatornamerevito\\\/\"]}]},{\"@type\":\"ImageObject\",\"inLanguage\":\"hu\",\"@id\":\"https:\\\/\\\/www.akuplastics.com\\\/hu\\\/csatornamerevito\\\/#primaryimage\",\"url\":\"https:\\\/\\\/www.akuplastics.com\\\/wp-content\\\/uploads\\\/2025\\\/10\\\/Kanalverstaerker-innere-Verstaerkung-PVC-U-PPs-PPs-EL-PP-H-PE-HD-PVDF.webp\",\"contentUrl\":\"https:\\\/\\\/www.akuplastics.com\\\/wp-content\\\/uploads\\\/2025\\\/10\\\/Kanalverstaerker-innere-Verstaerkung-PVC-U-PPs-PPs-EL-PP-H-PE-HD-PVDF.webp\",\"width\":500,\"height\":357,\"caption\":\"Csatornamerev\u00edt\u0151 bels\u0151 er\u0151s\u00edt\u00e9s PVC-U PPs PPs-EL PP-H PE-HD PVDF\"},{\"@type\":\"BreadcrumbList\",\"@id\":\"https:\\\/\\\/www.akuplastics.com\\\/hu\\\/csatornamerevito\\\/#breadcrumb\",\"itemListElement\":[{\"@type\":\"ListItem\",\"position\":1,\"name\":\"Kezd\u0151lap\",\"item\":\"https:\\\/\\\/www.akuplastics.com\\\/hu\\\/\"},{\"@type\":\"ListItem\",\"position\":2,\"name\":\"Csatornamerev\u00edt\u0151\"}]},{\"@type\":\"WebSite\",\"@id\":\"https:\\\/\\\/www.akuplastics.com\\\/hu\\\/#website\",\"url\":\"https:\\\/\\\/www.akuplastics.com\\\/hu\\\/\",\"name\":\"Semi-Finished Products \u2013 Finished Parts \u2013 Ventilation Moulded Parts \u2013 Machines\",\"description\":\"Halbzeuge, Halbfabrikate, Kunststoffhalbzeuge, Kunststoffhalbfabrikate\",\"publisher\":{\"@id\":\"https:\\\/\\\/www.akuplastics.com\\\/hu\\\/#organization\"},\"alternateName\":\"AKUPLASTICS \u2013 Engineering in Plastics\",\"potentialAction\":[{\"@type\":\"SearchAction\",\"target\":{\"@type\":\"EntryPoint\",\"urlTemplate\":\"https:\\\/\\\/www.akuplastics.com\\\/hu\\\/?s={search_term_string}\"},\"query-input\":{\"@type\":\"PropertyValueSpecification\",\"valueRequired\":true,\"valueName\":\"search_term_string\"}}],\"inLanguage\":\"hu\"},{\"@type\":\"Organization\",\"@id\":\"https:\\\/\\\/www.akuplastics.com\\\/hu\\\/#organization\",\"name\":\"Ing. Christian Ahlborn e.U.\",\"alternateName\":\"AKU\",\"url\":\"https:\\\/\\\/www.akuplastics.com\\\/hu\\\/\",\"logo\":{\"@type\":\"ImageObject\",\"inLanguage\":\"hu\",\"@id\":\"https:\\\/\\\/www.akuplastics.com\\\/hu\\\/#\\\/schema\\\/logo\\\/image\\\/\",\"url\":\"https:\\\/\\\/www.akuplastics.com\\\/wp-content\\\/uploads\\\/2020\\\/07\\\/Grafik14-inkl-r.png\",\"contentUrl\":\"https:\\\/\\\/www.akuplastics.com\\\/wp-content\\\/uploads\\\/2020\\\/07\\\/Grafik14-inkl-r.png\",\"width\":1994,\"height\":743,\"caption\":\"Ing. Christian Ahlborn e.U.\"},\"image\":{\"@id\":\"https:\\\/\\\/www.akuplastics.com\\\/hu\\\/#\\\/schema\\\/logo\\\/image\\\/\"}}]}<\/script>\n<!-- \/ Yoast SEO Premium plugin. -->","yoast_head_json":{"title":"Csatornamerev\u00edt\u0151 bels\u0151 er\u0151s\u00edt\u00e9s PVC-U PPs PPs-EL PP-H PE-HD PVDF","description":"A l\u00e9gtechnikai rendszerek kerek \u00e9s sz\u00f6gletes csatorn\u00e1kb\u00f3l \u00e9s idomokb\u00f3l egyar\u00e1nt \u00e1llnak. A csatorn\u00e1k negat\u00edv t\u00falnyom\u00e1s elleni stabiliz\u00e1l\u00e1s\u00e1hoz a csatorna m\u00e9ret\u00e9t\u0151l \u00e9s nyom\u00e1s\u00e1t\u00f3l f\u00fcgg\u0151en er\u0151s\u00edt\u00e9sre van sz\u00fcks\u00e9g \u2013 a kapcsol\u00f3d\u00f3 lehajl\u00e1si param\u00e9tereket a DIN EN 1507 szabv\u00e1ny szab\u00e1lyozza. PVC, feh\u00e9r PVC, PPs, PP-H, PP-EL-s, PE-HD \u00e9s k\u00e9r\u00e9sre PVDF anyagb\u00f3l.","robots":{"index":"index","follow":"follow","max-snippet":"max-snippet:-1","max-image-preview":"max-image-preview:large","max-video-preview":"max-video-preview:-1"},"canonical":"https:\/\/www.akuplastics.com\/hu\/csatornamerevito\/","schema":{"@context":"https:\/\/schema.org","@graph":[{"@type":"WebPage","@id":"https:\/\/www.akuplastics.com\/hu\/csatornamerevito\/","url":"https:\/\/www.akuplastics.com\/hu\/csatornamerevito\/","name":"Csatornamerev\u00edt\u0151 bels\u0151 er\u0151s\u00edt\u00e9s PVC-U PPs PPs-EL PP-H PE-HD PVDF","isPartOf":{"@id":"https:\/\/www.akuplastics.com\/hu\/#website"},"primaryImageOfPage":{"@id":"https:\/\/www.akuplastics.com\/hu\/csatornamerevito\/#primaryimage"},"image":{"@id":"https:\/\/www.akuplastics.com\/hu\/csatornamerevito\/#primaryimage"},"thumbnailUrl":"https:\/\/www.akuplastics.com\/wp-content\/uploads\/2025\/10\/Kanalverstaerker-innere-Verstaerkung-PVC-U-PPs-PPs-EL-PP-H-PE-HD-PVDF.webp","datePublished":"2025-10-29T09:58:56+00:00","dateModified":"2025-10-29T10:41:00+00:00","description":"A l\u00e9gtechnikai rendszerek kerek \u00e9s sz\u00f6gletes csatorn\u00e1kb\u00f3l \u00e9s idomokb\u00f3l egyar\u00e1nt \u00e1llnak. A csatorn\u00e1k negat\u00edv t\u00falnyom\u00e1s elleni stabiliz\u00e1l\u00e1s\u00e1hoz a csatorna m\u00e9ret\u00e9t\u0151l \u00e9s nyom\u00e1s\u00e1t\u00f3l f\u00fcgg\u0151en er\u0151s\u00edt\u00e9sre van sz\u00fcks\u00e9g \u2013 a kapcsol\u00f3d\u00f3 lehajl\u00e1si param\u00e9tereket a DIN EN 1507 szabv\u00e1ny szab\u00e1lyozza. PVC, feh\u00e9r PVC, PPs, PP-H, PP-EL-s, PE-HD \u00e9s k\u00e9r\u00e9sre PVDF anyagb\u00f3l.","breadcrumb":{"@id":"https:\/\/www.akuplastics.com\/hu\/csatornamerevito\/#breadcrumb"},"inLanguage":"hu","potentialAction":[{"@type":"ReadAction","target":["https:\/\/www.akuplastics.com\/hu\/csatornamerevito\/"]}]},{"@type":"ImageObject","inLanguage":"hu","@id":"https:\/\/www.akuplastics.com\/hu\/csatornamerevito\/#primaryimage","url":"https:\/\/www.akuplastics.com\/wp-content\/uploads\/2025\/10\/Kanalverstaerker-innere-Verstaerkung-PVC-U-PPs-PPs-EL-PP-H-PE-HD-PVDF.webp","contentUrl":"https:\/\/www.akuplastics.com\/wp-content\/uploads\/2025\/10\/Kanalverstaerker-innere-Verstaerkung-PVC-U-PPs-PPs-EL-PP-H-PE-HD-PVDF.webp","width":500,"height":357,"caption":"Csatornamerev\u00edt\u0151 bels\u0151 er\u0151s\u00edt\u00e9s PVC-U PPs PPs-EL PP-H PE-HD PVDF"},{"@type":"BreadcrumbList","@id":"https:\/\/www.akuplastics.com\/hu\/csatornamerevito\/#breadcrumb","itemListElement":[{"@type":"ListItem","position":1,"name":"Kezd\u0151lap","item":"https:\/\/www.akuplastics.com\/hu\/"},{"@type":"ListItem","position":2,"name":"Csatornamerev\u00edt\u0151"}]},{"@type":"WebSite","@id":"https:\/\/www.akuplastics.com\/hu\/#website","url":"https:\/\/www.akuplastics.com\/hu\/","name":"Semi-Finished Products \u2013 Finished Parts \u2013 Ventilation Moulded Parts \u2013 Machines","description":"Halbzeuge, Halbfabrikate, Kunststoffhalbzeuge, Kunststoffhalbfabrikate","publisher":{"@id":"https:\/\/www.akuplastics.com\/hu\/#organization"},"alternateName":"AKUPLASTICS \u2013 Engineering in Plastics","potentialAction":[{"@type":"SearchAction","target":{"@type":"EntryPoint","urlTemplate":"https:\/\/www.akuplastics.com\/hu\/?s={search_term_string}"},"query-input":{"@type":"PropertyValueSpecification","valueRequired":true,"valueName":"search_term_string"}}],"inLanguage":"hu"},{"@type":"Organization","@id":"https:\/\/www.akuplastics.com\/hu\/#organization","name":"Ing. Christian Ahlborn e.U.","alternateName":"AKU","url":"https:\/\/www.akuplastics.com\/hu\/","logo":{"@type":"ImageObject","inLanguage":"hu","@id":"https:\/\/www.akuplastics.com\/hu\/#\/schema\/logo\/image\/","url":"https:\/\/www.akuplastics.com\/wp-content\/uploads\/2020\/07\/Grafik14-inkl-r.png","contentUrl":"https:\/\/www.akuplastics.com\/wp-content\/uploads\/2020\/07\/Grafik14-inkl-r.png","width":1994,"height":743,"caption":"Ing. Christian Ahlborn e.U."},"image":{"@id":"https:\/\/www.akuplastics.com\/hu\/#\/schema\/logo\/image\/"}}]}},"_links":{"self":[{"href":"https:\/\/www.akuplastics.com\/hu\/wp-json\/wp\/v2\/pages\/30934","targetHints":{"allow":["GET"]}}],"collection":[{"href":"https:\/\/www.akuplastics.com\/hu\/wp-json\/wp\/v2\/pages"}],"about":[{"href":"https:\/\/www.akuplastics.com\/hu\/wp-json\/wp\/v2\/types\/page"}],"author":[{"embeddable":true,"href":"https:\/\/www.akuplastics.com\/hu\/wp-json\/wp\/v2\/users\/3"}],"replies":[{"embeddable":true,"href":"https:\/\/www.akuplastics.com\/hu\/wp-json\/wp\/v2\/comments?post=30934"}],"version-history":[{"count":4,"href":"https:\/\/www.akuplastics.com\/hu\/wp-json\/wp\/v2\/pages\/30934\/revisions"}],"predecessor-version":[{"id":30944,"href":"https:\/\/www.akuplastics.com\/hu\/wp-json\/wp\/v2\/pages\/30934\/revisions\/30944"}],"wp:featuredmedia":[{"embeddable":true,"href":"https:\/\/www.akuplastics.com\/hu\/wp-json\/wp\/v2\/media\/30746"}],"wp:attachment":[{"href":"https:\/\/www.akuplastics.com\/hu\/wp-json\/wp\/v2\/media?parent=30934"}],"curies":[{"name":"wp","href":"https:\/\/api.w.org\/{rel}","templated":true}]}}