{"id":30597,"date":"2025-10-29T08:26:07","date_gmt":"2025-10-29T07:26:07","guid":{"rendered":"https:\/\/www.akuplastics.com\/befuvo-es-elszivo-racsok\/"},"modified":"2025-10-29T11:31:20","modified_gmt":"2025-10-29T10:31:20","slug":"befuvo-es-elszivo-racsok","status":"publish","type":"page","link":"https:\/\/www.akuplastics.com\/hu\/befuvo-es-elszivo-racsok\/","title":{"rendered":"Bef\u00fav\u00f3- \u00e9s elsz\u00edv\u00f3 r\u00e1csok"},"content":{"rendered":"\t\t<div data-elementor-type=\"wp-page\" data-elementor-id=\"30597\" class=\"elementor elementor-30597 elementor-30290\" data-elementor-post-type=\"page\">\n\t\t\t\t\t\t<section class=\"elementor-section elementor-top-section elementor-element elementor-element-6025abb3 elementor-section-full_width elementor-section-height-default elementor-section-height-default\" data-id=\"6025abb3\" data-element_type=\"section\" data-e-type=\"section\" data-settings=\"{&quot;background_background&quot;:&quot;gradient&quot;}\">\n\t\t\t\t\t\t<div class=\"elementor-container elementor-column-gap-default\">\n\t\t\t\t\t<div class=\"elementor-column elementor-col-100 elementor-top-column elementor-element elementor-element-c978d9b\" data-id=\"c978d9b\" data-element_type=\"column\" data-e-type=\"column\">\n\t\t\t<div class=\"elementor-widget-wrap elementor-element-populated\">\n\t\t\t\t\t\t<section class=\"elementor-section elementor-inner-section elementor-element elementor-element-1ead80f elementor-section-boxed elementor-section-height-default elementor-section-height-default\" data-id=\"1ead80f\" data-element_type=\"section\" data-e-type=\"section\">\n\t\t\t\t\t\t<div class=\"elementor-container elementor-column-gap-default\">\n\t\t\t\t\t<div class=\"elementor-column elementor-col-100 elementor-inner-column elementor-element elementor-element-97f2d40\" data-id=\"97f2d40\" data-element_type=\"column\" data-e-type=\"column\">\n\t\t\t<div class=\"elementor-widget-wrap elementor-element-populated\">\n\t\t\t\t\t\t<div class=\"elementor-element elementor-element-5288b20 elementor-widget__width-initial elementor-widget elementor-widget-text-editor\" data-id=\"5288b20\" data-element_type=\"widget\" data-e-type=\"widget\" data-widget_type=\"text-editor.default\">\n\t\t\t\t<div class=\"elementor-widget-container\">\n\t\t\t\t\t\t\t\t\t<h1 class=\"csc-firstHeader\" style=\"text-align: left;\">Bef\u00fav\u00f3- \u00e9s elsz\u00edv\u00f3 r\u00e1cs PVC, sz\u00f6gletes, elsz\u00edv\u00f3 rendszerbe t\u00f6rt\u00e9n\u0151 szerel\u00e9shez<\/h1>\t\t\t\t\t\t\t\t<\/div>\n\t\t\t\t<\/div>\n\t\t\t\t<div class=\"elementor-element elementor-element-843282f elementor-widget__width-initial elementor-widget elementor-widget-text-editor\" data-id=\"843282f\" data-element_type=\"widget\" data-e-type=\"widget\" data-widget_type=\"text-editor.default\">\n\t\t\t\t<div class=\"elementor-widget-container\">\n\t\t\t\t\t\t\t\t\t<p style=\"text-align: left;\"><strong>PVC LG-A<\/strong><\/p><p style=\"text-align: left;\">Bef\u00fav\u00f3- \u00e9s elsz\u00edv\u00f3 r\u00e1cs LG-A m\u0171anyag idom, sz\u00f6gletes, elsz\u00edv\u00f3 rendszerbe t\u00f6rt\u00e9n\u0151 szerel\u00e9shez<\/p><p style=\"text-align: left;\">Egyedileg \u00e1ll\u00edthat\u00f3 el\u00fcls\u0151 lamell\u00e1kkal, s\u00fcllyesztett furatok csavaros r\u00f6gz\u00edt\u00e9shez, kerek elsz\u00edv\u00f3vezet\u00e9kbe t\u00f6rt\u00e9n\u0151 szerel\u00e9shez adapterkeret sz\u00fcks\u00e9ges.<\/p><p> <\/p><p style=\"text-align: left;\"><strong>PVC LG-C<\/strong><br>Bef\u00fav\u00f3- \u00e9s elsz\u00edv\u00f3 r\u00e1cs LG-C m\u0171anyag idom, sz\u00f6gletes, elsz\u00edv\u00f3 rendszerbe t\u00f6rt\u00e9n\u0151 szerel\u00e9shez<\/p><p style=\"text-align: left;\">Egyedileg \u00e1ll\u00edthat\u00f3 el\u00fcls\u0151 lamell\u00e1kkal \u00e9s h\u00e1tul elhelyezked\u0151, egyedileg \u00e1ll\u00edthat\u00f3 terel\u0151lamell\u00e1kkal, s\u00fcllyesztett furatok csavaros r\u00f6gz\u00edt\u00e9shez, kerek elsz\u00edv\u00f3vezet\u00e9kbe t\u00f6rt\u00e9n\u0151 szerel\u00e9shez adapterkeret sz\u00fcks\u00e9ges. <\/p>\t\t\t\t\t\t\t\t<\/div>\n\t\t\t\t<\/div>\n\t\t\t\t<div class=\"elementor-element elementor-element-b534910 elementor-widget__width-initial elementor-widget elementor-widget-text-editor\" data-id=\"b534910\" data-element_type=\"widget\" data-e-type=\"widget\" data-widget_type=\"text-editor.default\">\n\t\t\t\t<div class=\"elementor-widget-container\">\n\t\t\t\t\t\t\t\t\t<p style=\"text-align: left;\"> <\/p><p style=\"text-align: left;\">Lehets\u00e9ges negat\u00edv t\u00falnyom\u00e1s k\u00e9r\u00e9sre, mechanikai, k\u00e9miai \u00e9s termikus terhel\u00e9s ut\u00e1n.<\/p>\t\t\t\t\t\t\t\t<\/div>\n\t\t\t\t<\/div>\n\t\t\t\t<div class=\"elementor-element elementor-element-5a28bf2 elementor-widget__width-initial elementor-widget elementor-widget-text-editor\" data-id=\"5a28bf2\" data-element_type=\"widget\" data-e-type=\"widget\" data-widget_type=\"text-editor.default\">\n\t\t\t\t<div class=\"elementor-widget-container\">\n\t\t\t\t\t\t\t\t\t<table border=\"0\" width=\"160\" cellspacing=\"0\" cellpadding=\"0\"><tbody><tr><td colspan=\"2\" width=\"160\" height=\"21\">PVC<\/td><\/tr><tr><td width=\"80\" height=\"22\">Sz<\/td><td width=\"80\">M<\/td><\/tr><tr><td width=\"80\" height=\"22\">300<\/td><td width=\"80\">100<\/td><\/tr><tr><td width=\"80\" height=\"21\">400<\/td><td width=\"80\">100<\/td><\/tr><tr><td width=\"80\" height=\"21\">500<\/td><td width=\"80\">100<\/td><\/tr><tr><td width=\"80\" height=\"21\">600<\/td><td width=\"80\">100<\/td><\/tr><tr><td width=\"80\" height=\"21\">300<\/td><td width=\"80\">150<\/td><\/tr><tr><td width=\"80\" height=\"21\">400<\/td><td width=\"80\">150<\/td><\/tr><tr><td width=\"80\" height=\"21\">500<\/td><td width=\"80\">150<\/td><\/tr><tr><td width=\"80\" height=\"21\">600<\/td><td width=\"80\">150<\/td><\/tr><tr><td width=\"80\" height=\"21\">300<\/td><td width=\"80\">200<\/td><\/tr><tr><td width=\"80\" height=\"21\">400<\/td><td width=\"80\">200<\/td><\/tr><tr><td width=\"80\" height=\"21\">500<\/td><td width=\"80\">200<\/td><\/tr><tr><td width=\"80\" height=\"21\">600<\/td><td width=\"80\">200<\/td><\/tr><tr><td width=\"80\" height=\"21\">300<\/td><td width=\"80\">250<\/td><\/tr><tr><td width=\"80\" height=\"21\">400<\/td><td width=\"80\">250<\/td><\/tr><tr><td width=\"80\" height=\"21\">500<\/td><td width=\"80\">250<\/td><\/tr><tr><td width=\"80\" height=\"61\">600<\/td><td width=\"80\">250<\/td><\/tr><\/tbody><\/table>\t\t\t\t\t\t\t\t<\/div>\n\t\t\t\t<\/div>\n\t\t\t\t\t<\/div>\n\t\t<\/div>\n\t\t\t\t<div class=\"elementor-column elementor-col-50 elementor-inner-column elementor-element elementor-element-97bb919\" data-id=\"97bb919\" data-element_type=\"column\" data-e-type=\"column\">\n\t\t\t<div class=\"elementor-widget-wrap elementor-element-populated\">\n\t\t\t\t\t\t<div class=\"elementor-element elementor-element-1a349e7 elementor-widget elementor-widget-image\" data-id=\"1a349e7\" data-element_type=\"widget\" data-e-type=\"widget\" data-widget_type=\"image.default\">\n\t\t\t\t<div class=\"elementor-widget-container\">\n\t\t\t\t\t\t\t\t\t\t\t\t<figure class=\"wp-caption\">\n\t\t\t\t\t\t\t\t\t\t<img loading=\"lazy\" decoding=\"async\" width=\"207\" height=\"300\" src=\"https:\/\/www.akuplastics.com\/wp-content\/uploads\/2025\/10\/Zu-und-Abluftgitter-PVC-LG-A-207x300.webp\" class=\"attachment-medium size-medium wp-image-30582\" alt=\"Bef\u00fav\u00f3- \u00e9s elsz\u00edv\u00f3 r\u00e1cs PVC LG-A\" srcset=\"https:\/\/www.akuplastics.com\/wp-content\/uploads\/2025\/10\/Zu-und-Abluftgitter-PVC-LG-A-207x300.webp 207w, https:\/\/www.akuplastics.com\/wp-content\/uploads\/2025\/10\/Zu-und-Abluftgitter-PVC-LG-A.webp 500w\" sizes=\"auto, (max-width: 207px) 100vw, 207px\" \/>\t\t\t\t\t\t\t\t\t\t\t<figcaption class=\"widget-image-caption wp-caption-text\">Bef\u00fav\u00f3- \u00e9s elsz\u00edv\u00f3 r\u00e1cs PVC LG-A<\/figcaption>\n\t\t\t\t\t\t\t\t\t\t<\/figure>\n\t\t\t\t\t\t\t\t\t<\/div>\n\t\t\t\t<\/div>\n\t\t\t\t<div class=\"elementor-element elementor-element-f3d0cb4 elementor-widget elementor-widget-image\" data-id=\"f3d0cb4\" data-element_type=\"widget\" data-e-type=\"widget\" data-widget_type=\"image.default\">\n\t\t\t\t<div class=\"elementor-widget-container\">\n\t\t\t\t\t\t\t\t\t\t\t\t<figure class=\"wp-caption\">\n\t\t\t\t\t\t\t\t\t\t<img loading=\"lazy\" decoding=\"async\" width=\"207\" height=\"300\" src=\"https:\/\/www.akuplastics.com\/wp-content\/uploads\/2025\/10\/Zu-und-Abluftgitter-PVC-LG-C-207x300.webp\" class=\"attachment-medium size-medium wp-image-30583\" alt=\"Bef\u00fav\u00f3- \u00e9s elsz\u00edv\u00f3 r\u00e1cs PVC LG-C\" srcset=\"https:\/\/www.akuplastics.com\/wp-content\/uploads\/2025\/10\/Zu-und-Abluftgitter-PVC-LG-C-207x300.webp 207w, https:\/\/www.akuplastics.com\/wp-content\/uploads\/2025\/10\/Zu-und-Abluftgitter-PVC-LG-C.webp 500w\" sizes=\"auto, (max-width: 207px) 100vw, 207px\" \/>\t\t\t\t\t\t\t\t\t\t\t<figcaption class=\"widget-image-caption wp-caption-text\">Bef\u00fav\u00f3- \u00e9s elsz\u00edv\u00f3 r\u00e1cs PVC LG-C<\/figcaption>\n\t\t\t\t\t\t\t\t\t\t<\/figure>\n\t\t\t\t\t\t\t\t\t<\/div>\n\t\t\t\t<\/div>\n\t\t\t\t\t<\/div>\n\t\t<\/div>\n\t\t\t\t\t<\/div>\n\t\t<\/section>\n\t\t\t\t\t<\/div>\n\t\t<\/div>\n\t\t\t\t\t<\/div>\n\t\t<\/section>\n\t\t\t\t<\/div>\n\t\t","protected":false},"excerpt":{"rendered":"<p>Bef\u00fav\u00f3- \u00e9s elsz\u00edv\u00f3 r\u00e1cs PVC, sz\u00f6gletes, elsz\u00edv\u00f3 rendszerbe t\u00f6rt\u00e9n\u0151 szerel\u00e9shez PVC LG-A Bef\u00fav\u00f3- \u00e9s elsz\u00edv\u00f3 r\u00e1cs LG-A m\u0171anyag idom, sz\u00f6gletes, elsz\u00edv\u00f3 rendszerbe t\u00f6rt\u00e9n\u0151 szerel\u00e9shez Egyedileg \u00e1ll\u00edthat\u00f3 el\u00fcls\u0151 lamell\u00e1kkal, s\u00fcllyesztett furatok csavaros r\u00f6gz\u00edt\u00e9shez, kerek elsz\u00edv\u00f3vezet\u00e9kbe t\u00f6rt\u00e9n\u0151 szerel\u00e9shez adapterkeret sz\u00fcks\u00e9ges. PVC LG-CBef\u00fav\u00f3- \u00e9s elsz\u00edv\u00f3 r\u00e1cs LG-C m\u0171anyag idom, sz\u00f6gletes, elsz\u00edv\u00f3 rendszerbe t\u00f6rt\u00e9n\u0151 szerel\u00e9shez Egyedileg \u00e1ll\u00edthat\u00f3 el\u00fcls\u0151 lamell\u00e1kkal [&hellip;]<\/p>\n","protected":false},"author":3,"featured_media":30582,"parent":0,"menu_order":0,"comment_status":"closed","ping_status":"closed","template":"","meta":{"iawp_total_views":0,"footnotes":""},"class_list":["post-30597","page","type-page","status-publish","has-post-thumbnail","hentry"],"yoast_head":"<!-- This site is optimized with the Yoast SEO Premium plugin v27.4 (Yoast SEO v27.5) - https:\/\/yoast.com\/product\/yoast-seo-premium-wordpress\/ -->\n<title>Bef\u00fav\u00f3 elsz\u00edv\u00f3 r\u00e1cs PVC PVC PVC feh\u00e9r<\/title>\n<meta name=\"description\" content=\"PVC bef\u00fav\u00f3- \u00e9s elsz\u00edv\u00f3 r\u00e1cs LG-A m\u0171anyag idom, sz\u00f6gletes, elsz\u00edv\u00f3 rendszerbe t\u00f6rt\u00e9n\u0151 szerel\u00e9shez. Egyedileg \u00e1ll\u00edthat\u00f3 el\u00fcls\u0151 lamell\u00e1kkal, s\u00fcllyesztett furatok csavaros r\u00f6gz\u00edt\u00e9shez, kerek elsz\u00edv\u00f3vezet\u00e9kbe t\u00f6rt\u00e9n\u0151 szerel\u00e9shez adapterkeret sz\u00fcks\u00e9ges.\" \/>\n<meta name=\"robots\" content=\"index, follow, max-snippet:-1, max-image-preview:large, max-video-preview:-1\" \/>\n<link rel=\"canonical\" href=\"https:\/\/www.akuplastics.com\/hu\/befuvo-es-elszivo-racsok\/\" \/>\n<script type=\"application\/ld+json\" class=\"yoast-schema-graph\">{\"@context\":\"https:\\\/\\\/schema.org\",\"@graph\":[{\"@type\":\"WebPage\",\"@id\":\"https:\\\/\\\/www.akuplastics.com\\\/hu\\\/befuvo-es-elszivo-racsok\\\/\",\"url\":\"https:\\\/\\\/www.akuplastics.com\\\/hu\\\/befuvo-es-elszivo-racsok\\\/\",\"name\":\"Bef\u00fav\u00f3 elsz\u00edv\u00f3 r\u00e1cs PVC PVC PVC feh\u00e9r\",\"isPartOf\":{\"@id\":\"https:\\\/\\\/www.akuplastics.com\\\/hu\\\/#website\"},\"primaryImageOfPage\":{\"@id\":\"https:\\\/\\\/www.akuplastics.com\\\/hu\\\/befuvo-es-elszivo-racsok\\\/#primaryimage\"},\"image\":{\"@id\":\"https:\\\/\\\/www.akuplastics.com\\\/hu\\\/befuvo-es-elszivo-racsok\\\/#primaryimage\"},\"thumbnailUrl\":\"https:\\\/\\\/www.akuplastics.com\\\/wp-content\\\/uploads\\\/2025\\\/10\\\/Zu-und-Abluftgitter-PVC-LG-A.webp\",\"datePublished\":\"2025-10-29T07:26:07+00:00\",\"dateModified\":\"2025-10-29T10:31:20+00:00\",\"description\":\"PVC bef\u00fav\u00f3- \u00e9s elsz\u00edv\u00f3 r\u00e1cs LG-A m\u0171anyag idom, sz\u00f6gletes, elsz\u00edv\u00f3 rendszerbe t\u00f6rt\u00e9n\u0151 szerel\u00e9shez. Egyedileg \u00e1ll\u00edthat\u00f3 el\u00fcls\u0151 lamell\u00e1kkal, s\u00fcllyesztett furatok csavaros r\u00f6gz\u00edt\u00e9shez, kerek elsz\u00edv\u00f3vezet\u00e9kbe t\u00f6rt\u00e9n\u0151 szerel\u00e9shez adapterkeret sz\u00fcks\u00e9ges.\",\"breadcrumb\":{\"@id\":\"https:\\\/\\\/www.akuplastics.com\\\/hu\\\/befuvo-es-elszivo-racsok\\\/#breadcrumb\"},\"inLanguage\":\"hu\",\"potentialAction\":[{\"@type\":\"ReadAction\",\"target\":[\"https:\\\/\\\/www.akuplastics.com\\\/hu\\\/befuvo-es-elszivo-racsok\\\/\"]}]},{\"@type\":\"ImageObject\",\"inLanguage\":\"hu\",\"@id\":\"https:\\\/\\\/www.akuplastics.com\\\/hu\\\/befuvo-es-elszivo-racsok\\\/#primaryimage\",\"url\":\"https:\\\/\\\/www.akuplastics.com\\\/wp-content\\\/uploads\\\/2025\\\/10\\\/Zu-und-Abluftgitter-PVC-LG-A.webp\",\"contentUrl\":\"https:\\\/\\\/www.akuplastics.com\\\/wp-content\\\/uploads\\\/2025\\\/10\\\/Zu-und-Abluftgitter-PVC-LG-A.webp\",\"width\":500,\"height\":723,\"caption\":\"Bef\u00fav\u00f3- \u00e9s elsz\u00edv\u00f3 r\u00e1cs PVC LG-A\"},{\"@type\":\"BreadcrumbList\",\"@id\":\"https:\\\/\\\/www.akuplastics.com\\\/hu\\\/befuvo-es-elszivo-racsok\\\/#breadcrumb\",\"itemListElement\":[{\"@type\":\"ListItem\",\"position\":1,\"name\":\"Kezd\u0151lap\",\"item\":\"https:\\\/\\\/www.akuplastics.com\\\/hu\\\/\"},{\"@type\":\"ListItem\",\"position\":2,\"name\":\"Bef\u00fav\u00f3- \u00e9s elsz\u00edv\u00f3 r\u00e1csok\"}]},{\"@type\":\"WebSite\",\"@id\":\"https:\\\/\\\/www.akuplastics.com\\\/hu\\\/#website\",\"url\":\"https:\\\/\\\/www.akuplastics.com\\\/hu\\\/\",\"name\":\"Semi-Finished Products \u2013 Finished Parts \u2013 Ventilation Moulded Parts \u2013 Machines\",\"description\":\"Halbzeuge, Halbfabrikate, Kunststoffhalbzeuge, Kunststoffhalbfabrikate\",\"publisher\":{\"@id\":\"https:\\\/\\\/www.akuplastics.com\\\/hu\\\/#organization\"},\"alternateName\":\"AKUPLASTICS \u2013 Engineering in Plastics\",\"potentialAction\":[{\"@type\":\"SearchAction\",\"target\":{\"@type\":\"EntryPoint\",\"urlTemplate\":\"https:\\\/\\\/www.akuplastics.com\\\/hu\\\/?s={search_term_string}\"},\"query-input\":{\"@type\":\"PropertyValueSpecification\",\"valueRequired\":true,\"valueName\":\"search_term_string\"}}],\"inLanguage\":\"hu\"},{\"@type\":\"Organization\",\"@id\":\"https:\\\/\\\/www.akuplastics.com\\\/hu\\\/#organization\",\"name\":\"Ing. Christian Ahlborn e.U.\",\"alternateName\":\"AKU\",\"url\":\"https:\\\/\\\/www.akuplastics.com\\\/hu\\\/\",\"logo\":{\"@type\":\"ImageObject\",\"inLanguage\":\"hu\",\"@id\":\"https:\\\/\\\/www.akuplastics.com\\\/hu\\\/#\\\/schema\\\/logo\\\/image\\\/\",\"url\":\"https:\\\/\\\/www.akuplastics.com\\\/wp-content\\\/uploads\\\/2020\\\/07\\\/Grafik14-inkl-r.png\",\"contentUrl\":\"https:\\\/\\\/www.akuplastics.com\\\/wp-content\\\/uploads\\\/2020\\\/07\\\/Grafik14-inkl-r.png\",\"width\":1994,\"height\":743,\"caption\":\"Ing. Christian Ahlborn e.U.\"},\"image\":{\"@id\":\"https:\\\/\\\/www.akuplastics.com\\\/hu\\\/#\\\/schema\\\/logo\\\/image\\\/\"}}]}<\/script>\n<!-- \/ Yoast SEO Premium plugin. -->","yoast_head_json":{"title":"Bef\u00fav\u00f3 elsz\u00edv\u00f3 r\u00e1cs PVC PVC PVC feh\u00e9r","description":"PVC bef\u00fav\u00f3- \u00e9s elsz\u00edv\u00f3 r\u00e1cs LG-A m\u0171anyag idom, sz\u00f6gletes, elsz\u00edv\u00f3 rendszerbe t\u00f6rt\u00e9n\u0151 szerel\u00e9shez. Egyedileg \u00e1ll\u00edthat\u00f3 el\u00fcls\u0151 lamell\u00e1kkal, s\u00fcllyesztett furatok csavaros r\u00f6gz\u00edt\u00e9shez, kerek elsz\u00edv\u00f3vezet\u00e9kbe t\u00f6rt\u00e9n\u0151 szerel\u00e9shez adapterkeret sz\u00fcks\u00e9ges.","robots":{"index":"index","follow":"follow","max-snippet":"max-snippet:-1","max-image-preview":"max-image-preview:large","max-video-preview":"max-video-preview:-1"},"canonical":"https:\/\/www.akuplastics.com\/hu\/befuvo-es-elszivo-racsok\/","schema":{"@context":"https:\/\/schema.org","@graph":[{"@type":"WebPage","@id":"https:\/\/www.akuplastics.com\/hu\/befuvo-es-elszivo-racsok\/","url":"https:\/\/www.akuplastics.com\/hu\/befuvo-es-elszivo-racsok\/","name":"Bef\u00fav\u00f3 elsz\u00edv\u00f3 r\u00e1cs PVC PVC PVC feh\u00e9r","isPartOf":{"@id":"https:\/\/www.akuplastics.com\/hu\/#website"},"primaryImageOfPage":{"@id":"https:\/\/www.akuplastics.com\/hu\/befuvo-es-elszivo-racsok\/#primaryimage"},"image":{"@id":"https:\/\/www.akuplastics.com\/hu\/befuvo-es-elszivo-racsok\/#primaryimage"},"thumbnailUrl":"https:\/\/www.akuplastics.com\/wp-content\/uploads\/2025\/10\/Zu-und-Abluftgitter-PVC-LG-A.webp","datePublished":"2025-10-29T07:26:07+00:00","dateModified":"2025-10-29T10:31:20+00:00","description":"PVC bef\u00fav\u00f3- \u00e9s elsz\u00edv\u00f3 r\u00e1cs LG-A m\u0171anyag idom, sz\u00f6gletes, elsz\u00edv\u00f3 rendszerbe t\u00f6rt\u00e9n\u0151 szerel\u00e9shez. Egyedileg \u00e1ll\u00edthat\u00f3 el\u00fcls\u0151 lamell\u00e1kkal, s\u00fcllyesztett furatok csavaros r\u00f6gz\u00edt\u00e9shez, kerek elsz\u00edv\u00f3vezet\u00e9kbe t\u00f6rt\u00e9n\u0151 szerel\u00e9shez adapterkeret sz\u00fcks\u00e9ges.","breadcrumb":{"@id":"https:\/\/www.akuplastics.com\/hu\/befuvo-es-elszivo-racsok\/#breadcrumb"},"inLanguage":"hu","potentialAction":[{"@type":"ReadAction","target":["https:\/\/www.akuplastics.com\/hu\/befuvo-es-elszivo-racsok\/"]}]},{"@type":"ImageObject","inLanguage":"hu","@id":"https:\/\/www.akuplastics.com\/hu\/befuvo-es-elszivo-racsok\/#primaryimage","url":"https:\/\/www.akuplastics.com\/wp-content\/uploads\/2025\/10\/Zu-und-Abluftgitter-PVC-LG-A.webp","contentUrl":"https:\/\/www.akuplastics.com\/wp-content\/uploads\/2025\/10\/Zu-und-Abluftgitter-PVC-LG-A.webp","width":500,"height":723,"caption":"Bef\u00fav\u00f3- \u00e9s elsz\u00edv\u00f3 r\u00e1cs PVC LG-A"},{"@type":"BreadcrumbList","@id":"https:\/\/www.akuplastics.com\/hu\/befuvo-es-elszivo-racsok\/#breadcrumb","itemListElement":[{"@type":"ListItem","position":1,"name":"Kezd\u0151lap","item":"https:\/\/www.akuplastics.com\/hu\/"},{"@type":"ListItem","position":2,"name":"Bef\u00fav\u00f3- \u00e9s elsz\u00edv\u00f3 r\u00e1csok"}]},{"@type":"WebSite","@id":"https:\/\/www.akuplastics.com\/hu\/#website","url":"https:\/\/www.akuplastics.com\/hu\/","name":"Semi-Finished Products \u2013 Finished Parts \u2013 Ventilation Moulded Parts \u2013 Machines","description":"Halbzeuge, Halbfabrikate, Kunststoffhalbzeuge, Kunststoffhalbfabrikate","publisher":{"@id":"https:\/\/www.akuplastics.com\/hu\/#organization"},"alternateName":"AKUPLASTICS \u2013 Engineering in Plastics","potentialAction":[{"@type":"SearchAction","target":{"@type":"EntryPoint","urlTemplate":"https:\/\/www.akuplastics.com\/hu\/?s={search_term_string}"},"query-input":{"@type":"PropertyValueSpecification","valueRequired":true,"valueName":"search_term_string"}}],"inLanguage":"hu"},{"@type":"Organization","@id":"https:\/\/www.akuplastics.com\/hu\/#organization","name":"Ing. Christian Ahlborn e.U.","alternateName":"AKU","url":"https:\/\/www.akuplastics.com\/hu\/","logo":{"@type":"ImageObject","inLanguage":"hu","@id":"https:\/\/www.akuplastics.com\/hu\/#\/schema\/logo\/image\/","url":"https:\/\/www.akuplastics.com\/wp-content\/uploads\/2020\/07\/Grafik14-inkl-r.png","contentUrl":"https:\/\/www.akuplastics.com\/wp-content\/uploads\/2020\/07\/Grafik14-inkl-r.png","width":1994,"height":743,"caption":"Ing. Christian Ahlborn e.U."},"image":{"@id":"https:\/\/www.akuplastics.com\/hu\/#\/schema\/logo\/image\/"}}]}},"_links":{"self":[{"href":"https:\/\/www.akuplastics.com\/hu\/wp-json\/wp\/v2\/pages\/30597","targetHints":{"allow":["GET"]}}],"collection":[{"href":"https:\/\/www.akuplastics.com\/hu\/wp-json\/wp\/v2\/pages"}],"about":[{"href":"https:\/\/www.akuplastics.com\/hu\/wp-json\/wp\/v2\/types\/page"}],"author":[{"embeddable":true,"href":"https:\/\/www.akuplastics.com\/hu\/wp-json\/wp\/v2\/users\/3"}],"replies":[{"embeddable":true,"href":"https:\/\/www.akuplastics.com\/hu\/wp-json\/wp\/v2\/comments?post=30597"}],"version-history":[{"count":4,"href":"https:\/\/www.akuplastics.com\/hu\/wp-json\/wp\/v2\/pages\/30597\/revisions"}],"predecessor-version":[{"id":30609,"href":"https:\/\/www.akuplastics.com\/hu\/wp-json\/wp\/v2\/pages\/30597\/revisions\/30609"}],"wp:featuredmedia":[{"embeddable":true,"href":"https:\/\/www.akuplastics.com\/hu\/wp-json\/wp\/v2\/media\/30582"}],"wp:attachment":[{"href":"https:\/\/www.akuplastics.com\/hu\/wp-json\/wp\/v2\/media?parent=30597"}],"curies":[{"name":"wp","href":"https:\/\/api.w.org\/{rel}","templated":true}]}}