{"id":29284,"date":"2025-10-27T16:23:22","date_gmt":"2025-10-27T15:23:22","guid":{"rendered":"https:\/\/www.akuplastics.com\/fojto-es-elzarocsappantyuk\/"},"modified":"2025-10-27T16:42:17","modified_gmt":"2025-10-27T15:42:17","slug":"fojto-es-elzarocsappantyuk","status":"publish","type":"page","link":"https:\/\/www.akuplastics.com\/hu\/fojto-es-elzarocsappantyuk\/","title":{"rendered":"Fojt\u00f3- \u00e9s elz\u00e1r\u00f3csappanty\u00fak"},"content":{"rendered":"\t\t<div data-elementor-type=\"wp-page\" data-elementor-id=\"29284\" class=\"elementor elementor-29284 elementor-29208\" data-elementor-post-type=\"page\">\n\t\t\t\t\t\t<section class=\"elementor-section elementor-top-section elementor-element elementor-element-6025abb3 elementor-section-full_width elementor-section-height-default elementor-section-height-default\" data-id=\"6025abb3\" data-element_type=\"section\" data-e-type=\"section\" data-settings=\"{&quot;background_background&quot;:&quot;gradient&quot;}\">\n\t\t\t\t\t\t<div class=\"elementor-container elementor-column-gap-default\">\n\t\t\t\t\t<div class=\"elementor-column elementor-col-100 elementor-top-column elementor-element elementor-element-c978d9b\" data-id=\"c978d9b\" data-element_type=\"column\" data-e-type=\"column\">\n\t\t\t<div class=\"elementor-widget-wrap elementor-element-populated\">\n\t\t\t\t\t\t<section class=\"elementor-section elementor-inner-section elementor-element elementor-element-1ead80f elementor-section-boxed elementor-section-height-default elementor-section-height-default\" data-id=\"1ead80f\" data-element_type=\"section\" data-e-type=\"section\">\n\t\t\t\t\t\t<div class=\"elementor-container elementor-column-gap-default\">\n\t\t\t\t\t<div class=\"elementor-column elementor-col-100 elementor-inner-column elementor-element elementor-element-97f2d40\" data-id=\"97f2d40\" data-element_type=\"column\" data-e-type=\"column\">\n\t\t\t<div class=\"elementor-widget-wrap elementor-element-populated\">\n\t\t\t\t\t\t<div class=\"elementor-element elementor-element-5288b20 elementor-widget__width-initial elementor-widget elementor-widget-text-editor\" data-id=\"5288b20\" data-element_type=\"widget\" data-e-type=\"widget\" data-widget_type=\"text-editor.default\">\n\t\t\t\t<div class=\"elementor-widget-container\">\n\t\t\t\t\t\t\t\t\t<h1 style=\"text-align: left;\">Fojt\u00f3- \u00e9s elz\u00e1r\u00f3 pillang\u00f3szelepek PVC-U, PPs, PPs-EL, PP-H, PE-HD, PVDF anyagb\u00f3l<\/h1>\t\t\t\t\t\t\t\t<\/div>\n\t\t\t\t<\/div>\n\t\t\t\t<div class=\"elementor-element elementor-element-843282f elementor-widget__width-initial elementor-widget elementor-widget-text-editor\" data-id=\"843282f\" data-element_type=\"widget\" data-e-type=\"widget\" data-widget_type=\"text-editor.default\">\n\t\t\t\t<div class=\"elementor-widget-container\">\n\t\t\t\t\t\t\t\t\t<p style=\"text-align: left;\">Elz\u00e1r\u00f3csappanty\u00fa k\u00e9zi karral, forgat\u00f3gombbal, fokozatmentes forgat\u00f3gombbal, tokkal vagy karim\u00e1val, kerek m\u0171anyag idom bels\u0151 \u00fctk\u00f6z\u0151vel cs\u00f6vek hegeszt\u00e9si elj\u00e1r\u00e1ssal t\u00f6rt\u00e9n\u0151 \u00f6sszek\u00f6t\u00e9s\u00e9re elsz\u00edv\u00f3rendszerben. Elz\u00e1r\u00f3csappanty\u00fak\u00e9nt t\u00e9rfogat\u00e1ramok be\u00e1ll\u00edt\u00e1s\u00e1ra \u00e9s elz\u00e1r\u00e1s\u00e1ra bels\u0151 EPDM t\u00f6m\u00edt\u00e9ssel. <\/p><p style=\"text-align: left;\">A tok bels\u0151 \u00e1tm\u00e9r\u0151je a DIN 8062 szabv\u00e1ny szerint. Gy\u00e1rt\u00e1si elj\u00e1r\u00e1s: 400 mm \u00e1tm\u00e9r\u0151ig fr\u00f6ccs\u00f6nt\u00f6tt alkatr\u00e9szekb\u0151l k\u00e9sz\u00fcl, 450 mm \u00e1tm\u00e9r\u0151t\u0151l f\u00e9lk\u00e9sz term\u00e9kekb\u0151l k\u00e9sz\u00fcl. <\/p><p style=\"text-align: left;\"> <\/p><p style=\"text-align: left;\">Fojt\u00f3csappanty\u00fa k\u00e9zi karral, forgat\u00f3gombbal, tokkal vagy karim\u00e1val, kerek m\u0171anyag idom bels\u0151 \u00fctk\u00f6z\u0151vel cs\u00f6vek hegeszt\u00e9si elj\u00e1r\u00e1ssal t\u00f6rt\u00e9n\u0151 \u00f6sszek\u00f6t\u00e9s\u00e9re elsz\u00edv\u00f3rendszerben. Fojt\u00f3szelepk\u00e9nt a t\u00e9rfogat\u00e1ramok be\u00e1ll\u00edt\u00e1s\u00e1ra. A tok bels\u0151 \u00e1tm\u00e9r\u0151je a DIN 8062 szabv\u00e1ny szerint.<\/p><p style=\"text-align: left;\">Gy\u00e1rt\u00e1si elj\u00e1r\u00e1s: 400 mm \u00e1tm\u00e9r\u0151ig fr\u00f6ccs\u00f6nt\u00f6tt alkatr\u00e9szekb\u0151l, 450 mm \u00e1tm\u00e9r\u0151t\u0151l f\u00e9lk\u00e9sz term\u00e9kekb\u0151l k\u00e9sz\u00fcl. <\/p>\t\t\t\t\t\t\t\t<\/div>\n\t\t\t\t<\/div>\n\t\t\t\t<div class=\"elementor-element elementor-element-b534910 elementor-widget__width-initial elementor-widget elementor-widget-text-editor\" data-id=\"b534910\" data-element_type=\"widget\" data-e-type=\"widget\" data-widget_type=\"text-editor.default\">\n\t\t\t\t<div class=\"elementor-widget-container\">\n\t\t\t\t\t\t\t\t\t<p style=\"text-align: left;\"> <\/p><p style=\"text-align: left;\">Lehets\u00e9ges negat\u00edv t\u00falnyom\u00e1s k\u00e9r\u00e9sre, mechanikai, k\u00e9miai \u00e9s termikus terhel\u00e9s ut\u00e1n.<\/p>\t\t\t\t\t\t\t\t<\/div>\n\t\t\t\t<\/div>\n\t\t\t\t<div class=\"elementor-element elementor-element-5a28bf2 elementor-widget__width-initial elementor-widget elementor-widget-text-editor\" data-id=\"5a28bf2\" data-element_type=\"widget\" data-e-type=\"widget\" data-widget_type=\"text-editor.default\">\n\t\t\t\t<div class=\"elementor-widget-container\">\n\t\t\t\t\t\t\t\t\t<p style=\"text-align: left;\">El\u00e9rhet\u0151 mint <\/p><p data-start=\"350\" data-end=\"394\"> <\/p><p style=\"text-align: left;\" data-start=\"350\" data-end=\"394\"><strong>Fojt\u00f3szelep foganty\u00faval, k\u00e9toldali karim\u00e1s<\/strong><\/p><p style=\"text-align: left;\" data-start=\"399\" data-end=\"434\"><strong>Fojt\u00f3szelep tokkal \u00e9s forgat\u00f3gombbal<\/strong><\/p><p style=\"text-align: left;\" data-start=\"439\" data-end=\"476\"><strong>Fojt\u00f3szelep karima \u00e9s forgat\u00f3gomb<\/strong><\/p><p style=\"text-align: left;\" data-start=\"481\" data-end=\"528\"><strong>Fojt\u00f3szelep karim\u00e1val \u00e9s fokozatmentes forgat\u00f3gombbal<\/strong><\/p><p style=\"text-align: left;\" data-start=\"533\" data-end=\"578\"><strong>Fojt\u00f3szelep tokkal \u00e9s fokozatmentes forgat\u00f3gombbal<\/strong><\/p><p style=\"text-align: left;\" data-start=\"583\" data-end=\"627\"><strong>Pillang\u00f3szelep k\u00e9zi karral, karim\u00e1s, 15\u00b0-os r\u00f6gz\u00edt\u00e9ssel.<\/strong><\/p><p style=\"text-align: left;\" data-start=\"632\" data-end=\"674\"><strong>Pillang\u00f3szelep forgat\u00f3gombbal, tokkal \u00e9s 15\u00b0-os r\u00f6gz\u00edt\u00e9ssel<\/strong><\/p><p style=\"text-align: left;\" data-start=\"679\" data-end=\"723\"><strong>Pillang\u00f3szelep forgat\u00f3gombos, karim\u00e1s, 15\u00b0-os oszt\u00e1ssal<\/strong><\/p><p style=\"text-align: left;\" data-start=\"728\" data-end=\"780\"><strong>Pillang\u00f3szelep fokozatmentes forgat\u00f3gombbal, tokkal, 15\u00b0-os reteszel\u00e9ssel<\/strong><\/p><p style=\"text-align: left;\" data-start=\"785\" data-end=\"839\"><strong>Pillang\u00f3szelep fokozatmentes forgat\u00f3gombbal, karima, 15\u00b0-os beoszt\u00e1s<\/strong><\/p>\t\t\t\t\t\t\t\t<\/div>\n\t\t\t\t<\/div>\n\t\t\t\t\t<\/div>\n\t\t<\/div>\n\t\t\t\t<div class=\"elementor-column elementor-col-50 elementor-inner-column elementor-element elementor-element-97bb919\" data-id=\"97bb919\" data-element_type=\"column\" data-e-type=\"column\">\n\t\t\t<div class=\"elementor-widget-wrap elementor-element-populated\">\n\t\t\t\t\t\t<div class=\"elementor-element elementor-element-1a349e7 elementor-widget elementor-widget-image\" data-id=\"1a349e7\" data-element_type=\"widget\" data-e-type=\"widget\" data-widget_type=\"image.default\">\n\t\t\t\t<div class=\"elementor-widget-container\">\n\t\t\t\t\t\t\t\t\t\t\t\t<figure class=\"wp-caption\">\n\t\t\t\t\t\t\t\t\t\t<img loading=\"lazy\" decoding=\"async\" width=\"300\" height=\"231\" src=\"https:\/\/www.akuplastics.com\/wp-content\/uploads\/2025\/10\/Drosselklappe-mit-Handhebel-mit-Muffe-300x231.webp\" class=\"attachment-medium size-medium wp-image-28111\" alt=\"Fojt\u00f3szelep, foganty\u00faval, mindk\u00e9t oldalon tokkal, m\u0171anyagb\u00f3l, 15\u00b0-os beoszt\u00e1ssal, PVC feh\u00e9r PVC PPs PP-H PE-HD PP-EL-s PVDF\" srcset=\"https:\/\/www.akuplastics.com\/wp-content\/uploads\/2025\/10\/Drosselklappe-mit-Handhebel-mit-Muffe-300x231.webp 300w, https:\/\/www.akuplastics.com\/wp-content\/uploads\/2025\/10\/Drosselklappe-mit-Handhebel-mit-Muffe.webp 500w\" sizes=\"auto, (max-width: 300px) 100vw, 300px\" \/>\t\t\t\t\t\t\t\t\t\t\t<figcaption class=\"widget-image-caption wp-caption-text\">Fojt\u00f3szelep, foganty\u00faval, mindk\u00e9t oldalon tokkal, m\u0171anyagb\u00f3l, 15\u00b0-os beoszt\u00e1ssal, PVC feh\u00e9r PVC PPs PP-H PE-HD PP-EL-s PVDF<\/figcaption>\n\t\t\t\t\t\t\t\t\t\t<\/figure>\n\t\t\t\t\t\t\t\t\t<\/div>\n\t\t\t\t<\/div>\n\t\t\t\t<div class=\"elementor-element elementor-element-e1f56d4 elementor-widget elementor-widget-image\" data-id=\"e1f56d4\" data-element_type=\"widget\" data-e-type=\"widget\" data-widget_type=\"image.default\">\n\t\t\t\t<div class=\"elementor-widget-container\">\n\t\t\t\t\t\t\t\t\t\t\t\t<figure class=\"wp-caption\">\n\t\t\t\t\t\t\t\t\t\t<img loading=\"lazy\" decoding=\"async\" width=\"300\" height=\"245\" src=\"https:\/\/www.akuplastics.com\/wp-content\/uploads\/2025\/10\/Drosselklappe-mit-Drehknopf-stufenlos-und-Flansch-300x245.webp\" class=\"attachment-medium size-medium wp-image-28239\" alt=\"Fojt\u00f3szelep forg\u00f3gombbal, 15\u00b0-os r\u00f6gz\u00edt\u00e9ssel, illetve fokozatmentesen, karim\u00e1val, PVC, feh\u00e9r PVC, PPs, PP-H, PE-HD, PP-EL-s, PVDF anyagokb\u00f3l\" srcset=\"https:\/\/www.akuplastics.com\/wp-content\/uploads\/2025\/10\/Drosselklappe-mit-Drehknopf-stufenlos-und-Flansch-300x245.webp 300w, https:\/\/www.akuplastics.com\/wp-content\/uploads\/2025\/10\/Drosselklappe-mit-Drehknopf-stufenlos-und-Flansch.webp 500w\" sizes=\"auto, (max-width: 300px) 100vw, 300px\" \/>\t\t\t\t\t\t\t\t\t\t\t<figcaption class=\"widget-image-caption wp-caption-text\">Fojt\u00f3szelep forg\u00f3gombbal, 15\u00b0-os r\u00f6gz\u00edt\u00e9ssel, illetve fokozatmentesen, karim\u00e1val, PVC, feh\u00e9r PVC, PPs, PP-H, PE-HD, PP-EL-s, PVDF anyagokb\u00f3l<\/figcaption>\n\t\t\t\t\t\t\t\t\t\t<\/figure>\n\t\t\t\t\t\t\t\t\t<\/div>\n\t\t\t\t<\/div>\n\t\t\t\t<div class=\"elementor-element elementor-element-9819023 elementor-widget elementor-widget-image\" data-id=\"9819023\" data-element_type=\"widget\" data-e-type=\"widget\" data-widget_type=\"image.default\">\n\t\t\t\t<div class=\"elementor-widget-container\">\n\t\t\t\t\t\t\t\t\t\t\t\t<figure class=\"wp-caption\">\n\t\t\t\t\t\t\t\t\t\t<img loading=\"lazy\" decoding=\"async\" width=\"300\" height=\"231\" src=\"https:\/\/www.akuplastics.com\/wp-content\/uploads\/2025\/10\/Drosselklappe-mit-Handhebel-mit-Flansche-Seite-1-300x231.webp\" class=\"attachment-medium size-medium wp-image-28140\" alt=\"Fojt\u00f3szelep k\u00e9zi karral, karim\u00e1kkal, PVC-b\u0151l, feh\u00e9r PVC-b\u0151l, PPs-b\u0151l, PP-H-b\u00f3l, PE-HD-b\u0151l, PP-EL-s-b\u0151l, PVDF-b\u0151l\" srcset=\"https:\/\/www.akuplastics.com\/wp-content\/uploads\/2025\/10\/Drosselklappe-mit-Handhebel-mit-Flansche-Seite-1-300x231.webp 300w, https:\/\/www.akuplastics.com\/wp-content\/uploads\/2025\/10\/Drosselklappe-mit-Handhebel-mit-Flansche-Seite-1.webp 500w\" sizes=\"auto, (max-width: 300px) 100vw, 300px\" \/>\t\t\t\t\t\t\t\t\t\t\t<figcaption class=\"widget-image-caption wp-caption-text\">Fojt\u00f3szelep k\u00e9zi karral, karim\u00e1kkal, PVC-b\u0151l, feh\u00e9r PVC-b\u0151l, PPs-b\u0151l, PP-H-b\u00f3l, PE-HD-b\u0151l, PP-EL-s-b\u0151l, PVDF-b\u0151l<\/figcaption>\n\t\t\t\t\t\t\t\t\t\t<\/figure>\n\t\t\t\t\t\t\t\t\t<\/div>\n\t\t\t\t<\/div>\n\t\t\t\t<div class=\"elementor-element elementor-element-a2ffce4 elementor-widget elementor-widget-image\" data-id=\"a2ffce4\" data-element_type=\"widget\" data-e-type=\"widget\" data-widget_type=\"image.default\">\n\t\t\t\t<div class=\"elementor-widget-container\">\n\t\t\t\t\t\t\t\t\t\t\t\t<figure class=\"wp-caption\">\n\t\t\t\t\t\t\t\t\t\t<img loading=\"lazy\" decoding=\"async\" width=\"300\" height=\"252\" src=\"https:\/\/www.akuplastics.com\/wp-content\/uploads\/2025\/10\/Absperrklappe-inkl-Dichtung-mit-Drehknopf-stufenlos-beidseitig-mit-Flansch-und-15\u00b0-Raster-PVC-PVC-weiss-PPs-PP-H-PE-HD-PP-EL-s-PVDF-300x252.webp\" class=\"attachment-medium size-medium wp-image-28563\" alt=\"Pillang\u00f3szelep t\u00f6m\u00edt\u00e9ssel, fokozatmentes forgat\u00f3gombbal, mindk\u00e9t oldalon karim\u00e1val \u00e9s 15\u00b0-os beoszt\u00e1ssal PVC, feh\u00e9r PVC, PPs, PP-H, PE-HD, PP-EL-s, PVDF anyagb\u00f3l.\" srcset=\"https:\/\/www.akuplastics.com\/wp-content\/uploads\/2025\/10\/Absperrklappe-inkl-Dichtung-mit-Drehknopf-stufenlos-beidseitig-mit-Flansch-und-15\u00b0-Raster-PVC-PVC-weiss-PPs-PP-H-PE-HD-PP-EL-s-PVDF-300x252.webp 300w, https:\/\/www.akuplastics.com\/wp-content\/uploads\/2025\/10\/Absperrklappe-inkl-Dichtung-mit-Drehknopf-stufenlos-beidseitig-mit-Flansch-und-15\u00b0-Raster-PVC-PVC-weiss-PPs-PP-H-PE-HD-PP-EL-s-PVDF.webp 500w\" sizes=\"auto, (max-width: 300px) 100vw, 300px\" \/>\t\t\t\t\t\t\t\t\t\t\t<figcaption class=\"widget-image-caption wp-caption-text\">Pillang\u00f3szelep t\u00f6m\u00edt\u00e9ssel, fokozatmentes forgat\u00f3gombbal, mindk\u00e9t oldalon karim\u00e1val \u00e9s 15\u00b0-os beoszt\u00e1ssal PVC, feh\u00e9r PVC, PPs, PP-H, PE-HD, PP-EL-s, PVDF anyagb\u00f3l.<\/figcaption>\n\t\t\t\t\t\t\t\t\t\t<\/figure>\n\t\t\t\t\t\t\t\t\t<\/div>\n\t\t\t\t<\/div>\n\t\t\t\t\t<\/div>\n\t\t<\/div>\n\t\t\t\t\t<\/div>\n\t\t<\/section>\n\t\t\t\t\t<\/div>\n\t\t<\/div>\n\t\t\t\t\t<\/div>\n\t\t<\/section>\n\t\t\t\t<\/div>\n\t\t","protected":false},"excerpt":{"rendered":"<p>Fojt\u00f3- \u00e9s elz\u00e1r\u00f3 pillang\u00f3szelepek PVC-U, PPs, PPs-EL, PP-H, PE-HD, PVDF anyagb\u00f3l Elz\u00e1r\u00f3csappanty\u00fa k\u00e9zi karral, forgat\u00f3gombbal, fokozatmentes forgat\u00f3gombbal, tokkal vagy karim\u00e1val, kerek m\u0171anyag idom bels\u0151 \u00fctk\u00f6z\u0151vel cs\u00f6vek hegeszt\u00e9si elj\u00e1r\u00e1ssal t\u00f6rt\u00e9n\u0151 \u00f6sszek\u00f6t\u00e9s\u00e9re elsz\u00edv\u00f3rendszerben. Elz\u00e1r\u00f3csappanty\u00fak\u00e9nt t\u00e9rfogat\u00e1ramok be\u00e1ll\u00edt\u00e1s\u00e1ra \u00e9s elz\u00e1r\u00e1s\u00e1ra bels\u0151 EPDM t\u00f6m\u00edt\u00e9ssel. A tok bels\u0151 \u00e1tm\u00e9r\u0151je a DIN 8062 szabv\u00e1ny szerint. Gy\u00e1rt\u00e1si elj\u00e1r\u00e1s: 400 mm \u00e1tm\u00e9r\u0151ig fr\u00f6ccs\u00f6nt\u00f6tt alkatr\u00e9szekb\u0151l [&hellip;]<\/p>\n","protected":false},"author":3,"featured_media":28111,"parent":0,"menu_order":0,"comment_status":"closed","ping_status":"closed","template":"","meta":{"iawp_total_views":0,"footnotes":""},"class_list":["post-29284","page","type-page","status-publish","has-post-thumbnail","hentry"],"yoast_head":"<!-- This site is optimized with the Yoast SEO Premium plugin v27.4 (Yoast SEO v27.4) - https:\/\/yoast.com\/product\/yoast-seo-premium-wordpress\/ -->\n<title>Fojt\u00f3csappanty\u00fak, elz\u00e1r\u00f3csappanty\u00fak PVC-U, PPs, PPs-EL, PP-H, PE-HD, PVDF<\/title>\n<meta name=\"description\" content=\"Fojt\u00f3csappanty\u00fa k\u00e9zi karral, forgat\u00f3gombbal, tokkal vagy karim\u00e1val. Elz\u00e1r\u00f3csappanty\u00fa k\u00e9zi karral, forgat\u00f3gombbal, fokozatmentes forgat\u00f3gombbal, tokkal vagy karim\u00e1val.\" \/>\n<meta name=\"robots\" content=\"index, follow, max-snippet:-1, max-image-preview:large, max-video-preview:-1\" \/>\n<link rel=\"canonical\" href=\"https:\/\/www.akuplastics.com\/hu\/fojto-es-elzarocsappantyuk\/\" \/>\n<script type=\"application\/ld+json\" class=\"yoast-schema-graph\">{\"@context\":\"https:\\\/\\\/schema.org\",\"@graph\":[{\"@type\":\"WebPage\",\"@id\":\"https:\\\/\\\/www.akuplastics.com\\\/hu\\\/fojto-es-elzarocsappantyuk\\\/\",\"url\":\"https:\\\/\\\/www.akuplastics.com\\\/hu\\\/fojto-es-elzarocsappantyuk\\\/\",\"name\":\"Fojt\u00f3csappanty\u00fak, elz\u00e1r\u00f3csappanty\u00fak PVC-U, PPs, PPs-EL, PP-H, PE-HD, PVDF\",\"isPartOf\":{\"@id\":\"https:\\\/\\\/www.akuplastics.com\\\/hu\\\/#website\"},\"primaryImageOfPage\":{\"@id\":\"https:\\\/\\\/www.akuplastics.com\\\/hu\\\/fojto-es-elzarocsappantyuk\\\/#primaryimage\"},\"image\":{\"@id\":\"https:\\\/\\\/www.akuplastics.com\\\/hu\\\/fojto-es-elzarocsappantyuk\\\/#primaryimage\"},\"thumbnailUrl\":\"https:\\\/\\\/www.akuplastics.com\\\/wp-content\\\/uploads\\\/2025\\\/10\\\/Drosselklappe-mit-Handhebel-mit-Muffe.webp\",\"datePublished\":\"2025-10-27T15:23:22+00:00\",\"dateModified\":\"2025-10-27T15:42:17+00:00\",\"description\":\"Fojt\u00f3csappanty\u00fa k\u00e9zi karral, forgat\u00f3gombbal, tokkal vagy karim\u00e1val. Elz\u00e1r\u00f3csappanty\u00fa k\u00e9zi karral, forgat\u00f3gombbal, fokozatmentes forgat\u00f3gombbal, tokkal vagy karim\u00e1val.\",\"breadcrumb\":{\"@id\":\"https:\\\/\\\/www.akuplastics.com\\\/hu\\\/fojto-es-elzarocsappantyuk\\\/#breadcrumb\"},\"inLanguage\":\"hu\",\"potentialAction\":[{\"@type\":\"ReadAction\",\"target\":[\"https:\\\/\\\/www.akuplastics.com\\\/hu\\\/fojto-es-elzarocsappantyuk\\\/\"]}]},{\"@type\":\"ImageObject\",\"inLanguage\":\"hu\",\"@id\":\"https:\\\/\\\/www.akuplastics.com\\\/hu\\\/fojto-es-elzarocsappantyuk\\\/#primaryimage\",\"url\":\"https:\\\/\\\/www.akuplastics.com\\\/wp-content\\\/uploads\\\/2025\\\/10\\\/Drosselklappe-mit-Handhebel-mit-Muffe.webp\",\"contentUrl\":\"https:\\\/\\\/www.akuplastics.com\\\/wp-content\\\/uploads\\\/2025\\\/10\\\/Drosselklappe-mit-Handhebel-mit-Muffe.webp\",\"width\":500,\"height\":385,\"caption\":\"Fojt\u00f3szelep, foganty\u00faval, mindk\u00e9t oldalon tokkal, m\u0171anyagb\u00f3l, 15\u00b0-os beoszt\u00e1ssal, PVC feh\u00e9r PVC PPs PP-H PE-HD PP-EL-s PVDF\"},{\"@type\":\"BreadcrumbList\",\"@id\":\"https:\\\/\\\/www.akuplastics.com\\\/hu\\\/fojto-es-elzarocsappantyuk\\\/#breadcrumb\",\"itemListElement\":[{\"@type\":\"ListItem\",\"position\":1,\"name\":\"Kezd\u0151lap\",\"item\":\"https:\\\/\\\/www.akuplastics.com\\\/hu\\\/\"},{\"@type\":\"ListItem\",\"position\":2,\"name\":\"Fojt\u00f3- \u00e9s elz\u00e1r\u00f3csappanty\u00fak\"}]},{\"@type\":\"WebSite\",\"@id\":\"https:\\\/\\\/www.akuplastics.com\\\/hu\\\/#website\",\"url\":\"https:\\\/\\\/www.akuplastics.com\\\/hu\\\/\",\"name\":\"Semi-Finished Products \u2013 Finished Parts \u2013 Ventilation Moulded Parts \u2013 Machines\",\"description\":\"Halbzeuge, Halbfabrikate, Kunststoffhalbzeuge, Kunststoffhalbfabrikate\",\"publisher\":{\"@id\":\"https:\\\/\\\/www.akuplastics.com\\\/hu\\\/#organization\"},\"alternateName\":\"AKUPLASTICS \u2013 Engineering in Plastics\",\"potentialAction\":[{\"@type\":\"SearchAction\",\"target\":{\"@type\":\"EntryPoint\",\"urlTemplate\":\"https:\\\/\\\/www.akuplastics.com\\\/hu\\\/?s={search_term_string}\"},\"query-input\":{\"@type\":\"PropertyValueSpecification\",\"valueRequired\":true,\"valueName\":\"search_term_string\"}}],\"inLanguage\":\"hu\"},{\"@type\":\"Organization\",\"@id\":\"https:\\\/\\\/www.akuplastics.com\\\/hu\\\/#organization\",\"name\":\"Ing. Christian Ahlborn e.U.\",\"alternateName\":\"AKU\",\"url\":\"https:\\\/\\\/www.akuplastics.com\\\/hu\\\/\",\"logo\":{\"@type\":\"ImageObject\",\"inLanguage\":\"hu\",\"@id\":\"https:\\\/\\\/www.akuplastics.com\\\/hu\\\/#\\\/schema\\\/logo\\\/image\\\/\",\"url\":\"https:\\\/\\\/www.akuplastics.com\\\/wp-content\\\/uploads\\\/2020\\\/07\\\/Grafik14-inkl-r.png\",\"contentUrl\":\"https:\\\/\\\/www.akuplastics.com\\\/wp-content\\\/uploads\\\/2020\\\/07\\\/Grafik14-inkl-r.png\",\"width\":1994,\"height\":743,\"caption\":\"Ing. Christian Ahlborn e.U.\"},\"image\":{\"@id\":\"https:\\\/\\\/www.akuplastics.com\\\/hu\\\/#\\\/schema\\\/logo\\\/image\\\/\"}}]}<\/script>\n<!-- \/ Yoast SEO Premium plugin. -->","yoast_head_json":{"title":"Fojt\u00f3csappanty\u00fak, elz\u00e1r\u00f3csappanty\u00fak PVC-U, PPs, PPs-EL, PP-H, PE-HD, PVDF","description":"Fojt\u00f3csappanty\u00fa k\u00e9zi karral, forgat\u00f3gombbal, tokkal vagy karim\u00e1val. Elz\u00e1r\u00f3csappanty\u00fa k\u00e9zi karral, forgat\u00f3gombbal, fokozatmentes forgat\u00f3gombbal, tokkal vagy karim\u00e1val.","robots":{"index":"index","follow":"follow","max-snippet":"max-snippet:-1","max-image-preview":"max-image-preview:large","max-video-preview":"max-video-preview:-1"},"canonical":"https:\/\/www.akuplastics.com\/hu\/fojto-es-elzarocsappantyuk\/","schema":{"@context":"https:\/\/schema.org","@graph":[{"@type":"WebPage","@id":"https:\/\/www.akuplastics.com\/hu\/fojto-es-elzarocsappantyuk\/","url":"https:\/\/www.akuplastics.com\/hu\/fojto-es-elzarocsappantyuk\/","name":"Fojt\u00f3csappanty\u00fak, elz\u00e1r\u00f3csappanty\u00fak PVC-U, PPs, PPs-EL, PP-H, PE-HD, PVDF","isPartOf":{"@id":"https:\/\/www.akuplastics.com\/hu\/#website"},"primaryImageOfPage":{"@id":"https:\/\/www.akuplastics.com\/hu\/fojto-es-elzarocsappantyuk\/#primaryimage"},"image":{"@id":"https:\/\/www.akuplastics.com\/hu\/fojto-es-elzarocsappantyuk\/#primaryimage"},"thumbnailUrl":"https:\/\/www.akuplastics.com\/wp-content\/uploads\/2025\/10\/Drosselklappe-mit-Handhebel-mit-Muffe.webp","datePublished":"2025-10-27T15:23:22+00:00","dateModified":"2025-10-27T15:42:17+00:00","description":"Fojt\u00f3csappanty\u00fa k\u00e9zi karral, forgat\u00f3gombbal, tokkal vagy karim\u00e1val. Elz\u00e1r\u00f3csappanty\u00fa k\u00e9zi karral, forgat\u00f3gombbal, fokozatmentes forgat\u00f3gombbal, tokkal vagy karim\u00e1val.","breadcrumb":{"@id":"https:\/\/www.akuplastics.com\/hu\/fojto-es-elzarocsappantyuk\/#breadcrumb"},"inLanguage":"hu","potentialAction":[{"@type":"ReadAction","target":["https:\/\/www.akuplastics.com\/hu\/fojto-es-elzarocsappantyuk\/"]}]},{"@type":"ImageObject","inLanguage":"hu","@id":"https:\/\/www.akuplastics.com\/hu\/fojto-es-elzarocsappantyuk\/#primaryimage","url":"https:\/\/www.akuplastics.com\/wp-content\/uploads\/2025\/10\/Drosselklappe-mit-Handhebel-mit-Muffe.webp","contentUrl":"https:\/\/www.akuplastics.com\/wp-content\/uploads\/2025\/10\/Drosselklappe-mit-Handhebel-mit-Muffe.webp","width":500,"height":385,"caption":"Fojt\u00f3szelep, foganty\u00faval, mindk\u00e9t oldalon tokkal, m\u0171anyagb\u00f3l, 15\u00b0-os beoszt\u00e1ssal, PVC feh\u00e9r PVC PPs PP-H PE-HD PP-EL-s PVDF"},{"@type":"BreadcrumbList","@id":"https:\/\/www.akuplastics.com\/hu\/fojto-es-elzarocsappantyuk\/#breadcrumb","itemListElement":[{"@type":"ListItem","position":1,"name":"Kezd\u0151lap","item":"https:\/\/www.akuplastics.com\/hu\/"},{"@type":"ListItem","position":2,"name":"Fojt\u00f3- \u00e9s elz\u00e1r\u00f3csappanty\u00fak"}]},{"@type":"WebSite","@id":"https:\/\/www.akuplastics.com\/hu\/#website","url":"https:\/\/www.akuplastics.com\/hu\/","name":"Semi-Finished Products \u2013 Finished Parts \u2013 Ventilation Moulded Parts \u2013 Machines","description":"Halbzeuge, Halbfabrikate, Kunststoffhalbzeuge, Kunststoffhalbfabrikate","publisher":{"@id":"https:\/\/www.akuplastics.com\/hu\/#organization"},"alternateName":"AKUPLASTICS \u2013 Engineering in Plastics","potentialAction":[{"@type":"SearchAction","target":{"@type":"EntryPoint","urlTemplate":"https:\/\/www.akuplastics.com\/hu\/?s={search_term_string}"},"query-input":{"@type":"PropertyValueSpecification","valueRequired":true,"valueName":"search_term_string"}}],"inLanguage":"hu"},{"@type":"Organization","@id":"https:\/\/www.akuplastics.com\/hu\/#organization","name":"Ing. Christian Ahlborn e.U.","alternateName":"AKU","url":"https:\/\/www.akuplastics.com\/hu\/","logo":{"@type":"ImageObject","inLanguage":"hu","@id":"https:\/\/www.akuplastics.com\/hu\/#\/schema\/logo\/image\/","url":"https:\/\/www.akuplastics.com\/wp-content\/uploads\/2020\/07\/Grafik14-inkl-r.png","contentUrl":"https:\/\/www.akuplastics.com\/wp-content\/uploads\/2020\/07\/Grafik14-inkl-r.png","width":1994,"height":743,"caption":"Ing. Christian Ahlborn e.U."},"image":{"@id":"https:\/\/www.akuplastics.com\/hu\/#\/schema\/logo\/image\/"}}]}},"_links":{"self":[{"href":"https:\/\/www.akuplastics.com\/hu\/wp-json\/wp\/v2\/pages\/29284","targetHints":{"allow":["GET"]}}],"collection":[{"href":"https:\/\/www.akuplastics.com\/hu\/wp-json\/wp\/v2\/pages"}],"about":[{"href":"https:\/\/www.akuplastics.com\/hu\/wp-json\/wp\/v2\/types\/page"}],"author":[{"embeddable":true,"href":"https:\/\/www.akuplastics.com\/hu\/wp-json\/wp\/v2\/users\/3"}],"replies":[{"embeddable":true,"href":"https:\/\/www.akuplastics.com\/hu\/wp-json\/wp\/v2\/comments?post=29284"}],"version-history":[{"count":4,"href":"https:\/\/www.akuplastics.com\/hu\/wp-json\/wp\/v2\/pages\/29284\/revisions"}],"predecessor-version":[{"id":29314,"href":"https:\/\/www.akuplastics.com\/hu\/wp-json\/wp\/v2\/pages\/29284\/revisions\/29314"}],"wp:featuredmedia":[{"embeddable":true,"href":"https:\/\/www.akuplastics.com\/hu\/wp-json\/wp\/v2\/media\/28111"}],"wp:attachment":[{"href":"https:\/\/www.akuplastics.com\/hu\/wp-json\/wp\/v2\/media?parent=29284"}],"curies":[{"name":"wp","href":"https:\/\/api.w.org\/{rel}","templated":true}]}}