{"id":26577,"date":"2025-04-02T18:49:35","date_gmt":"2025-04-02T16:49:35","guid":{"rendered":"https:\/\/www.akuplastics.com\/gepek-es-eszkoezoek\/tehergepkocsi-ponyvak-javitasa-forro-gazhegesztokkel\/"},"modified":"2025-04-04T09:32:52","modified_gmt":"2025-04-04T07:32:52","slug":"tehergepkocsi-ponyvak-javitasa-forro-gazhegesztokkel","status":"publish","type":"page","link":"https:\/\/www.akuplastics.com\/hu\/gepek-es-eszkoezoek\/tehergepkocsi-ponyvak-javitasa-forro-gazhegesztokkel\/","title":{"rendered":"Teherg\u00e9pkocsi ponyv\u00e1k jav\u00edt\u00e1sa forr\u00f3 g\u00e1zhegeszt\u0151kkel"},"content":{"rendered":"\t\t<div data-elementor-type=\"wp-page\" data-elementor-id=\"26577\" class=\"elementor elementor-26577 elementor-26559\" data-elementor-post-type=\"page\">\n\t\t\t\t\t\t<section class=\"elementor-section elementor-top-section elementor-element elementor-element-fb5c258 elementor-section-boxed elementor-section-height-default elementor-section-height-default\" data-id=\"fb5c258\" data-element_type=\"section\" data-e-type=\"section\">\n\t\t\t\t\t\t<div class=\"elementor-container elementor-column-gap-default\">\n\t\t\t\t\t<div class=\"elementor-column elementor-col-100 elementor-top-column elementor-element elementor-element-4bc7b78\" data-id=\"4bc7b78\" data-element_type=\"column\" data-e-type=\"column\" data-settings=\"{&quot;animation&quot;:&quot;none&quot;}\">\n\t\t\t<div class=\"elementor-widget-wrap elementor-element-populated\">\n\t\t\t\t\t\t<div class=\"elementor-element elementor-element-5793ed5 elementor-widget elementor-widget-text-editor\" data-id=\"5793ed5\" data-element_type=\"widget\" data-e-type=\"widget\" data-settings=\"{&quot;_animation&quot;:&quot;none&quot;}\" data-widget_type=\"text-editor.default\">\n\t\t\t\t<div class=\"elementor-widget-container\">\n\t\t\t\t\t\t\t\t\t<h1>Teherg\u00e9pkocsi ponyv\u00e1k jav\u00edt\u00e1sa forr\u00f3 g\u00e1zhegeszt\u0151 berendez\u00e9ssel<\/h1>\t\t\t\t\t\t\t\t<\/div>\n\t\t\t\t<\/div>\n\t\t\t\t<section class=\"elementor-section elementor-inner-section elementor-element elementor-element-c7453ae elementor-section-boxed elementor-section-height-default elementor-section-height-default\" data-id=\"c7453ae\" data-element_type=\"section\" data-e-type=\"section\">\n\t\t\t\t\t\t<div class=\"elementor-container elementor-column-gap-default\">\n\t\t\t\t\t<div class=\"elementor-column elementor-col-50 elementor-inner-column elementor-element elementor-element-a177685\" data-id=\"a177685\" data-element_type=\"column\" data-e-type=\"column\" data-settings=\"{&quot;animation&quot;:&quot;none&quot;}\">\n\t\t\t<div class=\"elementor-widget-wrap elementor-element-populated\">\n\t\t\t\t\t\t<div class=\"elementor-element elementor-element-a1e5ca5 elementor-widget elementor-widget-text-editor\" data-id=\"a1e5ca5\" data-element_type=\"widget\" data-e-type=\"widget\" data-widget_type=\"text-editor.default\">\n\t\t\t\t<div class=\"elementor-widget-container\">\n\t\t\t\t\t\t\t\t\t<h5><strong>A teherg\u00e9pkocsi ponyv\u00e1k AKU forr\u00f3 g\u00e1zhegeszt\u0151vel t\u00f6rt\u00e9n\u0151 jav\u00edt\u00e1s\u00e1nak el\u0151nyei<\/strong><\/h5><p style=\"margin: 0in; font-family: Calibri; font-size: 11.0pt;\"><span style=\"font-weight: bold;\"> <\/span><\/p><p style=\"margin: 0in; font-family: Calibri; font-size: 11.0pt;\">A teherg\u00e9pkocsi ponyv\u00e1k AKU forr\u00f3g\u00e1zhegeszt\u0151vel t\u00f6rt\u00e9n\u0151 jav\u00edt\u00e1sa sz\u00e1mos el\u0151nnyel j\u00e1r a hagyom\u00e1nyos m\u00f3dszerekkel, p\u00e9ld\u00e1ul a varr\u00e1ssal vagy a ragaszt\u00e1ssal szemben.<\/p><p> <\/p><p><strong>Tart\u00f3s \u00e9s rugalmas jav\u00edt\u00e1sok<\/strong><\/p><p>A forr\u00f3 g\u00e1zhegeszt\u00e9s homog\u00e9n k\u00f6t\u00e9st hoz l\u00e9tre az anyagban, \u00edgy a jav\u00edtott ter\u00fclet majdnem ugyanolyan szil\u00e1rds\u00e1g\u00fa lesz, mint az eredeti anyag.<\/p><p> <\/p><p><strong>V\u00edz\u00e1ll\u00f3 t\u00f6m\u00edt\u00e9s<\/strong><\/p><p>A ragasztott k\u00f6t\u00e9sekkel ellent\u00e9tben, amelyek id\u0151vel por\u00f3zuss\u00e1 v\u00e1lhatnak, a forr\u00f3 g\u00e1zhegeszt\u00e9s abszol\u00fat t\u00f6m\u00f6r \u00e9s id\u0151j\u00e1r\u00e1s\u00e1ll\u00f3 varratot biztos\u00edt.<\/p><p> <\/p><p><strong>Gyors \u00e9s hat\u00e9kony jav\u00edt\u00e1s<\/strong><\/p><p>A pontos \u00e9s egyenletes h\u0151ell\u00e1t\u00e1snak k\u00f6sz\u00f6nhet\u0151en a reped\u00e9sek vagy lyukak r\u00f6vid id\u0151 alatt jav\u00edthat\u00f3k, ami minim\u00e1lisra cs\u00f6kkenti az \u00e1ll\u00e1sid\u0151t.<\/p><p> <\/p><p><strong>K\u00f6lts\u00e9gmegtakar\u00edt\u00e1s<\/strong><\/p><p>A s\u00e9r\u00fclt ponyva teljes cser\u00e9je helyett a forr\u00f3g\u00e1zhegeszt\u0151vel t\u00f6rt\u00e9n\u0151 jav\u00edt\u00e1s gazdas\u00e1gosabb megold\u00e1st k\u00edn\u00e1l, alacsonyabb anyagfelhaszn\u00e1l\u00e1s mellett.<\/p><p> <\/p><p><strong>K\u00f6rnyezetbar\u00e1ts\u00e1g<\/strong><\/p><p>A ponyv\u00e1k \u00fajrafelhaszn\u00e1l\u00e1sa \u00e9s jav\u00edt\u00e1sa cs\u00f6kkenti a hullad\u00e9k mennyis\u00e9g\u00e9t, \u00e9s az \u00fajak v\u00e1s\u00e1rl\u00e1s\u00e1hoz k\u00e9pest er\u0151forr\u00e1sokat takar\u00edt meg.<\/p><p> <\/p><p><strong>K\u00f6nny\u0171 kezelhet\u0151s\u00e9g<\/strong><\/p><p>Az AKU forr\u00f3 g\u00e1zhegeszt\u0151k k\u00f6nnyen kezelhet\u0151k, \u00e9s m\u00e9g a kev\u00e9sb\u00e9 tapasztalt felhaszn\u00e1l\u00f3k is k\u00e9pesek professzion\u00e1lis jav\u00edt\u00e1sokat v\u00e9gezni.<\/p><p> <\/p><p><strong>Ezeknek az el\u0151ny\u00f6knek k\u00f6sz\u00f6nhet\u0151en az AKU forr\u00f3 g\u00e1zhegeszt\u0151k ide\u00e1lis megold\u00e1st jelentenek a teherg\u00e9pkocsik ponyv\u00e1inak tart\u00f3s, k\u00f6lts\u00e9ghat\u00e9kony \u00e9s fenntarthat\u00f3 jav\u00edt\u00e1s\u00e1hoz.<\/strong><\/p><p><span style=\"color: #7a7a7a;\"> <\/span><\/p><p><strong><span style=\"color: #7a7a7a;\">A forr\u00f3 g\u00e1zhegeszt\u0151 k\u00e9sz\u00fcl\u00e9keket a k\u00f6vetkez\u0151 v\u00e1ltozatokban sz\u00e1ll\u00edtjuk:<\/span><\/strong><\/p><p><span style=\"color: #7a7a7a;\"> <\/span><\/p><ul><li><strong><a title=\"Quick-S-Electronic\" href=\"https:\/\/www.akuplastics.com\/hu\/forsthoff-mini-electronic-es-mini-electronic-sc-forrolevegos-hegesztopisztolyok\/\">QUICK-S-Elektronikus<\/a><\/strong><\/li><li><strong><a title=\"Mini-Elektronikus\" href=\"https:\/\/www.akuplastics.com\/hu\/forsthoff-mini-electronic-es-mini-electronic-sc-forrolevegos-hegesztopisztolyok\/\">MINI-Elektronikus<\/a><\/strong><\/li><li><strong><a href=\"https:\/\/www.akuplastics.com\/hu\/forsthoff-mini-electronic-es-mini-electronic-sc-forrolevegos-hegesztopisztolyok\/\">MINI-Electronic SC<\/a><\/strong><\/li><li><strong><a title=\"Hot-air-S\" href=\"https:\/\/www.akuplastics.com\/hu\/forro-levego-muanyag-hegeszto-folia-muanyag-feldolgozas\/\">HOT-AIR-S<\/a><\/strong><\/li><li><strong><a title=\"Grand-S-elektronikus\" href=\"https:\/\/www.akuplastics.com\/hu\/grand-s-elektronikus-meleglevego-fuvo\/\">GRAND-S-Elektronikus<\/a><\/strong><\/li><li><strong><a href=\"https:\/\/www.akuplastics.com\/hu\/oval-q\/\">Oval-Q<\/a><\/strong><\/li><li><a href=\"https:\/\/www.akuplastics.com\/hu\/oval-h\/\"><strong>Oval-H<\/strong><\/a><\/li><li><a href=\"https:\/\/www.akuplastics.com\/hu\/robust-l\/\"><strong>Robust-L<\/strong><\/a><\/li><li><strong><a href=\"https:\/\/www.akuplastics.com\/hu\/quick-l-kapcsolhato\/\">Quick-L kapcsolhat\u00f3<\/a><\/strong><\/li><li><strong><a href=\"https:\/\/www.akuplastics.com\/hu\/forro-levego-quick-l-elektronikus-forsthoff\/\">Quick-L-elektronikus<\/a><\/strong><\/li><li><a href=\"https:\/\/www.akuplastics.com\/hu\/quick-l-elektronikus\/\"><strong>Quick-L-elektronikus s\u00fcllyesztett potenciom\u00e9terrel<\/strong><\/a><\/li><li><a href=\"https:\/\/www.akuplastics.com\/hu\/felhasznaloi-keszletek-forro-gazhegeszteshez\/\"><strong>Felhaszn\u00e1l\u00f3i be\u00e1ll\u00edt\u00e1sok<\/strong><\/a><\/li><li><strong><a href=\"https:\/\/www.akuplastics.com\/hu\/apx100-foliak\/\">APX100<\/a><\/strong><\/li><li><strong><a href=\"https:\/\/www.akuplastics.com\/hu\/teherauto-ponyva-hegesztese-feldolgozasa-javitasa-holegfuvoval\/\">APX300<\/a><\/strong><\/li><li><strong><a href=\"https:\/\/www.akuplastics.com\/hu\/gepek-es-eszkoezoek\/forro-gazhegeszto-hegesztopisztoly-200\/\">Hegeszt\u0151g\u00e9p 200<\/a><\/strong><\/li><li><strong><a href=\"https:\/\/www.akuplastics.com\/hu\/gepek-es-eszkoezoek\/warmgasschweissgeraet-schweisspistole-500-digital\/\">Hegeszt\u0151pisztoly 500<\/a><\/strong><\/li><\/ul><div> <\/div><p><span style=\"color: #7a7a7a;\">A h\u0151re l\u00e1gyul\u00f3 m\u0171anyagok forr\u00f3 g\u00e1zzal \u00e9s forr\u00f3 leveg\u0151vel t\u00f6rt\u00e9n\u0151 hegeszt\u00e9s\u00e9hez tippeket \u00e9s tr\u00fckk\u00f6ket tartalmaz\u00f3 hegeszt\u00e9si \u00fatmutat\u00f3t itt t\u00f6ltheti le. <\/span><strong><a href=\"https:\/\/www.akuplastics.com\/wp-content\/uploads\/2021\/07\/AKU-Schweissfibel.pdf\">let\u00f6lt\u00e9s<\/a><\/strong><span style=\"color: #7a7a7a;\">.<\/span><\/p>\t\t\t\t\t\t\t\t<\/div>\n\t\t\t\t<\/div>\n\t\t\t\t<div class=\"elementor-element elementor-element-686a243 elementor-widget elementor-widget-text-editor\" data-id=\"686a243\" data-element_type=\"widget\" data-e-type=\"widget\" data-widget_type=\"text-editor.default\">\n\t\t\t\t<div class=\"elementor-widget-container\">\n\t\t\t\t\t\t\t\t\t<h5><strong>Sz\u00fcks\u00e9ges anyagok:<\/strong><\/h5><ul type=\"disc\"><li><strong><a href=\"https:\/\/www.akuplastics.com\/hu\/gepek-es-eszkoezoek\/forrolevegos-forrogazas-hegesztoberendezesek-hegesztofuvokak-hegesztopalcak\/\">AKU forr\u00f3 g\u00e1zhegeszt\u0151  <\/a><\/strong><\/li><li><strong><a href=\"https:\/\/www.akuplastics.com\/hu\/gepek-es-eszkoezoek\/hegeszto-fuvokak-szeles-resfuvokak-legfutotestek-forrolevegos-hegesztoegysegek-kerek-fuvokak\/\">AKU hegeszt\u0151f\u00fav\u00f3ka (lapos vagy kerek f\u00fav\u00f3ka, alkalmaz\u00e1st\u00f3l f\u00fcgg\u0151en)<\/a><\/strong><\/li><li>PVC jav\u00edt\u00e1sa (a megl\u00e9v\u0151 ponyv\u00e1val megegyez\u0151 ponyvaanyag)<\/li><li><a href=\"https:\/\/www.akuplastics.com\/hu\/felhasznaloi-keszletek-forro-gazhegeszteshez\/\"><strong>Nyom\u00f3g\u00f6rg\u0151 az AKU-t\u00f3l<\/strong><\/a><\/li><li>Oll\u00f3 vagy v\u00e1g\u00f3<\/li><li>Tiszt\u00edt\u00f3szer (pl. izopropanol)<\/li><li>V\u00e9d\u0151keszty\u0171<\/li><\/ul><p> <\/p><p><a href=\"https:\/\/www.akuplastics.com\/hu\/felhasznaloi-keszletek-forro-gazhegeszteshez\/\"><strong>Alternat\u00edvak\u00e9nt a legjobb, ha az AKU megfelel\u0151 forr\u00f3 g\u00e1zhegeszt\u0151 k\u00e9szlet\u00e9t haszn\u00e1lja, amely alkalmas teheraut\u00f3 ponyv\u00e1k, s\u00e1trak, medenc\u00e9k stb. hegeszt\u00e9s\u00e9re.<\/strong><\/a><\/p><p> <\/p><h5><strong>L\u00e9p\u00e9sr\u0151l-l\u00e9p\u00e9sre t\u00f6rt\u00e9n\u0151 \u00fatmutat\u00e1s:<\/strong><\/h5><p><strong>1. a jav\u00edt\u00e1s hely\u00e9nek el\u0151k\u00e9sz\u00edt\u00e9se<\/strong><\/p><ul type=\"disc\"><li>Alaposan tiszt\u00edtsa meg a s\u00e9r\u00fclt ter\u00fcletet, hogy elt\u00e1vol\u00edtsa a szennyez\u0151d\u00e9seket, olajat vagy m\u00e1s szennyez\u0151d\u00e9seket.<\/li><li>Hagyja a ponyv\u00e1t megsz\u00e1radni, mivel a nedvess\u00e9g k\u00e1ros\u00edthatja a hegesztett k\u00f6t\u00e9st.<\/li><li>V\u00e1gja le a PVC jav\u00edt\u00f3 darabot \u00fagy, hogy az b\u0151s\u00e9gesen fedje a s\u00e9r\u00fclt ter\u00fcletet (legal\u00e1bb 2-3 cm \u00e1tfed\u00e9s).<\/li><\/ul><p><strong>2. a forr\u00f3 g\u00e1zhegeszt\u0151 be\u00e1ll\u00edt\u00e1sa<\/strong><\/p><ul type=\"disc\"><li><span lang=\"de\">\u00c1ll\u00edtsa a k\u00e9sz\u00fcl\u00e9ket a PVC hegeszt\u00e9shez optim\u00e1lis h\u0151m\u00e9rs\u00e9kletre (kb. <\/span><span lang=\"de-AT\">300-450 \u00b0C<\/span><span lang=\"de\">az anyagt\u00f3l f\u00fcgg\u0151en).<\/span><\/li><li>Haszn\u00e1ljon megfelel\u0151 f\u00fav\u00f3k\u00e1t (pl. lapos f\u00fav\u00f3k\u00e1t nagy fel\u00fclet\u0171 jav\u00edt\u00e1sokhoz).<\/li><\/ul><p><strong>3. a ponyva \u00e9s a jav\u00edt\u00f3darab el\u0151meleg\u00edt\u00e9se<\/strong><\/p><ul type=\"disc\"><li>Meleg\u00edtse el\u0151 a s\u00e9r\u00fclt ter\u00fcletet \u00e9s a PVC foltanyagot forr\u00f3 leveg\u0151vel, am\u00edg az anyag kiss\u00e9 megpuhul.<\/li><\/ul><p><strong>4. hegeszt\u00e9si folyamat<\/strong><\/p><ul type=\"disc\"><li>Helyezze a jav\u00edt\u00f3darabot a s\u00e9r\u00fclt ter\u00fcletre, \u00e9s meleg\u00edtse fel lassan a perem ment\u00e9n a forr\u00f3 g\u00e1zhegeszt\u0151vel.<\/li><li>Ezzel egyidej\u0171leg a varratot nyom\u00f3g\u00f6rg\u0151vel hat\u00e1rozottan tekerje \u00e1t a varraton, hogy egyenletes legyen az illeszt\u00e9s.<\/li><li>Folytassa a hegeszt\u00e9si folyamatot l\u00e9p\u00e9sr\u0151l l\u00e9p\u00e9sre, am\u00edg a teljes jav\u00edt\u00e1si darabot biztons\u00e1gosan a ponyv\u00e1hoz hegesztik.<\/li><\/ul><p><strong>5. hagyja kih\u0171lni \u00e9s ellen\u0151rizze<\/strong><\/p><ul type=\"disc\"><li>Hagyja a hegesztett ter\u00fcletet legal\u00e1bb 10-15 percig h\u0171lni.<\/li><li>Ezut\u00e1n a jav\u00edtott ter\u00fclet enyhe megh\u00faz\u00e1s\u00e1val ellen\u0151rizze a feszess\u00e9get \u00e9s az er\u0151ss\u00e9get.<\/li><\/ul><p><strong>6. opcion\u00e1lis er\u0151s\u00edt\u00e9s<\/strong><\/p><ul type=\"disc\"><li>Ha sz\u00fcks\u00e9ges, k\u00e9sz\u00edtsen egy m\u00e1sodik hegeszt\u00e9si varratot, hogy a k\u00f6t\u00e9s m\u00e9g ellen\u00e1ll\u00f3bb legyen.<\/li><li>Alternat\u00edv megold\u00e1sk\u00e9nt egy tov\u00e1bbi PVC r\u00e9teg is alkalmazhat\u00f3 a meger\u0151s\u00edt\u00e9shez.<\/li><\/ul><p><strong>K\u00f6vetkeztet\u00e9s a professzion\u00e1lis felhaszn\u00e1l\u00f3k sz\u00e1m\u00e1ra:<\/strong><\/p><p> <\/p><p>Egy profi <strong><a href=\"https:\/\/www.akuplastics.com\/hu\/teherauto-ponyva-hegesztese-feldolgozasa-javitasa-holegfuvoval\/\">forr\u00f3 g\u00e1zhegeszt\u0151<\/a><\/strong> a ponyv\u00e1k, p\u00e9ld\u00e1ul a teheraut\u00f3 ponyv\u00e1k gyorsan \u00e9s szakszer\u0171en jav\u00edthat\u00f3k.<br>Ez a m\u00f3dszer er\u0151s, id\u0151j\u00e1r\u00e1s\u00e1ll\u00f3 \u00e9s tart\u00f3s k\u00f6t\u00e9st biztos\u00edt, amely jelent\u0151sen meghosszabb\u00edtja a ponyva \u00e9lettartam\u00e1t \u00e9s k\u00f6lts\u00e9gmegtakar\u00edt\u00e1st eredm\u00e9nyez.<\/p>\t\t\t\t\t\t\t\t<\/div>\n\t\t\t\t<\/div>\n\t\t\t\t<div class=\"elementor-element elementor-element-41fabb7 elementor-widget elementor-widget-text-editor\" data-id=\"41fabb7\" data-element_type=\"widget\" data-e-type=\"widget\" data-widget_type=\"text-editor.default\">\n\t\t\t\t<div class=\"elementor-widget-container\">\n\t\t\t\t\t\t\t\t\t<h5><strong>Jogi nyilatkozat &#8211; Megjegyz\u00e9s az inform\u00e1ci\u00f3k \u00e9s utas\u00edt\u00e1sok felhaszn\u00e1l\u00e1s\u00e1ra vonatkoz\u00f3an<\/strong><\/h5><p>Ezek az utas\u00edt\u00e1sok kiz\u00e1r\u00f3lag \u00e1ltal\u00e1nos t\u00e1j\u00e9koztat\u00e1sul szolg\u00e1lnak, \u00e9s seg\u00edts\u00e9get ny\u00fajtanak a le\u00edrt elj\u00e1r\u00e1s alkalmaz\u00e1s\u00e1hoz.<\/p><p>A megadott \u00e9rt\u00e9keket \u00e9s l\u00e9p\u00e9seket szak\u00e9rt\u0151k k\u00e9sz\u00edtett\u00e9k, \u00e9s a jelenlegi tapasztalatainkon alapulnak.<\/p><p>Mindazon\u00e1ltal nem v\u00e1llalhat\u00f3 garancia a teljess\u00e9gre, helyess\u00e9gre vagy alkalmazhat\u00f3s\u00e1gra minden egyes konkr\u00e9t esetben.<\/p><p> <\/p><p><strong>Az utas\u00edt\u00e1sok haszn\u00e1lata saj\u00e1t felel\u0151ss\u00e9gre t\u00f6rt\u00e9nik.<\/strong><\/p><p> <\/p><p>A felhaszn\u00e1l\u00f3 felel\u0151ss\u00e9ge, hogy ellen\u0151rizze a le\u00edrt m\u00f3dszerek megfelel\u0151s\u00e9g\u00e9t az adott alkalmaz\u00e1shoz, \u00e9s sz\u00fcks\u00e9g eset\u00e9n figyelembe vegye az egy\u00e9b biztons\u00e1gi vagy jogi k\u00f6vetelm\u00e9nyeket.<\/p><p> <\/p><p><strong>Az ezen utas\u00edt\u00e1sok haszn\u00e1lat\u00e1b\u00f3l ered\u0151 k\u00e1rok\u00e9rt val\u00f3 felel\u0151ss\u00e9g kiz\u00e1rva.<\/strong><\/p>\t\t\t\t\t\t\t\t<\/div>\n\t\t\t\t<\/div>\n\t\t\t\t\t<\/div>\n\t\t<\/div>\n\t\t\t\t<div class=\"elementor-column elementor-col-50 elementor-inner-column elementor-element elementor-element-7b027e3\" data-id=\"7b027e3\" data-element_type=\"column\" data-e-type=\"column\">\n\t\t\t<div class=\"elementor-widget-wrap elementor-element-populated\">\n\t\t\t\t\t\t<div class=\"elementor-element elementor-element-db499b8 elementor-widget elementor-widget-image\" data-id=\"db499b8\" data-element_type=\"widget\" data-e-type=\"widget\" data-widget_type=\"image.default\">\n\t\t\t\t<div class=\"elementor-widget-container\">\n\t\t\t\t\t\t\t\t\t\t\t\t<figure class=\"wp-caption\">\n\t\t\t\t\t\t\t\t\t\t<img loading=\"lazy\" decoding=\"async\" width=\"300\" height=\"200\" src=\"https:\/\/www.akuplastics.com\/wp-content\/uploads\/2025\/02\/PLANSET2-Klein-300x200.webp\" class=\"attachment-medium size-medium wp-image-26348\" alt=\"\" srcset=\"https:\/\/www.akuplastics.com\/wp-content\/uploads\/2025\/02\/PLANSET2-Klein-300x200.webp 300w, https:\/\/www.akuplastics.com\/wp-content\/uploads\/2025\/02\/PLANSET2-Klein.webp 720w\" sizes=\"auto, (max-width: 300px) 100vw, 300px\" \/>\t\t\t\t\t\t\t\t\t\t\t<figcaption class=\"widget-image-caption wp-caption-text\">PLANSET2 PVC ponyva k\u00e9szlet aut\u00f3k\u00e1rpitosoknak, ponyvagy\u00e1rt\u00f3knak \u00e9s hegeszt\u0151s\u00e1trakhoz<\/figcaption>\n\t\t\t\t\t\t\t\t\t\t<\/figure>\n\t\t\t\t\t\t\t\t\t<\/div>\n\t\t\t\t<\/div>\n\t\t\t\t<div class=\"elementor-element elementor-element-878c2d9 elementor-invisible elementor-widget elementor-widget-image\" data-id=\"878c2d9\" data-element_type=\"widget\" data-e-type=\"widget\" data-settings=\"{&quot;_animation&quot;:&quot;fadeInRight&quot;}\" data-widget_type=\"image.default\">\n\t\t\t\t<div class=\"elementor-widget-container\">\n\t\t\t\t\t\t\t\t\t\t\t\t<figure class=\"wp-caption\">\n\t\t\t\t\t\t\t\t\t\t<img loading=\"lazy\" decoding=\"async\" width=\"300\" height=\"201\" src=\"https:\/\/www.akuplastics.com\/wp-content\/uploads\/2020\/07\/Fussbodenschw2-Quick-S-300x201.jpg\" class=\"attachment-medium size-medium wp-image-12877\" alt=\"Andr\u00fcckrolle und Lufterhitzer mit D\u00fcse 3-fach, rund\" srcset=\"https:\/\/www.akuplastics.com\/wp-content\/uploads\/2020\/07\/Fussbodenschw2-Quick-S-300x201.jpg 300w, https:\/\/www.akuplastics.com\/wp-content\/uploads\/2020\/07\/Fussbodenschw2-Quick-S-1024x686.jpg 1024w, https:\/\/www.akuplastics.com\/wp-content\/uploads\/2020\/07\/Fussbodenschw2-Quick-S-768x514.jpg 768w, https:\/\/www.akuplastics.com\/wp-content\/uploads\/2020\/07\/Fussbodenschw2-Quick-S-1536x1028.jpg 1536w, https:\/\/www.akuplastics.com\/wp-content\/uploads\/2020\/07\/Fussbodenschw2-Quick-S.jpg 2048w, https:\/\/www.akuplastics.com\/wp-content\/uploads\/2020\/07\/Fussbodenschw2-Quick-S-1200x803.jpg 1200w, https:\/\/www.akuplastics.com\/wp-content\/uploads\/2020\/07\/Fussbodenschw2-Quick-S-1980x1325.jpg 1980w\" sizes=\"auto, (max-width: 300px) 100vw, 300px\" \/>\t\t\t\t\t\t\t\t\t\t\t<figcaption class=\"widget-image-caption wp-caption-text\">Nyom\u00f3g\u00f6rg\u0151 \u00e9s l\u00e9gf\u0171t\u0151 3-szoros f\u00fav\u00f3k\u00e1val, kerek<\/figcaption>\n\t\t\t\t\t\t\t\t\t\t<\/figure>\n\t\t\t\t\t\t\t\t\t<\/div>\n\t\t\t\t<\/div>\n\t\t\t\t<div class=\"elementor-element elementor-element-8f0e459 elementor-invisible elementor-widget elementor-widget-image\" data-id=\"8f0e459\" data-element_type=\"widget\" data-e-type=\"widget\" data-settings=\"{&quot;_animation&quot;:&quot;fadeInRight&quot;}\" data-widget_type=\"image.default\">\n\t\t\t\t<div class=\"elementor-widget-container\">\n\t\t\t\t\t\t\t\t\t\t\t\t<figure class=\"wp-caption\">\n\t\t\t\t\t\t\t\t\t\t<img loading=\"lazy\" decoding=\"async\" width=\"300\" height=\"216\" src=\"https:\/\/www.akuplastics.com\/wp-content\/uploads\/2020\/07\/Grand-S-E-1-300x216.jpg\" class=\"attachment-medium size-medium wp-image-12878\" alt=\"Grand-S-Electronic\" srcset=\"https:\/\/www.akuplastics.com\/wp-content\/uploads\/2020\/07\/Grand-S-E-1-300x216.jpg 300w, https:\/\/www.akuplastics.com\/wp-content\/uploads\/2020\/07\/Grand-S-E-1-1024x738.jpg 1024w, https:\/\/www.akuplastics.com\/wp-content\/uploads\/2020\/07\/Grand-S-E-1-768x554.jpg 768w, https:\/\/www.akuplastics.com\/wp-content\/uploads\/2020\/07\/Grand-S-E-1-1536x1108.jpg 1536w, https:\/\/www.akuplastics.com\/wp-content\/uploads\/2020\/07\/Grand-S-E-1-scaled.jpg 2048w, https:\/\/www.akuplastics.com\/wp-content\/uploads\/2020\/07\/Grand-S-E-1-1200x865.jpg 1200w, https:\/\/www.akuplastics.com\/wp-content\/uploads\/2020\/07\/Grand-S-E-1-1980x1428.jpg 1980w\" sizes=\"auto, (max-width: 300px) 100vw, 300px\" \/>\t\t\t\t\t\t\t\t\t\t\t<figcaption class=\"widget-image-caption wp-caption-text\">Grand-S-Electronic<\/figcaption>\n\t\t\t\t\t\t\t\t\t\t<\/figure>\n\t\t\t\t\t\t\t\t\t<\/div>\n\t\t\t\t<\/div>\n\t\t\t\t<div class=\"elementor-element elementor-element-5b499c6 elementor-invisible elementor-widget elementor-widget-image\" data-id=\"5b499c6\" data-element_type=\"widget\" data-e-type=\"widget\" data-settings=\"{&quot;_animation&quot;:&quot;fadeInLeft&quot;}\" data-widget_type=\"image.default\">\n\t\t\t\t<div class=\"elementor-widget-container\">\n\t\t\t\t\t\t\t\t\t\t\t\t<figure class=\"wp-caption\">\n\t\t\t\t\t\t\t\t\t\t<img loading=\"lazy\" decoding=\"async\" width=\"243\" height=\"300\" src=\"https:\/\/www.akuplastics.com\/wp-content\/uploads\/2020\/07\/hotair3000-m-Zubeh\u00f6r-243x300.jpg\" class=\"attachment-medium size-medium wp-image-12872\" alt=\"Lufterhitzer und Zubeh\u00f6r\" srcset=\"https:\/\/www.akuplastics.com\/wp-content\/uploads\/2020\/07\/hotair3000-m-Zubeh\u00f6r-243x300.jpg 243w, https:\/\/www.akuplastics.com\/wp-content\/uploads\/2020\/07\/hotair3000-m-Zubeh\u00f6r.jpg 300w\" sizes=\"auto, (max-width: 243px) 100vw, 243px\" \/>\t\t\t\t\t\t\t\t\t\t\t<figcaption class=\"widget-image-caption wp-caption-text\">L\u00e9ghev\u00edt\u0151k \u00e9s tartoz\u00e9kok<\/figcaption>\n\t\t\t\t\t\t\t\t\t\t<\/figure>\n\t\t\t\t\t\t\t\t\t<\/div>\n\t\t\t\t<\/div>\n\t\t\t\t<div class=\"elementor-element elementor-element-3c9a608 elementor-invisible elementor-widget elementor-widget-image\" data-id=\"3c9a608\" data-element_type=\"widget\" data-e-type=\"widget\" data-settings=\"{&quot;_animation&quot;:&quot;fadeInUp&quot;}\" data-widget_type=\"image.default\">\n\t\t\t\t<div class=\"elementor-widget-container\">\n\t\t\t\t\t\t\t\t\t\t\t\t<figure class=\"wp-caption\">\n\t\t\t\t\t\t\t\t\t\t<img loading=\"lazy\" decoding=\"async\" width=\"300\" height=\"168\" src=\"https:\/\/www.akuplastics.com\/wp-content\/uploads\/2024\/04\/IMG_2307-300x168.png\" class=\"attachment-medium size-medium wp-image-21069\" alt=\"HSK-APX300 Hei\u00dfluft Handger\u00e4t Set  Verarbeitung Reparatur LKW Planen\" srcset=\"https:\/\/www.akuplastics.com\/wp-content\/uploads\/2024\/04\/IMG_2307-300x168.png 300w, https:\/\/www.akuplastics.com\/wp-content\/uploads\/2024\/04\/IMG_2307-1024x575.png 1024w, https:\/\/www.akuplastics.com\/wp-content\/uploads\/2024\/04\/IMG_2307-768x431.png 768w, https:\/\/www.akuplastics.com\/wp-content\/uploads\/2024\/04\/IMG_2307-1536x862.png 1536w, https:\/\/www.akuplastics.com\/wp-content\/uploads\/2024\/04\/IMG_2307.png 1920w\" sizes=\"auto, (max-width: 300px) 100vw, 300px\" \/>\t\t\t\t\t\t\t\t\t\t\t<figcaption class=\"widget-image-caption wp-caption-text\">APX300 teherg\u00e9pkocsi ponyv\u00e1k jav\u00edt\u00e1s\u00e1hoz<\/figcaption>\n\t\t\t\t\t\t\t\t\t\t<\/figure>\n\t\t\t\t\t\t\t\t\t<\/div>\n\t\t\t\t<\/div>\n\t\t\t\t<div class=\"elementor-element elementor-element-161bc41 elementor-widget elementor-widget-video\" data-id=\"161bc41\" data-element_type=\"widget\" data-e-type=\"widget\" data-settings=\"{&quot;video_type&quot;:&quot;hosted&quot;,&quot;controls&quot;:&quot;yes&quot;}\" data-widget_type=\"video.default\">\n\t\t\t\t<div class=\"elementor-widget-container\">\n\t\t\t\t\t\t\t<div class=\"e-hosted-video elementor-wrapper elementor-open-inline\">\n\t\t\t\t\t<video class=\"elementor-video\" src=\"https:\/\/www.akuplastics.com\/wp-content\/uploads\/2025\/02\/AKU-Forsthoff-Kunststoffschweissen.webm\" controls=\"\" preload=\"metadata\" poster=\"https:\/\/www.akuplastics.com\/wp-content\/uploads\/2025\/02\/Anwendung-Tube-Q-2-Klein.webp\"><\/video>\n\t\t\t\t<\/div>\n\t\t\t\t\t\t<\/div>\n\t\t\t\t<\/div>\n\t\t\t\t<div class=\"elementor-element elementor-element-02fa062 elementor-widget elementor-widget-video\" data-id=\"02fa062\" data-element_type=\"widget\" data-e-type=\"widget\" data-settings=\"{&quot;video_type&quot;:&quot;hosted&quot;,&quot;controls&quot;:&quot;yes&quot;}\" data-widget_type=\"video.default\">\n\t\t\t\t<div class=\"elementor-widget-container\">\n\t\t\t\t\t\t\t<div class=\"e-hosted-video elementor-wrapper elementor-open-inline\">\n\t\t\t\t\t<video class=\"elementor-video\" src=\"https:\/\/www.akuplastics.com\/wp-content\/uploads\/2025\/02\/AKU-Forsthoff-about-us.webm\" controls=\"\" preload=\"metadata\" controlsList=\"nodownload\" poster=\"https:\/\/www.akuplastics.com\/wp-content\/uploads\/2025\/02\/Produktionsfoto-2019-1-Anker-wuchten-Klein.webp\"><\/video>\n\t\t\t\t<\/div>\n\t\t\t\t\t\t<\/div>\n\t\t\t\t<\/div>\n\t\t\t\t\t<\/div>\n\t\t<\/div>\n\t\t\t\t\t<\/div>\n\t\t<\/section>\n\t\t\t\t\t<\/div>\n\t\t<\/div>\n\t\t\t\t\t<\/div>\n\t\t<\/section>\n\t\t\t\t<\/div>\n\t\t","protected":false},"excerpt":{"rendered":"<p>Teherg\u00e9pkocsi ponyv\u00e1k jav\u00edt\u00e1sa forr\u00f3 g\u00e1zhegeszt\u0151 berendez\u00e9ssel A teherg\u00e9pkocsi ponyv\u00e1k AKU forr\u00f3 g\u00e1zhegeszt\u0151vel t\u00f6rt\u00e9n\u0151 jav\u00edt\u00e1s\u00e1nak el\u0151nyei A teherg\u00e9pkocsi ponyv\u00e1k AKU forr\u00f3g\u00e1zhegeszt\u0151vel t\u00f6rt\u00e9n\u0151 jav\u00edt\u00e1sa sz\u00e1mos el\u0151nnyel j\u00e1r a hagyom\u00e1nyos m\u00f3dszerekkel, p\u00e9ld\u00e1ul a varr\u00e1ssal vagy a ragaszt\u00e1ssal szemben. Tart\u00f3s \u00e9s rugalmas jav\u00edt\u00e1sok A forr\u00f3 g\u00e1zhegeszt\u00e9s homog\u00e9n k\u00f6t\u00e9st hoz l\u00e9tre az anyagban, \u00edgy a jav\u00edtott ter\u00fclet majdnem ugyanolyan szil\u00e1rds\u00e1g\u00fa [&hellip;]<\/p>\n","protected":false},"author":3,"featured_media":26348,"parent":9403,"menu_order":0,"comment_status":"closed","ping_status":"closed","template":"elementor_header_footer","meta":{"iawp_total_views":7,"footnotes":""},"class_list":["post-26577","page","type-page","status-publish","has-post-thumbnail","hentry"],"yoast_head":"<!-- This site is optimized with the Yoast SEO Premium plugin v27.4 (Yoast SEO v27.5) - https:\/\/yoast.com\/product\/yoast-seo-premium-wordpress\/ -->\n<title>Teherg\u00e9pkocsi ponyv\u00e1k jav\u00edt\u00e1sa Forr\u00f3g\u00e1z hegeszt\u0151berendez\u00e9s Forr\u00f3leveg\u0151<\/title>\n<meta name=\"description\" content=\"A teherg\u00e9pkocsik ponyv\u00e1inak AKU forr\u00f3g\u00e1zhegeszt\u0151kkel t\u00f6rt\u00e9n\u0151 jav\u00edt\u00e1sa tart\u00f3s, v\u00edzz\u00e1r\u00f3 \u00e9s gazdas\u00e1gos megold\u00e1st k\u00edn\u00e1l a hagyom\u00e1nyos m\u00f3dszerekhez k\u00e9pest. A homog\u00e9n anyagk\u00f6t\u00e9seknek, a gyors jav\u00edt\u00e1snak \u00e9s az alacsony k\u00f6lts\u00e9geknek k\u00f6sz\u00f6nhet\u0151en a ponyv\u00e1k \u00e9lettartama jelent\u0151sen meghosszabbodik.\" \/>\n<meta name=\"robots\" content=\"index, follow, max-snippet:-1, max-image-preview:large, max-video-preview:-1\" \/>\n<link rel=\"canonical\" href=\"https:\/\/www.akuplastics.com\/hu\/gepek-es-eszkoezoek\/tehergepkocsi-ponyvak-javitasa-forro-gazhegesztokkel\/\" \/>\n<script type=\"application\/ld+json\" class=\"yoast-schema-graph\">{\"@context\":\"https:\\\/\\\/schema.org\",\"@graph\":[{\"@type\":\"WebPage\",\"@id\":\"https:\\\/\\\/www.akuplastics.com\\\/hu\\\/gepek-es-eszkoezoek\\\/tehergepkocsi-ponyvak-javitasa-forro-gazhegesztokkel\\\/\",\"url\":\"https:\\\/\\\/www.akuplastics.com\\\/hu\\\/gepek-es-eszkoezoek\\\/tehergepkocsi-ponyvak-javitasa-forro-gazhegesztokkel\\\/\",\"name\":\"Teherg\u00e9pkocsi ponyv\u00e1k jav\u00edt\u00e1sa Forr\u00f3g\u00e1z hegeszt\u0151berendez\u00e9s Forr\u00f3leveg\u0151\",\"isPartOf\":{\"@id\":\"https:\\\/\\\/www.akuplastics.com\\\/hu\\\/#website\"},\"primaryImageOfPage\":{\"@id\":\"https:\\\/\\\/www.akuplastics.com\\\/hu\\\/gepek-es-eszkoezoek\\\/tehergepkocsi-ponyvak-javitasa-forro-gazhegesztokkel\\\/#primaryimage\"},\"image\":{\"@id\":\"https:\\\/\\\/www.akuplastics.com\\\/hu\\\/gepek-es-eszkoezoek\\\/tehergepkocsi-ponyvak-javitasa-forro-gazhegesztokkel\\\/#primaryimage\"},\"thumbnailUrl\":\"https:\\\/\\\/www.akuplastics.com\\\/wp-content\\\/uploads\\\/2025\\\/02\\\/PLANSET2-Klein.webp\",\"datePublished\":\"2025-04-02T16:49:35+00:00\",\"dateModified\":\"2025-04-04T07:32:52+00:00\",\"description\":\"A teherg\u00e9pkocsik ponyv\u00e1inak AKU forr\u00f3g\u00e1zhegeszt\u0151kkel t\u00f6rt\u00e9n\u0151 jav\u00edt\u00e1sa tart\u00f3s, v\u00edzz\u00e1r\u00f3 \u00e9s gazdas\u00e1gos megold\u00e1st k\u00edn\u00e1l a hagyom\u00e1nyos m\u00f3dszerekhez k\u00e9pest. A homog\u00e9n anyagk\u00f6t\u00e9seknek, a gyors jav\u00edt\u00e1snak \u00e9s az alacsony k\u00f6lts\u00e9geknek k\u00f6sz\u00f6nhet\u0151en a ponyv\u00e1k \u00e9lettartama jelent\u0151sen meghosszabbodik.\",\"breadcrumb\":{\"@id\":\"https:\\\/\\\/www.akuplastics.com\\\/hu\\\/gepek-es-eszkoezoek\\\/tehergepkocsi-ponyvak-javitasa-forro-gazhegesztokkel\\\/#breadcrumb\"},\"inLanguage\":\"hu\",\"potentialAction\":[{\"@type\":\"ReadAction\",\"target\":[\"https:\\\/\\\/www.akuplastics.com\\\/hu\\\/gepek-es-eszkoezoek\\\/tehergepkocsi-ponyvak-javitasa-forro-gazhegesztokkel\\\/\"]}]},{\"@type\":\"ImageObject\",\"inLanguage\":\"hu\",\"@id\":\"https:\\\/\\\/www.akuplastics.com\\\/hu\\\/gepek-es-eszkoezoek\\\/tehergepkocsi-ponyvak-javitasa-forro-gazhegesztokkel\\\/#primaryimage\",\"url\":\"https:\\\/\\\/www.akuplastics.com\\\/wp-content\\\/uploads\\\/2025\\\/02\\\/PLANSET2-Klein.webp\",\"contentUrl\":\"https:\\\/\\\/www.akuplastics.com\\\/wp-content\\\/uploads\\\/2025\\\/02\\\/PLANSET2-Klein.webp\",\"width\":720,\"height\":480},{\"@type\":\"BreadcrumbList\",\"@id\":\"https:\\\/\\\/www.akuplastics.com\\\/hu\\\/gepek-es-eszkoezoek\\\/tehergepkocsi-ponyvak-javitasa-forro-gazhegesztokkel\\\/#breadcrumb\",\"itemListElement\":[{\"@type\":\"ListItem\",\"position\":1,\"name\":\"Kezd\u0151lap\",\"item\":\"https:\\\/\\\/www.akuplastics.com\\\/hu\\\/\"},{\"@type\":\"ListItem\",\"position\":2,\"name\":\"G\u00e9pek \u00e9s eszk\u00f6z\u00f6k\",\"item\":\"https:\\\/\\\/www.akuplastics.com\\\/hu\\\/gepek-es-eszkoezoek\\\/\"},{\"@type\":\"ListItem\",\"position\":3,\"name\":\"Teherg\u00e9pkocsi ponyv\u00e1k jav\u00edt\u00e1sa forr\u00f3 g\u00e1zhegeszt\u0151kkel\"}]},{\"@type\":\"WebSite\",\"@id\":\"https:\\\/\\\/www.akuplastics.com\\\/hu\\\/#website\",\"url\":\"https:\\\/\\\/www.akuplastics.com\\\/hu\\\/\",\"name\":\"Semi-Finished Products \u2013 Finished Parts \u2013 Ventilation Moulded Parts \u2013 Machines\",\"description\":\"Halbzeuge, Halbfabrikate, Kunststoffhalbzeuge, Kunststoffhalbfabrikate\",\"publisher\":{\"@id\":\"https:\\\/\\\/www.akuplastics.com\\\/hu\\\/#organization\"},\"alternateName\":\"AKUPLASTICS \u2013 Engineering in Plastics\",\"potentialAction\":[{\"@type\":\"SearchAction\",\"target\":{\"@type\":\"EntryPoint\",\"urlTemplate\":\"https:\\\/\\\/www.akuplastics.com\\\/hu\\\/?s={search_term_string}\"},\"query-input\":{\"@type\":\"PropertyValueSpecification\",\"valueRequired\":true,\"valueName\":\"search_term_string\"}}],\"inLanguage\":\"hu\"},{\"@type\":\"Organization\",\"@id\":\"https:\\\/\\\/www.akuplastics.com\\\/hu\\\/#organization\",\"name\":\"Ing. Christian Ahlborn e.U.\",\"alternateName\":\"AKU\",\"url\":\"https:\\\/\\\/www.akuplastics.com\\\/hu\\\/\",\"logo\":{\"@type\":\"ImageObject\",\"inLanguage\":\"hu\",\"@id\":\"https:\\\/\\\/www.akuplastics.com\\\/hu\\\/#\\\/schema\\\/logo\\\/image\\\/\",\"url\":\"https:\\\/\\\/www.akuplastics.com\\\/wp-content\\\/uploads\\\/2020\\\/07\\\/Grafik14-inkl-r.png\",\"contentUrl\":\"https:\\\/\\\/www.akuplastics.com\\\/wp-content\\\/uploads\\\/2020\\\/07\\\/Grafik14-inkl-r.png\",\"width\":1994,\"height\":743,\"caption\":\"Ing. Christian Ahlborn e.U.\"},\"image\":{\"@id\":\"https:\\\/\\\/www.akuplastics.com\\\/hu\\\/#\\\/schema\\\/logo\\\/image\\\/\"}}]}<\/script>\n<!-- \/ Yoast SEO Premium plugin. -->","yoast_head_json":{"title":"Teherg\u00e9pkocsi ponyv\u00e1k jav\u00edt\u00e1sa Forr\u00f3g\u00e1z hegeszt\u0151berendez\u00e9s Forr\u00f3leveg\u0151","description":"A teherg\u00e9pkocsik ponyv\u00e1inak AKU forr\u00f3g\u00e1zhegeszt\u0151kkel t\u00f6rt\u00e9n\u0151 jav\u00edt\u00e1sa tart\u00f3s, v\u00edzz\u00e1r\u00f3 \u00e9s gazdas\u00e1gos megold\u00e1st k\u00edn\u00e1l a hagyom\u00e1nyos m\u00f3dszerekhez k\u00e9pest. A homog\u00e9n anyagk\u00f6t\u00e9seknek, a gyors jav\u00edt\u00e1snak \u00e9s az alacsony k\u00f6lts\u00e9geknek k\u00f6sz\u00f6nhet\u0151en a ponyv\u00e1k \u00e9lettartama jelent\u0151sen meghosszabbodik.","robots":{"index":"index","follow":"follow","max-snippet":"max-snippet:-1","max-image-preview":"max-image-preview:large","max-video-preview":"max-video-preview:-1"},"canonical":"https:\/\/www.akuplastics.com\/hu\/gepek-es-eszkoezoek\/tehergepkocsi-ponyvak-javitasa-forro-gazhegesztokkel\/","schema":{"@context":"https:\/\/schema.org","@graph":[{"@type":"WebPage","@id":"https:\/\/www.akuplastics.com\/hu\/gepek-es-eszkoezoek\/tehergepkocsi-ponyvak-javitasa-forro-gazhegesztokkel\/","url":"https:\/\/www.akuplastics.com\/hu\/gepek-es-eszkoezoek\/tehergepkocsi-ponyvak-javitasa-forro-gazhegesztokkel\/","name":"Teherg\u00e9pkocsi ponyv\u00e1k jav\u00edt\u00e1sa Forr\u00f3g\u00e1z hegeszt\u0151berendez\u00e9s Forr\u00f3leveg\u0151","isPartOf":{"@id":"https:\/\/www.akuplastics.com\/hu\/#website"},"primaryImageOfPage":{"@id":"https:\/\/www.akuplastics.com\/hu\/gepek-es-eszkoezoek\/tehergepkocsi-ponyvak-javitasa-forro-gazhegesztokkel\/#primaryimage"},"image":{"@id":"https:\/\/www.akuplastics.com\/hu\/gepek-es-eszkoezoek\/tehergepkocsi-ponyvak-javitasa-forro-gazhegesztokkel\/#primaryimage"},"thumbnailUrl":"https:\/\/www.akuplastics.com\/wp-content\/uploads\/2025\/02\/PLANSET2-Klein.webp","datePublished":"2025-04-02T16:49:35+00:00","dateModified":"2025-04-04T07:32:52+00:00","description":"A teherg\u00e9pkocsik ponyv\u00e1inak AKU forr\u00f3g\u00e1zhegeszt\u0151kkel t\u00f6rt\u00e9n\u0151 jav\u00edt\u00e1sa tart\u00f3s, v\u00edzz\u00e1r\u00f3 \u00e9s gazdas\u00e1gos megold\u00e1st k\u00edn\u00e1l a hagyom\u00e1nyos m\u00f3dszerekhez k\u00e9pest. A homog\u00e9n anyagk\u00f6t\u00e9seknek, a gyors jav\u00edt\u00e1snak \u00e9s az alacsony k\u00f6lts\u00e9geknek k\u00f6sz\u00f6nhet\u0151en a ponyv\u00e1k \u00e9lettartama jelent\u0151sen meghosszabbodik.","breadcrumb":{"@id":"https:\/\/www.akuplastics.com\/hu\/gepek-es-eszkoezoek\/tehergepkocsi-ponyvak-javitasa-forro-gazhegesztokkel\/#breadcrumb"},"inLanguage":"hu","potentialAction":[{"@type":"ReadAction","target":["https:\/\/www.akuplastics.com\/hu\/gepek-es-eszkoezoek\/tehergepkocsi-ponyvak-javitasa-forro-gazhegesztokkel\/"]}]},{"@type":"ImageObject","inLanguage":"hu","@id":"https:\/\/www.akuplastics.com\/hu\/gepek-es-eszkoezoek\/tehergepkocsi-ponyvak-javitasa-forro-gazhegesztokkel\/#primaryimage","url":"https:\/\/www.akuplastics.com\/wp-content\/uploads\/2025\/02\/PLANSET2-Klein.webp","contentUrl":"https:\/\/www.akuplastics.com\/wp-content\/uploads\/2025\/02\/PLANSET2-Klein.webp","width":720,"height":480},{"@type":"BreadcrumbList","@id":"https:\/\/www.akuplastics.com\/hu\/gepek-es-eszkoezoek\/tehergepkocsi-ponyvak-javitasa-forro-gazhegesztokkel\/#breadcrumb","itemListElement":[{"@type":"ListItem","position":1,"name":"Kezd\u0151lap","item":"https:\/\/www.akuplastics.com\/hu\/"},{"@type":"ListItem","position":2,"name":"G\u00e9pek \u00e9s eszk\u00f6z\u00f6k","item":"https:\/\/www.akuplastics.com\/hu\/gepek-es-eszkoezoek\/"},{"@type":"ListItem","position":3,"name":"Teherg\u00e9pkocsi ponyv\u00e1k jav\u00edt\u00e1sa forr\u00f3 g\u00e1zhegeszt\u0151kkel"}]},{"@type":"WebSite","@id":"https:\/\/www.akuplastics.com\/hu\/#website","url":"https:\/\/www.akuplastics.com\/hu\/","name":"Semi-Finished Products \u2013 Finished Parts \u2013 Ventilation Moulded Parts \u2013 Machines","description":"Halbzeuge, Halbfabrikate, Kunststoffhalbzeuge, Kunststoffhalbfabrikate","publisher":{"@id":"https:\/\/www.akuplastics.com\/hu\/#organization"},"alternateName":"AKUPLASTICS \u2013 Engineering in Plastics","potentialAction":[{"@type":"SearchAction","target":{"@type":"EntryPoint","urlTemplate":"https:\/\/www.akuplastics.com\/hu\/?s={search_term_string}"},"query-input":{"@type":"PropertyValueSpecification","valueRequired":true,"valueName":"search_term_string"}}],"inLanguage":"hu"},{"@type":"Organization","@id":"https:\/\/www.akuplastics.com\/hu\/#organization","name":"Ing. Christian Ahlborn e.U.","alternateName":"AKU","url":"https:\/\/www.akuplastics.com\/hu\/","logo":{"@type":"ImageObject","inLanguage":"hu","@id":"https:\/\/www.akuplastics.com\/hu\/#\/schema\/logo\/image\/","url":"https:\/\/www.akuplastics.com\/wp-content\/uploads\/2020\/07\/Grafik14-inkl-r.png","contentUrl":"https:\/\/www.akuplastics.com\/wp-content\/uploads\/2020\/07\/Grafik14-inkl-r.png","width":1994,"height":743,"caption":"Ing. Christian Ahlborn e.U."},"image":{"@id":"https:\/\/www.akuplastics.com\/hu\/#\/schema\/logo\/image\/"}}]}},"_links":{"self":[{"href":"https:\/\/www.akuplastics.com\/hu\/wp-json\/wp\/v2\/pages\/26577","targetHints":{"allow":["GET"]}}],"collection":[{"href":"https:\/\/www.akuplastics.com\/hu\/wp-json\/wp\/v2\/pages"}],"about":[{"href":"https:\/\/www.akuplastics.com\/hu\/wp-json\/wp\/v2\/types\/page"}],"author":[{"embeddable":true,"href":"https:\/\/www.akuplastics.com\/hu\/wp-json\/wp\/v2\/users\/3"}],"replies":[{"embeddable":true,"href":"https:\/\/www.akuplastics.com\/hu\/wp-json\/wp\/v2\/comments?post=26577"}],"version-history":[{"count":4,"href":"https:\/\/www.akuplastics.com\/hu\/wp-json\/wp\/v2\/pages\/26577\/revisions"}],"predecessor-version":[{"id":26691,"href":"https:\/\/www.akuplastics.com\/hu\/wp-json\/wp\/v2\/pages\/26577\/revisions\/26691"}],"up":[{"embeddable":true,"href":"https:\/\/www.akuplastics.com\/hu\/wp-json\/wp\/v2\/pages\/9403"}],"wp:featuredmedia":[{"embeddable":true,"href":"https:\/\/www.akuplastics.com\/hu\/wp-json\/wp\/v2\/media\/26348"}],"wp:attachment":[{"href":"https:\/\/www.akuplastics.com\/hu\/wp-json\/wp\/v2\/media?parent=26577"}],"curies":[{"name":"wp","href":"https:\/\/api.w.org\/{rel}","templated":true}]}}