{"id":23279,"date":"2024-05-23T14:30:09","date_gmt":"2024-05-23T12:30:09","guid":{"rendered":"https:\/\/www.akuplastics.com\/gepek-es-eszkoezoek\/hegeszto-extruder-hsk10-2-de-digitalis-kompakt\/"},"modified":"2024-06-03T11:12:40","modified_gmt":"2024-06-03T09:12:40","slug":"hegeszto-extruder-hsk10-2-de-digitalis-kompakt","status":"publish","type":"page","link":"https:\/\/www.akuplastics.com\/hu\/gepek-es-eszkoezoek\/hegeszto-extruder-hsk10-2-de-digitalis-kompakt\/","title":{"rendered":"Hegeszt\u0151 extruder HSK10.2 DE digit\u00e1lis kompakt"},"content":{"rendered":"\t\t<div data-elementor-type=\"wp-page\" data-elementor-id=\"23279\" class=\"elementor elementor-23279 elementor-23264\" data-elementor-post-type=\"page\">\n\t\t\t\t\t\t<section class=\"elementor-section elementor-top-section elementor-element elementor-element-0a5acb8 elementor-section-boxed elementor-section-height-default elementor-section-height-default\" data-id=\"0a5acb8\" data-element_type=\"section\" data-e-type=\"section\">\n\t\t\t\t\t\t<div class=\"elementor-container elementor-column-gap-default\">\n\t\t\t\t\t<div class=\"elementor-column elementor-col-100 elementor-top-column elementor-element elementor-element-70adc80\" data-id=\"70adc80\" data-element_type=\"column\" data-e-type=\"column\">\n\t\t\t<div class=\"elementor-widget-wrap elementor-element-populated\">\n\t\t\t\t\t\t<div class=\"elementor-element elementor-element-8f6fe3e elementor-widget elementor-widget-text-editor\" data-id=\"8f6fe3e\" data-element_type=\"widget\" data-e-type=\"widget\" data-widget_type=\"text-editor.default\">\n\t\t\t\t<div class=\"elementor-widget-container\">\n\t\t\t\t\t\t\t\t\t<h1>A vil\u00e1g legkisebb kompakt hegeszt\u0151 extrudere PEHD, PP \u00e9s PVC extrud\u00e1l\u00e1si hegeszt\u00e9s\u00e9hez<\/h1>\n\t\t\t\t\t\t\t\t<\/div>\n\t\t\t\t<\/div>\n\t\t\t\t<section class=\"elementor-section elementor-inner-section elementor-element elementor-element-2e3abba elementor-section-boxed elementor-section-height-default elementor-section-height-default\" data-id=\"2e3abba\" data-element_type=\"section\" data-e-type=\"section\">\n\t\t\t\t\t\t<div class=\"elementor-container elementor-column-gap-default\">\n\t\t\t\t\t<div class=\"elementor-column elementor-col-50 elementor-inner-column elementor-element elementor-element-17d2976\" data-id=\"17d2976\" data-element_type=\"column\" data-e-type=\"column\">\n\t\t\t<div class=\"elementor-widget-wrap elementor-element-populated\">\n\t\t\t\t\t\t<div class=\"elementor-element elementor-element-946d428 elementor-widget elementor-widget-text-editor\" data-id=\"946d428\" data-element_type=\"widget\" data-e-type=\"widget\" data-widget_type=\"text-editor.default\">\n\t\t\t\t<div class=\"elementor-widget-container\">\n\t\t\t\t\t\t\t\t\t<p>A nagyon kompakt \u00e9s k\u00f6nny\u0171 alapegys\u00e9g megb\u00edzhat\u00f3 megold\u00e1st jelent a PEHD, PP \u00e9s PVC extrud\u00e1l\u00e1si hegeszt\u00e9s\u00e9hez.<\/p>\n<p>Az olvad\u00e9k h\u0151m\u00e9rs\u00e9klet\u00e9nek k\u00f6zvetlen m\u00e9r\u00e9se az olvad\u00e9kban biztos\u00edtja a pontos h\u0151m\u00e9rs\u00e9klet-szab\u00e1lyoz\u00e1st, ami kiv\u00e1l\u00f3 min\u0151s\u00e9g\u0171 hegeszt\u00e9si varratokat eredm\u00e9nyez.<\/p>\n<\/p>\n<ul>\n<li>\n<p><strong>Hat\u00e9kony huzaltov\u00e1bb\u00edt\u00e1s:<\/strong> <br \/>A z\u00f6kken\u0151mentes kezel\u00e9st a tov\u00e1bbi sz\u00e1ll\u00edt\u00f3szalagok n\u00e9lk\u00fcli huzaltov\u00e1bb\u00edt\u00e1s garant\u00e1lja.<\/p>\n<\/li>\n<li>\n<p><strong>H\u0151m\u00e9rs\u00e9klet-ellen\u0151rz\u00e9s:<\/strong> <br \/>Az olvad\u00e9kh\u0151m\u00e9rs\u00e9klet aktu\u00e1lis \u00e9s c\u00e9l\u00e9rt\u00e9k\u00e9nek kijelz\u00e9se lehet\u0151v\u00e9 teszi a hegeszt\u00e9si folyamat pontos ellen\u0151rz\u00e9s\u00e9t.<\/p>\n<\/li>\n<li>\n<p><strong>Biztons\u00e1gi jellemz\u0151k:<\/strong> <br \/>A be\u00e9p\u00edtett hidegind\u00edt\u00e1s elleni v\u00e9delem biztos\u00edtja a biztons\u00e1got m\u0171k\u00f6d\u00e9s k\u00f6zben.<\/p>\n<\/li>\n<li>\n<p><strong>Sokoldal\u00fa alkalmaz\u00e1s:<\/strong> <br \/>Az alapk\u00e9sz\u00fcl\u00e9k 3 mm-es \u00e9s 4 mm-es hegeszt\u0151huzallal haszn\u00e1lhat\u00f3, \u00edgy rugalmasan alkalmazhat\u00f3 k\u00fcl\u00f6nb\u00f6z\u0151 alkalmaz\u00e1sokhoz.<\/p>\n<\/li>\n<li>\n<p><strong>Sz\u00e1ll\u00edt\u00e1si terjedelem:<\/strong> <br \/>A sz\u00e1ll\u00edt\u00e1si terjedelem egy hegeszt\u0151cip\u0151-nyersdarabot tartalmaz, amely azonnal haszn\u00e1latra k\u00e9sz.<\/p>\n<\/li>\n<li>\n<p><strong>Felhaszn\u00e1l\u00f3bar\u00e1t m\u0171k\u00f6d\u00e9s:<\/strong> <br \/>A digit\u00e1lis kijelz\u0151 \u00e9s a bels\u0151 leveg\u0151ell\u00e1t\u00e1s egyszer\u0171v\u00e9 \u00e9s k\u00e9nyelmess\u00e9 teszi a k\u00e9sz\u00fcl\u00e9k haszn\u00e1lat\u00e1t.<\/p>\n<\/li>\n<\/ul>\n<table width=\"422\">\n<tbody>\n<tr>\n<td width=\"167\">Hegeszt\u0151huzal<\/td>\n<td width=\"255\">\u00f8 3 mm &#8211; 4mm<\/td>\n<\/tr>\n<tr>\n<td>M\u00e9retek (hossz\u00fas\u00e1g x sz\u00e9less\u00e9g x magass\u00e1g) mm<\/td>\n<td>430 x 125 x 300<\/td>\n<\/tr>\n<tr>\n<td>Sz\u00e1ll\u00edt\u00e1si ar\u00e1ny<\/td>\n<td>1,0 kg\/h (4 mm-es PEHD hegeszt\u0151p\u00e1lc\u00e1val)<\/td>\n<\/tr>\n<tr>\n<td>Extruder h\u0151teljes\u00edtm\u00e9ny<\/td>\n<td>300 W \/ leveg\u0151: 1500W<\/td>\n<\/tr>\n<tr>\n<td>Hajt\u00e1si teljes\u00edtm\u00e9ny<\/td>\n<td>500 W<\/td>\n<\/tr>\n<tr>\n<td>Panel vastags\u00e1g<\/td>\n<td>3 &#8211; 12 mm<\/td>\n<\/tr>\n<tr>\n<td>S\u00faly<\/td>\n<td>3,8 kg<\/td>\n<\/tr>\n<tr>\n<td>Leveg\u0151ig\u00e9ny<\/td>\n<td>Saj\u00e1t leveg\u0151ell\u00e1t\u00e1s<\/td>\n<\/tr>\n<tr>\n<td>Fesz\u00fclts\u00e9g<\/td>\n<td>230 V 50\/60 Hz vagy 120 V 50\/60 Hz<\/td>\n<\/tr>\n<\/tbody>\n<\/table>\n\t\t\t\t\t\t\t\t<\/div>\n\t\t\t\t<\/div>\n\t\t\t\t<div class=\"elementor-element elementor-element-f9b6fe1 elementor-widget elementor-widget-text-editor\" data-id=\"f9b6fe1\" data-element_type=\"widget\" data-e-type=\"widget\" data-widget_type=\"text-editor.default\">\n\t\t\t\t<div class=\"elementor-widget-container\">\n\t\t\t\t\t\t\t\t\t<p><span style=\"color: var( --e-global-color-text ); font-family: var( --e-global-typography-text-font-family ), arial; font-size: var( --e-global-typography-text-font-size ); font-weight: var( --e-global-typography-text-font-weight );\">A <\/span><b style=\"color: var( --e-global-color-text ); font-family: var( --e-global-typography-text-font-family ), arial; font-size: var( --e-global-typography-text-font-size );\">hegeszt\u0151 extruder <\/b><span style=\"color: var( --e-global-color-text ); font-family: var( --e-global-typography-text-font-family ), arial; font-size: var( --e-global-typography-text-font-size ); font-weight: var( --e-global-typography-text-font-weight );\">egy <\/span><b style=\"color: var( --e-global-color-text ); font-family: var( --e-global-typography-text-font-family ), arial; font-size: var( --e-global-typography-text-font-size );\">speci\u00e1lis t\u00edpus\u00fa extrud\u00e1l\u00f3g\u00e9p<\/b><span style=\"color: var( --e-global-color-text ); font-family: var( --e-global-typography-text-font-family ), arial; font-size: var( --e-global-typography-text-font-size ); font-weight: var( --e-global-typography-text-font-weight );\">amelyet a <\/span><b style=\"color: var( --e-global-color-text ); font-family: var( --e-global-typography-text-font-family ), arial; font-size: var( --e-global-typography-text-font-size );\">m\u0171anyagok hegeszt\u00e9s\u00e9re.<\/b><span style=\"color: var( --e-global-color-text ); font-family: var( --e-global-typography-text-font-family ), arial; font-size: var( --e-global-typography-text-font-size ); font-weight: var( --e-global-typography-text-font-weight );\"> M\u0171anyagok.<\/span><\/p>\n<p>Ez a g\u00e9p lehet\u0151v\u00e9 teszi, <b>hogy a m\u0171anyagokat meleg\u00edt\u00e9ssel \u00e9s extrud\u00e1l\u00e1ssal \u00f6sszeillessz\u00e9k<\/b>, er\u0151s hegeszt\u00e9si varratot l\u00e9trehozva.<br><br><\/p>\n<p><strong>M\u0171k\u00f6d\u00e9si elv:<\/strong> A <b>hegeszt\u0151 extruder a m\u0171anyag extrud\u00e1l\u00e1s elv\u00e9t haszn\u00e1lja k\u00e9t m\u0171anyag alkatr\u00e9sz \u00f6sszekapcsol\u00e1s\u00e1ra<\/b>. A hegesztend\u0151 m\u0171anyagot az extruderbe adagolj\u00e1k. <br><br>Az extrud\u00e1l\u00e1si elj\u00e1r\u00e1s sor\u00e1n az anyagot meleg\u00edt\u00e9ssel megolvasztj\u00e1k, majd egy szersz\u00e1mon kereszt\u00fcl pr\u00e9selik.<br>A felmeleg\u00edtett m\u0171anyagsz\u00e1lak \u00f6sszeolvadnak, \u00e9s homog\u00e9n hegeszt\u00e9si varratot hoznak l\u00e9tre.<br><br><\/p>\n<p><strong>A hegeszt\u0151 extruder jellemz\u0151i:<br><br><\/strong><\/p>\n<ul>\n<li>\n<p><strong>H\u0151m\u00e9rs\u00e9klet-szab\u00e1lyoz\u00e1s:<\/strong> <br>A k\u00e9zi hegeszt\u00e9s\u0171 extruderek prec\u00edz h\u0151m\u00e9rs\u00e9klet-szab\u00e1lyoz\u00f3 rendszerrel rendelkeznek, amely biztos\u00edtja, hogy a m\u0171anyagot a k\u00edv\u00e1nt olvad\u00e1si h\u0151m\u00e9rs\u00e9kletre meleg\u00edtik.<\/p>\n<\/li>\n<li>\n<p><strong>Extrud\u00e1ci\u00f3s nyomtat\u00e1s:<\/strong> <br>Az extruder ellen\u0151rz\u00f6tt nyom\u00e1st gener\u00e1l, hogy az olvadt m\u0171anyagot a f\u00fav\u00f3k\u00e1n kereszt\u00fcl egyenletes hegeszt\u00e9si varratot hozzon l\u00e9tre.<\/p>\n<\/li>\n<li>\n<p><strong>F\u00fav\u00f3ka kiv\u00e1laszt\u00e1sa:<\/strong> <br>Az alkalmaz\u00e1s k\u00f6vetelm\u00e9nyeit\u0151l f\u00fcgg\u0151en k\u00fcl\u00f6nb\u00f6z\u0151 f\u00fav\u00f3ka t\u00edpusok haszn\u00e1lhat\u00f3k k\u00fcl\u00f6nb\u00f6z\u0151 hegeszt\u00e9si geometri\u00e1k el\u00e9r\u00e9s\u00e9hez.<\/p>\n<\/li>\n<li>\n<p><strong>Sokoldal\u00fas\u00e1g:<\/strong> <br>A k\u00e9zi hegeszt\u00e9s\u0171 extruderek sokoldal\u00faak, \u00e9s a k\u00fcl\u00f6nb\u00f6z\u0151 m\u0171anyagokhoz \u00e9s alkalmaz\u00e1sokhoz testre szabhat\u00f3k.<\/p>\n<\/li>\n<\/ul>\n<p><strong>Alkalmaz\u00e1sok:<br><br><\/strong><\/p>\n<ul>\n<li>\n<p><strong>M\u0171anyag hegeszt\u00e9s:<\/strong> <br>A k\u00e9zi hegeszt\u0151 extrudereket gyakran haszn\u00e1lj\u00e1k a m\u0171anyag-feldolgoz\u00e1sban olyan alkatr\u00e9szek, mint a cs\u00f6vek, profilok, tart\u00e1lyok vagy f\u00f3li\u00e1k \u00f6sszehegeszt\u00e9s\u00e9re.<\/p>\n<\/li>\n<li>\n<p><strong>Jav\u00edt\u00e1sok:<\/strong> <br>A hegeszt\u0151 extrudereket a m\u0171anyag alkatr\u00e9szek karbantart\u00e1sa \u00e9s jav\u00edt\u00e1sa sor\u00e1n haszn\u00e1lj\u00e1k a hib\u00e1s vagy s\u00e9r\u00fclt ter\u00fcletek jav\u00edt\u00e1s\u00e1ra.<\/p>\n<\/li>\n<li>\n<p><strong>\u00c9p\u00edt\u00e9s:<\/strong> <br>Az \u00e9p\u00edt\u0151iparban a hegeszt\u0151 extrudereket geomembr\u00e1n t\u00f6m\u00edt\u00e9sek vagy PVC tet\u0151fed\u0151 membr\u00e1nok v\u00edzz\u00e1r\u00f3 illeszt\u00e9seinek l\u00e9trehoz\u00e1s\u00e1ra haszn\u00e1lj\u00e1k.<\/p>\n<\/li>\n<li>\n<p><strong>Aut\u00f3ipar:<\/strong> <br>A j\u00e1rm\u0171vek m\u0171anyag alkatr\u00e9szeinek gy\u00e1rt\u00e1sa sor\u00e1n a hegeszt\u0151 extruder az alkatr\u00e9szek \u00f6sszekapcsol\u00e1s\u00e1ra haszn\u00e1lhat\u00f3.<\/p>\n<\/li>\n<li>\n<p><strong>Villamosenergia-ipar:<\/strong> <br>A hegeszt\u0151 extrudereket elektromos h\u00e1zak vagy m\u0171anyag alkatr\u00e9szek biztons\u00e1gos \u00f6sszekapcsol\u00e1s\u00e1ra szolg\u00e1l\u00f3 alkatr\u00e9szek gy\u00e1rt\u00e1s\u00e1hoz lehet haszn\u00e1lni.<br><br><\/p>\n<\/li>\n<\/ul>\n<p>A <b>hegeszt\u0151 extruder haszn\u00e1lata megb\u00edzhat\u00f3 \u00e9s hat\u00e9kony m\u00f3dszert biztos\u00edt a m\u0171anyag anyagok \u00f6sszekapcsol\u00e1s\u00e1ra<\/b>, amelyet sz\u00e9les k\u00f6rben haszn\u00e1lnak a k\u00fcl\u00f6nb\u00f6z\u0151 ipar\u00e1gakban \u00e9s alkalmaz\u00e1sokban.<\/p>\t\t\t\t\t\t\t\t<\/div>\n\t\t\t\t<\/div>\n\t\t\t\t\t<\/div>\n\t\t<\/div>\n\t\t\t\t<div class=\"elementor-column elementor-col-50 elementor-inner-column elementor-element elementor-element-b12e5d1\" data-id=\"b12e5d1\" data-element_type=\"column\" data-e-type=\"column\">\n\t\t\t<div class=\"elementor-widget-wrap elementor-element-populated\">\n\t\t\t\t\t\t<div class=\"elementor-element elementor-element-65172b8 elementor-invisible elementor-widget elementor-widget-image\" data-id=\"65172b8\" data-element_type=\"widget\" data-e-type=\"widget\" data-settings=\"{&quot;_animation&quot;:&quot;fadeInDown&quot;}\" data-widget_type=\"image.default\">\n\t\t\t\t<div class=\"elementor-widget-container\">\n\t\t\t\t\t\t\t\t\t\t\t\t<figure class=\"wp-caption\">\n\t\t\t\t\t\t\t\t\t\t<img loading=\"lazy\" decoding=\"async\" width=\"300\" height=\"263\" src=\"https:\/\/www.akuplastics.com\/wp-content\/uploads\/2024\/05\/Schweissextruder-HSK10.2-DE-Kompakt-300x263.webp\" class=\"attachment-medium size-medium wp-image-23268\" alt=\"Schwei\u00dfextruder-HSK10.2-DE-Kompakt\" srcset=\"https:\/\/www.akuplastics.com\/wp-content\/uploads\/2024\/05\/Schweissextruder-HSK10.2-DE-Kompakt-300x263.webp 300w, https:\/\/www.akuplastics.com\/wp-content\/uploads\/2024\/05\/Schweissextruder-HSK10.2-DE-Kompakt-1024x897.webp 1024w, https:\/\/www.akuplastics.com\/wp-content\/uploads\/2024\/05\/Schweissextruder-HSK10.2-DE-Kompakt-768x672.webp 768w, https:\/\/www.akuplastics.com\/wp-content\/uploads\/2024\/05\/Schweissextruder-HSK10.2-DE-Kompakt.webp 1029w\" sizes=\"auto, (max-width: 300px) 100vw, 300px\" \/>\t\t\t\t\t\t\t\t\t\t\t<figcaption class=\"widget-image-caption wp-caption-text\">Hegeszt\u0151 extruder HSK10.2 DE Compact<\/figcaption>\n\t\t\t\t\t\t\t\t\t\t<\/figure>\n\t\t\t\t\t\t\t\t\t<\/div>\n\t\t\t\t<\/div>\n\t\t\t\t<div class=\"elementor-element elementor-element-4ba692d elementor-invisible elementor-widget elementor-widget-image\" data-id=\"4ba692d\" data-element_type=\"widget\" data-e-type=\"widget\" data-settings=\"{&quot;_animation&quot;:&quot;fadeInDown&quot;}\" data-widget_type=\"image.default\">\n\t\t\t\t<div class=\"elementor-widget-container\">\n\t\t\t\t\t\t\t\t\t\t\t\t<figure class=\"wp-caption\">\n\t\t\t\t\t\t\t\t\t\t<img loading=\"lazy\" decoding=\"async\" width=\"300\" height=\"225\" src=\"https:\/\/www.akuplastics.com\/wp-content\/uploads\/2024\/05\/Schweissextruder-HSK10.2-DE-Kompakt-Oben-300x225.webp\" class=\"attachment-medium size-medium wp-image-23271\" alt=\"Schwei\u00dfextruder-HSK10.2-DE-Kompakt Oben\" srcset=\"https:\/\/www.akuplastics.com\/wp-content\/uploads\/2024\/05\/Schweissextruder-HSK10.2-DE-Kompakt-Oben-300x225.webp 300w, https:\/\/www.akuplastics.com\/wp-content\/uploads\/2024\/05\/Schweissextruder-HSK10.2-DE-Kompakt-Oben.webp 600w\" sizes=\"auto, (max-width: 300px) 100vw, 300px\" \/>\t\t\t\t\t\t\t\t\t\t\t<figcaption class=\"widget-image-caption wp-caption-text\">Hegeszt\u0151 extruder HSK10.2 DE Compact<\/figcaption>\n\t\t\t\t\t\t\t\t\t\t<\/figure>\n\t\t\t\t\t\t\t\t\t<\/div>\n\t\t\t\t<\/div>\n\t\t\t\t\t<\/div>\n\t\t<\/div>\n\t\t\t\t\t<\/div>\n\t\t<\/section>\n\t\t\t\t\t<\/div>\n\t\t<\/div>\n\t\t\t\t\t<\/div>\n\t\t<\/section>\n\t\t\t\t<\/div>\n\t\t","protected":false},"excerpt":{"rendered":"<p>A vil\u00e1g legkisebb kompakt hegeszt\u0151 extrudere PEHD, PP \u00e9s PVC extrud\u00e1l\u00e1si hegeszt\u00e9s\u00e9hez A nagyon kompakt \u00e9s k\u00f6nny\u0171 alapegys\u00e9g megb\u00edzhat\u00f3 megold\u00e1st jelent a PEHD, PP \u00e9s PVC extrud\u00e1l\u00e1si hegeszt\u00e9s\u00e9hez. Az olvad\u00e9k h\u0151m\u00e9rs\u00e9klet\u00e9nek k\u00f6zvetlen m\u00e9r\u00e9se az olvad\u00e9kban biztos\u00edtja a pontos h\u0151m\u00e9rs\u00e9klet-szab\u00e1lyoz\u00e1st, ami kiv\u00e1l\u00f3 min\u0151s\u00e9g\u0171 hegeszt\u00e9si varratokat eredm\u00e9nyez. Hat\u00e9kony huzaltov\u00e1bb\u00edt\u00e1s: A z\u00f6kken\u0151mentes kezel\u00e9st a tov\u00e1bbi sz\u00e1ll\u00edt\u00f3szalagok n\u00e9lk\u00fcli huzaltov\u00e1bb\u00edt\u00e1s [&hellip;]<\/p>\n","protected":false},"author":3,"featured_media":23241,"parent":9403,"menu_order":0,"comment_status":"closed","ping_status":"closed","template":"elementor_header_footer","meta":{"iawp_total_views":31,"footnotes":""},"class_list":["post-23279","page","type-page","status-publish","has-post-thumbnail","hentry"],"yoast_head":"<!-- This site is optimized with the Yoast SEO Premium plugin v27.4 (Yoast SEO v27.5) - https:\/\/yoast.com\/product\/yoast-seo-premium-wordpress\/ -->\n<title>Extrud\u00e1l\u00f3 hegeszt\u00e9s Hegeszt\u0151 extruder Kompakt hegeszt\u0151 extruder Digit\u00e1lis csig\u00e1s sz\u00e1ll\u00edt\u00f3szalag<\/title>\n<meta name=\"description\" content=\"A PEHD, PP \u00e9s PVC extrud\u00e1l\u00e1si hegeszt\u00e9s\u00e9re szolg\u00e1l\u00f3 kompakt alapegys\u00e9g megb\u00edzhat\u00f3 \u00e9s pontos megold\u00e1st k\u00edn\u00e1l az \u00d6n hegeszt\u00e9si ig\u00e9nyeihez. Az olvad\u00e9kh\u0151m\u00e9rs\u00e9kletet az olvad\u00e9kban t\u00f6rt\u00e9n\u0151 k\u00f6zvetlen m\u00e9r\u00e9ssel szab\u00e1lyozz\u00e1k, ami biztos\u00edtja az egyenletes hegeszt\u00e9si min\u0151s\u00e9get.\" \/>\n<meta name=\"robots\" content=\"index, follow, max-snippet:-1, max-image-preview:large, max-video-preview:-1\" \/>\n<link rel=\"canonical\" href=\"https:\/\/www.akuplastics.com\/hu\/gepek-es-eszkoezoek\/hegeszto-extruder-hsk10-2-de-digitalis-kompakt\/\" \/>\n<script type=\"application\/ld+json\" class=\"yoast-schema-graph\">{\"@context\":\"https:\\\/\\\/schema.org\",\"@graph\":[{\"@type\":\"WebPage\",\"@id\":\"https:\\\/\\\/www.akuplastics.com\\\/hu\\\/gepek-es-eszkoezoek\\\/hegeszto-extruder-hsk10-2-de-digitalis-kompakt\\\/\",\"url\":\"https:\\\/\\\/www.akuplastics.com\\\/hu\\\/gepek-es-eszkoezoek\\\/hegeszto-extruder-hsk10-2-de-digitalis-kompakt\\\/\",\"name\":\"Extrud\u00e1l\u00f3 hegeszt\u00e9s Hegeszt\u0151 extruder Kompakt hegeszt\u0151 extruder Digit\u00e1lis csig\u00e1s sz\u00e1ll\u00edt\u00f3szalag\",\"isPartOf\":{\"@id\":\"https:\\\/\\\/www.akuplastics.com\\\/hu\\\/#website\"},\"primaryImageOfPage\":{\"@id\":\"https:\\\/\\\/www.akuplastics.com\\\/hu\\\/gepek-es-eszkoezoek\\\/hegeszto-extruder-hsk10-2-de-digitalis-kompakt\\\/#primaryimage\"},\"image\":{\"@id\":\"https:\\\/\\\/www.akuplastics.com\\\/hu\\\/gepek-es-eszkoezoek\\\/hegeszto-extruder-hsk10-2-de-digitalis-kompakt\\\/#primaryimage\"},\"thumbnailUrl\":\"https:\\\/\\\/www.akuplastics.com\\\/wp-content\\\/uploads\\\/2024\\\/05\\\/Schweissextruder-HSK10-DE-digital-Seite-.webp\",\"datePublished\":\"2024-05-23T12:30:09+00:00\",\"dateModified\":\"2024-06-03T09:12:40+00:00\",\"description\":\"A PEHD, PP \u00e9s PVC extrud\u00e1l\u00e1si hegeszt\u00e9s\u00e9re szolg\u00e1l\u00f3 kompakt alapegys\u00e9g megb\u00edzhat\u00f3 \u00e9s pontos megold\u00e1st k\u00edn\u00e1l az \u00d6n hegeszt\u00e9si ig\u00e9nyeihez. Az olvad\u00e9kh\u0151m\u00e9rs\u00e9kletet az olvad\u00e9kban t\u00f6rt\u00e9n\u0151 k\u00f6zvetlen m\u00e9r\u00e9ssel szab\u00e1lyozz\u00e1k, ami biztos\u00edtja az egyenletes hegeszt\u00e9si min\u0151s\u00e9get.\",\"breadcrumb\":{\"@id\":\"https:\\\/\\\/www.akuplastics.com\\\/hu\\\/gepek-es-eszkoezoek\\\/hegeszto-extruder-hsk10-2-de-digitalis-kompakt\\\/#breadcrumb\"},\"inLanguage\":\"hu\",\"potentialAction\":[{\"@type\":\"ReadAction\",\"target\":[\"https:\\\/\\\/www.akuplastics.com\\\/hu\\\/gepek-es-eszkoezoek\\\/hegeszto-extruder-hsk10-2-de-digitalis-kompakt\\\/\"]}]},{\"@type\":\"ImageObject\",\"inLanguage\":\"hu\",\"@id\":\"https:\\\/\\\/www.akuplastics.com\\\/hu\\\/gepek-es-eszkoezoek\\\/hegeszto-extruder-hsk10-2-de-digitalis-kompakt\\\/#primaryimage\",\"url\":\"https:\\\/\\\/www.akuplastics.com\\\/wp-content\\\/uploads\\\/2024\\\/05\\\/Schweissextruder-HSK10-DE-digital-Seite-.webp\",\"contentUrl\":\"https:\\\/\\\/www.akuplastics.com\\\/wp-content\\\/uploads\\\/2024\\\/05\\\/Schweissextruder-HSK10-DE-digital-Seite-.webp\",\"width\":1920,\"height\":1080,\"caption\":\"Schwei\u00dfextruder-HSK10-DE-digital Seite\"},{\"@type\":\"BreadcrumbList\",\"@id\":\"https:\\\/\\\/www.akuplastics.com\\\/hu\\\/gepek-es-eszkoezoek\\\/hegeszto-extruder-hsk10-2-de-digitalis-kompakt\\\/#breadcrumb\",\"itemListElement\":[{\"@type\":\"ListItem\",\"position\":1,\"name\":\"Kezd\u0151lap\",\"item\":\"https:\\\/\\\/www.akuplastics.com\\\/hu\\\/\"},{\"@type\":\"ListItem\",\"position\":2,\"name\":\"G\u00e9pek \u00e9s eszk\u00f6z\u00f6k\",\"item\":\"https:\\\/\\\/www.akuplastics.com\\\/hu\\\/gepek-es-eszkoezoek\\\/\"},{\"@type\":\"ListItem\",\"position\":3,\"name\":\"Hegeszt\u0151 extruder HSK10.2 DE digit\u00e1lis kompakt\"}]},{\"@type\":\"WebSite\",\"@id\":\"https:\\\/\\\/www.akuplastics.com\\\/hu\\\/#website\",\"url\":\"https:\\\/\\\/www.akuplastics.com\\\/hu\\\/\",\"name\":\"Semi-Finished Products \u2013 Finished Parts \u2013 Ventilation Moulded Parts \u2013 Machines\",\"description\":\"Halbzeuge, Halbfabrikate, Kunststoffhalbzeuge, Kunststoffhalbfabrikate\",\"publisher\":{\"@id\":\"https:\\\/\\\/www.akuplastics.com\\\/hu\\\/#organization\"},\"alternateName\":\"AKUPLASTICS \u2013 Engineering in Plastics\",\"potentialAction\":[{\"@type\":\"SearchAction\",\"target\":{\"@type\":\"EntryPoint\",\"urlTemplate\":\"https:\\\/\\\/www.akuplastics.com\\\/hu\\\/?s={search_term_string}\"},\"query-input\":{\"@type\":\"PropertyValueSpecification\",\"valueRequired\":true,\"valueName\":\"search_term_string\"}}],\"inLanguage\":\"hu\"},{\"@type\":\"Organization\",\"@id\":\"https:\\\/\\\/www.akuplastics.com\\\/hu\\\/#organization\",\"name\":\"Ing. Christian Ahlborn e.U.\",\"alternateName\":\"AKU\",\"url\":\"https:\\\/\\\/www.akuplastics.com\\\/hu\\\/\",\"logo\":{\"@type\":\"ImageObject\",\"inLanguage\":\"hu\",\"@id\":\"https:\\\/\\\/www.akuplastics.com\\\/hu\\\/#\\\/schema\\\/logo\\\/image\\\/\",\"url\":\"https:\\\/\\\/www.akuplastics.com\\\/wp-content\\\/uploads\\\/2020\\\/07\\\/Grafik14-inkl-r.png\",\"contentUrl\":\"https:\\\/\\\/www.akuplastics.com\\\/wp-content\\\/uploads\\\/2020\\\/07\\\/Grafik14-inkl-r.png\",\"width\":1994,\"height\":743,\"caption\":\"Ing. Christian Ahlborn e.U.\"},\"image\":{\"@id\":\"https:\\\/\\\/www.akuplastics.com\\\/hu\\\/#\\\/schema\\\/logo\\\/image\\\/\"}}]}<\/script>\n<!-- \/ Yoast SEO Premium plugin. -->","yoast_head_json":{"title":"Extrud\u00e1l\u00f3 hegeszt\u00e9s Hegeszt\u0151 extruder Kompakt hegeszt\u0151 extruder Digit\u00e1lis csig\u00e1s sz\u00e1ll\u00edt\u00f3szalag","description":"A PEHD, PP \u00e9s PVC extrud\u00e1l\u00e1si hegeszt\u00e9s\u00e9re szolg\u00e1l\u00f3 kompakt alapegys\u00e9g megb\u00edzhat\u00f3 \u00e9s pontos megold\u00e1st k\u00edn\u00e1l az \u00d6n hegeszt\u00e9si ig\u00e9nyeihez. Az olvad\u00e9kh\u0151m\u00e9rs\u00e9kletet az olvad\u00e9kban t\u00f6rt\u00e9n\u0151 k\u00f6zvetlen m\u00e9r\u00e9ssel szab\u00e1lyozz\u00e1k, ami biztos\u00edtja az egyenletes hegeszt\u00e9si min\u0151s\u00e9get.","robots":{"index":"index","follow":"follow","max-snippet":"max-snippet:-1","max-image-preview":"max-image-preview:large","max-video-preview":"max-video-preview:-1"},"canonical":"https:\/\/www.akuplastics.com\/hu\/gepek-es-eszkoezoek\/hegeszto-extruder-hsk10-2-de-digitalis-kompakt\/","schema":{"@context":"https:\/\/schema.org","@graph":[{"@type":"WebPage","@id":"https:\/\/www.akuplastics.com\/hu\/gepek-es-eszkoezoek\/hegeszto-extruder-hsk10-2-de-digitalis-kompakt\/","url":"https:\/\/www.akuplastics.com\/hu\/gepek-es-eszkoezoek\/hegeszto-extruder-hsk10-2-de-digitalis-kompakt\/","name":"Extrud\u00e1l\u00f3 hegeszt\u00e9s Hegeszt\u0151 extruder Kompakt hegeszt\u0151 extruder Digit\u00e1lis csig\u00e1s sz\u00e1ll\u00edt\u00f3szalag","isPartOf":{"@id":"https:\/\/www.akuplastics.com\/hu\/#website"},"primaryImageOfPage":{"@id":"https:\/\/www.akuplastics.com\/hu\/gepek-es-eszkoezoek\/hegeszto-extruder-hsk10-2-de-digitalis-kompakt\/#primaryimage"},"image":{"@id":"https:\/\/www.akuplastics.com\/hu\/gepek-es-eszkoezoek\/hegeszto-extruder-hsk10-2-de-digitalis-kompakt\/#primaryimage"},"thumbnailUrl":"https:\/\/www.akuplastics.com\/wp-content\/uploads\/2024\/05\/Schweissextruder-HSK10-DE-digital-Seite-.webp","datePublished":"2024-05-23T12:30:09+00:00","dateModified":"2024-06-03T09:12:40+00:00","description":"A PEHD, PP \u00e9s PVC extrud\u00e1l\u00e1si hegeszt\u00e9s\u00e9re szolg\u00e1l\u00f3 kompakt alapegys\u00e9g megb\u00edzhat\u00f3 \u00e9s pontos megold\u00e1st k\u00edn\u00e1l az \u00d6n hegeszt\u00e9si ig\u00e9nyeihez. Az olvad\u00e9kh\u0151m\u00e9rs\u00e9kletet az olvad\u00e9kban t\u00f6rt\u00e9n\u0151 k\u00f6zvetlen m\u00e9r\u00e9ssel szab\u00e1lyozz\u00e1k, ami biztos\u00edtja az egyenletes hegeszt\u00e9si min\u0151s\u00e9get.","breadcrumb":{"@id":"https:\/\/www.akuplastics.com\/hu\/gepek-es-eszkoezoek\/hegeszto-extruder-hsk10-2-de-digitalis-kompakt\/#breadcrumb"},"inLanguage":"hu","potentialAction":[{"@type":"ReadAction","target":["https:\/\/www.akuplastics.com\/hu\/gepek-es-eszkoezoek\/hegeszto-extruder-hsk10-2-de-digitalis-kompakt\/"]}]},{"@type":"ImageObject","inLanguage":"hu","@id":"https:\/\/www.akuplastics.com\/hu\/gepek-es-eszkoezoek\/hegeszto-extruder-hsk10-2-de-digitalis-kompakt\/#primaryimage","url":"https:\/\/www.akuplastics.com\/wp-content\/uploads\/2024\/05\/Schweissextruder-HSK10-DE-digital-Seite-.webp","contentUrl":"https:\/\/www.akuplastics.com\/wp-content\/uploads\/2024\/05\/Schweissextruder-HSK10-DE-digital-Seite-.webp","width":1920,"height":1080,"caption":"Schwei\u00dfextruder-HSK10-DE-digital Seite"},{"@type":"BreadcrumbList","@id":"https:\/\/www.akuplastics.com\/hu\/gepek-es-eszkoezoek\/hegeszto-extruder-hsk10-2-de-digitalis-kompakt\/#breadcrumb","itemListElement":[{"@type":"ListItem","position":1,"name":"Kezd\u0151lap","item":"https:\/\/www.akuplastics.com\/hu\/"},{"@type":"ListItem","position":2,"name":"G\u00e9pek \u00e9s eszk\u00f6z\u00f6k","item":"https:\/\/www.akuplastics.com\/hu\/gepek-es-eszkoezoek\/"},{"@type":"ListItem","position":3,"name":"Hegeszt\u0151 extruder HSK10.2 DE digit\u00e1lis kompakt"}]},{"@type":"WebSite","@id":"https:\/\/www.akuplastics.com\/hu\/#website","url":"https:\/\/www.akuplastics.com\/hu\/","name":"Semi-Finished Products \u2013 Finished Parts \u2013 Ventilation Moulded Parts \u2013 Machines","description":"Halbzeuge, Halbfabrikate, Kunststoffhalbzeuge, Kunststoffhalbfabrikate","publisher":{"@id":"https:\/\/www.akuplastics.com\/hu\/#organization"},"alternateName":"AKUPLASTICS \u2013 Engineering in Plastics","potentialAction":[{"@type":"SearchAction","target":{"@type":"EntryPoint","urlTemplate":"https:\/\/www.akuplastics.com\/hu\/?s={search_term_string}"},"query-input":{"@type":"PropertyValueSpecification","valueRequired":true,"valueName":"search_term_string"}}],"inLanguage":"hu"},{"@type":"Organization","@id":"https:\/\/www.akuplastics.com\/hu\/#organization","name":"Ing. Christian Ahlborn e.U.","alternateName":"AKU","url":"https:\/\/www.akuplastics.com\/hu\/","logo":{"@type":"ImageObject","inLanguage":"hu","@id":"https:\/\/www.akuplastics.com\/hu\/#\/schema\/logo\/image\/","url":"https:\/\/www.akuplastics.com\/wp-content\/uploads\/2020\/07\/Grafik14-inkl-r.png","contentUrl":"https:\/\/www.akuplastics.com\/wp-content\/uploads\/2020\/07\/Grafik14-inkl-r.png","width":1994,"height":743,"caption":"Ing. Christian Ahlborn e.U."},"image":{"@id":"https:\/\/www.akuplastics.com\/hu\/#\/schema\/logo\/image\/"}}]}},"_links":{"self":[{"href":"https:\/\/www.akuplastics.com\/hu\/wp-json\/wp\/v2\/pages\/23279","targetHints":{"allow":["GET"]}}],"collection":[{"href":"https:\/\/www.akuplastics.com\/hu\/wp-json\/wp\/v2\/pages"}],"about":[{"href":"https:\/\/www.akuplastics.com\/hu\/wp-json\/wp\/v2\/types\/page"}],"author":[{"embeddable":true,"href":"https:\/\/www.akuplastics.com\/hu\/wp-json\/wp\/v2\/users\/3"}],"replies":[{"embeddable":true,"href":"https:\/\/www.akuplastics.com\/hu\/wp-json\/wp\/v2\/comments?post=23279"}],"version-history":[{"count":3,"href":"https:\/\/www.akuplastics.com\/hu\/wp-json\/wp\/v2\/pages\/23279\/revisions"}],"predecessor-version":[{"id":23614,"href":"https:\/\/www.akuplastics.com\/hu\/wp-json\/wp\/v2\/pages\/23279\/revisions\/23614"}],"up":[{"embeddable":true,"href":"https:\/\/www.akuplastics.com\/hu\/wp-json\/wp\/v2\/pages\/9403"}],"wp:featuredmedia":[{"embeddable":true,"href":"https:\/\/www.akuplastics.com\/hu\/wp-json\/wp\/v2\/media\/23241"}],"wp:attachment":[{"href":"https:\/\/www.akuplastics.com\/hu\/wp-json\/wp\/v2\/media?parent=23279"}],"curies":[{"name":"wp","href":"https:\/\/api.w.org\/{rel}","templated":true}]}}