{"id":23155,"date":"2024-05-23T11:37:49","date_gmt":"2024-05-23T09:37:49","guid":{"rendered":"https:\/\/www.akuplastics.com\/gepek-es-eszkoezoek\/asztali-hegeszto-tuekroek-negyzet-alaku-szerelvenyhegeszto-egysegek\/"},"modified":"2024-05-23T11:46:02","modified_gmt":"2024-05-23T09:46:02","slug":"asztali-hegeszto-tuekroek-negyzet-alaku-szerelvenyhegeszto-egysegek","status":"publish","type":"page","link":"https:\/\/www.akuplastics.com\/hu\/gepek-es-eszkoezoek\/asztali-hegeszto-tuekroek-negyzet-alaku-szerelvenyhegeszto-egysegek\/","title":{"rendered":"Asztali hegeszt\u0151 t\u00fckr\u00f6k N\u00e9gyzet alak\u00fa szerelv\u00e9nyhegeszt\u0151 egys\u00e9gek"},"content":{"rendered":"\t\t<div data-elementor-type=\"wp-page\" data-elementor-id=\"23155\" class=\"elementor elementor-23155 elementor-23144\" data-elementor-post-type=\"page\">\n\t\t\t\t\t\t<section class=\"elementor-section elementor-top-section elementor-element elementor-element-25f95862 elementor-section-boxed elementor-section-height-default elementor-section-height-default\" data-id=\"25f95862\" data-element_type=\"section\" data-e-type=\"section\">\n\t\t\t\t\t\t<div class=\"elementor-container elementor-column-gap-default\">\n\t\t\t\t\t<div class=\"elementor-column elementor-col-100 elementor-top-column elementor-element elementor-element-381f0fb4\" data-id=\"381f0fb4\" data-element_type=\"column\" data-e-type=\"column\">\n\t\t\t<div class=\"elementor-widget-wrap elementor-element-populated\">\n\t\t\t\t\t\t<div class=\"elementor-element elementor-element-439a6057 elementor-widget elementor-widget-text-editor\" data-id=\"439a6057\" data-element_type=\"widget\" data-e-type=\"widget\" data-widget_type=\"text-editor.default\">\n\t\t\t\t<div class=\"elementor-widget-container\">\n\t\t\t\t\t\t\t\t\t<h1>Asztali hegeszt\u0151t\u00fck\u00f6r vagy t\u00e9glalap alak\u00fa szerelv\u00e9nyhegeszt\u0151 egys\u00e9g<\/h1>\n\t\t\t\t\t\t\t\t<\/div>\n\t\t\t\t<\/div>\n\t\t\t\t<section class=\"elementor-section elementor-inner-section elementor-element elementor-element-4bdb1992 elementor-section-boxed elementor-section-height-default elementor-section-height-default\" data-id=\"4bdb1992\" data-element_type=\"section\" data-e-type=\"section\">\n\t\t\t\t\t\t<div class=\"elementor-container elementor-column-gap-default\">\n\t\t\t\t\t<div class=\"elementor-column elementor-col-50 elementor-inner-column elementor-element elementor-element-7338e428\" data-id=\"7338e428\" data-element_type=\"column\" data-e-type=\"column\">\n\t\t\t<div class=\"elementor-widget-wrap elementor-element-populated\">\n\t\t\t\t\t\t<div class=\"elementor-element elementor-element-65e51add elementor-widget elementor-widget-text-editor\" data-id=\"65e51add\" data-element_type=\"widget\" data-e-type=\"widget\" data-widget_type=\"text-editor.default\">\n\t\t\t\t<div class=\"elementor-widget-container\">\n\t\t\t\t\t\t\t\t\t<p><span style=\"color: var( --e-global-color-text ); font-family: var( --e-global-typography-text-font-family ), arial; font-size: var( --e-global-typography-text-font-size ); font-weight: var( --e-global-typography-text-font-weight ); letter-spacing: 0px;\">A <\/span><b style=\"color: var( --e-global-color-text ); font-family: var( --e-global-typography-text-font-family ), arial; font-size: var( --e-global-typography-text-font-size ); letter-spacing: 0px;\">sz\u00f6gletes hegeszt\u0151egys\u00e9gek<\/b><span style=\"color: var( --e-global-color-text ); font-family: var( --e-global-typography-text-font-family ), arial; font-size: var( --e-global-typography-text-font-size ); font-weight: var( --e-global-typography-text-font-weight ); letter-spacing: 0px;\"> a lemezanyagok hajl\u00edt\u00e1s\u00e1hoz ferde fels\u0151 \u00e9llel is rendelkeznek.<\/span><\/p>\n<p>A k\u00e9sz\u00fcl\u00e9ket a foganty\u00faba integr\u00e1lt <b>elektronikus vez\u00e9rl\u0151<\/b> vagy termoszt\u00e1ttal ell\u00e1tott vez\u00e9rl\u0151, valamint a h\u00e1l\u00f3zati vez\u00e9rl\u00e9ssel ell\u00e1tott be- \u00e9s kikapcsol\u00f3 kapcsol\u00f3, a f\u0171t\u00e9si id\u0151k\u00f6z\u00f6k jelz\u0151f\u00e9nye teszi teljess\u00e9.<\/p>\n<p>Az <b>asztali tart\u00f3<\/b> a sz\u00e1ll\u00edt\u00e1si terjedelem r\u00e9sz\u00e9t k\u00e9pezi, a hozz\u00e1 ill\u0151 tokok opcion\u00e1lisan megv\u00e1s\u00e1rolhat\u00f3k.<\/p>\n<\/p>\n<p>Az <strong>asztali hegeszt\u0151t\u00fckr\u00f6k<\/strong> <strong>f\u00fcgg\u0151legesb\u0151l v\u00edzszintesbe forgathat\u00f3k<\/strong>, \u00e9s a megfelel\u0151 <strong>talppal<\/strong> egy\u00fctt sz\u00e1ll\u00edtjuk \u0151ket. <\/p>\n<p>A fels\u0151 \u00e9l itt is ferd\u00e9re van v\u00e1gva, hogy lehet\u0151v\u00e9 v\u00e1ljon a ferd\u00edt\u00e9s. <\/p>\n<p>A h\u0151m\u00e9rs\u00e9kletet elektronikusan szab\u00e1lyozz\u00e1k (modellt\u0151l f\u00fcgg\u0151en).<\/p>\n<\/p>\n<p><strong>\u00d6sszefoglalva:<\/strong><\/p>\n<ul>\n<li>N\u00e9gysz\u00f6gletes hegeszt\u0151g\u00e9pek ferde fels\u0151 sz\u00e9llel lemezek hajl\u00edt\u00e1s\u00e1hoz<\/li>\n<li>Elektronikus vagy termosztatikus vez\u00e9rl\u00e9s<\/li>\n<li>Be\u00e9p\u00edtett be-\/kikapcsol\u00f3 h\u00e1l\u00f3zati kapcsol\u00f3val \u00e9s a f\u0171t\u00e9si id\u0151k\u00f6z\u00f6k jelz\u0151f\u00e9ny\u00e9vel a foganty\u00faban.<\/li>\n<li>A sz\u00e1ll\u00edt\u00e1si terjedelem tartalmazza az asztali r\u00f6gz\u00edt\u00e9st, opcion\u00e1lis tokok rendelhet\u0151k<\/li>\n<li>Asztali hegeszt\u0151t\u00fck\u00f6r f\u00fcgg\u0151legesb\u0151l v\u00edzszintesbe ford\u00edthat\u00f3, al\u00e9p\u00edtm\u00e9nyhez mell\u00e9kelve<\/li>\n<li>F\u00e9lrecsiszolt fels\u0151 \u00e9l asztali hegeszt\u0151 t\u00fckr\u00f6kh\u00f6z is a hajtogatott \u00e9lekhez<\/li>\n<li>Elektronikus h\u0151m\u00e9rs\u00e9klet-szab\u00e1lyoz\u00e1s (modellt\u0151l f\u00fcgg\u0151en)<\/li>\n<\/ul>\n<p><strong>A k\u00f6vetkez\u0151 m\u00e9retek \u00e1llnak rendelkez\u00e9sre:<\/strong><\/p>\n<table style=\"width: 704px; height: 333px;\" border=\"0\" width=\"536\" cellspacing=\"0\" cellpadding=\"0\">\n<colgroup>\n<col style=\"width: 60pt;\" span=\"2\" width=\"80\">\n<col style=\"mso-width-source: userset; mso-width-alt: 4973; width: 102pt;\" width=\"136\">\n<col style=\"width: 60pt;\" span=\"3\" width=\"80\"> <\/colgroup>\n<tbody>\n<tr style=\"height: 15.0pt;\">\n<td style=\"height: 15pt; width: 60pt; text-align: left;\" width=\"80\" height=\"20\"><strong>Modell<\/strong><\/td>\n<td style=\"width: 60pt; text-align: left;\" width=\"80\"><strong>M\u00e9ret<\/strong><\/td>\n<td style=\"width: 102pt; text-align: left;\" width=\"136\"><strong>Szab\u00e1lyoz\u00e1s<\/strong><\/td>\n<td style=\"width: 60pt; text-align: left;\" width=\"80\"><strong>Volt<\/strong><\/td>\n<td style=\"width: 60pt; text-align: left;\" width=\"80\"><strong>Watt<\/strong><\/td>\n<td style=\"width: 60pt; text-align: left;\" width=\"80\"><strong>S\u00faly<\/strong><\/td>\n<\/tr>\n<tr style=\"height: 15.0pt;\">\n<td style=\"height: 15.0pt;\" height=\"20\">TSP 250T<\/td>\n<td>250 x 250 mm<\/td>\n<td>Termoszt\u00e1t<\/td>\n<td>230 vagy 110<\/td>\n<td align=\"right\">1400<\/td>\n<td>12.0 kg<\/td>\n<\/tr>\n<tr style=\"height: 15.0pt;\">\n<td style=\"height: 15.0pt;\" height=\"20\">TSP 250D<\/td>\n<td>250 x 250 mm<\/td>\n<td>Elektronika<\/td>\n<td>230 vagy 110<\/td>\n<td align=\"right\">1400<\/td>\n<td>12.0 kg<\/td>\n<\/tr>\n<tr style=\"height: 15.0pt;\">\n<td style=\"height: 15.0pt;\" height=\"20\">TSP 350T<\/td>\n<td>350 x 350 mm<\/td>\n<td>Termoszt\u00e1t<\/td>\n<td>230 vagy 110<\/td>\n<td align=\"right\">2500<\/td>\n<td>17.0 kg<\/td>\n<\/tr>\n<tr style=\"height: 15.0pt;\">\n<td style=\"height: 15.0pt;\" height=\"20\">TSP 350D<\/td>\n<td>350 x 350 mm<\/td>\n<td>Elektronika<\/td>\n<td>230 vagy 110<\/td>\n<td align=\"right\">2500<\/td>\n<td>17.0 kg<\/td>\n<\/tr>\n<tr style=\"height: 15.0pt;\">\n<td style=\"height: 15.0pt;\" height=\"20\">TSP 500T<\/td>\n<td>500 x 500 mm<\/td>\n<td>Termoszt\u00e1t<\/td>\n<td>230 vagy 110<\/td>\n<td align=\"right\">3500<\/td>\n<td>26.0 kg<\/td>\n<\/tr>\n<tr style=\"height: 15.0pt;\">\n<td style=\"height: 15.0pt;\" height=\"20\">TSP 500D<\/td>\n<td>500 x 500 mm<\/td>\n<td>Elektronika<\/td>\n<td>230 vagy 110<\/td>\n<td align=\"right\">3500<\/td>\n<td>26.0 kg<\/td>\n<\/tr>\n<\/tbody>\n<\/table>\n<p>Az <b>\u00e9rint\u00e9ses f\u0171t\u00e9shez<\/b> 3000 mm hossz\u00fas\u00e1gig <strong>egyedi kialak\u00edt\u00e1s\u00fa lapos hegeszt\u0151t\u00fckr\u00f6ket<\/strong>, 3000&#215;3200 mm m\u00e9ret\u0171 f\u0171t\u0151lemezeket \u00e9s f\u0171t\u0151szalagokat, illetve A\u00d81700 mm hossz\u00fas\u00e1gig osztott gy\u0171r\u0171s hegeszt\u0151t\u00fckr\u00f6ket is sz\u00e1ll\u00edtunk a t\u00e1vf\u0171t\u00e9si k\u00f6penycs\u00f6vek hegeszt\u00e9s\u00e9hez a legk\u00fcl\u00f6nf\u00e9l\u00e9bb kialak\u00edt\u00e1s\u00fa \u00e9s m\u00e9ret\u0171 t\u00e1vf\u0171t\u00e9si cs\u00f6vek sz\u00e9les v\u00e1laszt\u00e9k\u00e1ban.<\/p>\n<\/p>\n<p>A <b>k\u00fcls\u0151 elektronikus vez\u00e9rl\u00e9s<\/b> maxim\u00e1lis pontoss\u00e1got \u00e9s rugalmass\u00e1got tesz lehet\u0151v\u00e9. A kiv\u00e1l\u00f3 min\u0151s\u00e9g\u0171 PTFE-bevonat minden oldalon jelent\u0151sen meghosszabb\u00edtja az \u00e9lettartamot.<\/p><\/p>\n\t\t\t\t\t\t\t\t<\/div>\n\t\t\t\t<\/div>\n\t\t\t\t<div class=\"elementor-element elementor-element-cff67ac elementor-widget elementor-widget-text-editor\" data-id=\"cff67ac\" data-element_type=\"widget\" data-e-type=\"widget\" data-widget_type=\"text-editor.default\">\n\t\t\t\t<div class=\"elementor-widget-container\">\n\t\t\t\t\t\t\t\t\t<p>A hegeszt\u0151t\u00fck\u00f6r egy <b>speci\u00e1lis eszk\u00f6z, amelyet a m\u0171anyaghegeszt\u00e9si technol\u00f3gi\u00e1ban haszn\u00e1lnak<\/b> a <b>hegeszt\u00e9si h\u0151 <\/b> <b>pontos szab\u00e1lyoz\u00e1s\u00e1ra \u00e9s f\u00f3kusz\u00e1l\u00e1s\u00e1ra<\/b>. <br><br>Ez a k\u00e9sz\u00fcl\u00e9k lehet\u0151v\u00e9 teszi a hegeszt\u0151k sz\u00e1m\u00e1ra, hogy szab\u00e1lyozz\u00e1k a m\u0171anyag fel\u00fcletekhez alkalmazott h\u0151mennyis\u00e9get az egyenletes olvad\u00e1s \u00e9s az er\u0151s hegesztett k\u00f6t\u00e9sek el\u00e9r\u00e9se \u00e9rdek\u00e9ben.&nbsp;<br><br><\/p>\n<p><strong>A hegeszt\u0151t\u00fck\u00f6r tulajdons\u00e1gai:<br><br><\/strong><\/p>\n<ul>\n<li>\n<p><strong style=\"background-color: transparent; color: var( --e-global-color-text ); font-family: var( --e-global-typography-text-font-family ), arial;\">Alak \u00e9s m\u00e9ret:<\/strong><span style=\"background-color: transparent; color: var( --e-global-color-text ); font-family: var( --e-global-typography-text-font-family ), arial; font-weight: var( --e-global-typography-text-font-weight );\"> <br>A hegeszt\u0151t\u00fckr\u00f6k az alkalmaz\u00e1st\u00f3l \u00e9s a hegeszt\u00e9si elj\u00e1r\u00e1st\u00f3l f\u00fcgg\u0151en k\u00fcl\u00f6nb\u00f6z\u0151 form\u00e1j\u00fa \u00e9s m\u00e9ret\u0171ek lehetnek, a kerek t\u00fckr\u00f6kt\u0151l a t\u00e9glalap alak\u00fa t\u00fckr\u00f6kig.<\/span><br><\/p>\n<\/li>\n<li>\n<p><strong>H\u0151\u00e1ll\u00f3 anyag:<\/strong> <br>A fel\u00fclet h\u0151\u00e1ll\u00f3 anyagb\u00f3l k\u00e9sz\u00fclt, amely ellen\u00e1ll a m\u0171anyaghegeszt\u00e9s magas h\u0151m\u00e9rs\u00e9klet\u00e9nek.<\/p>\n<\/li>\n<li>\n<p><strong>Foganty\u00fa vagy tart\u00f3:<br><\/strong>&nbsp; A hegeszt\u0151t\u00fckr\u00f6t gyakran ell\u00e1tj\u00e1k foganty\u00faval vagy tart\u00f3val, hogy a hegeszt\u00e9si folyamat sor\u00e1n k\u00e9nyelmesen lehessen kezelni \u00e9s elhelyezni.<br><br><\/p>\n<\/li>\n<\/ul>\n<p><strong>Funkci\u00f3k:<br><br><\/strong><\/p>\n<ul>\n<li>\n<p><strong>H\u0151f\u00f3kusz\u00e1l\u00e1s:<\/strong> <br>A hegeszt\u0151t\u00fck\u00f6r a visszavert h\u0151t a hegesztend\u0151 m\u0171anyagfel\u00fcletekre koncentr\u00e1lja, \u00edgy biztos\u00edtva az egyenletes felmeleged\u00e9st \u00e9s olvad\u00e1st.<\/p>\n<\/li>\n<li>\n<p><strong>H\u0151m\u00e9rs\u00e9klet-szab\u00e1lyoz\u00e1s:<\/strong> <br>A d\u0151l\u00e9ssz\u00f6g be\u00e1ll\u00edt\u00e1s\u00e1val a hegeszt\u0151t\u00fck\u00f6r befoly\u00e1solhatja a h\u0151m\u00e9rs\u00e9klet-szab\u00e1lyoz\u00e1st \u00e9s ez\u00e1ltal a hegeszt\u00e9si k\u00f6r\u00fclm\u00e9nyeket.<\/p>\n<\/li>\n<li>\n<p><strong>Pontos hegeszt\u00e9si \u00fatmutat\u00e1s:<\/strong> <br>A hegeszt\u0151k a t\u00fck\u00f6r seg\u00edts\u00e9g\u00e9vel pontosan ir\u00e1ny\u00edthatj\u00e1k a hegeszt\u00e9si h\u0151t, \u00e9s \u00edgy pontos vezet\u00e9st biztos\u00edthatnak a hegeszt\u00e9si folyamat sor\u00e1n.<\/p>\n<\/li>\n<li>\n<p><strong>Fokozott hat\u00e9konys\u00e1g:<\/strong> <br>A h\u0151 hegeszt\u0151t\u00fck\u00f6r \u00e1ltali f\u00f3kusz\u00e1l\u00e1sa hozz\u00e1j\u00e1rul a hegeszt\u00e9si folyamat hat\u00e9konys\u00e1g\u00e1hoz, mivel az energia kifejezetten a hegeszt\u00e9si z\u00f3n\u00e1ra ir\u00e1nyul.<\/p>\n<\/li>\n<li>\n<p><strong>A hegeszt\u00e9si torzul\u00e1sok cs\u00f6kkent\u00e9se:<\/strong> <br>A h\u0151bevitel pontos szab\u00e1lyoz\u00e1s\u00e1val a hegeszt\u0151t\u00fck\u00f6r seg\u00edthet a hegeszt\u00e9si torzul\u00e1s minimaliz\u00e1l\u00e1s\u00e1ban \u00e9s a kiv\u00e1l\u00f3 min\u0151s\u00e9g\u0171 hegesztett k\u00f6t\u00e9s biztos\u00edt\u00e1s\u00e1ban.<br><br><\/p>\n<\/li>\n<\/ul>\n<p>A hegeszt\u0151t\u00fck\u00f6r a <b>m\u0171anyaghegeszt\u00e9si technol\u00f3gia alapvet\u0151 eszk\u00f6ze<\/b>, amely a <b>h\u0151 pontos szab\u00e1lyoz\u00e1s\u00e1ra<\/b> val\u00f3 k\u00e9pess\u00e9g\u00e9nek k\u00f6sz\u00f6nhet\u0151en seg\u00edt a <b>kiv\u00e1l\u00f3 min\u0151s\u00e9g\u0171 hegesztett k\u00f6t\u00e9sek<\/b> el\u0151\u00e1ll\u00edt\u00e1s\u00e1ban.<\/p>\t\t\t\t\t\t\t\t<\/div>\n\t\t\t\t<\/div>\n\t\t\t\t\t<\/div>\n\t\t<\/div>\n\t\t\t\t<div class=\"elementor-column elementor-col-50 elementor-inner-column elementor-element elementor-element-1d70094b\" data-id=\"1d70094b\" data-element_type=\"column\" data-e-type=\"column\" data-settings=\"{&quot;animation&quot;:&quot;none&quot;}\">\n\t\t\t<div class=\"elementor-widget-wrap elementor-element-populated\">\n\t\t\t\t\t\t<div class=\"elementor-element elementor-element-db07f25 elementor-invisible elementor-widget elementor-widget-image\" data-id=\"db07f25\" data-element_type=\"widget\" data-e-type=\"widget\" data-settings=\"{&quot;_animation&quot;:&quot;fadeInRight&quot;}\" data-widget_type=\"image.default\">\n\t\t\t\t<div class=\"elementor-widget-container\">\n\t\t\t\t\t\t\t\t\t\t\t\t<figure class=\"wp-caption\">\n\t\t\t\t\t\t\t\t\t\t<img loading=\"lazy\" decoding=\"async\" width=\"290\" height=\"300\" src=\"https:\/\/www.akuplastics.com\/wp-content\/uploads\/2021\/06\/Tischschweissspiegel-290x300.png\" class=\"attachment-medium size-medium wp-image-13134\" alt=\"Tischschweissspiegel\" srcset=\"https:\/\/www.akuplastics.com\/wp-content\/uploads\/2021\/06\/Tischschweissspiegel-290x300.png 290w, https:\/\/www.akuplastics.com\/wp-content\/uploads\/2021\/06\/Tischschweissspiegel.png 386w\" sizes=\"auto, (max-width: 290px) 100vw, 290px\" \/>\t\t\t\t\t\t\t\t\t\t\t<figcaption class=\"widget-image-caption wp-caption-text\">N\u00e9gyzet alak\u00fa asztali hegeszt\u0151 t\u00fck\u00f6r<\/figcaption>\n\t\t\t\t\t\t\t\t\t\t<\/figure>\n\t\t\t\t\t\t\t\t\t<\/div>\n\t\t\t\t<\/div>\n\t\t\t\t<div class=\"elementor-element elementor-element-0bff4fb elementor-invisible elementor-widget elementor-widget-image\" data-id=\"0bff4fb\" data-element_type=\"widget\" data-e-type=\"widget\" data-settings=\"{&quot;_animation&quot;:&quot;fadeInDown&quot;}\" data-widget_type=\"image.default\">\n\t\t\t\t<div class=\"elementor-widget-container\">\n\t\t\t\t\t\t\t\t\t\t\t\t<figure class=\"wp-caption\">\n\t\t\t\t\t\t\t\t\t\t<img loading=\"lazy\" decoding=\"async\" width=\"300\" height=\"219\" src=\"https:\/\/www.akuplastics.com\/wp-content\/uploads\/2024\/05\/Montageschweissgeraet-Tischschweissspiegel-Eckig-300x219.webp\" class=\"attachment-medium size-medium wp-image-23148\" alt=\"Montageschwei\u00dfger\u00e4t Tischschwei\u00dfspiegel Eckig\" srcset=\"https:\/\/www.akuplastics.com\/wp-content\/uploads\/2024\/05\/Montageschweissgeraet-Tischschweissspiegel-Eckig-300x219.webp 300w, https:\/\/www.akuplastics.com\/wp-content\/uploads\/2024\/05\/Montageschweissgeraet-Tischschweissspiegel-Eckig.webp 555w\" sizes=\"auto, (max-width: 300px) 100vw, 300px\" \/>\t\t\t\t\t\t\t\t\t\t\t<figcaption class=\"widget-image-caption wp-caption-text\">\u00d6sszeszerel\u00e9si hegeszt\u0151g\u00e9p Asztali hegeszt\u0151 t\u00fck\u00f6r n\u00e9gyzet<\/figcaption>\n\t\t\t\t\t\t\t\t\t\t<\/figure>\n\t\t\t\t\t\t\t\t\t<\/div>\n\t\t\t\t<\/div>\n\t\t\t\t\t<\/div>\n\t\t<\/div>\n\t\t\t\t\t<\/div>\n\t\t<\/section>\n\t\t\t\t\t<\/div>\n\t\t<\/div>\n\t\t\t\t\t<\/div>\n\t\t<\/section>\n\t\t\t\t<\/div>\n\t\t","protected":false},"excerpt":{"rendered":"<p>Asztali hegeszt\u0151t\u00fck\u00f6r vagy t\u00e9glalap alak\u00fa szerelv\u00e9nyhegeszt\u0151 egys\u00e9g A sz\u00f6gletes hegeszt\u0151egys\u00e9gek a lemezanyagok hajl\u00edt\u00e1s\u00e1hoz ferde fels\u0151 \u00e9llel is rendelkeznek. A k\u00e9sz\u00fcl\u00e9ket a foganty\u00faba integr\u00e1lt elektronikus vez\u00e9rl\u0151 vagy termoszt\u00e1ttal ell\u00e1tott vez\u00e9rl\u0151, valamint a h\u00e1l\u00f3zati vez\u00e9rl\u00e9ssel ell\u00e1tott be- \u00e9s kikapcsol\u00f3 kapcsol\u00f3, a f\u0171t\u00e9si id\u0151k\u00f6z\u00f6k jelz\u0151f\u00e9nye teszi teljess\u00e9. Az asztali tart\u00f3 a sz\u00e1ll\u00edt\u00e1si terjedelem r\u00e9sz\u00e9t k\u00e9pezi, a hozz\u00e1 ill\u0151 [&hellip;]<\/p>\n","protected":false},"author":3,"featured_media":13134,"parent":9403,"menu_order":1,"comment_status":"closed","ping_status":"closed","template":"elementor_header_footer","meta":{"iawp_total_views":10,"footnotes":""},"class_list":["post-23155","page","type-page","status-publish","has-post-thumbnail","hentry"],"yoast_head":"<!-- This site is optimized with the Yoast SEO Premium plugin v27.4 (Yoast SEO v27.5) - https:\/\/yoast.com\/product\/yoast-seo-premium-wordpress\/ -->\n<title>Asztali hegeszt\u0151 t\u00fck\u00f6r szerelv\u00e9ny hegeszt\u0151g\u00e9p sz\u00f6gletes<\/title>\n<meta name=\"description\" content=\"A sz\u00f6gletes hegeszt\u0151egys\u00e9gek a lemezanyag hajl\u00edt\u00e1s\u00e1hoz ferde fels\u0151 \u00e9llel is rendelkeznek.A foganty\u00faba integr\u00e1lt elektronikus vez\u00e9rl\u00e9s vagy termoszt\u00e1ttal ell\u00e1tott vez\u00e9rl\u00e9s, valamint be- \u00e9s kikapcsol\u00f3 kapcsol\u00f3 h\u00e1l\u00f3zati vez\u00e9rl\u00e9ssel, a f\u0171t\u00e9si id\u0151k\u00f6z\u00f6k jelz\u0151l\u00e1mp\u00e1ja teszi teljess\u00e9 az egys\u00e9get.A sz\u00e1ll\u00edt\u00e1si terjedelemhez tartozik egy asztali r\u00f6gz\u00edt\u00e9s, a megfelel\u0151 tokok opcion\u00e1lisan megv\u00e1s\u00e1rolhat\u00f3k.Az asztali hegeszt\u0151t\u00fckr\u00f6k f\u00fcgg\u0151legesb\u0151l v\u00edzszintesbe forgathat\u00f3ak, \u00e9s a megfelel\u0151 talppal sz\u00e1ll\u00edtjuk \u0151ket.\" \/>\n<meta name=\"robots\" content=\"index, follow, max-snippet:-1, max-image-preview:large, max-video-preview:-1\" \/>\n<link rel=\"canonical\" href=\"https:\/\/www.akuplastics.com\/hu\/gepek-es-eszkoezoek\/asztali-hegeszto-tuekroek-negyzet-alaku-szerelvenyhegeszto-egysegek\/\" \/>\n<script type=\"application\/ld+json\" class=\"yoast-schema-graph\">{\"@context\":\"https:\\\/\\\/schema.org\",\"@graph\":[{\"@type\":\"WebPage\",\"@id\":\"https:\\\/\\\/www.akuplastics.com\\\/hu\\\/gepek-es-eszkoezoek\\\/asztali-hegeszto-tuekroek-negyzet-alaku-szerelvenyhegeszto-egysegek\\\/\",\"url\":\"https:\\\/\\\/www.akuplastics.com\\\/hu\\\/gepek-es-eszkoezoek\\\/asztali-hegeszto-tuekroek-negyzet-alaku-szerelvenyhegeszto-egysegek\\\/\",\"name\":\"Asztali hegeszt\u0151 t\u00fck\u00f6r szerelv\u00e9ny hegeszt\u0151g\u00e9p sz\u00f6gletes\",\"isPartOf\":{\"@id\":\"https:\\\/\\\/www.akuplastics.com\\\/hu\\\/#website\"},\"primaryImageOfPage\":{\"@id\":\"https:\\\/\\\/www.akuplastics.com\\\/hu\\\/gepek-es-eszkoezoek\\\/asztali-hegeszto-tuekroek-negyzet-alaku-szerelvenyhegeszto-egysegek\\\/#primaryimage\"},\"image\":{\"@id\":\"https:\\\/\\\/www.akuplastics.com\\\/hu\\\/gepek-es-eszkoezoek\\\/asztali-hegeszto-tuekroek-negyzet-alaku-szerelvenyhegeszto-egysegek\\\/#primaryimage\"},\"thumbnailUrl\":\"https:\\\/\\\/www.akuplastics.com\\\/wp-content\\\/uploads\\\/2021\\\/06\\\/Tischschweissspiegel.png\",\"datePublished\":\"2024-05-23T09:37:49+00:00\",\"dateModified\":\"2024-05-23T09:46:02+00:00\",\"description\":\"A sz\u00f6gletes hegeszt\u0151egys\u00e9gek a lemezanyag hajl\u00edt\u00e1s\u00e1hoz ferde fels\u0151 \u00e9llel is rendelkeznek.A foganty\u00faba integr\u00e1lt elektronikus vez\u00e9rl\u00e9s vagy termoszt\u00e1ttal ell\u00e1tott vez\u00e9rl\u00e9s, valamint be- \u00e9s kikapcsol\u00f3 kapcsol\u00f3 h\u00e1l\u00f3zati vez\u00e9rl\u00e9ssel, a f\u0171t\u00e9si id\u0151k\u00f6z\u00f6k jelz\u0151l\u00e1mp\u00e1ja teszi teljess\u00e9 az egys\u00e9get.A sz\u00e1ll\u00edt\u00e1si terjedelemhez tartozik egy asztali r\u00f6gz\u00edt\u00e9s, a megfelel\u0151 tokok opcion\u00e1lisan megv\u00e1s\u00e1rolhat\u00f3k.Az asztali hegeszt\u0151t\u00fckr\u00f6k f\u00fcgg\u0151legesb\u0151l v\u00edzszintesbe forgathat\u00f3ak, \u00e9s a megfelel\u0151 talppal sz\u00e1ll\u00edtjuk \u0151ket.\",\"breadcrumb\":{\"@id\":\"https:\\\/\\\/www.akuplastics.com\\\/hu\\\/gepek-es-eszkoezoek\\\/asztali-hegeszto-tuekroek-negyzet-alaku-szerelvenyhegeszto-egysegek\\\/#breadcrumb\"},\"inLanguage\":\"hu\",\"potentialAction\":[{\"@type\":\"ReadAction\",\"target\":[\"https:\\\/\\\/www.akuplastics.com\\\/hu\\\/gepek-es-eszkoezoek\\\/asztali-hegeszto-tuekroek-negyzet-alaku-szerelvenyhegeszto-egysegek\\\/\"]}]},{\"@type\":\"ImageObject\",\"inLanguage\":\"hu\",\"@id\":\"https:\\\/\\\/www.akuplastics.com\\\/hu\\\/gepek-es-eszkoezoek\\\/asztali-hegeszto-tuekroek-negyzet-alaku-szerelvenyhegeszto-egysegek\\\/#primaryimage\",\"url\":\"https:\\\/\\\/www.akuplastics.com\\\/wp-content\\\/uploads\\\/2021\\\/06\\\/Tischschweissspiegel.png\",\"contentUrl\":\"https:\\\/\\\/www.akuplastics.com\\\/wp-content\\\/uploads\\\/2021\\\/06\\\/Tischschweissspiegel.png\",\"width\":386,\"height\":400,\"caption\":\"Tischschweissspiegel\"},{\"@type\":\"BreadcrumbList\",\"@id\":\"https:\\\/\\\/www.akuplastics.com\\\/hu\\\/gepek-es-eszkoezoek\\\/asztali-hegeszto-tuekroek-negyzet-alaku-szerelvenyhegeszto-egysegek\\\/#breadcrumb\",\"itemListElement\":[{\"@type\":\"ListItem\",\"position\":1,\"name\":\"Kezd\u0151lap\",\"item\":\"https:\\\/\\\/www.akuplastics.com\\\/hu\\\/\"},{\"@type\":\"ListItem\",\"position\":2,\"name\":\"G\u00e9pek \u00e9s eszk\u00f6z\u00f6k\",\"item\":\"https:\\\/\\\/www.akuplastics.com\\\/hu\\\/gepek-es-eszkoezoek\\\/\"},{\"@type\":\"ListItem\",\"position\":3,\"name\":\"Asztali hegeszt\u0151 t\u00fckr\u00f6k N\u00e9gyzet alak\u00fa szerelv\u00e9nyhegeszt\u0151 egys\u00e9gek\"}]},{\"@type\":\"WebSite\",\"@id\":\"https:\\\/\\\/www.akuplastics.com\\\/hu\\\/#website\",\"url\":\"https:\\\/\\\/www.akuplastics.com\\\/hu\\\/\",\"name\":\"Semi-Finished Products \u2013 Finished Parts \u2013 Ventilation Moulded Parts \u2013 Machines\",\"description\":\"Halbzeuge, Halbfabrikate, Kunststoffhalbzeuge, Kunststoffhalbfabrikate\",\"publisher\":{\"@id\":\"https:\\\/\\\/www.akuplastics.com\\\/hu\\\/#organization\"},\"alternateName\":\"AKUPLASTICS \u2013 Engineering in Plastics\",\"potentialAction\":[{\"@type\":\"SearchAction\",\"target\":{\"@type\":\"EntryPoint\",\"urlTemplate\":\"https:\\\/\\\/www.akuplastics.com\\\/hu\\\/?s={search_term_string}\"},\"query-input\":{\"@type\":\"PropertyValueSpecification\",\"valueRequired\":true,\"valueName\":\"search_term_string\"}}],\"inLanguage\":\"hu\"},{\"@type\":\"Organization\",\"@id\":\"https:\\\/\\\/www.akuplastics.com\\\/hu\\\/#organization\",\"name\":\"Ing. Christian Ahlborn e.U.\",\"alternateName\":\"AKU\",\"url\":\"https:\\\/\\\/www.akuplastics.com\\\/hu\\\/\",\"logo\":{\"@type\":\"ImageObject\",\"inLanguage\":\"hu\",\"@id\":\"https:\\\/\\\/www.akuplastics.com\\\/hu\\\/#\\\/schema\\\/logo\\\/image\\\/\",\"url\":\"https:\\\/\\\/www.akuplastics.com\\\/wp-content\\\/uploads\\\/2020\\\/07\\\/Grafik14-inkl-r.png\",\"contentUrl\":\"https:\\\/\\\/www.akuplastics.com\\\/wp-content\\\/uploads\\\/2020\\\/07\\\/Grafik14-inkl-r.png\",\"width\":1994,\"height\":743,\"caption\":\"Ing. Christian Ahlborn e.U.\"},\"image\":{\"@id\":\"https:\\\/\\\/www.akuplastics.com\\\/hu\\\/#\\\/schema\\\/logo\\\/image\\\/\"}}]}<\/script>\n<!-- \/ Yoast SEO Premium plugin. -->","yoast_head_json":{"title":"Asztali hegeszt\u0151 t\u00fck\u00f6r szerelv\u00e9ny hegeszt\u0151g\u00e9p sz\u00f6gletes","description":"A sz\u00f6gletes hegeszt\u0151egys\u00e9gek a lemezanyag hajl\u00edt\u00e1s\u00e1hoz ferde fels\u0151 \u00e9llel is rendelkeznek.A foganty\u00faba integr\u00e1lt elektronikus vez\u00e9rl\u00e9s vagy termoszt\u00e1ttal ell\u00e1tott vez\u00e9rl\u00e9s, valamint be- \u00e9s kikapcsol\u00f3 kapcsol\u00f3 h\u00e1l\u00f3zati vez\u00e9rl\u00e9ssel, a f\u0171t\u00e9si id\u0151k\u00f6z\u00f6k jelz\u0151l\u00e1mp\u00e1ja teszi teljess\u00e9 az egys\u00e9get.A sz\u00e1ll\u00edt\u00e1si terjedelemhez tartozik egy asztali r\u00f6gz\u00edt\u00e9s, a megfelel\u0151 tokok opcion\u00e1lisan megv\u00e1s\u00e1rolhat\u00f3k.Az asztali hegeszt\u0151t\u00fckr\u00f6k f\u00fcgg\u0151legesb\u0151l v\u00edzszintesbe forgathat\u00f3ak, \u00e9s a megfelel\u0151 talppal sz\u00e1ll\u00edtjuk \u0151ket.","robots":{"index":"index","follow":"follow","max-snippet":"max-snippet:-1","max-image-preview":"max-image-preview:large","max-video-preview":"max-video-preview:-1"},"canonical":"https:\/\/www.akuplastics.com\/hu\/gepek-es-eszkoezoek\/asztali-hegeszto-tuekroek-negyzet-alaku-szerelvenyhegeszto-egysegek\/","schema":{"@context":"https:\/\/schema.org","@graph":[{"@type":"WebPage","@id":"https:\/\/www.akuplastics.com\/hu\/gepek-es-eszkoezoek\/asztali-hegeszto-tuekroek-negyzet-alaku-szerelvenyhegeszto-egysegek\/","url":"https:\/\/www.akuplastics.com\/hu\/gepek-es-eszkoezoek\/asztali-hegeszto-tuekroek-negyzet-alaku-szerelvenyhegeszto-egysegek\/","name":"Asztali hegeszt\u0151 t\u00fck\u00f6r szerelv\u00e9ny hegeszt\u0151g\u00e9p sz\u00f6gletes","isPartOf":{"@id":"https:\/\/www.akuplastics.com\/hu\/#website"},"primaryImageOfPage":{"@id":"https:\/\/www.akuplastics.com\/hu\/gepek-es-eszkoezoek\/asztali-hegeszto-tuekroek-negyzet-alaku-szerelvenyhegeszto-egysegek\/#primaryimage"},"image":{"@id":"https:\/\/www.akuplastics.com\/hu\/gepek-es-eszkoezoek\/asztali-hegeszto-tuekroek-negyzet-alaku-szerelvenyhegeszto-egysegek\/#primaryimage"},"thumbnailUrl":"https:\/\/www.akuplastics.com\/wp-content\/uploads\/2021\/06\/Tischschweissspiegel.png","datePublished":"2024-05-23T09:37:49+00:00","dateModified":"2024-05-23T09:46:02+00:00","description":"A sz\u00f6gletes hegeszt\u0151egys\u00e9gek a lemezanyag hajl\u00edt\u00e1s\u00e1hoz ferde fels\u0151 \u00e9llel is rendelkeznek.A foganty\u00faba integr\u00e1lt elektronikus vez\u00e9rl\u00e9s vagy termoszt\u00e1ttal ell\u00e1tott vez\u00e9rl\u00e9s, valamint be- \u00e9s kikapcsol\u00f3 kapcsol\u00f3 h\u00e1l\u00f3zati vez\u00e9rl\u00e9ssel, a f\u0171t\u00e9si id\u0151k\u00f6z\u00f6k jelz\u0151l\u00e1mp\u00e1ja teszi teljess\u00e9 az egys\u00e9get.A sz\u00e1ll\u00edt\u00e1si terjedelemhez tartozik egy asztali r\u00f6gz\u00edt\u00e9s, a megfelel\u0151 tokok opcion\u00e1lisan megv\u00e1s\u00e1rolhat\u00f3k.Az asztali hegeszt\u0151t\u00fckr\u00f6k f\u00fcgg\u0151legesb\u0151l v\u00edzszintesbe forgathat\u00f3ak, \u00e9s a megfelel\u0151 talppal sz\u00e1ll\u00edtjuk \u0151ket.","breadcrumb":{"@id":"https:\/\/www.akuplastics.com\/hu\/gepek-es-eszkoezoek\/asztali-hegeszto-tuekroek-negyzet-alaku-szerelvenyhegeszto-egysegek\/#breadcrumb"},"inLanguage":"hu","potentialAction":[{"@type":"ReadAction","target":["https:\/\/www.akuplastics.com\/hu\/gepek-es-eszkoezoek\/asztali-hegeszto-tuekroek-negyzet-alaku-szerelvenyhegeszto-egysegek\/"]}]},{"@type":"ImageObject","inLanguage":"hu","@id":"https:\/\/www.akuplastics.com\/hu\/gepek-es-eszkoezoek\/asztali-hegeszto-tuekroek-negyzet-alaku-szerelvenyhegeszto-egysegek\/#primaryimage","url":"https:\/\/www.akuplastics.com\/wp-content\/uploads\/2021\/06\/Tischschweissspiegel.png","contentUrl":"https:\/\/www.akuplastics.com\/wp-content\/uploads\/2021\/06\/Tischschweissspiegel.png","width":386,"height":400,"caption":"Tischschweissspiegel"},{"@type":"BreadcrumbList","@id":"https:\/\/www.akuplastics.com\/hu\/gepek-es-eszkoezoek\/asztali-hegeszto-tuekroek-negyzet-alaku-szerelvenyhegeszto-egysegek\/#breadcrumb","itemListElement":[{"@type":"ListItem","position":1,"name":"Kezd\u0151lap","item":"https:\/\/www.akuplastics.com\/hu\/"},{"@type":"ListItem","position":2,"name":"G\u00e9pek \u00e9s eszk\u00f6z\u00f6k","item":"https:\/\/www.akuplastics.com\/hu\/gepek-es-eszkoezoek\/"},{"@type":"ListItem","position":3,"name":"Asztali hegeszt\u0151 t\u00fckr\u00f6k N\u00e9gyzet alak\u00fa szerelv\u00e9nyhegeszt\u0151 egys\u00e9gek"}]},{"@type":"WebSite","@id":"https:\/\/www.akuplastics.com\/hu\/#website","url":"https:\/\/www.akuplastics.com\/hu\/","name":"Semi-Finished Products \u2013 Finished Parts \u2013 Ventilation Moulded Parts \u2013 Machines","description":"Halbzeuge, Halbfabrikate, Kunststoffhalbzeuge, Kunststoffhalbfabrikate","publisher":{"@id":"https:\/\/www.akuplastics.com\/hu\/#organization"},"alternateName":"AKUPLASTICS \u2013 Engineering in Plastics","potentialAction":[{"@type":"SearchAction","target":{"@type":"EntryPoint","urlTemplate":"https:\/\/www.akuplastics.com\/hu\/?s={search_term_string}"},"query-input":{"@type":"PropertyValueSpecification","valueRequired":true,"valueName":"search_term_string"}}],"inLanguage":"hu"},{"@type":"Organization","@id":"https:\/\/www.akuplastics.com\/hu\/#organization","name":"Ing. Christian Ahlborn e.U.","alternateName":"AKU","url":"https:\/\/www.akuplastics.com\/hu\/","logo":{"@type":"ImageObject","inLanguage":"hu","@id":"https:\/\/www.akuplastics.com\/hu\/#\/schema\/logo\/image\/","url":"https:\/\/www.akuplastics.com\/wp-content\/uploads\/2020\/07\/Grafik14-inkl-r.png","contentUrl":"https:\/\/www.akuplastics.com\/wp-content\/uploads\/2020\/07\/Grafik14-inkl-r.png","width":1994,"height":743,"caption":"Ing. Christian Ahlborn e.U."},"image":{"@id":"https:\/\/www.akuplastics.com\/hu\/#\/schema\/logo\/image\/"}}]}},"_links":{"self":[{"href":"https:\/\/www.akuplastics.com\/hu\/wp-json\/wp\/v2\/pages\/23155","targetHints":{"allow":["GET"]}}],"collection":[{"href":"https:\/\/www.akuplastics.com\/hu\/wp-json\/wp\/v2\/pages"}],"about":[{"href":"https:\/\/www.akuplastics.com\/hu\/wp-json\/wp\/v2\/types\/page"}],"author":[{"embeddable":true,"href":"https:\/\/www.akuplastics.com\/hu\/wp-json\/wp\/v2\/users\/3"}],"replies":[{"embeddable":true,"href":"https:\/\/www.akuplastics.com\/hu\/wp-json\/wp\/v2\/comments?post=23155"}],"version-history":[{"count":2,"href":"https:\/\/www.akuplastics.com\/hu\/wp-json\/wp\/v2\/pages\/23155\/revisions"}],"predecessor-version":[{"id":23157,"href":"https:\/\/www.akuplastics.com\/hu\/wp-json\/wp\/v2\/pages\/23155\/revisions\/23157"}],"up":[{"embeddable":true,"href":"https:\/\/www.akuplastics.com\/hu\/wp-json\/wp\/v2\/pages\/9403"}],"wp:featuredmedia":[{"embeddable":true,"href":"https:\/\/www.akuplastics.com\/hu\/wp-json\/wp\/v2\/media\/13134"}],"wp:attachment":[{"href":"https:\/\/www.akuplastics.com\/hu\/wp-json\/wp\/v2\/media?parent=23155"}],"curies":[{"name":"wp","href":"https:\/\/api.w.org\/{rel}","templated":true}]}}