{"id":22808,"date":"2024-05-06T11:33:12","date_gmt":"2024-05-06T09:33:12","guid":{"rendered":"https:\/\/www.akuplastics.com\/gepek-es-eszkoezoek\/legkompresszor-szerelveny-fuvo-dt-80\/"},"modified":"2024-05-22T13:50:29","modified_gmt":"2024-05-22T11:50:29","slug":"legkompresszor-szerelveny-fuvo-dt-80","status":"publish","type":"page","link":"https:\/\/www.akuplastics.com\/hu\/gepek-es-eszkoezoek\/legkompresszor-szerelveny-fuvo-dt-80\/","title":{"rendered":"L\u00e9gkompresszor szerelv\u00e9ny f\u00fav\u00f3 DT 80"},"content":{"rendered":"\t\t<div data-elementor-type=\"wp-page\" data-elementor-id=\"22808\" class=\"elementor elementor-22808 elementor-22742\" data-elementor-post-type=\"page\">\n\t\t\t\t\t\t<section class=\"elementor-section elementor-top-section elementor-element elementor-element-834d050 elementor-section-boxed elementor-section-height-default elementor-section-height-default\" data-id=\"834d050\" data-element_type=\"section\" data-e-type=\"section\">\n\t\t\t\t\t\t<div class=\"elementor-container elementor-column-gap-default\">\n\t\t\t\t\t<div class=\"elementor-column elementor-col-100 elementor-top-column elementor-element elementor-element-5d494b49\" data-id=\"5d494b49\" data-element_type=\"column\" data-e-type=\"column\">\n\t\t\t<div class=\"elementor-widget-wrap elementor-element-populated\">\n\t\t\t\t\t\t<div class=\"elementor-element elementor-element-7edd439b elementor-widget elementor-widget-text-editor\" data-id=\"7edd439b\" data-element_type=\"widget\" data-e-type=\"widget\" data-widget_type=\"text-editor.default\">\n\t\t\t\t<div class=\"elementor-widget-container\">\n\t\t\t\t\t\t\t\t\t<h1>DT 80 szerelv\u00e9nyf\u00fav\u00f3 forr\u00f3 g\u00e1zhegeszt\u0151 egys\u00e9gekhez<\/h1>\n\t\t\t\t\t\t\t\t<\/div>\n\t\t\t\t<\/div>\n\t\t\t\t<section class=\"elementor-section elementor-inner-section elementor-element elementor-element-7f2fb347 elementor-section-boxed elementor-section-height-default elementor-section-height-default\" data-id=\"7f2fb347\" data-element_type=\"section\" data-e-type=\"section\">\n\t\t\t\t\t\t<div class=\"elementor-container elementor-column-gap-default\">\n\t\t\t\t\t<div class=\"elementor-column elementor-col-50 elementor-inner-column elementor-element elementor-element-1ff159d3\" data-id=\"1ff159d3\" data-element_type=\"column\" data-e-type=\"column\">\n\t\t\t<div class=\"elementor-widget-wrap elementor-element-populated\">\n\t\t\t\t\t\t<div class=\"elementor-element elementor-element-872d1d6 elementor-widget elementor-widget-text-editor\" data-id=\"872d1d6\" data-element_type=\"widget\" data-e-type=\"widget\" data-widget_type=\"text-editor.default\">\n\t\t\t\t<div class=\"elementor-widget-container\">\n\t\t\t\t\t\t\t\t\t<p><strong>DT80 \u00f6sszeszerel\u0151 f\u00fav\u00f3: K\u00f6nny\u0171, hat\u00e9kony \u00e9s csendes<\/strong><\/p>\n<p>Leny\u0171g\u00f6z\u0151 teljes\u00edtm\u00e9ny\u00e9vel \u00e9s rendk\u00edv\u00fcl alacsony zajszintj\u00e9vel t\u00f6k\u00e9letes megold\u00e1s az ig\u00e9nyes munkak\u00f6rnyezetekben. Az\u00e9rt fejlesztett\u00e9k ki, hogy a munkafolyamatot a lehet\u0151 legg\u00f6rd\u00fcl\u00e9kenyebb\u00e9 tegye, mik\u00f6zben kiemelked\u0151 teljes\u00edtm\u00e9nyt ny\u00fajt.<\/p><p><br><\/p>\n<p>A DT80 \u00f6sszeszerel\u0151 f\u00fav\u00f3 kiemelked\u0151 jellemz\u0151je, hogy viszonylag kev\u00e9s karbantart\u00e1st ig\u00e9nyel, s\u0151t, karbantart\u00e1smentes. <br>Ez azt jelenti, hogy \u00d6n a munk\u00e1j\u00e1ra koncentr\u00e1lhat an\u00e9lk\u00fcl, hogy a karbantart\u00e1si munk\u00e1latok miatti \u00e1lland\u00f3 megszak\u00edt\u00e1sok miatt kellene agg\u00f3dnia.<\/p><p>&nbsp; <br>Tov\u00e1bbi el\u0151nye, hogy olajmentes, ami nemcsak a k\u00e9sz\u00fcl\u00e9k \u00e9lettartam\u00e1t hosszabb\u00edtja meg, hanem v\u00e9di a forr\u00f3g\u00e1zhegeszt\u0151t is, amellyel egy\u00fctt haszn\u00e1lj\u00e1k.<\/p><p><br><\/p>\n<p>A DT80 szerel\u0151ventil\u00e1tornak nem elz\u00e1rhat\u00f3 l\u00e9gkivezet\u00e9se van, de ennek ellen\u00e9re pontos \u00e9s megb\u00edzhat\u00f3 leveg\u0151eloszt\u00e1st biztos\u00edt. <br>Ez garant\u00e1lja a hat\u00e9kony munkak\u00f6rnyezetet.<\/p><p><br><\/p>\n<p>\u00c9p\u00edtkez\u00e9si k\u00f6rnyezetben javasoljuk, hogy a sz\u0171r\u0151t k\u00e9thetente s\u0171r\u00edtett leveg\u0151vel tiszt\u00edtsa meg. <br>Ez az egyszer\u0171 karbantart\u00e1si int\u00e9zked\u00e9s seg\u00edt abban, hogy a DT80 szerelv\u00e9nyf\u00fav\u00f3 folyamatosan optim\u00e1lis teljes\u00edtm\u00e9nyt ny\u00fajtson, \u00e9s hossz\u00fa ideig megb\u00edzhat\u00f3 maradjon.<\/p><p><br><\/p>\n<p>Mindent egybevetve a DT80 szerel\u0151f\u00fav\u00f3 ide\u00e1lis v\u00e1laszt\u00e1s mindazok sz\u00e1m\u00e1ra, akik egy nagy teljes\u00edtm\u00e9ny\u0171, alacsony zajszint\u0171 \u00e9s alacsony karbantart\u00e1si ig\u00e9ny\u0171 szerel\u0151f\u00fav\u00f3t keresnek. <br>Min\u0151s\u00e9g\u00e9vel \u00e9s megb\u00edzhat\u00f3s\u00e1g\u00e1val hat\u00e9konyabb\u00e1 \u00e9s produkt\u00edvabb\u00e1 teszi a munkafolyamatokat.<\/p><p><br><\/p>\n<p>Alkalmas<\/p>\n<ul>\n<li><strong><a href=\"https:\/\/www.akuplastics.com\/hu\/gepek-es-eszkoezoek\/forro-gazhegeszto-hegesztopisztoly-200\/\">Forr\u00f3g\u00e1zhegeszt\u0151 200 k\u00fcls\u0151 leveg\u0151h\u00f6z, f\u00fav\u00f3k\u00e1k n\u00e9lk\u00fcl. <\/a><\/strong><br>Az 1500 W 230 V-os f\u0171t\u0151teljes\u00edtm\u00e9ny fokozatmentesen \u00e1ll\u00edthat\u00f3 20 \u00e9s 700 \u00b0C k\u00f6z\u00f6tt, \u00e9s elektronikusan \u00e1lland\u00f3 \u00e9rt\u00e9ken tarthat\u00f3. Ezenk\u00edv\u00fcl a sz\u00fcks\u00e9ges l\u00e9gmennyis\u00e9g egy tov\u00e1bbi forgat\u00f3gombbal egyedileg szab\u00e1lyozhat\u00f3.<\/li>\n<li><strong><a href=\"https:\/\/www.akuplastics.com\/hu\/gepek-es-eszkoezoek\/warmgasschweissgeraet-schweisspistole-500-digital\/\">500 DIGITAL forr\u00f3g\u00e1zhegeszt\u0151 M10 hegeszt\u0151f\u00fav\u00f3k\u00e1khoz<\/a><\/strong><br>A 230 V-on 1500 W-os, illetve 120 V-on 1300 W-os h\u0151teljes\u00edtm\u00e9ny\u00e9vel a pisztoly a prec\u00edz hegeszt\u00e9shez sz\u00fcks\u00e9ges h\u0151t biztos\u00edtja.<\/li>\n<\/ul><div><br><\/div>\n<p><strong>M\u0171szaki adatok:<\/strong><\/p>\n<table width=\"296\">\n<tbody>\n<tr>\n<td width=\"210\">M\u0171k\u00f6d\u00e9si fesz\u00fclts\u00e9g<\/td>\n<td width=\"86\">230 V AC<\/td>\n<\/tr>\n<tr>\n<td>Frekvencia<\/td>\n<td>50 Hz<\/td>\n<\/tr>\n<tr>\n<td>\u00dczemi nyom\u00e1startom\u00e1ny<\/td>\n<td>0,05 &#8211; 0,2 bar<\/td>\n<\/tr>\n<tr>\n<td>Leveg\u0151\u00e1raml\u00e1si sebess\u00e9g \u00fczemi nyom\u00e1son<\/td>\n<td>80 l\/min<\/td>\n<\/tr>\n<tr>\n<td>Energiafogyaszt\u00e1s<\/td>\n<td>86 W<\/td>\n<\/tr>\n<tr>\n<td>S\u00faly<\/td>\n<td>5,6 kg<\/td>\n<\/tr>\n<tr>\n<td>IP v\u00e9delmi oszt\u00e1ly<\/td>\n<td>54<\/td>\n<\/tr>\n<tr>\n<td>Max. Elektromos aljzat<\/td>\n<td>\n<p>2200 W<\/p>\n<\/td>\n<\/tr>\n<\/tbody>\n<\/table>\n<p>M\u00e9retek:<\/p>\n<table width=\"296\">\n<tbody>\n<tr>\n<td width=\"210\">Hossz\u00fas\u00e1g:<\/td>\n<td width=\"86\">315 mm<\/td>\n<\/tr>\n<tr>\n<td>Sz\u00e9less\u00e9g:<\/td>\n<td>sz\u00e9less\u00e9g: 214 mm<\/td>\n<\/tr>\n<tr>\n<td>Magass\u00e1g:<\/td>\n<td>238 mm<\/td>\n<\/tr>\n<\/tbody>\n<\/table>\t\t\t\t\t\t\t\t<\/div>\n\t\t\t\t<\/div>\n\t\t\t\t<div class=\"elementor-element elementor-element-8580633 elementor-widget elementor-widget-text-editor\" data-id=\"8580633\" data-element_type=\"widget\" data-e-type=\"widget\" data-widget_type=\"text-editor.default\">\n\t\t\t\t<div class=\"elementor-widget-container\">\n\t\t\t\t\t\t\t\t\t<p><strong>Tov\u00e1bbi inform\u00e1ci\u00f3k a m\u0171anyaghegeszt\u00e9shez haszn\u00e1lt s\u0171r\u00edtett leveg\u0151vel kapcsolatban:<br><br><\/strong><\/p>\n<p>A m\u0171anyag-feldolgoz\u00f3 iparban a s\u0171r\u00edtett leveg\u0151t gyakran haszn\u00e1lj\u00e1k k\u00fcl\u00f6nb\u00f6z\u0151 hegeszt\u00e9si technik\u00e1khoz.<br>A s\u0171r\u00edtett leveg\u0151 az alkalmazott hegeszt\u00e9si elj\u00e1r\u00e1st\u00f3l f\u00fcgg\u0151en t\u00f6bbf\u00e9le funkci\u00f3t is bet\u00f6lthet.<br><br><\/p>\n<ul>\n<li><strong>Forr\u00f3leveg\u0151s hegeszt\u00e9s:<\/strong><br>Egyes m\u0171anyaghegeszt\u00e9si technik\u00e1kn\u00e1l, p\u00e9ld\u00e1ul a forr\u00f3leveg\u0151s hegeszt\u00e9sn\u00e9l s\u0171r\u00edtett leveg\u0151t haszn\u00e1lnak, hogy meleg\u00edtett leveg\u0151t ir\u00e1ny\u00edtsanak az \u00f6sszeillesztend\u0151 m\u0171anyagfel\u00fcletekre. A felmeleg\u00edtett leveg\u0151 megolvasztja a m\u0171anyagokat, \u00e9s leh\u0171l\u00e9s ut\u00e1n szil\u00e1rd hegeszt\u00e9si varrat j\u00f6n l\u00e9tre.<\/li>\n<li><strong>Ultrahangos hegeszt\u00e9s:<\/strong><br>Enn\u00e9l a m\u00f3dszern\u00e9l s\u0171r\u00edtett leveg\u0151t haszn\u00e1lnak egy ultrahangos jel\u00e1talak\u00edt\u00f3 m\u0171k\u00f6dtet\u00e9s\u00e9re, amely rezg\u00e9seket gener\u00e1l. Ezek a rezg\u00e9sek a m\u0171anyag fel\u00fcletek s\u00farl\u00f3d\u00e1s\u00e1t \u00e9s felmeleged\u00e9s\u00e9t okozz\u00e1k, ami a fel\u00fcletek \u00f6sszeolvad\u00e1s\u00e1hoz \u00e9s a hegeszt\u00e9si varrat kialakul\u00e1s\u00e1hoz vezet.<\/li>\n<li><strong>Extrud\u00e1l\u00e1sos hegeszt\u00e9s:<\/strong><br>Egyes esetekben s\u0171r\u00edtett leveg\u0151t haszn\u00e1lnak az extrud\u00e1l\u00e1si folyamat vez\u00e9rl\u00e9s\u00e9re. Az olvadt m\u0171anyagot egy f\u00fav\u00f3k\u00e1b\u00f3l pr\u00e9selik ki \u00e9s s\u0171r\u00edtett leveg\u0151vel form\u00e1zz\u00e1k, hogy hegesztett k\u00f6t\u00e9st hozzanak l\u00e9tre.<br><br><\/li>\n<\/ul>\n<p><strong>Jellemz\u0151k:<br><br><\/strong><\/p>\n<ul>\n<li><strong>Pontos vez\u00e9rl\u00e9s:<\/strong><br>A m\u0171anyagok hegeszt\u00e9s\u00e9hez haszn\u00e1lt s\u0171r\u00edtett leveg\u0151s rendszerek gyakran pontos szab\u00e1lyoz\u00e1st ig\u00e9nyelnek a sz\u00fcks\u00e9ges nyom\u00e1s \u00e9s az optim\u00e1lis leveg\u0151\u00f6sszet\u00e9tel biztos\u00edt\u00e1sa \u00e9rdek\u00e9ben.<\/li>\n<li><strong>Alkalmazkod\u00f3k\u00e9pess\u00e9g:<\/strong><br>A s\u0171r\u00edtett leveg\u0151 forr\u00e1s\u00e1nak alkalmazkodnia kell a k\u00fcl\u00f6nb\u00f6z\u0151 hegeszt\u00e9si technik\u00e1khoz \u00e9s m\u0171anyagokhoz.<\/li>\n<li><strong>Megb\u00edzhat\u00f3s\u00e1g:<\/strong><br>A megb\u00edzhat\u00f3 s\u0171r\u00edtettleveg\u0151-rendszer elengedhetetlen a hegeszt\u00e9si folyamat egyenletes eredm\u00e9nyeinek biztos\u00edt\u00e1s\u00e1hoz.<\/li>\n<li><strong>Biztons\u00e1gi funkci\u00f3k:<\/strong><br>A hegeszt\u00e9si alkalmaz\u00e1s speci\u00e1lis k\u00f6vetelm\u00e9nyeit\u0151l f\u00fcgg\u0151en biztons\u00e1gi funkci\u00f3k, p\u00e9ld\u00e1ul nyom\u00e1sszab\u00e1lyoz\u00f3k \u00e9s biztons\u00e1gi szelepek is felszerelhet\u0151k.<br><br><\/li>\n<\/ul>\n<p>Fontos megjegyezni, hogy a <b>s\u0171r\u00edtett leveg\u0151forr\u00e1s pontos t\u00edpusa \u00e9s funkci\u00f3i nagym\u00e9rt\u00e9kben f\u00fcggnek az adott hegeszt\u00e9si technol\u00f3gi\u00e1t\u00f3l \u00e9s a m\u0171anyaghegeszt\u00e9si folyamat k\u00f6vetelm\u00e9nyeit\u0151l<\/b>.<\/p>\t\t\t\t\t\t\t\t<\/div>\n\t\t\t\t<\/div>\n\t\t\t\t\t<\/div>\n\t\t<\/div>\n\t\t\t\t<div class=\"elementor-column elementor-col-50 elementor-inner-column elementor-element elementor-element-22be94a9\" data-id=\"22be94a9\" data-element_type=\"column\" data-e-type=\"column\">\n\t\t\t<div class=\"elementor-widget-wrap elementor-element-populated\">\n\t\t\t\t\t\t<div class=\"elementor-element elementor-element-393d648 elementor-invisible elementor-widget elementor-widget-image\" data-id=\"393d648\" data-element_type=\"widget\" data-e-type=\"widget\" data-settings=\"{&quot;_animation&quot;:&quot;fadeInDown&quot;}\" data-widget_type=\"image.default\">\n\t\t\t\t<div class=\"elementor-widget-container\">\n\t\t\t\t\t\t\t\t\t\t\t\t<figure class=\"wp-caption\">\n\t\t\t\t\t\t\t\t\t\t<img loading=\"lazy\" decoding=\"async\" width=\"300\" height=\"280\" src=\"https:\/\/www.akuplastics.com\/wp-content\/uploads\/2024\/05\/DT-80-300x280.webp\" class=\"attachment-medium size-medium wp-image-22738\" alt=\"Montagegebl\u00e4se DT 80\" srcset=\"https:\/\/www.akuplastics.com\/wp-content\/uploads\/2024\/05\/DT-80-300x280.webp 300w, https:\/\/www.akuplastics.com\/wp-content\/uploads\/2024\/05\/DT-80.webp 528w\" sizes=\"auto, (max-width: 300px) 100vw, 300px\" \/>\t\t\t\t\t\t\t\t\t\t\t<figcaption class=\"widget-image-caption wp-caption-text\">DT 80 l\u00e9gkompresszor<\/figcaption>\n\t\t\t\t\t\t\t\t\t\t<\/figure>\n\t\t\t\t\t\t\t\t\t<\/div>\n\t\t\t\t<\/div>\n\t\t\t\t\t<\/div>\n\t\t<\/div>\n\t\t\t\t\t<\/div>\n\t\t<\/section>\n\t\t\t\t\t<\/div>\n\t\t<\/div>\n\t\t\t\t\t<\/div>\n\t\t<\/section>\n\t\t\t\t<\/div>\n\t\t","protected":false},"excerpt":{"rendered":"<p>DT 80 szerelv\u00e9nyf\u00fav\u00f3 forr\u00f3 g\u00e1zhegeszt\u0151 egys\u00e9gekhez DT80 \u00f6sszeszerel\u0151 f\u00fav\u00f3: K\u00f6nny\u0171, hat\u00e9kony \u00e9s csendes Leny\u0171g\u00f6z\u0151 teljes\u00edtm\u00e9ny\u00e9vel \u00e9s rendk\u00edv\u00fcl alacsony zajszintj\u00e9vel t\u00f6k\u00e9letes megold\u00e1s az ig\u00e9nyes munkak\u00f6rnyezetekben. Az\u00e9rt fejlesztett\u00e9k ki, hogy a munkafolyamatot a lehet\u0151 legg\u00f6rd\u00fcl\u00e9kenyebb\u00e9 tegye, mik\u00f6zben kiemelked\u0151 teljes\u00edtm\u00e9nyt ny\u00fajt. A DT80 \u00f6sszeszerel\u0151 f\u00fav\u00f3 kiemelked\u0151 jellemz\u0151je, hogy viszonylag kev\u00e9s karbantart\u00e1st ig\u00e9nyel, s\u0151t, karbantart\u00e1smentes. Ez azt jelenti, hogy [&hellip;]<\/p>\n","protected":false},"author":3,"featured_media":0,"parent":9403,"menu_order":0,"comment_status":"closed","ping_status":"closed","template":"elementor_header_footer","meta":{"iawp_total_views":2,"footnotes":""},"class_list":["post-22808","page","type-page","status-publish","hentry"],"yoast_head":"<!-- This site is optimized with the Yoast SEO Premium plugin v27.4 (Yoast SEO v27.5) - https:\/\/yoast.com\/product\/yoast-seo-premium-wordpress\/ -->\n<title>K\u00fcls\u0151 hordozhat\u00f3 l\u00e9gkompresszor Hegeszt\u0151 leveg\u0151 DVS szerelv\u00e9ny f\u00fav\u00f3 DT 80<\/title>\n<meta name=\"description\" content=\"DT80 szerel\u0151f\u00fav\u00f3: K\u00f6nny\u0171, hat\u00e9kony \u00e9s csendesLeny\u0171g\u00f6z\u0151 teljes\u00edtm\u00e9ny\u00e9vel \u00e9s rendk\u00edv\u00fcl alacsony zajszintj\u00e9vel t\u00f6k\u00e9letes megold\u00e1s az ig\u00e9nyes munkak\u00f6rnyezetekben. A DT80 szerel\u0151f\u00fav\u00f3 egyik kiemelked\u0151 jellemz\u0151je, hogy a munkafolyamatot a lehet\u0151 legg\u00f6rd\u00fcl\u00e9kenyebb\u00e9 teszi, mik\u00f6zben kiemelked\u0151 teljes\u00edtm\u00e9nyt ny\u00fajt, \u00e9s viszonylag kev\u00e9s karbantart\u00e1st ig\u00e9nyel, s\u0151t, m\u00e9g karbantart\u00e1smentes is, ami azt jelenti, hogy a munk\u00e1ra koncentr\u00e1lhat an\u00e9lk\u00fcl, hogy a karbantart\u00e1si munk\u00e1k miatt \u00e1lland\u00f3 megszak\u00edt\u00e1sok miatt kellene agg\u00f3dnia.\" \/>\n<meta name=\"robots\" content=\"index, follow, max-snippet:-1, max-image-preview:large, max-video-preview:-1\" \/>\n<link rel=\"canonical\" href=\"https:\/\/www.akuplastics.com\/hu\/gepek-es-eszkoezoek\/legkompresszor-szerelveny-fuvo-dt-80\/\" \/>\n<script type=\"application\/ld+json\" class=\"yoast-schema-graph\">{\"@context\":\"https:\\\/\\\/schema.org\",\"@graph\":[{\"@type\":\"WebPage\",\"@id\":\"https:\\\/\\\/www.akuplastics.com\\\/hu\\\/gepek-es-eszkoezoek\\\/legkompresszor-szerelveny-fuvo-dt-80\\\/\",\"url\":\"https:\\\/\\\/www.akuplastics.com\\\/hu\\\/gepek-es-eszkoezoek\\\/legkompresszor-szerelveny-fuvo-dt-80\\\/\",\"name\":\"K\u00fcls\u0151 hordozhat\u00f3 l\u00e9gkompresszor Hegeszt\u0151 leveg\u0151 DVS szerelv\u00e9ny f\u00fav\u00f3 DT 80\",\"isPartOf\":{\"@id\":\"https:\\\/\\\/www.akuplastics.com\\\/hu\\\/#website\"},\"primaryImageOfPage\":{\"@id\":\"https:\\\/\\\/www.akuplastics.com\\\/hu\\\/gepek-es-eszkoezoek\\\/legkompresszor-szerelveny-fuvo-dt-80\\\/#primaryimage\"},\"image\":{\"@id\":\"https:\\\/\\\/www.akuplastics.com\\\/hu\\\/gepek-es-eszkoezoek\\\/legkompresszor-szerelveny-fuvo-dt-80\\\/#primaryimage\"},\"thumbnailUrl\":\"https:\\\/\\\/www.akuplastics.com\\\/wp-content\\\/uploads\\\/2024\\\/05\\\/DT-80-300x280.webp\",\"datePublished\":\"2024-05-06T09:33:12+00:00\",\"dateModified\":\"2024-05-22T11:50:29+00:00\",\"description\":\"DT80 szerel\u0151f\u00fav\u00f3: K\u00f6nny\u0171, hat\u00e9kony \u00e9s csendesLeny\u0171g\u00f6z\u0151 teljes\u00edtm\u00e9ny\u00e9vel \u00e9s rendk\u00edv\u00fcl alacsony zajszintj\u00e9vel t\u00f6k\u00e9letes megold\u00e1s az ig\u00e9nyes munkak\u00f6rnyezetekben. A DT80 szerel\u0151f\u00fav\u00f3 egyik kiemelked\u0151 jellemz\u0151je, hogy a munkafolyamatot a lehet\u0151 legg\u00f6rd\u00fcl\u00e9kenyebb\u00e9 teszi, mik\u00f6zben kiemelked\u0151 teljes\u00edtm\u00e9nyt ny\u00fajt, \u00e9s viszonylag kev\u00e9s karbantart\u00e1st ig\u00e9nyel, s\u0151t, m\u00e9g karbantart\u00e1smentes is, ami azt jelenti, hogy a munk\u00e1ra koncentr\u00e1lhat an\u00e9lk\u00fcl, hogy a karbantart\u00e1si munk\u00e1k miatt \u00e1lland\u00f3 megszak\u00edt\u00e1sok miatt kellene agg\u00f3dnia.\",\"breadcrumb\":{\"@id\":\"https:\\\/\\\/www.akuplastics.com\\\/hu\\\/gepek-es-eszkoezoek\\\/legkompresszor-szerelveny-fuvo-dt-80\\\/#breadcrumb\"},\"inLanguage\":\"hu\",\"potentialAction\":[{\"@type\":\"ReadAction\",\"target\":[\"https:\\\/\\\/www.akuplastics.com\\\/hu\\\/gepek-es-eszkoezoek\\\/legkompresszor-szerelveny-fuvo-dt-80\\\/\"]}]},{\"@type\":\"ImageObject\",\"inLanguage\":\"hu\",\"@id\":\"https:\\\/\\\/www.akuplastics.com\\\/hu\\\/gepek-es-eszkoezoek\\\/legkompresszor-szerelveny-fuvo-dt-80\\\/#primaryimage\",\"url\":\"https:\\\/\\\/www.akuplastics.com\\\/wp-content\\\/uploads\\\/2024\\\/05\\\/DT-80-300x280.webp\",\"contentUrl\":\"https:\\\/\\\/www.akuplastics.com\\\/wp-content\\\/uploads\\\/2024\\\/05\\\/DT-80-300x280.webp\"},{\"@type\":\"BreadcrumbList\",\"@id\":\"https:\\\/\\\/www.akuplastics.com\\\/hu\\\/gepek-es-eszkoezoek\\\/legkompresszor-szerelveny-fuvo-dt-80\\\/#breadcrumb\",\"itemListElement\":[{\"@type\":\"ListItem\",\"position\":1,\"name\":\"Kezd\u0151lap\",\"item\":\"https:\\\/\\\/www.akuplastics.com\\\/hu\\\/\"},{\"@type\":\"ListItem\",\"position\":2,\"name\":\"G\u00e9pek \u00e9s eszk\u00f6z\u00f6k\",\"item\":\"https:\\\/\\\/www.akuplastics.com\\\/hu\\\/gepek-es-eszkoezoek\\\/\"},{\"@type\":\"ListItem\",\"position\":3,\"name\":\"L\u00e9gkompresszor szerelv\u00e9ny f\u00fav\u00f3 DT 80\"}]},{\"@type\":\"WebSite\",\"@id\":\"https:\\\/\\\/www.akuplastics.com\\\/hu\\\/#website\",\"url\":\"https:\\\/\\\/www.akuplastics.com\\\/hu\\\/\",\"name\":\"Semi-Finished Products \u2013 Finished Parts \u2013 Ventilation Moulded Parts \u2013 Machines\",\"description\":\"Halbzeuge, Halbfabrikate, Kunststoffhalbzeuge, Kunststoffhalbfabrikate\",\"publisher\":{\"@id\":\"https:\\\/\\\/www.akuplastics.com\\\/hu\\\/#organization\"},\"alternateName\":\"AKUPLASTICS \u2013 Engineering in Plastics\",\"potentialAction\":[{\"@type\":\"SearchAction\",\"target\":{\"@type\":\"EntryPoint\",\"urlTemplate\":\"https:\\\/\\\/www.akuplastics.com\\\/hu\\\/?s={search_term_string}\"},\"query-input\":{\"@type\":\"PropertyValueSpecification\",\"valueRequired\":true,\"valueName\":\"search_term_string\"}}],\"inLanguage\":\"hu\"},{\"@type\":\"Organization\",\"@id\":\"https:\\\/\\\/www.akuplastics.com\\\/hu\\\/#organization\",\"name\":\"Ing. Christian Ahlborn e.U.\",\"alternateName\":\"AKU\",\"url\":\"https:\\\/\\\/www.akuplastics.com\\\/hu\\\/\",\"logo\":{\"@type\":\"ImageObject\",\"inLanguage\":\"hu\",\"@id\":\"https:\\\/\\\/www.akuplastics.com\\\/hu\\\/#\\\/schema\\\/logo\\\/image\\\/\",\"url\":\"https:\\\/\\\/www.akuplastics.com\\\/wp-content\\\/uploads\\\/2020\\\/07\\\/Grafik14-inkl-r.png\",\"contentUrl\":\"https:\\\/\\\/www.akuplastics.com\\\/wp-content\\\/uploads\\\/2020\\\/07\\\/Grafik14-inkl-r.png\",\"width\":1994,\"height\":743,\"caption\":\"Ing. Christian Ahlborn e.U.\"},\"image\":{\"@id\":\"https:\\\/\\\/www.akuplastics.com\\\/hu\\\/#\\\/schema\\\/logo\\\/image\\\/\"}}]}<\/script>\n<!-- \/ Yoast SEO Premium plugin. -->","yoast_head_json":{"title":"K\u00fcls\u0151 hordozhat\u00f3 l\u00e9gkompresszor Hegeszt\u0151 leveg\u0151 DVS szerelv\u00e9ny f\u00fav\u00f3 DT 80","description":"DT80 szerel\u0151f\u00fav\u00f3: K\u00f6nny\u0171, hat\u00e9kony \u00e9s csendesLeny\u0171g\u00f6z\u0151 teljes\u00edtm\u00e9ny\u00e9vel \u00e9s rendk\u00edv\u00fcl alacsony zajszintj\u00e9vel t\u00f6k\u00e9letes megold\u00e1s az ig\u00e9nyes munkak\u00f6rnyezetekben. A DT80 szerel\u0151f\u00fav\u00f3 egyik kiemelked\u0151 jellemz\u0151je, hogy a munkafolyamatot a lehet\u0151 legg\u00f6rd\u00fcl\u00e9kenyebb\u00e9 teszi, mik\u00f6zben kiemelked\u0151 teljes\u00edtm\u00e9nyt ny\u00fajt, \u00e9s viszonylag kev\u00e9s karbantart\u00e1st ig\u00e9nyel, s\u0151t, m\u00e9g karbantart\u00e1smentes is, ami azt jelenti, hogy a munk\u00e1ra koncentr\u00e1lhat an\u00e9lk\u00fcl, hogy a karbantart\u00e1si munk\u00e1k miatt \u00e1lland\u00f3 megszak\u00edt\u00e1sok miatt kellene agg\u00f3dnia.","robots":{"index":"index","follow":"follow","max-snippet":"max-snippet:-1","max-image-preview":"max-image-preview:large","max-video-preview":"max-video-preview:-1"},"canonical":"https:\/\/www.akuplastics.com\/hu\/gepek-es-eszkoezoek\/legkompresszor-szerelveny-fuvo-dt-80\/","schema":{"@context":"https:\/\/schema.org","@graph":[{"@type":"WebPage","@id":"https:\/\/www.akuplastics.com\/hu\/gepek-es-eszkoezoek\/legkompresszor-szerelveny-fuvo-dt-80\/","url":"https:\/\/www.akuplastics.com\/hu\/gepek-es-eszkoezoek\/legkompresszor-szerelveny-fuvo-dt-80\/","name":"K\u00fcls\u0151 hordozhat\u00f3 l\u00e9gkompresszor Hegeszt\u0151 leveg\u0151 DVS szerelv\u00e9ny f\u00fav\u00f3 DT 80","isPartOf":{"@id":"https:\/\/www.akuplastics.com\/hu\/#website"},"primaryImageOfPage":{"@id":"https:\/\/www.akuplastics.com\/hu\/gepek-es-eszkoezoek\/legkompresszor-szerelveny-fuvo-dt-80\/#primaryimage"},"image":{"@id":"https:\/\/www.akuplastics.com\/hu\/gepek-es-eszkoezoek\/legkompresszor-szerelveny-fuvo-dt-80\/#primaryimage"},"thumbnailUrl":"https:\/\/www.akuplastics.com\/wp-content\/uploads\/2024\/05\/DT-80-300x280.webp","datePublished":"2024-05-06T09:33:12+00:00","dateModified":"2024-05-22T11:50:29+00:00","description":"DT80 szerel\u0151f\u00fav\u00f3: K\u00f6nny\u0171, hat\u00e9kony \u00e9s csendesLeny\u0171g\u00f6z\u0151 teljes\u00edtm\u00e9ny\u00e9vel \u00e9s rendk\u00edv\u00fcl alacsony zajszintj\u00e9vel t\u00f6k\u00e9letes megold\u00e1s az ig\u00e9nyes munkak\u00f6rnyezetekben. A DT80 szerel\u0151f\u00fav\u00f3 egyik kiemelked\u0151 jellemz\u0151je, hogy a munkafolyamatot a lehet\u0151 legg\u00f6rd\u00fcl\u00e9kenyebb\u00e9 teszi, mik\u00f6zben kiemelked\u0151 teljes\u00edtm\u00e9nyt ny\u00fajt, \u00e9s viszonylag kev\u00e9s karbantart\u00e1st ig\u00e9nyel, s\u0151t, m\u00e9g karbantart\u00e1smentes is, ami azt jelenti, hogy a munk\u00e1ra koncentr\u00e1lhat an\u00e9lk\u00fcl, hogy a karbantart\u00e1si munk\u00e1k miatt \u00e1lland\u00f3 megszak\u00edt\u00e1sok miatt kellene agg\u00f3dnia.","breadcrumb":{"@id":"https:\/\/www.akuplastics.com\/hu\/gepek-es-eszkoezoek\/legkompresszor-szerelveny-fuvo-dt-80\/#breadcrumb"},"inLanguage":"hu","potentialAction":[{"@type":"ReadAction","target":["https:\/\/www.akuplastics.com\/hu\/gepek-es-eszkoezoek\/legkompresszor-szerelveny-fuvo-dt-80\/"]}]},{"@type":"ImageObject","inLanguage":"hu","@id":"https:\/\/www.akuplastics.com\/hu\/gepek-es-eszkoezoek\/legkompresszor-szerelveny-fuvo-dt-80\/#primaryimage","url":"https:\/\/www.akuplastics.com\/wp-content\/uploads\/2024\/05\/DT-80-300x280.webp","contentUrl":"https:\/\/www.akuplastics.com\/wp-content\/uploads\/2024\/05\/DT-80-300x280.webp"},{"@type":"BreadcrumbList","@id":"https:\/\/www.akuplastics.com\/hu\/gepek-es-eszkoezoek\/legkompresszor-szerelveny-fuvo-dt-80\/#breadcrumb","itemListElement":[{"@type":"ListItem","position":1,"name":"Kezd\u0151lap","item":"https:\/\/www.akuplastics.com\/hu\/"},{"@type":"ListItem","position":2,"name":"G\u00e9pek \u00e9s eszk\u00f6z\u00f6k","item":"https:\/\/www.akuplastics.com\/hu\/gepek-es-eszkoezoek\/"},{"@type":"ListItem","position":3,"name":"L\u00e9gkompresszor szerelv\u00e9ny f\u00fav\u00f3 DT 80"}]},{"@type":"WebSite","@id":"https:\/\/www.akuplastics.com\/hu\/#website","url":"https:\/\/www.akuplastics.com\/hu\/","name":"Semi-Finished Products \u2013 Finished Parts \u2013 Ventilation Moulded Parts \u2013 Machines","description":"Halbzeuge, Halbfabrikate, Kunststoffhalbzeuge, Kunststoffhalbfabrikate","publisher":{"@id":"https:\/\/www.akuplastics.com\/hu\/#organization"},"alternateName":"AKUPLASTICS \u2013 Engineering in Plastics","potentialAction":[{"@type":"SearchAction","target":{"@type":"EntryPoint","urlTemplate":"https:\/\/www.akuplastics.com\/hu\/?s={search_term_string}"},"query-input":{"@type":"PropertyValueSpecification","valueRequired":true,"valueName":"search_term_string"}}],"inLanguage":"hu"},{"@type":"Organization","@id":"https:\/\/www.akuplastics.com\/hu\/#organization","name":"Ing. Christian Ahlborn e.U.","alternateName":"AKU","url":"https:\/\/www.akuplastics.com\/hu\/","logo":{"@type":"ImageObject","inLanguage":"hu","@id":"https:\/\/www.akuplastics.com\/hu\/#\/schema\/logo\/image\/","url":"https:\/\/www.akuplastics.com\/wp-content\/uploads\/2020\/07\/Grafik14-inkl-r.png","contentUrl":"https:\/\/www.akuplastics.com\/wp-content\/uploads\/2020\/07\/Grafik14-inkl-r.png","width":1994,"height":743,"caption":"Ing. Christian Ahlborn e.U."},"image":{"@id":"https:\/\/www.akuplastics.com\/hu\/#\/schema\/logo\/image\/"}}]}},"_links":{"self":[{"href":"https:\/\/www.akuplastics.com\/hu\/wp-json\/wp\/v2\/pages\/22808","targetHints":{"allow":["GET"]}}],"collection":[{"href":"https:\/\/www.akuplastics.com\/hu\/wp-json\/wp\/v2\/pages"}],"about":[{"href":"https:\/\/www.akuplastics.com\/hu\/wp-json\/wp\/v2\/types\/page"}],"author":[{"embeddable":true,"href":"https:\/\/www.akuplastics.com\/hu\/wp-json\/wp\/v2\/users\/3"}],"replies":[{"embeddable":true,"href":"https:\/\/www.akuplastics.com\/hu\/wp-json\/wp\/v2\/comments?post=22808"}],"version-history":[{"count":12,"href":"https:\/\/www.akuplastics.com\/hu\/wp-json\/wp\/v2\/pages\/22808\/revisions"}],"predecessor-version":[{"id":23074,"href":"https:\/\/www.akuplastics.com\/hu\/wp-json\/wp\/v2\/pages\/22808\/revisions\/23074"}],"up":[{"embeddable":true,"href":"https:\/\/www.akuplastics.com\/hu\/wp-json\/wp\/v2\/pages\/9403"}],"wp:attachment":[{"href":"https:\/\/www.akuplastics.com\/hu\/wp-json\/wp\/v2\/media?parent=22808"}],"curies":[{"name":"wp","href":"https:\/\/api.w.org\/{rel}","templated":true}]}}