{"id":22183,"date":"2024-04-18T19:29:29","date_gmt":"2024-04-18T17:29:29","guid":{"rendered":"https:\/\/www.akuplastics.com\/gepek-es-eszkoezoek\/hhsw-63-st-tipusu-aljzatfuzios-egyseg\/"},"modified":"2024-04-19T09:01:37","modified_gmt":"2024-04-19T07:01:37","slug":"hhsw-63-st-tipusu-aljzatfuzios-egyseg","status":"publish","type":"page","link":"https:\/\/www.akuplastics.com\/hu\/gepek-es-eszkoezoek\/hhsw-63-st-tipusu-aljzatfuzios-egyseg\/","title":{"rendered":"HHSW 63 ST t\u00edpus\u00fa aljzatf\u00fazi\u00f3s egys\u00e9g"},"content":{"rendered":"\t\t<div data-elementor-type=\"wp-page\" data-elementor-id=\"22183\" class=\"elementor elementor-22183 elementor-22170\" data-elementor-post-type=\"page\">\n\t\t\t\t\t\t<section class=\"elementor-section elementor-top-section elementor-element elementor-element-405ca3ca elementor-section-boxed elementor-section-height-default elementor-section-height-default\" data-id=\"405ca3ca\" data-element_type=\"section\" data-e-type=\"section\">\n\t\t\t\t\t\t<div class=\"elementor-container elementor-column-gap-default\">\n\t\t\t\t\t<div class=\"elementor-column elementor-col-100 elementor-top-column elementor-element elementor-element-70131932\" data-id=\"70131932\" data-element_type=\"column\" data-e-type=\"column\" data-settings=\"{&quot;animation&quot;:&quot;none&quot;}\">\n\t\t\t<div class=\"elementor-widget-wrap elementor-element-populated\">\n\t\t\t\t\t\t<div class=\"elementor-element elementor-element-28194341 elementor-widget elementor-widget-text-editor\" data-id=\"28194341\" data-element_type=\"widget\" data-e-type=\"widget\" data-widget_type=\"text-editor.default\">\n\t\t\t\t<div class=\"elementor-widget-container\">\n\t\t\t\t\t\t\t\t\t<h1 class=\"product_title entry-title\">HHSW 63 ST t\u00edpus\u00fa aljzathegeszt\u0151g\u00e9p t\u00e1vf\u0171t\u00e9si cs\u00f6vek t\u00f6m\u00edt\u0151dug\u00f3inak hegeszt\u00e9s\u00e9hez<\/h1>\n\t\t\t\t\t\t\t\t<\/div>\n\t\t\t\t<\/div>\n\t\t\t\t<section class=\"elementor-section elementor-inner-section elementor-element elementor-element-1f23e11b elementor-section-boxed elementor-section-height-default elementor-section-height-default\" data-id=\"1f23e11b\" data-element_type=\"section\" data-e-type=\"section\">\n\t\t\t\t\t\t<div class=\"elementor-container elementor-column-gap-default\">\n\t\t\t\t\t<div class=\"elementor-column elementor-col-50 elementor-inner-column elementor-element elementor-element-a9bcbe6\" data-id=\"a9bcbe6\" data-element_type=\"column\" data-e-type=\"column\">\n\t\t\t<div class=\"elementor-widget-wrap elementor-element-populated\">\n\t\t\t\t\t\t<div class=\"elementor-element elementor-element-2771a7cf elementor-widget elementor-widget-text-editor\" data-id=\"2771a7cf\" data-element_type=\"widget\" data-e-type=\"widget\" data-widget_type=\"text-editor.default\">\n\t\t\t\t<div class=\"elementor-widget-container\">\n\t\t\t\t\t\t\t\t\t<p><strong>HHSW 63 ST t\u00edpus\u00fa aljzatf\u00fazi\u00f3s egys\u00e9g<\/strong><br \/>T\u00e1vf\u0171t\u00e9si cs\u00f6vek t\u00f6m\u00edt\u0151dug\u00f3inak hegeszt\u00e9s\u00e9hez<\/p><p>\u00a0<\/p><p>S\u00faly 1 kg. tartalmazza :<\/p><ul><li>F\u0171t\u0151t\u00fcske \u00e9s h\u00fcvely 19 x 37 mm-es dug\u00f3khoz,<\/li><li>1 imbuszkulcs,<\/li><li>1 asztali \u00e1llv\u00e1ny,<\/li><li>1 asztali bilincs<\/li><li>bele\u00e9rtve. 1 f\u00e9m sz\u00e1ll\u00edt\u00f3doboz<\/li><\/ul><p>\u00a0<\/p><p>Fesz\u00fclts\u00e9g 230 V 650 W<br \/>H\u0151m\u00e9rs\u00e9klet 201 &#8211; 279\u00b0C<\/p>\t\t\t\t\t\t\t\t<\/div>\n\t\t\t\t<\/div>\n\t\t\t\t<div class=\"elementor-element elementor-element-ce3c19a elementor-widget elementor-widget-text-editor\" data-id=\"ce3c19a\" data-element_type=\"widget\" data-e-type=\"widget\" data-widget_type=\"text-editor.default\">\n\t\t\t\t<div class=\"elementor-widget-container\">\n\t\t\t\t\t\t\t\t\t<p>A k\u00e9sz\u00fcl\u00e9kt\u00edpust\u00f3l f\u00fcgg\u0151en a <strong><a href=\"https:\/\/www.akuplastics.com\/hu\/szellozolecek\/\">PE, PP, PB \u00e9s PVDF anyagb\u00f3l k\u00e9sz\u00fclt \u00f6nt\u00f6tt alkatr\u00e9szekkel ell\u00e1tott cs\u00f6vek<\/a> aljzathegeszt\u00e9s\u00e9hez<\/strong> rendelkez\u00e9sre \u00e1llnak <strong>aljzathegeszt\u0151 k\u00e9sz\u00fcl\u00e9kek<\/strong>, azaz cser\u00e9lhet\u0151 t\u00fcsk\u00e9kkel \u00e9s perselyekkel ell\u00e1tott hegeszt\u0151t\u00fckr\u00f6k.<\/p><p>\u00a0<\/p><p>Minden t\u00fcske \u00e9s persely teflonbevonat\u00fa.<\/p><p>A h\u0151m\u00e9rs\u00e9kletet elektronikusan szab\u00e1lyozz\u00e1k.<\/p><p><span style=\"color: var( --e-global-color-text ); font-family: var( --e-global-typography-text-font-family ), arial; font-size: var( --e-global-typography-text-font-size ); font-weight: var( --e-global-typography-text-font-weight ); letter-spacing: 0px;\">Ezeknek a k\u00e9sz\u00fcl\u00e9keknek a tipikus felhaszn\u00e1l\u00f3ja a v\u00edz- \u00e9s f\u0171t\u00e9sszerel\u0151. <br \/><\/span><\/p><p>\u00a0<\/p><p><span style=\"color: var( --e-global-color-text ); font-family: var( --e-global-typography-text-font-family ), arial; font-size: var( --e-global-typography-text-font-size ); font-weight: var( --e-global-typography-text-font-weight ); letter-spacing: 0px;\">Az al\u00e1bbiakban le\u00edrt, 230V 50\/60Hz-es k\u00e9sz\u00fcl\u00e9keket alapfelszerelts\u00e9gk\u00e9nt csatlakoztathat\u00f3 \u00e1llapotban sz\u00e1ll\u00edtjuk. <\/span><\/p><p><span style=\"color: var( --e-global-color-text ); font-family: var( --e-global-typography-text-font-family ), arial; font-size: var( --e-global-typography-text-font-size ); font-weight: var( --e-global-typography-text-font-weight ); letter-spacing: 0px;\">A tengerent\u00falon, mi is tudunk sz\u00e1ll\u00edtani egy sorozatot a <\/span><span style=\"color: var( --e-global-color-text ); font-family: var( --e-global-typography-text-font-family ), arial; font-size: var( --e-global-typography-text-font-size ); font-weight: var( --e-global-typography-text-font-weight ); letter-spacing: 0px;\">110V 50\/60Hz-es v\u00e1ltozatban is rendel\u00e9sre.<\/span><\/p><p>\u00a0<\/p><p><span style=\"color: var( --e-global-color-text ); font-family: var( --e-global-typography-text-font-family ), arial; font-size: var( --e-global-typography-text-font-size ); font-weight: var( --e-global-typography-text-font-weight );\">Ezek alkotnak egy <\/span><b style=\"color: var( --e-global-color-text ); font-family: var( --e-global-typography-text-font-family ), arial; font-size: var( --e-global-typography-text-font-size );\">hat\u00e9kony csatlakoz\u00e1si technol\u00f3gia a m\u0171anyag cs\u00f6vekhez.<\/b><\/p><p>\u00a0<\/p><p>Az <b>aljzathegeszt\u0151k<\/b>, m\u00e1s n\u00e9ven <b><u>elektrof\u00fazi\u00f3s egys\u00e9gek<\/u>vagy f\u0171t\u00f6tt szersz\u00e1mhegeszt\u0151k<\/b> d\u00f6nt\u0151 szerepet j\u00e1tszanak a m\u0171anyag cs\u00f6vek illeszt\u00e9si technol\u00f3gi\u00e1j\u00e1ban.<\/p><p>Ezek a <b>nagy teljes\u00edtm\u00e9ny\u0171 szersz\u00e1mok<\/b> lehet\u0151v\u00e9 teszik a <b>cs\u0151vezet\u00e9kek tart\u00f3s \u00e9s biztons\u00e1gos csatlakoztat\u00e1s\u00e1t<\/b> <b>aljzatok vagy szerelv\u00e9nyek hegeszt\u00e9s\u00e9vel<\/b>.<\/p><p>Az aljzatf\u00fazi\u00f3s egys\u00e9gek jellemz\u0151i \u00e9s el\u0151nyei:<\/p><p><strong>Az aljzatf\u00fazi\u00f3s egys\u00e9gek tulajdons\u00e1gai:<\/strong><\/p><p>\u00a0<\/p><ul><li><p><strong>F\u0171t\u0151elem-technol\u00f3gia:<\/strong> <br \/>Az aljzathegeszt\u0151k speci\u00e1lisan a m\u0171anyag cs\u00f6vek k\u00f6vetelm\u00e9nyeihez igaz\u00edtott, fejlett f\u0171t\u0151elemeket haszn\u00e1lnak. Ezek az elemek lehet\u0151v\u00e9 teszik a h\u00fcvelyv\u00e9gek egyenletes f\u0171t\u00e9s\u00e9t.<\/p><\/li><li><p><strong>H\u0151m\u00e9rs\u00e9klet- \u00e9s id\u0151be\u00e1ll\u00edt\u00e1sok:<\/strong> <br \/>A legt\u00f6bb aljzathegeszt\u0151 k\u00e9sz\u00fcl\u00e9k pontos be\u00e1ll\u00edt\u00e1sokat k\u00edn\u00e1l a h\u0151m\u00e9rs\u00e9klet \u00e9s a hegeszt\u00e9si id\u0151 tekintet\u00e9ben, hogy optim\u00e1lis hegesztett k\u00f6t\u00e9st biztos\u00edtson a k\u00fcl\u00f6nb\u00f6z\u0151 t\u00edpus\u00fa m\u0171anyag cs\u00f6vekhez.<\/p><\/li><li><p><strong>Hordozhat\u00f3s\u00e1g \u00e9s kezel\u00e9s:<\/strong> <br \/>A modern aljzathegeszt\u0151k gyakran kompaktak \u00e9s hordozhat\u00f3k, ami megk\u00f6nny\u00edti a kezel\u00e9s\u00fcket \u00e9s a k\u00fcl\u00f6nb\u00f6z\u0151 helysz\u00edneken val\u00f3 haszn\u00e1latukat.<\/p><\/li><li><p><strong>Robusztus fel\u00e9p\u00edt\u00e9s:<\/strong> <br \/>A kiv\u00e1l\u00f3 min\u0151s\u00e9g\u0171 anyagok \u00e9s a robusztus konstrukci\u00f3 biztos\u00edtja, hogy a dugaszhegeszt\u0151k ellen\u00e1lljanak az \u00e9p\u00edtkez\u00e9seken uralkod\u00f3 ig\u00e9nyes k\u00f6r\u00fclm\u00e9nyeknek.<\/p><\/li><\/ul><div>\u00a0<\/div><p><strong>Az aljzatf\u00fazi\u00f3s egys\u00e9gek el\u0151nyei:<\/strong><\/p><p>\u00a0<\/p><ul><li><p><strong>Tart\u00f3s csatlakoz\u00e1sok:<\/strong> <br \/>Az aljzathegeszt\u0151k lehet\u0151v\u00e9 teszik a m\u0171anyag cs\u00f6vek k\u00f6z\u00f6tti tart\u00f3s hegesztett k\u00f6t\u00e9sek l\u00e9trehoz\u00e1s\u00e1t, amelyek er\u0151sek, megb\u00edzhat\u00f3ak \u00e9s sziv\u00e1rg\u00e1s\u00e1ll\u00f3ak.<\/p><\/li><li><p><strong>Id\u0151- \u00e9s k\u00f6lts\u00e9gmegtakar\u00edt\u00e1s:<\/strong> <br \/>A gyors \u00e9s hat\u00e9kony hegeszt\u00e9si technol\u00f3gi\u00e1nak k\u00f6sz\u00f6nhet\u0151en az aljzathegeszt\u0151k cs\u00f6kkenthetik az id\u0151t \u00e9s a k\u00f6lts\u00e9geket a cs\u0151szerel\u00e9s sor\u00e1n.<\/p><\/li><li><p><strong>Sokoldal\u00fas\u00e1g:<\/strong> <br \/>Az aljzathegeszt\u0151k sokoldal\u00faak, \u00e9s k\u00fcl\u00f6nb\u00f6z\u0151 m\u0171anyag cs\u0151anyagokhoz \u00e9s \u00e1tm\u00e9r\u0151kh\u00f6z haszn\u00e1lhat\u00f3k.<\/p><\/li><li><p><strong>Min\u0151s\u00e9gellen\u0151rz\u00e9s:<\/strong> <br \/>A prec\u00edz be\u00e1ll\u00edt\u00e1soknak \u00e9s a fel\u00fcgyeleti funkci\u00f3knak k\u00f6sz\u00f6nhet\u0151en az aljzathegeszt\u0151k lehet\u0151v\u00e9 teszik a hegesztett k\u00f6t\u00e9s magas sz\u00ednvonal\u00fa ellen\u0151rz\u00e9s\u00e9t.<\/p><\/li><\/ul><div>\u00a0<\/div><p><strong>Az aljzatf\u00fazi\u00f3s egys\u00e9gek alkalmaz\u00e1sai:<\/strong><\/p><p>\u00a0<\/p><ul><li><p><strong>V\u00edzell\u00e1t\u00e1s:<\/strong> <br \/>Az aljzathegeszt\u0151ket gyakran haszn\u00e1lj\u00e1k a v\u00edzell\u00e1t\u00f3 rendszerekben, hogy biztos\u00edts\u00e1k a csatlakoz\u00e1sok v\u00edzz\u00e1r\u00f3s\u00e1g\u00e1t \u00e9s higi\u00e9ni\u00e1j\u00e1t.<\/p><\/li><li><p><strong>Szennyv\u00edzcs\u00f6vek:<\/strong> <br \/>Az aljzathegeszt\u0151ket a szennyv\u00edzelvezet\u00e9sben haszn\u00e1lj\u00e1k a csatornarendszerek sziv\u00e1rg\u00e1smentes csatlakoz\u00e1sainak l\u00e9trehoz\u00e1s\u00e1ra.<\/p><\/li><li><p><strong>Ipari alkalmaz\u00e1sok:<\/strong> <br \/>Az aljzathegeszt\u0151ket olyan ipari alkalmaz\u00e1sokban haszn\u00e1lj\u00e1k, ahol m\u0171anyag cs\u00f6vekre van sz\u00fcks\u00e9g vegyi anyagok vagy m\u00e1s folyad\u00e9kok sz\u00e1ll\u00edt\u00e1s\u00e1hoz.<\/p><\/li><li><p><strong>\u00c9p\u00edt\u00e9si projektek:<\/strong> <br \/>Az \u00e9p\u00edtkez\u00e9seken gyakran haszn\u00e1lnak aljzathegeszt\u0151ket, hogy biztos\u00edts\u00e1k a cs\u0151vezet\u00e9kek megb\u00edzhat\u00f3 csatlakoztat\u00e1s\u00e1t az \u00e9p\u00fcletekben vagy az infrastruktur\u00e1lis projektekben.<\/p><\/li><\/ul><div>\u00a0<\/div><p>Az aljzatolvaszt\u00f3 berendez\u00e9sek <b>prec\u00edz \u00e9s megb\u00edzhat\u00f3 illeszt\u00e9si technol\u00f3gi\u00e1ja<\/b> <b>kulcsfontoss\u00e1g\u00fa szerepet j\u00e1tszik a k\u00fcl\u00f6nb\u00f6z\u0151 ipari \u00e1gazatokban<\/b>, \u00e9s <b>fejlett jellemz\u0151i<\/b> seg\u00edtenek a <b>kiv\u00e1l\u00f3 min\u0151s\u00e9g\u0171 cs\u0151rendszerek<\/b> l\u00e9trehoz\u00e1s\u00e1ban.<\/p>\t\t\t\t\t\t\t\t<\/div>\n\t\t\t\t<\/div>\n\t\t\t\t\t<\/div>\n\t\t<\/div>\n\t\t\t\t<div class=\"elementor-column elementor-col-50 elementor-inner-column elementor-element elementor-element-64ae8cca\" data-id=\"64ae8cca\" data-element_type=\"column\" data-e-type=\"column\">\n\t\t\t<div class=\"elementor-widget-wrap elementor-element-populated\">\n\t\t\t\t\t\t<div class=\"elementor-element elementor-element-a95a323 elementor-invisible elementor-widget elementor-widget-image\" data-id=\"a95a323\" data-element_type=\"widget\" data-e-type=\"widget\" data-settings=\"{&quot;_animation&quot;:&quot;fadeInUp&quot;}\" data-widget_type=\"image.default\">\n\t\t\t\t<div class=\"elementor-widget-container\">\n\t\t\t\t\t\t\t\t\t\t\t\t<figure class=\"wp-caption\">\n\t\t\t\t\t\t\t\t\t\t<img loading=\"lazy\" decoding=\"async\" width=\"300\" height=\"225\" src=\"https:\/\/www.akuplastics.com\/wp-content\/uploads\/2021\/07\/Muffenschweissgeraet1-300x225.jpg\" class=\"attachment-medium size-medium wp-image-13241\" alt=\"Muffenschwei\u00dfger\u00e4t Typ HHSW-63-W \nBox\" srcset=\"https:\/\/www.akuplastics.com\/wp-content\/uploads\/2021\/07\/Muffenschweissgeraet1-300x225.jpg 300w, https:\/\/www.akuplastics.com\/wp-content\/uploads\/2021\/07\/Muffenschweissgeraet1-1024x768.jpg 1024w, https:\/\/www.akuplastics.com\/wp-content\/uploads\/2021\/07\/Muffenschweissgeraet1-768x576.jpg 768w, https:\/\/www.akuplastics.com\/wp-content\/uploads\/2021\/07\/Muffenschweissgeraet1-1536x1152.jpg 1536w, https:\/\/www.akuplastics.com\/wp-content\/uploads\/2021\/07\/Muffenschweissgeraet1-scaled.jpg 2048w\" sizes=\"auto, (max-width: 300px) 100vw, 300px\" \/>\t\t\t\t\t\t\t\t\t\t\t<figcaption class=\"widget-image-caption wp-caption-text\">HHSW-63-ST t\u00edpus\u00fa aljzathegeszt\u0151 HHSW-63-ST t\u00e1vf\u0171t\u00e9si cs\u00f6vek t\u00f6m\u00edt\u0151dug\u00f3inak hegeszt\u00e9s\u00e9hez a dobozban<\/figcaption>\n\t\t\t\t\t\t\t\t\t\t<\/figure>\n\t\t\t\t\t\t\t\t\t<\/div>\n\t\t\t\t<\/div>\n\t\t\t\t\t<\/div>\n\t\t<\/div>\n\t\t\t\t\t<\/div>\n\t\t<\/section>\n\t\t\t\t\t<\/div>\n\t\t<\/div>\n\t\t\t\t\t<\/div>\n\t\t<\/section>\n\t\t\t\t<\/div>\n\t\t","protected":false},"excerpt":{"rendered":"<p>HHSW 63 ST t\u00edpus\u00fa aljzathegeszt\u0151g\u00e9p t\u00e1vf\u0171t\u00e9si cs\u00f6vek t\u00f6m\u00edt\u0151dug\u00f3inak hegeszt\u00e9s\u00e9hez HHSW 63 ST t\u00edpus\u00fa aljzatf\u00fazi\u00f3s egys\u00e9gT\u00e1vf\u0171t\u00e9si cs\u00f6vek t\u00f6m\u00edt\u0151dug\u00f3inak hegeszt\u00e9s\u00e9hez \u00a0 S\u00faly 1 kg. tartalmazza : F\u0171t\u0151t\u00fcske \u00e9s h\u00fcvely 19 x 37 mm-es dug\u00f3khoz, 1 imbuszkulcs, 1 asztali \u00e1llv\u00e1ny, 1 asztali bilincs bele\u00e9rtve. 1 f\u00e9m sz\u00e1ll\u00edt\u00f3doboz \u00a0 Fesz\u00fclts\u00e9g 230 V 650 WH\u0151m\u00e9rs\u00e9klet 201 &#8211; 279\u00b0C A k\u00e9sz\u00fcl\u00e9kt\u00edpust\u00f3l [&hellip;]<\/p>\n","protected":false},"author":3,"featured_media":0,"parent":9403,"menu_order":0,"comment_status":"closed","ping_status":"closed","template":"elementor_header_footer","meta":{"iawp_total_views":2,"footnotes":""},"class_list":["post-22183","page","type-page","status-publish","hentry"],"yoast_head":"<!-- This site is optimized with the Yoast SEO Premium plugin v27.4 (Yoast SEO v27.5) - https:\/\/yoast.com\/product\/yoast-seo-premium-wordpress\/ -->\n<title>Hegeszt\u0151 aljzathegeszt\u0151 berendez\u00e9s Hegeszt\u0151 aljzathegeszt\u0151 berendez\u00e9s T\u00e1vf\u0171t\u00e9si cs\u00f6vek<\/title>\n<meta name=\"description\" content=\"A k\u00e9sz\u00fcl\u00e9kt\u00edpust\u00f3l f\u00fcgg\u0151en a PE, PP, PB \u00e9s PVDF anyagb\u00f3l k\u00e9sz\u00fclt \u00f6nt\u00f6tt alkatr\u00e9szekkel ell\u00e1tott cs\u00f6vek aljzathegeszt\u00e9s\u00e9hez rendelkez\u00e9sre \u00e1llnak aljzathegeszt\u0151 k\u00e9sz\u00fcl\u00e9kek, azaz cser\u00e9lhet\u0151 t\u00fcsk\u00e9kkel \u00e9s perselyekkel ell\u00e1tott hegeszt\u0151t\u00fckr\u00f6k. T\u00e1vf\u0171t\u00e9si cs\u00f6vek t\u00f6m\u00edt\u0151dug\u00f3inak hegeszt\u00e9s\u00e9hez S\u00falya 1 kg. Tartalmazza: f\u0171t\u0151csap \u00e9s h\u00fcvely a 19 x 37 mm-es dug\u00f3hoz, 1 imbuszkulcs, 1 asztali \u00e1llv\u00e1ny, 1 asztali r\u00f6gz\u00edt\u0151darab, inkl. 1 f\u00e9m sz\u00e1ll\u00edt\u00f3doboz\" \/>\n<meta name=\"robots\" content=\"index, follow, max-snippet:-1, max-image-preview:large, max-video-preview:-1\" \/>\n<link rel=\"canonical\" href=\"https:\/\/www.akuplastics.com\/hu\/gepek-es-eszkoezoek\/hhsw-63-st-tipusu-aljzatfuzios-egyseg\/\" \/>\n<script type=\"application\/ld+json\" class=\"yoast-schema-graph\">{\"@context\":\"https:\\\/\\\/schema.org\",\"@graph\":[{\"@type\":\"WebPage\",\"@id\":\"https:\\\/\\\/www.akuplastics.com\\\/hu\\\/gepek-es-eszkoezoek\\\/hhsw-63-st-tipusu-aljzatfuzios-egyseg\\\/\",\"url\":\"https:\\\/\\\/www.akuplastics.com\\\/hu\\\/gepek-es-eszkoezoek\\\/hhsw-63-st-tipusu-aljzatfuzios-egyseg\\\/\",\"name\":\"Hegeszt\u0151 aljzathegeszt\u0151 berendez\u00e9s Hegeszt\u0151 aljzathegeszt\u0151 berendez\u00e9s T\u00e1vf\u0171t\u00e9si cs\u00f6vek\",\"isPartOf\":{\"@id\":\"https:\\\/\\\/www.akuplastics.com\\\/hu\\\/#website\"},\"primaryImageOfPage\":{\"@id\":\"https:\\\/\\\/www.akuplastics.com\\\/hu\\\/gepek-es-eszkoezoek\\\/hhsw-63-st-tipusu-aljzatfuzios-egyseg\\\/#primaryimage\"},\"image\":{\"@id\":\"https:\\\/\\\/www.akuplastics.com\\\/hu\\\/gepek-es-eszkoezoek\\\/hhsw-63-st-tipusu-aljzatfuzios-egyseg\\\/#primaryimage\"},\"thumbnailUrl\":\"https:\\\/\\\/www.akuplastics.com\\\/wp-content\\\/uploads\\\/2021\\\/07\\\/Muffenschweissgeraet1-300x225.jpg\",\"datePublished\":\"2024-04-18T17:29:29+00:00\",\"dateModified\":\"2024-04-19T07:01:37+00:00\",\"description\":\"A k\u00e9sz\u00fcl\u00e9kt\u00edpust\u00f3l f\u00fcgg\u0151en a PE, PP, PB \u00e9s PVDF anyagb\u00f3l k\u00e9sz\u00fclt \u00f6nt\u00f6tt alkatr\u00e9szekkel ell\u00e1tott cs\u00f6vek aljzathegeszt\u00e9s\u00e9hez rendelkez\u00e9sre \u00e1llnak aljzathegeszt\u0151 k\u00e9sz\u00fcl\u00e9kek, azaz cser\u00e9lhet\u0151 t\u00fcsk\u00e9kkel \u00e9s perselyekkel ell\u00e1tott hegeszt\u0151t\u00fckr\u00f6k. T\u00e1vf\u0171t\u00e9si cs\u00f6vek t\u00f6m\u00edt\u0151dug\u00f3inak hegeszt\u00e9s\u00e9hez S\u00falya 1 kg. Tartalmazza: f\u0171t\u0151csap \u00e9s h\u00fcvely a 19 x 37 mm-es dug\u00f3hoz, 1 imbuszkulcs, 1 asztali \u00e1llv\u00e1ny, 1 asztali r\u00f6gz\u00edt\u0151darab, inkl. 1 f\u00e9m sz\u00e1ll\u00edt\u00f3doboz\",\"breadcrumb\":{\"@id\":\"https:\\\/\\\/www.akuplastics.com\\\/hu\\\/gepek-es-eszkoezoek\\\/hhsw-63-st-tipusu-aljzatfuzios-egyseg\\\/#breadcrumb\"},\"inLanguage\":\"hu\",\"potentialAction\":[{\"@type\":\"ReadAction\",\"target\":[\"https:\\\/\\\/www.akuplastics.com\\\/hu\\\/gepek-es-eszkoezoek\\\/hhsw-63-st-tipusu-aljzatfuzios-egyseg\\\/\"]}]},{\"@type\":\"ImageObject\",\"inLanguage\":\"hu\",\"@id\":\"https:\\\/\\\/www.akuplastics.com\\\/hu\\\/gepek-es-eszkoezoek\\\/hhsw-63-st-tipusu-aljzatfuzios-egyseg\\\/#primaryimage\",\"url\":\"https:\\\/\\\/www.akuplastics.com\\\/wp-content\\\/uploads\\\/2021\\\/07\\\/Muffenschweissgeraet1-300x225.jpg\",\"contentUrl\":\"https:\\\/\\\/www.akuplastics.com\\\/wp-content\\\/uploads\\\/2021\\\/07\\\/Muffenschweissgeraet1-300x225.jpg\"},{\"@type\":\"BreadcrumbList\",\"@id\":\"https:\\\/\\\/www.akuplastics.com\\\/hu\\\/gepek-es-eszkoezoek\\\/hhsw-63-st-tipusu-aljzatfuzios-egyseg\\\/#breadcrumb\",\"itemListElement\":[{\"@type\":\"ListItem\",\"position\":1,\"name\":\"Kezd\u0151lap\",\"item\":\"https:\\\/\\\/www.akuplastics.com\\\/hu\\\/\"},{\"@type\":\"ListItem\",\"position\":2,\"name\":\"G\u00e9pek \u00e9s eszk\u00f6z\u00f6k\",\"item\":\"https:\\\/\\\/www.akuplastics.com\\\/hu\\\/gepek-es-eszkoezoek\\\/\"},{\"@type\":\"ListItem\",\"position\":3,\"name\":\"HHSW 63 ST t\u00edpus\u00fa aljzatf\u00fazi\u00f3s egys\u00e9g\"}]},{\"@type\":\"WebSite\",\"@id\":\"https:\\\/\\\/www.akuplastics.com\\\/hu\\\/#website\",\"url\":\"https:\\\/\\\/www.akuplastics.com\\\/hu\\\/\",\"name\":\"Semi-Finished Products \u2013 Finished Parts \u2013 Ventilation Moulded Parts \u2013 Machines\",\"description\":\"Halbzeuge, Halbfabrikate, Kunststoffhalbzeuge, Kunststoffhalbfabrikate\",\"publisher\":{\"@id\":\"https:\\\/\\\/www.akuplastics.com\\\/hu\\\/#organization\"},\"alternateName\":\"AKUPLASTICS \u2013 Engineering in Plastics\",\"potentialAction\":[{\"@type\":\"SearchAction\",\"target\":{\"@type\":\"EntryPoint\",\"urlTemplate\":\"https:\\\/\\\/www.akuplastics.com\\\/hu\\\/?s={search_term_string}\"},\"query-input\":{\"@type\":\"PropertyValueSpecification\",\"valueRequired\":true,\"valueName\":\"search_term_string\"}}],\"inLanguage\":\"hu\"},{\"@type\":\"Organization\",\"@id\":\"https:\\\/\\\/www.akuplastics.com\\\/hu\\\/#organization\",\"name\":\"Ing. Christian Ahlborn e.U.\",\"alternateName\":\"AKU\",\"url\":\"https:\\\/\\\/www.akuplastics.com\\\/hu\\\/\",\"logo\":{\"@type\":\"ImageObject\",\"inLanguage\":\"hu\",\"@id\":\"https:\\\/\\\/www.akuplastics.com\\\/hu\\\/#\\\/schema\\\/logo\\\/image\\\/\",\"url\":\"https:\\\/\\\/www.akuplastics.com\\\/wp-content\\\/uploads\\\/2020\\\/07\\\/Grafik14-inkl-r.png\",\"contentUrl\":\"https:\\\/\\\/www.akuplastics.com\\\/wp-content\\\/uploads\\\/2020\\\/07\\\/Grafik14-inkl-r.png\",\"width\":1994,\"height\":743,\"caption\":\"Ing. Christian Ahlborn e.U.\"},\"image\":{\"@id\":\"https:\\\/\\\/www.akuplastics.com\\\/hu\\\/#\\\/schema\\\/logo\\\/image\\\/\"}}]}<\/script>\n<!-- \/ Yoast SEO Premium plugin. -->","yoast_head_json":{"title":"Hegeszt\u0151 aljzathegeszt\u0151 berendez\u00e9s Hegeszt\u0151 aljzathegeszt\u0151 berendez\u00e9s T\u00e1vf\u0171t\u00e9si cs\u00f6vek","description":"A k\u00e9sz\u00fcl\u00e9kt\u00edpust\u00f3l f\u00fcgg\u0151en a PE, PP, PB \u00e9s PVDF anyagb\u00f3l k\u00e9sz\u00fclt \u00f6nt\u00f6tt alkatr\u00e9szekkel ell\u00e1tott cs\u00f6vek aljzathegeszt\u00e9s\u00e9hez rendelkez\u00e9sre \u00e1llnak aljzathegeszt\u0151 k\u00e9sz\u00fcl\u00e9kek, azaz cser\u00e9lhet\u0151 t\u00fcsk\u00e9kkel \u00e9s perselyekkel ell\u00e1tott hegeszt\u0151t\u00fckr\u00f6k. T\u00e1vf\u0171t\u00e9si cs\u00f6vek t\u00f6m\u00edt\u0151dug\u00f3inak hegeszt\u00e9s\u00e9hez S\u00falya 1 kg. Tartalmazza: f\u0171t\u0151csap \u00e9s h\u00fcvely a 19 x 37 mm-es dug\u00f3hoz, 1 imbuszkulcs, 1 asztali \u00e1llv\u00e1ny, 1 asztali r\u00f6gz\u00edt\u0151darab, inkl. 1 f\u00e9m sz\u00e1ll\u00edt\u00f3doboz","robots":{"index":"index","follow":"follow","max-snippet":"max-snippet:-1","max-image-preview":"max-image-preview:large","max-video-preview":"max-video-preview:-1"},"canonical":"https:\/\/www.akuplastics.com\/hu\/gepek-es-eszkoezoek\/hhsw-63-st-tipusu-aljzatfuzios-egyseg\/","schema":{"@context":"https:\/\/schema.org","@graph":[{"@type":"WebPage","@id":"https:\/\/www.akuplastics.com\/hu\/gepek-es-eszkoezoek\/hhsw-63-st-tipusu-aljzatfuzios-egyseg\/","url":"https:\/\/www.akuplastics.com\/hu\/gepek-es-eszkoezoek\/hhsw-63-st-tipusu-aljzatfuzios-egyseg\/","name":"Hegeszt\u0151 aljzathegeszt\u0151 berendez\u00e9s Hegeszt\u0151 aljzathegeszt\u0151 berendez\u00e9s T\u00e1vf\u0171t\u00e9si cs\u00f6vek","isPartOf":{"@id":"https:\/\/www.akuplastics.com\/hu\/#website"},"primaryImageOfPage":{"@id":"https:\/\/www.akuplastics.com\/hu\/gepek-es-eszkoezoek\/hhsw-63-st-tipusu-aljzatfuzios-egyseg\/#primaryimage"},"image":{"@id":"https:\/\/www.akuplastics.com\/hu\/gepek-es-eszkoezoek\/hhsw-63-st-tipusu-aljzatfuzios-egyseg\/#primaryimage"},"thumbnailUrl":"https:\/\/www.akuplastics.com\/wp-content\/uploads\/2021\/07\/Muffenschweissgeraet1-300x225.jpg","datePublished":"2024-04-18T17:29:29+00:00","dateModified":"2024-04-19T07:01:37+00:00","description":"A k\u00e9sz\u00fcl\u00e9kt\u00edpust\u00f3l f\u00fcgg\u0151en a PE, PP, PB \u00e9s PVDF anyagb\u00f3l k\u00e9sz\u00fclt \u00f6nt\u00f6tt alkatr\u00e9szekkel ell\u00e1tott cs\u00f6vek aljzathegeszt\u00e9s\u00e9hez rendelkez\u00e9sre \u00e1llnak aljzathegeszt\u0151 k\u00e9sz\u00fcl\u00e9kek, azaz cser\u00e9lhet\u0151 t\u00fcsk\u00e9kkel \u00e9s perselyekkel ell\u00e1tott hegeszt\u0151t\u00fckr\u00f6k. T\u00e1vf\u0171t\u00e9si cs\u00f6vek t\u00f6m\u00edt\u0151dug\u00f3inak hegeszt\u00e9s\u00e9hez S\u00falya 1 kg. Tartalmazza: f\u0171t\u0151csap \u00e9s h\u00fcvely a 19 x 37 mm-es dug\u00f3hoz, 1 imbuszkulcs, 1 asztali \u00e1llv\u00e1ny, 1 asztali r\u00f6gz\u00edt\u0151darab, inkl. 1 f\u00e9m sz\u00e1ll\u00edt\u00f3doboz","breadcrumb":{"@id":"https:\/\/www.akuplastics.com\/hu\/gepek-es-eszkoezoek\/hhsw-63-st-tipusu-aljzatfuzios-egyseg\/#breadcrumb"},"inLanguage":"hu","potentialAction":[{"@type":"ReadAction","target":["https:\/\/www.akuplastics.com\/hu\/gepek-es-eszkoezoek\/hhsw-63-st-tipusu-aljzatfuzios-egyseg\/"]}]},{"@type":"ImageObject","inLanguage":"hu","@id":"https:\/\/www.akuplastics.com\/hu\/gepek-es-eszkoezoek\/hhsw-63-st-tipusu-aljzatfuzios-egyseg\/#primaryimage","url":"https:\/\/www.akuplastics.com\/wp-content\/uploads\/2021\/07\/Muffenschweissgeraet1-300x225.jpg","contentUrl":"https:\/\/www.akuplastics.com\/wp-content\/uploads\/2021\/07\/Muffenschweissgeraet1-300x225.jpg"},{"@type":"BreadcrumbList","@id":"https:\/\/www.akuplastics.com\/hu\/gepek-es-eszkoezoek\/hhsw-63-st-tipusu-aljzatfuzios-egyseg\/#breadcrumb","itemListElement":[{"@type":"ListItem","position":1,"name":"Kezd\u0151lap","item":"https:\/\/www.akuplastics.com\/hu\/"},{"@type":"ListItem","position":2,"name":"G\u00e9pek \u00e9s eszk\u00f6z\u00f6k","item":"https:\/\/www.akuplastics.com\/hu\/gepek-es-eszkoezoek\/"},{"@type":"ListItem","position":3,"name":"HHSW 63 ST t\u00edpus\u00fa aljzatf\u00fazi\u00f3s egys\u00e9g"}]},{"@type":"WebSite","@id":"https:\/\/www.akuplastics.com\/hu\/#website","url":"https:\/\/www.akuplastics.com\/hu\/","name":"Semi-Finished Products \u2013 Finished Parts \u2013 Ventilation Moulded Parts \u2013 Machines","description":"Halbzeuge, Halbfabrikate, Kunststoffhalbzeuge, Kunststoffhalbfabrikate","publisher":{"@id":"https:\/\/www.akuplastics.com\/hu\/#organization"},"alternateName":"AKUPLASTICS \u2013 Engineering in Plastics","potentialAction":[{"@type":"SearchAction","target":{"@type":"EntryPoint","urlTemplate":"https:\/\/www.akuplastics.com\/hu\/?s={search_term_string}"},"query-input":{"@type":"PropertyValueSpecification","valueRequired":true,"valueName":"search_term_string"}}],"inLanguage":"hu"},{"@type":"Organization","@id":"https:\/\/www.akuplastics.com\/hu\/#organization","name":"Ing. Christian Ahlborn e.U.","alternateName":"AKU","url":"https:\/\/www.akuplastics.com\/hu\/","logo":{"@type":"ImageObject","inLanguage":"hu","@id":"https:\/\/www.akuplastics.com\/hu\/#\/schema\/logo\/image\/","url":"https:\/\/www.akuplastics.com\/wp-content\/uploads\/2020\/07\/Grafik14-inkl-r.png","contentUrl":"https:\/\/www.akuplastics.com\/wp-content\/uploads\/2020\/07\/Grafik14-inkl-r.png","width":1994,"height":743,"caption":"Ing. Christian Ahlborn e.U."},"image":{"@id":"https:\/\/www.akuplastics.com\/hu\/#\/schema\/logo\/image\/"}}]}},"_links":{"self":[{"href":"https:\/\/www.akuplastics.com\/hu\/wp-json\/wp\/v2\/pages\/22183","targetHints":{"allow":["GET"]}}],"collection":[{"href":"https:\/\/www.akuplastics.com\/hu\/wp-json\/wp\/v2\/pages"}],"about":[{"href":"https:\/\/www.akuplastics.com\/hu\/wp-json\/wp\/v2\/types\/page"}],"author":[{"embeddable":true,"href":"https:\/\/www.akuplastics.com\/hu\/wp-json\/wp\/v2\/users\/3"}],"replies":[{"embeddable":true,"href":"https:\/\/www.akuplastics.com\/hu\/wp-json\/wp\/v2\/comments?post=22183"}],"version-history":[{"count":7,"href":"https:\/\/www.akuplastics.com\/hu\/wp-json\/wp\/v2\/pages\/22183\/revisions"}],"predecessor-version":[{"id":22278,"href":"https:\/\/www.akuplastics.com\/hu\/wp-json\/wp\/v2\/pages\/22183\/revisions\/22278"}],"up":[{"embeddable":true,"href":"https:\/\/www.akuplastics.com\/hu\/wp-json\/wp\/v2\/pages\/9403"}],"wp:attachment":[{"href":"https:\/\/www.akuplastics.com\/hu\/wp-json\/wp\/v2\/media?parent=22183"}],"curies":[{"name":"wp","href":"https:\/\/api.w.org\/{rel}","templated":true}]}}