{"id":21950,"date":"2024-04-16T12:32:39","date_gmt":"2024-04-16T10:32:39","guid":{"rendered":"https:\/\/www.akuplastics.com\/gepek-es-eszkoezoek\/csoszalagfuresz-bsm-630\/"},"modified":"2024-04-16T12:46:47","modified_gmt":"2024-04-16T10:46:47","slug":"csoszalagfuresz-bsm-630","status":"publish","type":"page","link":"https:\/\/www.akuplastics.com\/hu\/gepek-es-eszkoezoek\/csoszalagfuresz-bsm-630\/","title":{"rendered":"Cs\u0151szalagf\u0171r\u00e9sz BSM 630"},"content":{"rendered":"\t\t<div data-elementor-type=\"wp-page\" data-elementor-id=\"21950\" class=\"elementor elementor-21950 elementor-21934\" data-elementor-post-type=\"page\">\n\t\t\t\t\t\t<section class=\"elementor-section elementor-top-section elementor-element elementor-element-3674ff77 elementor-section-boxed elementor-section-height-default elementor-section-height-default\" data-id=\"3674ff77\" data-element_type=\"section\" data-e-type=\"section\">\n\t\t\t\t\t\t<div class=\"elementor-container elementor-column-gap-default\">\n\t\t\t\t\t<div class=\"elementor-column elementor-col-100 elementor-top-column elementor-element elementor-element-474a5599\" data-id=\"474a5599\" data-element_type=\"column\" data-e-type=\"column\">\n\t\t\t<div class=\"elementor-widget-wrap elementor-element-populated\">\n\t\t\t\t\t\t<div class=\"elementor-element elementor-element-510ca892 elementor-widget elementor-widget-text-editor\" data-id=\"510ca892\" data-element_type=\"widget\" data-e-type=\"widget\" data-widget_type=\"text-editor.default\">\n\t\t\t\t<div class=\"elementor-widget-container\">\n\t\t\t\t\t\t\t\t\t<h1>Elektromos cs\u0151f\u0171r\u00e9sz m\u0171anyag cs\u00f6vekhez \u00d8 200 mm &#8211; 630 mm<\/h1>\n\t\t\t\t\t\t\t\t<\/div>\n\t\t\t\t<\/div>\n\t\t\t\t<section class=\"elementor-section elementor-inner-section elementor-element elementor-element-13e9a7c7 elementor-section-boxed elementor-section-height-default elementor-section-height-default\" data-id=\"13e9a7c7\" data-element_type=\"section\" data-e-type=\"section\">\n\t\t\t\t\t\t<div class=\"elementor-container elementor-column-gap-default\">\n\t\t\t\t\t<div class=\"elementor-column elementor-col-50 elementor-inner-column elementor-element elementor-element-2ee951f2\" data-id=\"2ee951f2\" data-element_type=\"column\" data-e-type=\"column\">\n\t\t\t<div class=\"elementor-widget-wrap elementor-element-populated\">\n\t\t\t\t\t\t<div class=\"elementor-element elementor-element-0c1ac7e elementor-widget elementor-widget-text-editor\" data-id=\"0c1ac7e\" data-element_type=\"widget\" data-e-type=\"widget\" data-widget_type=\"text-editor.default\">\n\t\t\t\t<div class=\"elementor-widget-container\">\n\t\t\t\t\t\t\t\t\t<p><span style=\"color: var( --e-global-color-text ); font-family: var( --e-global-typography-text-font-family ), arial; font-size: var( --e-global-typography-text-font-size ); font-weight: var( --e-global-typography-text-font-weight );\">A cs\u0151szalagf\u0171r\u00e9szek a megmunk\u00e1l\u00e1s nagy teljes\u00edtm\u00e9ny\u0171 eszk\u00f6zei, amelyeket kifejezetten a cs\u00f6vek prec\u00edz v\u00e1g\u00e1s\u00e1ra terveztek.<\/p>\n<p><\/span><\/p>\n<p>A k\u00fcl\u00f6nb\u00f6z\u0151 anyagok tiszta \u00e9s pontos v\u00e1g\u00e1s\u00e1ra alkalmas cs\u0151szalagf\u0171r\u00e9szek n\u00e9lk\u00fcl\u00f6zhetetlen berendez\u00e9sek a m\u0171helyekben, a gy\u00e1rt\u00f3\u00fczemekben \u00e9s a feldolgoz\u00f3 v\u00e1llalatokn\u00e1l.<\/p>\n<p>Ide\u00e1lis a<span style=\"color: var( --e-global-color-text ); font-family: var( --e-global-typography-text-font-family ), arial; font-size: var( --e-global-typography-text-font-size ); font-weight: var( --e-global-typography-text-font-weight );\">cs\u00f6vek pontos v\u00e1g\u00e1s\u00e1hoz a hat\u00e9kony feldolgoz\u00e1s \u00e9rdek\u00e9ben<\/span>.<\/p>\n\t\t\t\t\t\t\t\t<\/div>\n\t\t\t\t<\/div>\n\t\t\t\t<div class=\"elementor-element elementor-element-303396d elementor-widget elementor-widget-text-editor\" data-id=\"303396d\" data-element_type=\"widget\" data-e-type=\"widget\" data-settings=\"{&quot;_animation&quot;:&quot;none&quot;}\" data-widget_type=\"text-editor.default\">\n\t\t\t\t<div class=\"elementor-widget-container\">\n\t\t\t\t\t\t\t\t\t<h5><strong>Mod. BSM 630 m\u0171anyag cs\u00f6vekhez \u00d8 200 mm \u00e9s 630 mm k\u00f6z\u00f6tt.<\/strong><\/h5>\n<\/p>\n<p>A BSM 630 ide\u00e1lis v\u00e1laszt\u00e1s a 200 mm \u00e9s 630 mm k\u00f6z\u00f6tti \u00e1tm\u00e9r\u0151j\u0171 m\u0171anyag cs\u00f6vek k\u00f6lts\u00e9ghat\u00e9kony \u00e9s megb\u00edzhat\u00f3 k\u00e9zi f\u0171r\u00e9szel\u00e9s\u00e9hez.<\/p>\n<\/p>\n<p>A BSM 630 fokozatmentesen \u00e1ll\u00edthat\u00f3, elforgathat\u00f3 f\u0171r\u00e9szkarral ak\u00e1r 45\u00b0-os pontos sz\u00f6gv\u00e1g\u00e1st is lehet\u0151v\u00e9 tesz. Mind a g\u00e9p\u00e1llv\u00e1ny, mind a f\u0171r\u00e9szkeret robusztus \u00e9s torzi\u00f3\u00e1ll\u00f3 ac\u00e9lszerkezetb\u0151l k\u00e9sz\u00fclt, amely biztos\u00edtja a stabilit\u00e1st \u00e9s a tart\u00f3ss\u00e1got.<\/p>\n<\/p>\n<p>A goly\u00f3scsap\u00e1gyazott f\u0171r\u00e9szlap-kihajl\u00e1s biztos\u00edtja a f\u0171r\u00e9szlap sima \u00e9s pontos j\u00e1r\u00e1s\u00e1t, m\u00edg a rug\u00f3val megt\u00e1masztott lapfesz\u00edt\u0151 szerkezet megk\u00f6nny\u00edti a f\u0171r\u00e9szlap cser\u00e9j\u00e9t.<\/p>\n<\/p>\n<p>A maxim\u00e1lis biztons\u00e1g \u00e9rdek\u00e9ben a BSM 630 k\u00e9tkezes ON\/OFF kapcsol\u00f3val van felszerelve, motorv\u00e9delemmel \u00e9s f\u00e9kelektronik\u00e1val, amely biztos\u00edtja a g\u00e9p megb\u00edzhat\u00f3 kikapcsol\u00e1s\u00e1t.<\/p>\n<\/p>\n<p><strong>\u00d6sszefoglalva, a BSM 630 a k\u00f6vetkez\u0151 el\u0151ny\u00f6ket k\u00edn\u00e1lja:<\/strong><\/p>\n<\/p>\n<ul>\n<li>Robusztus g\u00e9p\u00e1llv\u00e1ny \u00e9s f\u0171r\u00e9szv\u00e1z torzi\u00f3\u00e1ll\u00f3 ac\u00e9lszerkezetb\u0151l k\u00e9sz\u00fclt<\/li>\n<li>Goly\u00f3scsap\u00e1gyazott f\u0171r\u00e9szlap kit\u00e9r\u00edt\u00e9s a sima fut\u00e1s \u00e9rdek\u00e9ben<\/li>\n<li>Rug\u00f3s szalagfesz\u00edt\u0151 berendez\u00e9s a k\u00f6nny\u0171 f\u0171r\u00e9szszalagcser\u00e9hez<\/li>\n<li>Fokozatmentesen \u00e1ll\u00edthat\u00f3 forg\u00f3 f\u0171r\u00e9szkar 0\u00b0-t\u00f3l 45\u00b0-ig terjed\u0151 sz\u00f6gben t\u00f6rt\u00e9n\u0151 v\u00e1g\u00e1shoz<\/li>\n<li>K\u00e9tkezes ON\/OFF kapcsol\u00f3 motorv\u00e9delemmel \u00e9s f\u00e9kelektronik\u00e1val a maxim\u00e1lis biztons\u00e1g \u00e9rdek\u00e9ben<\/li>\n<\/ul>\n<p><strong>A g\u00e9p le\u00edr\u00e1sa<\/strong><\/p>\n<ul>\n<li>G\u00e9p\u00e1llv\u00e1ny \u00e9s f\u0171r\u00e9szkeret robusztus, csavar\u00e1s\u00e1ll\u00f3 ac\u00e9lszerkezetb\u0151l<\/li>\n<li>F\u0171r\u00e9szlap elhajl\u00e1sa goly\u00f3scsap\u00e1gyakkal<\/li>\n<li>\u00d6vfesz\u00edt\u0151 eszk\u00f6z rug\u00f3s al\u00e1t\u00e1maszt\u00e1ssal<\/li>\n<li>0\u00b0- 45\u00b0-os sz\u00f6gv\u00e1g\u00e1sok az egyik oldalra elford\u00edthat\u00f3 f\u0171r\u00e9szkarnak k\u00f6sz\u00f6nhet\u0151en<\/li>\n<li>K\u00e9tkezes ON-OFF kapcsol\u00f3 motorv\u00e9delemmel \u00e9s f\u00e9kelektronik\u00e1val<\/li>\n<\/ul>\n<p><strong>Opci\u00f3k<\/strong><\/p>\n<ul>\n<li>Pneumatikus r\u00f6gz\u00edt\u00e9s<\/li>\n<\/ul>\n<p><strong>M\u0171szaki adatok<\/strong><\/p>\n<table width=\"449\">\n<tbody>\n<tr>\n<th scope=\"row\">HOSSZ\u00daS\u00c1G:<\/th>\n<td>2,500 mm<\/td>\n<\/tr>\n<tr>\n<th scope=\"row\">SZ\u00c9LES:<\/th>\n<td>2,500 mm<\/td>\n<\/tr>\n<tr>\n<th scope=\"row\">MAGASS\u00c1G:<\/th>\n<td>2,350 mm<\/td>\n<\/tr>\n<tr>\n<th scope=\"row\">S\u00daLY:<\/th>\n<td>450 kg<\/td>\n<\/tr>\n<tr>\n<th scope=\"row\">F\u0170R\u00c9SZEL\u00c9SI TARTOM\u00c1NY:<\/th>\n<td>200 &#8211; 630 mm<\/td>\n<\/tr>\n<\/tbody>\n<\/table>\n\t\t\t\t\t\t\t\t<\/div>\n\t\t\t\t<\/div>\n\t\t\t\t<div class=\"elementor-element elementor-element-7d4ca77 elementor-widget elementor-widget-text-editor\" data-id=\"7d4ca77\" data-element_type=\"widget\" data-e-type=\"widget\" data-widget_type=\"text-editor.default\">\n\t\t\t\t<div class=\"elementor-widget-container\">\n\t\t\t\t\t\t\t\t\t<p><\/p>\n<p><b>A cs\u0151szalagf\u0171r\u00e9szek jellemz\u0151i \u00e9s funkci\u00f3i:<br><br><\/b><\/p>\n<p><strong>Tulajdons\u00e1gok:<br><br><\/strong><\/p>\n<ul>\n<li><strong style=\"background-color: transparent; color: var( --e-global-color-text ); font-family: var( --e-global-typography-text-font-family ), arial;\">Szalagf\u0171r\u00e9szlap:<\/strong><span style=\"background-color: transparent; color: var( --e-global-color-text ); font-family: var( --e-global-typography-text-font-family ), arial; font-weight: var( --e-global-typography-text-font-weight );\">\n  <span style=\"background-color: transparent; color: var( --e-global-color-text ); font-family: var( --e-global-typography-text-font-family ), arial; font-weight: var( --e-global-typography-text-font-weight );\"> Kifejezetten cs\u00f6vek v\u00e1g\u00e1s\u00e1ra \u00e9s z\u00e1rt k\u00f6rben t\u00f6rt\u00e9n\u0151 munkav\u00e9gz\u00e9sre kifejlesztett v\u00e9gtelen\u00edtett szalagf\u0171r\u00e9sz.<\/span>\n<\/span>\n<p><\/p>\n<\/li>\n<li><strong style=\"background-color: transparent; color: var( --e-global-color-text ); font-family: var( --e-global-typography-text-font-family ), arial;\">V\u00e1g\u00e1si sebess\u00e9g:<\/strong><span style=\"background-color: transparent; color: var( --e-global-color-text ); font-family: var( --e-global-typography-text-font-family ), arial; font-weight: var( --e-global-typography-text-font-weight );\">\n  <span style=\"background-color: transparent; color: var( --e-global-color-text ); font-family: var( --e-global-typography-text-font-family ), arial; font-weight: var( --e-global-typography-text-font-weight );\"> A cs\u0151szalagf\u0171r\u00e9szek v\u00e1ltoz\u00f3 v\u00e1g\u00e1si sebess\u00e9get k\u00edn\u00e1lnak a k\u00fcl\u00f6nb\u00f6z\u0151 anyagokhoz \u00e9s k\u00f6vetelm\u00e9nyekhez val\u00f3 alkalmazkod\u00e1shoz.<\/span>\n<\/span>\n<p><\/p>\n<\/li>\n<li><strong style=\"background-color: transparent; color: var( --e-global-color-text ); font-family: var( --e-global-typography-text-font-family ), arial;\">D\u00f6nthet\u0151 v\u00e1g\u00f3fejek:<\/strong><span style=\"background-color: transparent; color: var( --e-global-color-text ); font-family: var( --e-global-typography-text-font-family ), arial; font-weight: var( --e-global-typography-text-font-weight );\">\n  <span style=\"background-color: transparent; color: var( --e-global-color-text ); font-family: var( --e-global-typography-text-font-family ), arial; font-weight: var( --e-global-typography-text-font-weight );\"> Egyes modellek d\u00f6nthet\u0151 v\u00e1g\u00f3fejekkel rendelkeznek, amelyek lehet\u0151v\u00e9 teszik a k\u00fcl\u00f6nb\u00f6z\u0151 alkalmaz\u00e1sokhoz sz\u00fcks\u00e9ges pontos g\u00e9rv\u00e1g\u00e1sok elv\u00e9gz\u00e9s\u00e9t.<\/span>\n<\/span>\n<p><\/p>\n<\/li>\n<li><strong style=\"background-color: transparent; color: var( --e-global-color-text ); font-family: var( --e-global-typography-text-font-family ), arial;\">Anyagell\u00e1t\u00f3 rendszer:<\/strong><span style=\"background-color: transparent; color: var( --e-global-color-text ); font-family: var( --e-global-typography-text-font-family ), arial; font-weight: var( --e-global-typography-text-font-weight );\">\n  <span style=\"background-color: transparent; color: var( --e-global-color-text ); font-family: var( --e-global-typography-text-font-family ), arial; font-weight: var( --e-global-typography-text-font-weight );\">\n    <span style=\"background-color: transparent; color: var( --e-global-color-text ); font-family: var( --e-global-typography-text-font-family ), arial; font-weight: var( --e-global-typography-text-font-weight );\"> Automatiz\u00e1lt anyagadagol\u00f3 rendszerek biztos\u00edtj\u00e1k a v\u00e1gand\u00f3 cs\u00f6vek egyenletes \u00e9s ellen\u0151rz\u00f6tt adagol\u00e1s\u00e1t.<\/span>\n  <\/span>\n<\/span>\n<p><\/p>\n<\/li>\n<li><strong style=\"background-color: transparent; color: var( --e-global-color-text ); font-family: var( --e-global-typography-text-font-family ), arial;\">H\u0171t\u0151rendszer:<\/strong><span style=\"background-color: transparent; color: var( --e-global-color-text ); font-family: var( --e-global-typography-text-font-family ), arial; font-weight: var( --e-global-typography-text-font-weight );\">\n  <span style=\"background-color: transparent; color: var( --e-global-color-text ); font-family: var( --e-global-typography-text-font-family ), arial; font-weight: var( --e-global-typography-text-font-weight );\">\n    <span style=\"background-color: transparent; color: var( --e-global-color-text ); font-family: var( --e-global-typography-text-font-family ), arial; font-weight: var( --e-global-typography-text-font-weight );\"> A be\u00e9p\u00edtett h\u0171t\u0151rendszer biztos\u00edtja a szalagf\u0171r\u00e9szlap \u00e9s a munkadarab megfelel\u0151 h\u0171t\u00e9s\u00e9t a v\u00e1g\u00e1si folyamat sor\u00e1n a f\u0171r\u00e9szlap \u00e9lettartam\u00e1nak meghosszabb\u00edt\u00e1sa \u00e9rdek\u00e9ben.<br><br><\/span>\n  <\/span>\n<\/span>\n<p><\/p>\n<\/li>\n<\/ul>\n<p><strong style=\"color: var( --e-global-color-text ); font-family: var( --e-global-typography-text-font-family ), arial; font-size: var( --e-global-typography-text-font-size ); background-color: transparent;\">Funkci\u00f3k:<br><br><\/strong><\/p>\n<ul>\n<li>\n<p><strong>Pontos v\u00e1g\u00e1sok:<\/strong> <br>A cs\u0151szalagf\u0171r\u00e9szek pontos \u00e9s sima v\u00e1g\u00e1st tesznek lehet\u0151v\u00e9, ami k\u00fcl\u00f6n\u00f6sen fontos, ha pontos m\u00e9retekre \u00e9s fel\u00fcleti min\u0151s\u00e9gre van sz\u00fcks\u00e9g.<\/p>\n<\/li>\n<li>\n<p><strong>Hat\u00e9konys\u00e1g:<\/strong> <br>A szalagf\u0171r\u00e9szlap folyamatos mozg\u00e1s\u00e1nak k\u00f6sz\u00f6nhet\u0151en a cs\u0151f\u0171r\u00e9szek lehet\u0151v\u00e9 teszik a cs\u00f6vek hat\u00e9kony megmunk\u00e1l\u00e1s\u00e1t minim\u00e1lis anyagvesztes\u00e9ggel.<\/p>\n<\/li>\n<li>\n<p><strong>Sokoldal\u00fas\u00e1g:<\/strong> <br>A k\u00fcl\u00f6nb\u00f6z\u0151 anyagok v\u00e1g\u00e1s\u00e1ra alkalmas cs\u0151szalagf\u0171r\u00e9szek rendk\u00edv\u00fcl sokoldal\u00faan alkalmazhat\u00f3k a k\u00fcl\u00f6nb\u00f6z\u0151 ipar\u00e1gakban.<\/p>\n<\/li>\n<li>\n<p><strong>G\u00e9rv\u00e1g\u00e1sok:<\/strong> <br>A d\u00f6nthet\u0151 v\u00e1g\u00f3fejek lehet\u0151v\u00e9 teszik a g\u00e9rcek pontos v\u00e1g\u00e1s\u00e1t, ami k\u00fcl\u00f6n\u00f6sen fontos azokban az alkalmaz\u00e1sokban, ahol a sz\u00f6gpontoss\u00e1g elengedhetetlen.<\/p>\n<\/li>\n<li>\n<p><strong>Ism\u00e9telhet\u0151s\u00e9g:<\/strong> <br>A cs\u0151szalagf\u0171r\u00e9szek magas szint\u0171 ism\u00e9telhet\u0151s\u00e9get biztos\u00edtanak, ami a munkadarabok sz\u00e9les sk\u00e1l\u00e1j\u00e1n egyenletes v\u00e1g\u00e1si min\u0151s\u00e9get \u00e9s m\u00e9retpontoss\u00e1got eredm\u00e9nyez.<br><br><\/p>\n<\/li>\n<\/ul>\n<p><strong>Alkalmaz\u00e1sok:<br><br><\/strong><\/p>\n<ul>\n<li>\n<p><strong>F\u00e9mszerkezet \u00e9s kialak\u00edt\u00e1s:<\/strong> <br>A f\u00e9m\u00e9p\u00edt\u0151 iparban a cs\u0151szalagf\u0171r\u00e9szeket a cs\u00f6vek pontos v\u00e1g\u00e1s\u00e1ra haszn\u00e1lj\u00e1k alkatr\u00e9szek, keretek \u00e9s szerkezetek gy\u00e1rt\u00e1s\u00e1hoz.<\/p>\n<\/li>\n<li>\n<p><strong>Cs\u0151gy\u00e1rt\u00e1s:<\/strong> <br>A cs\u0151gy\u00e1rt\u00e1sban a cs\u0151szalagf\u0171r\u00e9szeket a cs\u0151szakaszok nagy pontoss\u00e1ggal \u00e9s hat\u00e9konys\u00e1ggal t\u00f6rt\u00e9n\u0151 gy\u00e1rt\u00e1s\u00e1ra haszn\u00e1lj\u00e1k.<\/p>\n<\/li>\n<li>\n<p><strong>G\u00e9p\u00e9szet:<\/strong> <br>A g\u00e9pgy\u00e1rt\u00e1sban a cs\u0151szalagf\u0171r\u00e9szeket g\u00e9pek \u00e9s berendez\u00e9sek alkatr\u00e9szeinek gy\u00e1rt\u00e1s\u00e1hoz haszn\u00e1lj\u00e1k.<\/p>\n<\/li>\n<li>\n<p><strong>F\u00e9mfeldolgoz\u00e1s \u00e9s m\u0171helyek:<\/strong> <br>A m\u0171helyek a cs\u0151szalagf\u0171r\u00e9szeket a legk\u00fcl\u00f6nb\u00f6z\u0151bb f\u00e9mmegmunk\u00e1l\u00e1si projektekhez haszn\u00e1lj\u00e1k, a kis protot\u00edpusokt\u00f3l a nagyobb gy\u00e1rt\u00e1si munk\u00e1kig.<\/p>\n<\/li>\n<li>\n<p><strong>energiaipar:<\/strong> <br>Az energiatermel\u00e9sben, k\u00fcl\u00f6n\u00f6sen a cs\u0151vezet\u00e9kek gy\u00e1rt\u00e1s\u00e1ban a cs\u0151szalagf\u0171r\u00e9szek hozz\u00e1j\u00e1rulnak a cs\u0151szakaszok pontos el\u0151k\u00e9sz\u00edt\u00e9s\u00e9hez.<br><br><\/p>\n<\/li>\n<\/ul>\n<p>A cs\u0151szalagf\u0171r\u00e9szek a megmunk\u00e1l\u00e1s <b>n\u00e9lk\u00fcl\u00f6zhetetlen eszk\u00f6zei<\/b>, amelyek <b>precizit\u00e1suknak, hat\u00e9konys\u00e1guknak \u00e9s sokoldal\u00fas\u00e1guknak<\/b> <b>k\u00f6sz\u00f6nhet\u0151en kulcsszerepet j\u00e1tszanak a kulcsszerepet.<\/b><\/p>\t\t\t\t\t\t\t\t<\/div>\n\t\t\t\t<\/div>\n\t\t\t\t\t<\/div>\n\t\t<\/div>\n\t\t\t\t<div class=\"elementor-column elementor-col-50 elementor-inner-column elementor-element elementor-element-1e45b33\" data-id=\"1e45b33\" data-element_type=\"column\" data-e-type=\"column\">\n\t\t\t<div class=\"elementor-widget-wrap elementor-element-populated\">\n\t\t\t\t\t\t<div class=\"elementor-element elementor-element-427e49f0 elementor-widget elementor-widget-image\" data-id=\"427e49f0\" data-element_type=\"widget\" data-e-type=\"widget\" data-settings=\"{&quot;_animation&quot;:&quot;none&quot;}\" data-widget_type=\"image.default\">\n\t\t\t\t<div class=\"elementor-widget-container\">\n\t\t\t\t\t\t\t\t\t\t\t\t<figure class=\"wp-caption\">\n\t\t\t\t\t\t\t\t\t\t<img loading=\"lazy\" decoding=\"async\" width=\"300\" height=\"226\" src=\"https:\/\/www.akuplastics.com\/wp-content\/uploads\/2024\/04\/BSM-630_Elektrische-Bandsaege-fuer-Kunsttoffrohre-300x226.webp\" class=\"attachment-medium size-medium wp-image-21942\" alt=\"BSM 630 Elektromos szalagf\u0171r\u00e9sz m\u0171anyag cs\u00f6vekhez \u00d8 200 mm - 630 mm\" srcset=\"https:\/\/www.akuplastics.com\/wp-content\/uploads\/2024\/04\/BSM-630_Elektrische-Bandsaege-fuer-Kunsttoffrohre-300x226.webp 300w, https:\/\/www.akuplastics.com\/wp-content\/uploads\/2024\/04\/BSM-630_Elektrische-Bandsaege-fuer-Kunsttoffrohre.webp 555w\" sizes=\"auto, (max-width: 300px) 100vw, 300px\" \/>\t\t\t\t\t\t\t\t\t\t\t<figcaption class=\"widget-image-caption wp-caption-text\">BSM 630 Elektromos szalagf\u0171r\u00e9sz m\u0171anyag cs\u00f6vekhez \u00d8 200 mm - 630 mm<\/figcaption>\n\t\t\t\t\t\t\t\t\t\t<\/figure>\n\t\t\t\t\t\t\t\t\t<\/div>\n\t\t\t\t<\/div>\n\t\t\t\t\t<\/div>\n\t\t<\/div>\n\t\t\t\t\t<\/div>\n\t\t<\/section>\n\t\t\t\t\t<\/div>\n\t\t<\/div>\n\t\t\t\t\t<\/div>\n\t\t<\/section>\n\t\t<div class=\"elementor-element elementor-element-efa8817 e-flex e-con-boxed e-con e-parent\" data-id=\"efa8817\" data-element_type=\"container\" data-e-type=\"container\">\n\t\t\t\t\t<div class=\"e-con-inner\">\n\t\t\t\t\t<\/div>\n\t\t\t\t<\/div>\n\t\t\t\t<\/div>\n\t\t","protected":false},"excerpt":{"rendered":"<p>Elektromos cs\u0151f\u0171r\u00e9sz m\u0171anyag cs\u00f6vekhez \u00d8 200 mm &#8211; 630 mm A cs\u0151szalagf\u0171r\u00e9szek a megmunk\u00e1l\u00e1s nagy teljes\u00edtm\u00e9ny\u0171 eszk\u00f6zei, amelyeket kifejezetten a cs\u00f6vek prec\u00edz v\u00e1g\u00e1s\u00e1ra terveztek. A k\u00fcl\u00f6nb\u00f6z\u0151 anyagok tiszta \u00e9s pontos v\u00e1g\u00e1s\u00e1ra alkalmas cs\u0151szalagf\u0171r\u00e9szek n\u00e9lk\u00fcl\u00f6zhetetlen berendez\u00e9sek a m\u0171helyekben, a gy\u00e1rt\u00f3\u00fczemekben \u00e9s a feldolgoz\u00f3 v\u00e1llalatokn\u00e1l. Ide\u00e1lis acs\u00f6vek pontos v\u00e1g\u00e1s\u00e1hoz a hat\u00e9kony feldolgoz\u00e1s \u00e9rdek\u00e9ben. Mod. BSM 630 m\u0171anyag [&hellip;]<\/p>\n","protected":false},"author":3,"featured_media":21942,"parent":9403,"menu_order":1,"comment_status":"closed","ping_status":"closed","template":"elementor_header_footer","meta":{"iawp_total_views":5,"footnotes":""},"class_list":["post-21950","page","type-page","status-publish","has-post-thumbnail","hentry"],"yoast_head":"<!-- This site is optimized with the Yoast SEO Premium plugin v27.4 (Yoast SEO v27.5) - https:\/\/yoast.com\/product\/yoast-seo-premium-wordpress\/ -->\n<title>Cs\u0151szalagf\u0171r\u00e9szek Szalagf\u0171r\u00e9szek m\u0171anyag cs\u00f6vekhez 200 mm-t\u0151l 630 mm-ig terjed\u0151 cs\u00f6vekhez<\/title>\n<meta name=\"description\" content=\"Nagy teljes\u00edtm\u00e9ny\u0171 megmunk\u00e1l\u00f3szersz\u00e1mainkat kifejezetten a cs\u00f6vek prec\u00edz v\u00e1g\u00e1s\u00e1ra tervezt\u00e9k. Cs\u0151szalagf\u0171r\u00e9szek \u00e9s szalagf\u0171r\u00e9szek m\u0171anyag cs\u00f6vekhez Elektromos cs\u0151szalagf\u0171r\u00e9szek m\u0171anyag cs\u00f6vekhez \u00d8 200 mm \u00e9s 630 mm k\u00f6z\u00f6tt\" \/>\n<meta name=\"robots\" content=\"index, follow, max-snippet:-1, max-image-preview:large, max-video-preview:-1\" \/>\n<link rel=\"canonical\" href=\"https:\/\/www.akuplastics.com\/hu\/gepek-es-eszkoezoek\/csoszalagfuresz-bsm-630\/\" \/>\n<script type=\"application\/ld+json\" class=\"yoast-schema-graph\">{\"@context\":\"https:\\\/\\\/schema.org\",\"@graph\":[{\"@type\":\"WebPage\",\"@id\":\"https:\\\/\\\/www.akuplastics.com\\\/hu\\\/gepek-es-eszkoezoek\\\/csoszalagfuresz-bsm-630\\\/\",\"url\":\"https:\\\/\\\/www.akuplastics.com\\\/hu\\\/gepek-es-eszkoezoek\\\/csoszalagfuresz-bsm-630\\\/\",\"name\":\"Cs\u0151szalagf\u0171r\u00e9szek Szalagf\u0171r\u00e9szek m\u0171anyag cs\u00f6vekhez 200 mm-t\u0151l 630 mm-ig terjed\u0151 cs\u00f6vekhez\",\"isPartOf\":{\"@id\":\"https:\\\/\\\/www.akuplastics.com\\\/hu\\\/#website\"},\"primaryImageOfPage\":{\"@id\":\"https:\\\/\\\/www.akuplastics.com\\\/hu\\\/gepek-es-eszkoezoek\\\/csoszalagfuresz-bsm-630\\\/#primaryimage\"},\"image\":{\"@id\":\"https:\\\/\\\/www.akuplastics.com\\\/hu\\\/gepek-es-eszkoezoek\\\/csoszalagfuresz-bsm-630\\\/#primaryimage\"},\"thumbnailUrl\":\"https:\\\/\\\/www.akuplastics.com\\\/wp-content\\\/uploads\\\/2024\\\/04\\\/BSM-630_Elektrische-Bandsaege-fuer-Kunsttoffrohre.webp\",\"datePublished\":\"2024-04-16T10:32:39+00:00\",\"dateModified\":\"2024-04-16T10:46:47+00:00\",\"description\":\"Nagy teljes\u00edtm\u00e9ny\u0171 megmunk\u00e1l\u00f3szersz\u00e1mainkat kifejezetten a cs\u00f6vek prec\u00edz v\u00e1g\u00e1s\u00e1ra tervezt\u00e9k. Cs\u0151szalagf\u0171r\u00e9szek \u00e9s szalagf\u0171r\u00e9szek m\u0171anyag cs\u00f6vekhez Elektromos cs\u0151szalagf\u0171r\u00e9szek m\u0171anyag cs\u00f6vekhez \u00d8 200 mm \u00e9s 630 mm k\u00f6z\u00f6tt\",\"breadcrumb\":{\"@id\":\"https:\\\/\\\/www.akuplastics.com\\\/hu\\\/gepek-es-eszkoezoek\\\/csoszalagfuresz-bsm-630\\\/#breadcrumb\"},\"inLanguage\":\"hu\",\"potentialAction\":[{\"@type\":\"ReadAction\",\"target\":[\"https:\\\/\\\/www.akuplastics.com\\\/hu\\\/gepek-es-eszkoezoek\\\/csoszalagfuresz-bsm-630\\\/\"]}]},{\"@type\":\"ImageObject\",\"inLanguage\":\"hu\",\"@id\":\"https:\\\/\\\/www.akuplastics.com\\\/hu\\\/gepek-es-eszkoezoek\\\/csoszalagfuresz-bsm-630\\\/#primaryimage\",\"url\":\"https:\\\/\\\/www.akuplastics.com\\\/wp-content\\\/uploads\\\/2024\\\/04\\\/BSM-630_Elektrische-Bandsaege-fuer-Kunsttoffrohre.webp\",\"contentUrl\":\"https:\\\/\\\/www.akuplastics.com\\\/wp-content\\\/uploads\\\/2024\\\/04\\\/BSM-630_Elektrische-Bandsaege-fuer-Kunsttoffrohre.webp\",\"width\":555,\"height\":418,\"caption\":\"BSM 630 Elektromos szalagf\u0171r\u00e9sz m\u0171anyag cs\u00f6vekhez \u00d8 200 mm \u2013 630 mm\"},{\"@type\":\"BreadcrumbList\",\"@id\":\"https:\\\/\\\/www.akuplastics.com\\\/hu\\\/gepek-es-eszkoezoek\\\/csoszalagfuresz-bsm-630\\\/#breadcrumb\",\"itemListElement\":[{\"@type\":\"ListItem\",\"position\":1,\"name\":\"Kezd\u0151lap\",\"item\":\"https:\\\/\\\/www.akuplastics.com\\\/hu\\\/\"},{\"@type\":\"ListItem\",\"position\":2,\"name\":\"G\u00e9pek \u00e9s eszk\u00f6z\u00f6k\",\"item\":\"https:\\\/\\\/www.akuplastics.com\\\/hu\\\/gepek-es-eszkoezoek\\\/\"},{\"@type\":\"ListItem\",\"position\":3,\"name\":\"Cs\u0151szalagf\u0171r\u00e9sz BSM 630\"}]},{\"@type\":\"WebSite\",\"@id\":\"https:\\\/\\\/www.akuplastics.com\\\/hu\\\/#website\",\"url\":\"https:\\\/\\\/www.akuplastics.com\\\/hu\\\/\",\"name\":\"Semi-Finished Products \u2013 Finished Parts \u2013 Ventilation Moulded Parts \u2013 Machines\",\"description\":\"Halbzeuge, Halbfabrikate, Kunststoffhalbzeuge, Kunststoffhalbfabrikate\",\"publisher\":{\"@id\":\"https:\\\/\\\/www.akuplastics.com\\\/hu\\\/#organization\"},\"alternateName\":\"AKUPLASTICS \u2013 Engineering in Plastics\",\"potentialAction\":[{\"@type\":\"SearchAction\",\"target\":{\"@type\":\"EntryPoint\",\"urlTemplate\":\"https:\\\/\\\/www.akuplastics.com\\\/hu\\\/?s={search_term_string}\"},\"query-input\":{\"@type\":\"PropertyValueSpecification\",\"valueRequired\":true,\"valueName\":\"search_term_string\"}}],\"inLanguage\":\"hu\"},{\"@type\":\"Organization\",\"@id\":\"https:\\\/\\\/www.akuplastics.com\\\/hu\\\/#organization\",\"name\":\"Ing. Christian Ahlborn e.U.\",\"alternateName\":\"AKU\",\"url\":\"https:\\\/\\\/www.akuplastics.com\\\/hu\\\/\",\"logo\":{\"@type\":\"ImageObject\",\"inLanguage\":\"hu\",\"@id\":\"https:\\\/\\\/www.akuplastics.com\\\/hu\\\/#\\\/schema\\\/logo\\\/image\\\/\",\"url\":\"https:\\\/\\\/www.akuplastics.com\\\/wp-content\\\/uploads\\\/2020\\\/07\\\/Grafik14-inkl-r.png\",\"contentUrl\":\"https:\\\/\\\/www.akuplastics.com\\\/wp-content\\\/uploads\\\/2020\\\/07\\\/Grafik14-inkl-r.png\",\"width\":1994,\"height\":743,\"caption\":\"Ing. Christian Ahlborn e.U.\"},\"image\":{\"@id\":\"https:\\\/\\\/www.akuplastics.com\\\/hu\\\/#\\\/schema\\\/logo\\\/image\\\/\"}}]}<\/script>\n<!-- \/ Yoast SEO Premium plugin. -->","yoast_head_json":{"title":"Cs\u0151szalagf\u0171r\u00e9szek Szalagf\u0171r\u00e9szek m\u0171anyag cs\u00f6vekhez 200 mm-t\u0151l 630 mm-ig terjed\u0151 cs\u00f6vekhez","description":"Nagy teljes\u00edtm\u00e9ny\u0171 megmunk\u00e1l\u00f3szersz\u00e1mainkat kifejezetten a cs\u00f6vek prec\u00edz v\u00e1g\u00e1s\u00e1ra tervezt\u00e9k. Cs\u0151szalagf\u0171r\u00e9szek \u00e9s szalagf\u0171r\u00e9szek m\u0171anyag cs\u00f6vekhez Elektromos cs\u0151szalagf\u0171r\u00e9szek m\u0171anyag cs\u00f6vekhez \u00d8 200 mm \u00e9s 630 mm k\u00f6z\u00f6tt","robots":{"index":"index","follow":"follow","max-snippet":"max-snippet:-1","max-image-preview":"max-image-preview:large","max-video-preview":"max-video-preview:-1"},"canonical":"https:\/\/www.akuplastics.com\/hu\/gepek-es-eszkoezoek\/csoszalagfuresz-bsm-630\/","schema":{"@context":"https:\/\/schema.org","@graph":[{"@type":"WebPage","@id":"https:\/\/www.akuplastics.com\/hu\/gepek-es-eszkoezoek\/csoszalagfuresz-bsm-630\/","url":"https:\/\/www.akuplastics.com\/hu\/gepek-es-eszkoezoek\/csoszalagfuresz-bsm-630\/","name":"Cs\u0151szalagf\u0171r\u00e9szek Szalagf\u0171r\u00e9szek m\u0171anyag cs\u00f6vekhez 200 mm-t\u0151l 630 mm-ig terjed\u0151 cs\u00f6vekhez","isPartOf":{"@id":"https:\/\/www.akuplastics.com\/hu\/#website"},"primaryImageOfPage":{"@id":"https:\/\/www.akuplastics.com\/hu\/gepek-es-eszkoezoek\/csoszalagfuresz-bsm-630\/#primaryimage"},"image":{"@id":"https:\/\/www.akuplastics.com\/hu\/gepek-es-eszkoezoek\/csoszalagfuresz-bsm-630\/#primaryimage"},"thumbnailUrl":"https:\/\/www.akuplastics.com\/wp-content\/uploads\/2024\/04\/BSM-630_Elektrische-Bandsaege-fuer-Kunsttoffrohre.webp","datePublished":"2024-04-16T10:32:39+00:00","dateModified":"2024-04-16T10:46:47+00:00","description":"Nagy teljes\u00edtm\u00e9ny\u0171 megmunk\u00e1l\u00f3szersz\u00e1mainkat kifejezetten a cs\u00f6vek prec\u00edz v\u00e1g\u00e1s\u00e1ra tervezt\u00e9k. Cs\u0151szalagf\u0171r\u00e9szek \u00e9s szalagf\u0171r\u00e9szek m\u0171anyag cs\u00f6vekhez Elektromos cs\u0151szalagf\u0171r\u00e9szek m\u0171anyag cs\u00f6vekhez \u00d8 200 mm \u00e9s 630 mm k\u00f6z\u00f6tt","breadcrumb":{"@id":"https:\/\/www.akuplastics.com\/hu\/gepek-es-eszkoezoek\/csoszalagfuresz-bsm-630\/#breadcrumb"},"inLanguage":"hu","potentialAction":[{"@type":"ReadAction","target":["https:\/\/www.akuplastics.com\/hu\/gepek-es-eszkoezoek\/csoszalagfuresz-bsm-630\/"]}]},{"@type":"ImageObject","inLanguage":"hu","@id":"https:\/\/www.akuplastics.com\/hu\/gepek-es-eszkoezoek\/csoszalagfuresz-bsm-630\/#primaryimage","url":"https:\/\/www.akuplastics.com\/wp-content\/uploads\/2024\/04\/BSM-630_Elektrische-Bandsaege-fuer-Kunsttoffrohre.webp","contentUrl":"https:\/\/www.akuplastics.com\/wp-content\/uploads\/2024\/04\/BSM-630_Elektrische-Bandsaege-fuer-Kunsttoffrohre.webp","width":555,"height":418,"caption":"BSM 630 Elektromos szalagf\u0171r\u00e9sz m\u0171anyag cs\u00f6vekhez \u00d8 200 mm \u2013 630 mm"},{"@type":"BreadcrumbList","@id":"https:\/\/www.akuplastics.com\/hu\/gepek-es-eszkoezoek\/csoszalagfuresz-bsm-630\/#breadcrumb","itemListElement":[{"@type":"ListItem","position":1,"name":"Kezd\u0151lap","item":"https:\/\/www.akuplastics.com\/hu\/"},{"@type":"ListItem","position":2,"name":"G\u00e9pek \u00e9s eszk\u00f6z\u00f6k","item":"https:\/\/www.akuplastics.com\/hu\/gepek-es-eszkoezoek\/"},{"@type":"ListItem","position":3,"name":"Cs\u0151szalagf\u0171r\u00e9sz BSM 630"}]},{"@type":"WebSite","@id":"https:\/\/www.akuplastics.com\/hu\/#website","url":"https:\/\/www.akuplastics.com\/hu\/","name":"Semi-Finished Products \u2013 Finished Parts \u2013 Ventilation Moulded Parts \u2013 Machines","description":"Halbzeuge, Halbfabrikate, Kunststoffhalbzeuge, Kunststoffhalbfabrikate","publisher":{"@id":"https:\/\/www.akuplastics.com\/hu\/#organization"},"alternateName":"AKUPLASTICS \u2013 Engineering in Plastics","potentialAction":[{"@type":"SearchAction","target":{"@type":"EntryPoint","urlTemplate":"https:\/\/www.akuplastics.com\/hu\/?s={search_term_string}"},"query-input":{"@type":"PropertyValueSpecification","valueRequired":true,"valueName":"search_term_string"}}],"inLanguage":"hu"},{"@type":"Organization","@id":"https:\/\/www.akuplastics.com\/hu\/#organization","name":"Ing. Christian Ahlborn e.U.","alternateName":"AKU","url":"https:\/\/www.akuplastics.com\/hu\/","logo":{"@type":"ImageObject","inLanguage":"hu","@id":"https:\/\/www.akuplastics.com\/hu\/#\/schema\/logo\/image\/","url":"https:\/\/www.akuplastics.com\/wp-content\/uploads\/2020\/07\/Grafik14-inkl-r.png","contentUrl":"https:\/\/www.akuplastics.com\/wp-content\/uploads\/2020\/07\/Grafik14-inkl-r.png","width":1994,"height":743,"caption":"Ing. Christian Ahlborn e.U."},"image":{"@id":"https:\/\/www.akuplastics.com\/hu\/#\/schema\/logo\/image\/"}}]}},"_links":{"self":[{"href":"https:\/\/www.akuplastics.com\/hu\/wp-json\/wp\/v2\/pages\/21950","targetHints":{"allow":["GET"]}}],"collection":[{"href":"https:\/\/www.akuplastics.com\/hu\/wp-json\/wp\/v2\/pages"}],"about":[{"href":"https:\/\/www.akuplastics.com\/hu\/wp-json\/wp\/v2\/types\/page"}],"author":[{"embeddable":true,"href":"https:\/\/www.akuplastics.com\/hu\/wp-json\/wp\/v2\/users\/3"}],"replies":[{"embeddable":true,"href":"https:\/\/www.akuplastics.com\/hu\/wp-json\/wp\/v2\/comments?post=21950"}],"version-history":[{"count":2,"href":"https:\/\/www.akuplastics.com\/hu\/wp-json\/wp\/v2\/pages\/21950\/revisions"}],"predecessor-version":[{"id":21952,"href":"https:\/\/www.akuplastics.com\/hu\/wp-json\/wp\/v2\/pages\/21950\/revisions\/21952"}],"up":[{"embeddable":true,"href":"https:\/\/www.akuplastics.com\/hu\/wp-json\/wp\/v2\/pages\/9403"}],"wp:featuredmedia":[{"embeddable":true,"href":"https:\/\/www.akuplastics.com\/hu\/wp-json\/wp\/v2\/media\/21942"}],"wp:attachment":[{"href":"https:\/\/www.akuplastics.com\/hu\/wp-json\/wp\/v2\/media?parent=21950"}],"curies":[{"name":"wp","href":"https:\/\/api.w.org\/{rel}","templated":true}]}}