{"id":21801,"date":"2024-04-15T17:03:22","date_gmt":"2024-04-15T15:03:22","guid":{"rendered":"https:\/\/www.akuplastics.com\/gepek-es-eszkoezoek\/orbitalis-furesz\/"},"modified":"2024-06-10T12:50:51","modified_gmt":"2024-06-10T10:50:51","slug":"orbitalis-furesz","status":"publish","type":"page","link":"https:\/\/www.akuplastics.com\/hu\/gepek-es-eszkoezoek\/orbitalis-furesz\/","title":{"rendered":"Orbit\u00e1lis f\u0171r\u00e9sz"},"content":{"rendered":"\t\t<div data-elementor-type=\"wp-page\" data-elementor-id=\"21801\" class=\"elementor elementor-21801 elementor-21786\" data-elementor-post-type=\"page\">\n\t\t\t\t\t\t<section class=\"elementor-section elementor-top-section elementor-element elementor-element-3674ff77 elementor-section-boxed elementor-section-height-default elementor-section-height-default\" data-id=\"3674ff77\" data-element_type=\"section\" data-e-type=\"section\">\n\t\t\t\t\t\t<div class=\"elementor-container elementor-column-gap-default\">\n\t\t\t\t\t<div class=\"elementor-column elementor-col-100 elementor-top-column elementor-element elementor-element-474a5599\" data-id=\"474a5599\" data-element_type=\"column\" data-e-type=\"column\">\n\t\t\t<div class=\"elementor-widget-wrap elementor-element-populated\">\n\t\t\t\t\t\t<div class=\"elementor-element elementor-element-510ca892 elementor-widget elementor-widget-text-editor\" data-id=\"510ca892\" data-element_type=\"widget\" data-e-type=\"widget\" data-widget_type=\"text-editor.default\">\n\t\t\t\t<div class=\"elementor-widget-container\">\n\t\t\t\t\t\t\t\t\t<h1>OS270 Orbit\u00e1lis f\u0171r\u00e9sz m\u0171anyag cs\u00f6vek pontos hosszra v\u00e1g\u00e1s\u00e1hoz<\/h1>\n\t\t\t\t\t\t\t\t<\/div>\n\t\t\t\t<\/div>\n\t\t\t\t<section class=\"elementor-section elementor-inner-section elementor-element elementor-element-13e9a7c7 elementor-section-boxed elementor-section-height-default elementor-section-height-default\" data-id=\"13e9a7c7\" data-element_type=\"section\" data-e-type=\"section\">\n\t\t\t\t\t\t<div class=\"elementor-container elementor-column-gap-default\">\n\t\t\t\t\t<div class=\"elementor-column elementor-col-50 elementor-inner-column elementor-element elementor-element-2ee951f2\" data-id=\"2ee951f2\" data-element_type=\"column\" data-e-type=\"column\">\n\t\t\t<div class=\"elementor-widget-wrap elementor-element-populated\">\n\t\t\t\t\t\t<div class=\"elementor-element elementor-element-0c1ac7e elementor-widget elementor-widget-text-editor\" data-id=\"0c1ac7e\" data-element_type=\"widget\" data-e-type=\"widget\" data-widget_type=\"text-editor.default\">\n\t\t\t\t<div class=\"elementor-widget-container\">\n\t\t\t\t\t\t\t\t\t<p><span style=\"color: var( --e-global-color-text ); font-family: var( --e-global-typography-text-font-family ), arial; font-size: var( --e-global-typography-text-font-size ); font-weight: var( --e-global-typography-text-font-weight );\">Az orbit\u00e1lis f\u0171r\u00e9szek nagy teljes\u00edtm\u00e9ny\u0171 szersz\u00e1mok a megmunk\u00e1l\u00e1sban, amelyeket kifejezetten a cs\u00f6vek pontos v\u00e1g\u00e1s\u00e1ra terveztek.<\/span><\/p>\n<\/p>\n<p>A k\u00fcl\u00f6nb\u00f6z\u0151 anyagok tiszta \u00e9s pontos v\u00e1g\u00e1s\u00e1ra alkalmas cs\u0151szalagf\u0171r\u00e9szek n\u00e9lk\u00fcl\u00f6zhetetlen berendez\u00e9sek a m\u0171helyekben, a gy\u00e1rt\u00f3\u00fczemekben \u00e9s a feldolgoz\u00f3 v\u00e1llalatokn\u00e1l.<\/p>\n<\/p>\n<p>Ide\u00e1lis a <span style=\"color: var( --e-global-color-text ); font-family: var( --e-global-typography-text-font-family ), arial; font-size: var( --e-global-typography-text-font-size ); font-weight: var( --e-global-typography-text-font-weight );\">cs\u00f6vek pontos v\u00e1g\u00e1s\u00e1hoz a hat\u00e9kony feldolgoz\u00e1s \u00e9rdek\u00e9ben<\/span>.<\/p>\n\t\t\t\t\t\t\t\t<\/div>\n\t\t\t\t<\/div>\n\t\t\t\t<div class=\"elementor-element elementor-element-303396d elementor-widget elementor-widget-text-editor\" data-id=\"303396d\" data-element_type=\"widget\" data-e-type=\"widget\" data-settings=\"{&quot;_animation&quot;:&quot;none&quot;}\" data-widget_type=\"text-editor.default\">\n\t\t\t\t<div class=\"elementor-widget-container\">\n\t\t\t\t\t\t\t\t\t<p>Az OS 270 orbit\u00e1lis f\u0171r\u00e9sz v\u00e1ltoz\u00f3, mobil megold\u00e1s a 630 mm \u00e9s 1200 mm* k\u00f6z\u00f6tti \u00e1tm\u00e9r\u0151j\u0171 m\u0171anyag cs\u00f6vek egyenesre v\u00e1g\u00e1s\u00e1hoz.<\/p>\n<\/p>\n<p><strong>Er\u0151teljes \u00e9s sokoldal\u00fa.<\/strong><\/p>\n<p>K\u00f6nnyen kezelhet\u0151 a fokozatmentesen \u00e1ll\u00edthat\u00f3 elektromos el\u0151tol\u00e1ssal, \u00e9s a v\u00e1ltoztathat\u00f3 l\u00e1ncfesz\u00edt\u0151 rendszernek k\u00f6sz\u00f6nhet\u0151en m\u00e9g a v\u00e9kony fal\u00fa cs\u00f6vek, p\u00e9ld\u00e1ul a GFK -cs\u00f6vek sem deform\u00e1l\u00f3dnak a g\u00e9p r\u00f6gz\u00edt\u00e9sekor vagy a f\u0171r\u00e9szel\u00e9s sor\u00e1n.<\/p>\n<\/p>\n<p><strong>Minden el\u0151ny egy pillant\u00e1sra<\/strong><\/p>\n<ul>\n<li>Prec\u00edz f\u0171r\u00e9szv\u00e1g\u00e1s b\u00e1rmilyen helyen.<\/li>\n<li>Gyorsan \u00e9s egyszer\u0171en felszerelhet\u0151 a cs\u0151re<\/li>\n<li>V\u00e1ltoztathat\u00f3 l\u00e1nchossz a m\u00e1gneses csavarokkal ell\u00e1tott gyors \u00e9s egyszer\u0171 kattint\u00e1si rendszernek k\u00f6sz\u00f6nhet\u0151en<\/li>\n<li>Alkalmas a m\u0171helyben \u00e9s az \u00e9p\u00edtkez\u00e9seken val\u00f3 haszn\u00e1latra<\/li>\n<\/ul>\n<p>Az OS 270 orbit\u00e1lis f\u0171r\u00e9sz:<\/p>\n<p>Kompakt kialak\u00edt\u00e1s a helyt\u0151l f\u00fcggetlen f\u0171r\u00e9szel\u00e9shez. Megfelel\u0151 emel\u0151szerkezettel a f\u0171r\u00e9szt egy szem\u00e9ly k\u00f6nnyen r\u00e1fesz\u00edtheti a cs\u0151re, majd a vez\u00e9rl\u0151dobozon kereszt\u00fcl tov\u00e1bbi beavatkoz\u00e1s n\u00e9lk\u00fcl egyszer\u0171en m\u0171k\u00f6dtetheti. <\/p>\n<p>Az OS270 orbit\u00e1lis f\u0171r\u00e9sza vari\u00e1lhat\u00f3, mobil megold\u00e1s a m\u0171anyag cs\u00f6vek egyenes hosszra v\u00e1g\u00e1s\u00e1hoz a m\u0171helyben \u00e9s az \u00e9p\u00edtkez\u00e9sen.<br \/>Az OS270 orbit\u00e1lis f\u0171r\u00e9sz m\u0171k\u00f6d\u00e9s k\u00f6zben a m\u0171helyben \u00e9s az \u00e9p\u00edtkez\u00e9sen<\/p>\n<p>Az OS270 orbit\u00e1lis f\u0171r\u00e9sszel gyorsan \u00e9s egyszer\u0171en v\u00e9gezhet pontos f\u0171r\u00e9szv\u00e1g\u00e1sokat a m\u0171anyag cs\u00f6veken.<\/p>\n<p>V\u00e1ltoztathat\u00f3 l\u00e1nchossz\u00fas\u00e1g\u00fa rendszerrel:<\/p>\n<p>A 630 mm \u00e1tm\u00e9r\u0151j\u0171 cs\u00f6vekhez val\u00f3 alapl\u00e1nc a hosszabb\u00edt\u00f3 szegmensek seg\u00edts\u00e9g\u00e9vel a megfelel\u0151 cs\u0151\u00e1tm\u00e9r\u0151h\u00f6z sz\u00fcks\u00e9ges l\u00e1nchosszra hosszabb\u00edthat\u00f3. Ez egy egyszer\u0171, m\u00e1gneses csavarokkal ell\u00e1tott kattint\u00e1si rendszerrel t\u00f6rt\u00e9nik. <\/p>\n<\/p>\n<p>A megfelel\u0151 hossz\u00fas\u00e1g meghat\u00e1roz\u00e1s\u00e1hoz minden kieg\u00e9sz\u00edt\u0151 szegmens a t\u00e1bl\u00e1zat szerinti sz\u00ednk\u00f3ddal van ell\u00e1tva.<\/p>\n<\/p>\n<p>Az alapkonfigur\u00e1ci\u00f3 1200 mm cs\u0151\u00e1tm\u00e9r\u0151ig tartalmaz kieg\u00e9sz\u00edt\u0151 szegmenseket, de enn\u00e9l nagyobb \u00e1tm\u00e9r\u0151 is lehets\u00e9ges.<\/p>\n<p>A nagyobb cs\u0151\u00e1tm\u00e9r\u0151j\u0171 cs\u00f6vekhez megfelel\u0151 kieg\u00e9sz\u00edt\u0151 szegmensek k\u00e9r\u00e9sre kaphat\u00f3k.<\/p>\n\t\t\t\t\t\t\t\t<\/div>\n\t\t\t\t<\/div>\n\t\t\t\t<div class=\"elementor-element elementor-element-8fb7c8d elementor-widget elementor-widget-text-editor\" data-id=\"8fb7c8d\" data-element_type=\"widget\" data-e-type=\"widget\" data-widget_type=\"text-editor.default\">\n\t\t\t\t<div class=\"elementor-widget-container\">\n\t\t\t\t\t\t\t\t\t<h5><strong>M\u0171szaki adatok<\/strong><\/h5>\n<div class=\"table-responsive\">\n<table class=\"table table-bordered\">\n<thead>\n<tr>\n<th width=\"70%\">M\u00e9retek \u00e9s s\u00faly<\/th>\n<th class=\"text-center\" width=\"30%\">OS270<\/th>\n<\/tr>\n<\/thead>\n<tbody>\n<tr>\n<th scope=\"row\">Be\u00e9p\u00edt\u00e9si m\u00e9retek (H x SZ x K mm-ben)<\/th>\n<td class=\"text-center\">940 x 370 x 420<\/td>\n<\/tr>\n<tr>\n<th scope=\"row\">S\u00faly &#8211; f\u0171r\u00e9szegys\u00e9g (kg)<\/th>\n<td class=\"text-center\">30<\/td>\n<\/tr>\n<tr>\n<th scope=\"row\">S\u00faly &#8211; vez\u00e9rl\u0151doboz (kg)<\/th>\n<td class=\"text-center\">6<\/td>\n<\/tr>\n<\/tbody>\n<\/table>\n<\/div>\n<div class=\"table-responsive\">\n<table class=\"table table-bordered\">\n<thead>\n<tr>\n<th width=\"70%\">V\u00e1g\u00e1si adatok<\/th>\n<th class=\"text-center\" width=\"30%\">OS270<\/th>\n<\/tr>\n<\/thead>\n<tbody>\n<tr>\n<th scope=\"row\">Anyag t\u00edpusa<\/th>\n<td class=\"text-center\">PVC, PP, PE, GFK stb.<\/td>\n<\/tr>\n<tr>\n<th scope=\"row\">Anyag alakja<\/th>\n<td class=\"text-center\">Cs\u0151, kerek<\/td>\n<\/tr>\n<tr>\n<th scope=\"row\">V\u00e1g\u00e1si tartom\u00e1ny min. (mm) <\/th>\n<td class=\"text-center\">630<\/td>\n<\/tr>\n<tr>\n<th scope=\"row\">V\u00e1g\u00e1si tartom\u00e1ny max. (mm) <\/th>\n<td class=\"text-center\">1.200<sup>*<\/sup><\/td>\n<\/tr>\n<tr>\n<th scope=\"row\">V\u00e1g\u00e1si m\u00e9lys\u00e9g max. (mm) <\/th>\n<td class=\"text-center\">70<\/td>\n<\/tr>\n<\/tbody>\n<\/table>\n<\/div>\n<div class=\"table-responsive\">\n<table class=\"table table-bordered\">\n<thead>\n<tr>\n<th width=\"70%\">Teljes\u00edtm\u00e9nyjellemz\u0151k<\/th>\n<th class=\"text-center\" width=\"30%\">OS 270<\/th>\n<\/tr>\n<\/thead>\n<tbody>\n<tr>\n<th scope=\"row\">Teljes csatlakoztatott terhel\u00e9s (kW)<\/th>\n<td class=\"text-center\">2,0<\/td>\n<\/tr>\n<tr>\n<th scope=\"row\">H\u00e1l\u00f3zati fesz\u00fclts\u00e9g (V)<br \/><small>az EN 60204 szabv\u00e1ny<\/small> szerint.<\/th>\n<td class=\"text-center\">230<\/td>\n<\/tr>\n<tr>\n<th scope=\"row\">Vez\u00e9rl\u0151fesz\u00fclts\u00e9g (V-DC)<br \/><small>az EN 60204 szabv\u00e1ny<\/small> szerint.<\/th>\n<td class=\"text-center\">24<\/td>\n<\/tr>\n<tr>\n<th scope=\"row\">H\u00e1l\u00f3zati frekvencia (Hz)<\/th>\n<td class=\"text-center\">50<\/td>\n<\/tr>\n<tr>\n<th scope=\"row\">Biztos\u00edt\u00e9kv\u00e9delem (A)<\/th>\n<td class=\"text-center\">16<\/td>\n<\/tr>\n<tr>\n<th scope=\"row\">Csatlakoz\u00e1s t\u00edpus: <\/th>\n<td class=\"text-center\">Schuko dug\u00f3 CEE 7\/4 szerint<\/td>\n<\/tr>\n<tr>\n<th scope=\"row\">F\u0171r\u00e9szlap \u00e1tm\u00e9r\u0151je max. (mm) <\/th>\n<td class=\"text-center\">270<\/td>\n<\/tr>\n<tr>\n<th scope=\"row\">F\u0171r\u00e9szlap meghajt\u00e1s (kW)<\/th>\n<td class=\"text-center\">2,0<\/td>\n<\/tr>\n<tr>\n<th scope=\"row\">F\u0171r\u00e9szel\u0151tol\u00e1s<\/th>\n<td class=\"text-center\">elektromos<\/td>\n<\/tr>\n<tr>\n<th scope=\"row\">Anyag r\u00f6gz\u00edt\u00e9se<\/th>\n<td class=\"text-center\">k\u00e9zi<\/td>\n<\/tr>\n<tr>\n<th scope=\"row\">Fest\u00e9s (RAL)<\/th>\n<td class=\"text-center\">9011 (selyem matt)<\/td>\n<\/tr>\n<\/tbody>\n<\/table>\n<\/div>\n\t\t\t\t\t\t\t\t<\/div>\n\t\t\t\t<\/div>\n\t\t\t\t<div class=\"elementor-element elementor-element-7d4ca77 elementor-widget elementor-widget-text-editor\" data-id=\"7d4ca77\" data-element_type=\"widget\" data-e-type=\"widget\" data-widget_type=\"text-editor.default\">\n\t\t\t\t<div class=\"elementor-widget-container\">\n\t\t\t\t\t\t\t\t\t<p><strong>A m\u0171anyag cs\u00f6vek orbit\u00e1lis f\u0171r\u00e9sz\u00e9nek jellemz\u0151i:<\/strong><\/p>\n<\/p>\n<ul>\n<li>Pontos v\u00e1g\u00e1sok: <br \/>Az orbit\u00e1lis f\u0171r\u00e9sz prec\u00edz \u00e9s tiszta v\u00e1g\u00e1st biztos\u00edt a m\u0171anyag cs\u00f6veken, s\u00e9r\u00fcl\u00e9s vagy deform\u00e1ci\u00f3 n\u00e9lk\u00fcl.<\/li>\n<li>V\u00e1ltoz\u00f3 elektromos t\u00e1pell\u00e1t\u00e1s: <br \/>V\u00e1ltoztathat\u00f3 elektromos el\u0151tol\u00e1ssal rendelkezik, amely megk\u00f6nny\u00edti a v\u00e1g\u00e1si sebess\u00e9g be\u00e1ll\u00edt\u00e1s\u00e1t, \u00e9s optim\u00e1lis eredm\u00e9nyt biztos\u00edt.<\/li>\n<li>Rugalmas l\u00e1ncfesz\u00edt\u0151 rendszer: <br \/>A rugalmas l\u00e1ncfesz\u00edt\u0151 rendszer lehet\u0151v\u00e9 teszi a k\u00fcl\u00f6nb\u00f6z\u0151 \u00e1tm\u00e9r\u0151j\u0171 cs\u00f6vek biztons\u00e1gos r\u00f6gz\u00edt\u00e9s\u00e9t an\u00e9lk\u00fcl, hogy a f\u0171r\u00e9szel\u00e9s sor\u00e1n megcs\u00faszn\u00e1nak vagy deform\u00e1l\u00f3dn\u00e1nak.<\/li>\n<li>Ergonomikus kialak\u00edt\u00e1s: <br \/>Az ergonomikus kialak\u00edt\u00e1s\u00fa k\u00f6rf\u0171r\u00e9sz k\u00f6nnyen kezelhet\u0151, \u00e9s hossz\u00fa ideig tart\u00f3 k\u00e9nyelmes haszn\u00e1latot tesz lehet\u0151v\u00e9.<\/li>\n<li>Sokoldal\u00fa alkalmaz\u00e1si lehet\u0151s\u00e9gek: <br \/>A f\u0171r\u00e9sz a m\u0171anyag cs\u00f6vek sz\u00e9les sk\u00e1l\u00e1j\u00e1hoz alkalmas, bele\u00e9rtve a PVC, PE, PP \u00e9s GFK cs\u00f6veket, \u00e9s m\u0171helyekben \u00e9s \u00e9p\u00edtkez\u00e9seken egyar\u00e1nt haszn\u00e1lhat\u00f3.<\/li>\n<li>Gyors \u00f6sszeszerel\u00e9si rendszer: <br \/>A gyors r\u00f6gz\u00edt\u00e9si rendszer lehet\u0151v\u00e9 teszi a f\u0171r\u00e9sz gyors \u00e9s egyszer\u0171 felszerel\u00e9s\u00e9t a cs\u0151re, tov\u00e1bbi szersz\u00e1mok vagy bonyolult be\u00e1ll\u00edt\u00e1sok n\u00e9lk\u00fcl.<\/li>\n<li>V\u00e9gtelen\u00fcl v\u00e1ltoz\u00f3 be\u00e1ll\u00edt\u00e1si lehet\u0151s\u00e9gek: <br \/>A f\u0171r\u00e9sz fokozatmentesen \u00e1ll\u00edthat\u00f3 v\u00e1g\u00e1si m\u00e9lys\u00e9get \u00e9s sebess\u00e9get k\u00edn\u00e1l, hogy megfeleljen a k\u00fcl\u00f6nb\u00f6z\u0151 projektek k\u00f6vetelm\u00e9nyeinek.<\/li>\n<li>Robusztus fel\u00e9p\u00edt\u00e9s: <br \/>A robusztus kialak\u00edt\u00e1s hossz\u00fa \u00e9lettartamot \u00e9s megb\u00edzhat\u00f3s\u00e1got biztos\u00edt, m\u00e9g ig\u00e9nyes \u00fczemeltet\u00e9si k\u00f6r\u00fclm\u00e9nyek k\u00f6z\u00f6tt is.<\/li>\n<\/ul>\n<p>Ezekkel a jellemz\u0151kkel az orbit\u00e1lis f\u0171r\u00e9sz m\u0171anyag cs\u00f6vekhez, hat\u00e9kony \u00e9s prec\u00edz megold\u00e1st k\u00edn\u00e1l a cs\u00f6vek v\u00e1g\u00e1s\u00e1hoz k\u00fcl\u00f6nb\u00f6z\u0151 alkalmaz\u00e1sokban.<\/p>\n\t\t\t\t\t\t\t\t<\/div>\n\t\t\t\t<\/div>\n\t\t\t\t\t<\/div>\n\t\t<\/div>\n\t\t\t\t<div class=\"elementor-column elementor-col-50 elementor-inner-column elementor-element elementor-element-1e45b33\" data-id=\"1e45b33\" data-element_type=\"column\" data-e-type=\"column\">\n\t\t\t<div class=\"elementor-widget-wrap elementor-element-populated\">\n\t\t\t\t\t\t<div class=\"elementor-element elementor-element-427e49f0 elementor-widget elementor-widget-image\" data-id=\"427e49f0\" data-element_type=\"widget\" data-e-type=\"widget\" data-settings=\"{&quot;_animation&quot;:&quot;none&quot;}\" data-widget_type=\"image.default\">\n\t\t\t\t<div class=\"elementor-widget-container\">\n\t\t\t\t\t\t\t\t\t\t\t\t<figure class=\"wp-caption\">\n\t\t\t\t\t\t\t\t\t\t<img loading=\"lazy\" decoding=\"async\" width=\"300\" height=\"300\" src=\"https:\/\/www.akuplastics.com\/wp-content\/uploads\/2024\/04\/Orbitalsaege-OS270-1-300x300.webp\" class=\"attachment-medium size-medium wp-image-22098\" alt=\"Orbitals\u00e4ge OS270 f\u00fcr gerades Abl\u00e4ngen von Kunststoffrohren\" srcset=\"https:\/\/www.akuplastics.com\/wp-content\/uploads\/2024\/04\/Orbitalsaege-OS270-1-300x300.webp 300w, https:\/\/www.akuplastics.com\/wp-content\/uploads\/2024\/04\/Orbitalsaege-OS270-1-150x150.webp 150w, https:\/\/www.akuplastics.com\/wp-content\/uploads\/2024\/04\/Orbitalsaege-OS270-1.webp 680w\" sizes=\"auto, (max-width: 300px) 100vw, 300px\" \/>\t\t\t\t\t\t\t\t\t\t\t<figcaption class=\"widget-image-caption wp-caption-text\">OS270 orbit\u00e1lis f\u0171r\u00e9sz m\u0171anyag cs\u00f6vek egyenes hosszra v\u00e1g\u00e1s\u00e1hoz <\/figcaption>\n\t\t\t\t\t\t\t\t\t\t<\/figure>\n\t\t\t\t\t\t\t\t\t<\/div>\n\t\t\t\t<\/div>\n\t\t\t\t<div class=\"elementor-element elementor-element-251ed15 elementor-widget elementor-widget-image\" data-id=\"251ed15\" data-element_type=\"widget\" data-e-type=\"widget\" data-widget_type=\"image.default\">\n\t\t\t\t<div class=\"elementor-widget-container\">\n\t\t\t\t\t\t\t\t\t\t\t\t<figure class=\"wp-caption\">\n\t\t\t\t\t\t\t\t\t\t<img loading=\"lazy\" decoding=\"async\" width=\"300\" height=\"300\" src=\"https:\/\/www.akuplastics.com\/wp-content\/uploads\/2024\/04\/Orbitalsaege-OS270-Kette-300x300.webp\" class=\"attachment-medium size-medium wp-image-21790\" alt=\"Orbitals\u00e4ge OS270 f\u00fcr gerades Abl\u00e4ngen von Kunststoffrohren\" srcset=\"https:\/\/www.akuplastics.com\/wp-content\/uploads\/2024\/04\/Orbitalsaege-OS270-Kette-300x300.webp 300w, https:\/\/www.akuplastics.com\/wp-content\/uploads\/2024\/04\/Orbitalsaege-OS270-Kette-150x150.webp 150w, https:\/\/www.akuplastics.com\/wp-content\/uploads\/2024\/04\/Orbitalsaege-OS270-Kette.webp 680w\" sizes=\"auto, (max-width: 300px) 100vw, 300px\" \/>\t\t\t\t\t\t\t\t\t\t\t<figcaption class=\"widget-image-caption wp-caption-text\">OS270 l\u00e1ncos orbit\u00e1lis f\u0171r\u00e9sz m\u0171anyag cs\u00f6vek egyenes v\u00e1g\u00e1s\u00e1ra <\/figcaption>\n\t\t\t\t\t\t\t\t\t\t<\/figure>\n\t\t\t\t\t\t\t\t\t<\/div>\n\t\t\t\t<\/div>\n\t\t\t\t\t<\/div>\n\t\t<\/div>\n\t\t\t\t\t<\/div>\n\t\t<\/section>\n\t\t\t\t\t<\/div>\n\t\t<\/div>\n\t\t\t\t\t<\/div>\n\t\t<\/section>\n\t\t<div class=\"elementor-element elementor-element-efa8817 e-flex e-con-boxed e-con e-parent\" data-id=\"efa8817\" data-element_type=\"container\" data-e-type=\"container\">\n\t\t\t\t\t<div class=\"e-con-inner\">\n\t\t\t\t\t<\/div>\n\t\t\t\t<\/div>\n\t\t\t\t<\/div>\n\t\t","protected":false},"excerpt":{"rendered":"<p>OS270 Orbit\u00e1lis f\u0171r\u00e9sz m\u0171anyag cs\u00f6vek pontos hosszra v\u00e1g\u00e1s\u00e1hoz Az orbit\u00e1lis f\u0171r\u00e9szek nagy teljes\u00edtm\u00e9ny\u0171 szersz\u00e1mok a megmunk\u00e1l\u00e1sban, amelyeket kifejezetten a cs\u00f6vek pontos v\u00e1g\u00e1s\u00e1ra terveztek. A k\u00fcl\u00f6nb\u00f6z\u0151 anyagok tiszta \u00e9s pontos v\u00e1g\u00e1s\u00e1ra alkalmas cs\u0151szalagf\u0171r\u00e9szek n\u00e9lk\u00fcl\u00f6zhetetlen berendez\u00e9sek a m\u0171helyekben, a gy\u00e1rt\u00f3\u00fczemekben \u00e9s a feldolgoz\u00f3 v\u00e1llalatokn\u00e1l. Ide\u00e1lis a cs\u00f6vek pontos v\u00e1g\u00e1s\u00e1hoz a hat\u00e9kony feldolgoz\u00e1s \u00e9rdek\u00e9ben. Az OS 270 orbit\u00e1lis [&hellip;]<\/p>\n","protected":false},"author":3,"featured_media":21793,"parent":9403,"menu_order":0,"comment_status":"closed","ping_status":"closed","template":"elementor_header_footer","meta":{"iawp_total_views":22,"footnotes":""},"class_list":["post-21801","page","type-page","status-publish","has-post-thumbnail","hentry"],"yoast_head":"<!-- This site is optimized with the Yoast SEO Premium plugin v27.4 (Yoast SEO v27.5) - https:\/\/yoast.com\/product\/yoast-seo-premium-wordpress\/ -->\n<title>Orbit\u00e1lis f\u0171r\u00e9sz F\u0171r\u00e9sz M\u00e9retre v\u00e1g\u00e1s M\u0171anyag cs\u00f6vek Cs\u00f6vek PVC PP PE GFK<\/title>\n<meta name=\"description\" content=\"Az OS270 orbit\u00e1lis f\u0171r\u00e9sz sokoldal\u00fa \u00e9s mobil megold\u00e1s a 630 mm \u00e9s 1200 mm k\u00f6z\u00f6tti \u00e1tm\u00e9r\u0151j\u0171 m\u0171anyag cs\u00f6vek prec\u00edz m\u00e9retre v\u00e1g\u00e1s\u00e1hoz. Nagy teljes\u00edtm\u00e9ny\u0171 \u00e9s v\u00e1ltoztathat\u00f3 elektromos el\u0151tol\u00e1ssal, valamint rugalmas l\u00e1ncfesz\u00edt\u0151 rendszerrel rendelkezik, amely m\u00e9g a v\u00e9kony fal\u00fa cs\u00f6veket is alak\u00edtatlanul hagyja.\" \/>\n<meta name=\"robots\" content=\"index, follow, max-snippet:-1, max-image-preview:large, max-video-preview:-1\" \/>\n<link rel=\"canonical\" href=\"https:\/\/www.akuplastics.com\/hu\/gepek-es-eszkoezoek\/orbitalis-furesz\/\" \/>\n<script type=\"application\/ld+json\" class=\"yoast-schema-graph\">{\"@context\":\"https:\\\/\\\/schema.org\",\"@graph\":[{\"@type\":\"WebPage\",\"@id\":\"https:\\\/\\\/www.akuplastics.com\\\/hu\\\/gepek-es-eszkoezoek\\\/orbitalis-furesz\\\/\",\"url\":\"https:\\\/\\\/www.akuplastics.com\\\/hu\\\/gepek-es-eszkoezoek\\\/orbitalis-furesz\\\/\",\"name\":\"Orbit\u00e1lis f\u0171r\u00e9sz F\u0171r\u00e9sz M\u00e9retre v\u00e1g\u00e1s M\u0171anyag cs\u00f6vek Cs\u00f6vek PVC PP PE GFK\",\"isPartOf\":{\"@id\":\"https:\\\/\\\/www.akuplastics.com\\\/hu\\\/#website\"},\"primaryImageOfPage\":{\"@id\":\"https:\\\/\\\/www.akuplastics.com\\\/hu\\\/gepek-es-eszkoezoek\\\/orbitalis-furesz\\\/#primaryimage\"},\"image\":{\"@id\":\"https:\\\/\\\/www.akuplastics.com\\\/hu\\\/gepek-es-eszkoezoek\\\/orbitalis-furesz\\\/#primaryimage\"},\"thumbnailUrl\":\"https:\\\/\\\/www.akuplastics.com\\\/wp-content\\\/uploads\\\/2024\\\/04\\\/Orbitalsaege-OS270.webp\",\"datePublished\":\"2024-04-15T15:03:22+00:00\",\"dateModified\":\"2024-06-10T10:50:51+00:00\",\"description\":\"Az OS270 orbit\u00e1lis f\u0171r\u00e9sz sokoldal\u00fa \u00e9s mobil megold\u00e1s a 630 mm \u00e9s 1200 mm k\u00f6z\u00f6tti \u00e1tm\u00e9r\u0151j\u0171 m\u0171anyag cs\u00f6vek prec\u00edz m\u00e9retre v\u00e1g\u00e1s\u00e1hoz. Nagy teljes\u00edtm\u00e9ny\u0171 \u00e9s v\u00e1ltoztathat\u00f3 elektromos el\u0151tol\u00e1ssal, valamint rugalmas l\u00e1ncfesz\u00edt\u0151 rendszerrel rendelkezik, amely m\u00e9g a v\u00e9kony fal\u00fa cs\u00f6veket is alak\u00edtatlanul hagyja.\",\"breadcrumb\":{\"@id\":\"https:\\\/\\\/www.akuplastics.com\\\/hu\\\/gepek-es-eszkoezoek\\\/orbitalis-furesz\\\/#breadcrumb\"},\"inLanguage\":\"hu\",\"potentialAction\":[{\"@type\":\"ReadAction\",\"target\":[\"https:\\\/\\\/www.akuplastics.com\\\/hu\\\/gepek-es-eszkoezoek\\\/orbitalis-furesz\\\/\"]}]},{\"@type\":\"ImageObject\",\"inLanguage\":\"hu\",\"@id\":\"https:\\\/\\\/www.akuplastics.com\\\/hu\\\/gepek-es-eszkoezoek\\\/orbitalis-furesz\\\/#primaryimage\",\"url\":\"https:\\\/\\\/www.akuplastics.com\\\/wp-content\\\/uploads\\\/2024\\\/04\\\/Orbitalsaege-OS270.webp\",\"contentUrl\":\"https:\\\/\\\/www.akuplastics.com\\\/wp-content\\\/uploads\\\/2024\\\/04\\\/Orbitalsaege-OS270.webp\",\"width\":680,\"height\":680,\"caption\":\"Orbitals\u00e4ge OS270 f\u00fcr gerades Abl\u00e4ngen von Kunststoffrohren\"},{\"@type\":\"BreadcrumbList\",\"@id\":\"https:\\\/\\\/www.akuplastics.com\\\/hu\\\/gepek-es-eszkoezoek\\\/orbitalis-furesz\\\/#breadcrumb\",\"itemListElement\":[{\"@type\":\"ListItem\",\"position\":1,\"name\":\"Kezd\u0151lap\",\"item\":\"https:\\\/\\\/www.akuplastics.com\\\/hu\\\/\"},{\"@type\":\"ListItem\",\"position\":2,\"name\":\"G\u00e9pek \u00e9s eszk\u00f6z\u00f6k\",\"item\":\"https:\\\/\\\/www.akuplastics.com\\\/hu\\\/gepek-es-eszkoezoek\\\/\"},{\"@type\":\"ListItem\",\"position\":3,\"name\":\"Orbit\u00e1lis f\u0171r\u00e9sz\"}]},{\"@type\":\"WebSite\",\"@id\":\"https:\\\/\\\/www.akuplastics.com\\\/hu\\\/#website\",\"url\":\"https:\\\/\\\/www.akuplastics.com\\\/hu\\\/\",\"name\":\"Semi-Finished Products \u2013 Finished Parts \u2013 Ventilation Moulded Parts \u2013 Machines\",\"description\":\"Halbzeuge, Halbfabrikate, Kunststoffhalbzeuge, Kunststoffhalbfabrikate\",\"publisher\":{\"@id\":\"https:\\\/\\\/www.akuplastics.com\\\/hu\\\/#organization\"},\"alternateName\":\"AKUPLASTICS \u2013 Engineering in Plastics\",\"potentialAction\":[{\"@type\":\"SearchAction\",\"target\":{\"@type\":\"EntryPoint\",\"urlTemplate\":\"https:\\\/\\\/www.akuplastics.com\\\/hu\\\/?s={search_term_string}\"},\"query-input\":{\"@type\":\"PropertyValueSpecification\",\"valueRequired\":true,\"valueName\":\"search_term_string\"}}],\"inLanguage\":\"hu\"},{\"@type\":\"Organization\",\"@id\":\"https:\\\/\\\/www.akuplastics.com\\\/hu\\\/#organization\",\"name\":\"Ing. Christian Ahlborn e.U.\",\"alternateName\":\"AKU\",\"url\":\"https:\\\/\\\/www.akuplastics.com\\\/hu\\\/\",\"logo\":{\"@type\":\"ImageObject\",\"inLanguage\":\"hu\",\"@id\":\"https:\\\/\\\/www.akuplastics.com\\\/hu\\\/#\\\/schema\\\/logo\\\/image\\\/\",\"url\":\"https:\\\/\\\/www.akuplastics.com\\\/wp-content\\\/uploads\\\/2020\\\/07\\\/Grafik14-inkl-r.png\",\"contentUrl\":\"https:\\\/\\\/www.akuplastics.com\\\/wp-content\\\/uploads\\\/2020\\\/07\\\/Grafik14-inkl-r.png\",\"width\":1994,\"height\":743,\"caption\":\"Ing. Christian Ahlborn e.U.\"},\"image\":{\"@id\":\"https:\\\/\\\/www.akuplastics.com\\\/hu\\\/#\\\/schema\\\/logo\\\/image\\\/\"}}]}<\/script>\n<!-- \/ Yoast SEO Premium plugin. -->","yoast_head_json":{"title":"Orbit\u00e1lis f\u0171r\u00e9sz F\u0171r\u00e9sz M\u00e9retre v\u00e1g\u00e1s M\u0171anyag cs\u00f6vek Cs\u00f6vek PVC PP PE GFK","description":"Az OS270 orbit\u00e1lis f\u0171r\u00e9sz sokoldal\u00fa \u00e9s mobil megold\u00e1s a 630 mm \u00e9s 1200 mm k\u00f6z\u00f6tti \u00e1tm\u00e9r\u0151j\u0171 m\u0171anyag cs\u00f6vek prec\u00edz m\u00e9retre v\u00e1g\u00e1s\u00e1hoz. Nagy teljes\u00edtm\u00e9ny\u0171 \u00e9s v\u00e1ltoztathat\u00f3 elektromos el\u0151tol\u00e1ssal, valamint rugalmas l\u00e1ncfesz\u00edt\u0151 rendszerrel rendelkezik, amely m\u00e9g a v\u00e9kony fal\u00fa cs\u00f6veket is alak\u00edtatlanul hagyja.","robots":{"index":"index","follow":"follow","max-snippet":"max-snippet:-1","max-image-preview":"max-image-preview:large","max-video-preview":"max-video-preview:-1"},"canonical":"https:\/\/www.akuplastics.com\/hu\/gepek-es-eszkoezoek\/orbitalis-furesz\/","schema":{"@context":"https:\/\/schema.org","@graph":[{"@type":"WebPage","@id":"https:\/\/www.akuplastics.com\/hu\/gepek-es-eszkoezoek\/orbitalis-furesz\/","url":"https:\/\/www.akuplastics.com\/hu\/gepek-es-eszkoezoek\/orbitalis-furesz\/","name":"Orbit\u00e1lis f\u0171r\u00e9sz F\u0171r\u00e9sz M\u00e9retre v\u00e1g\u00e1s M\u0171anyag cs\u00f6vek Cs\u00f6vek PVC PP PE GFK","isPartOf":{"@id":"https:\/\/www.akuplastics.com\/hu\/#website"},"primaryImageOfPage":{"@id":"https:\/\/www.akuplastics.com\/hu\/gepek-es-eszkoezoek\/orbitalis-furesz\/#primaryimage"},"image":{"@id":"https:\/\/www.akuplastics.com\/hu\/gepek-es-eszkoezoek\/orbitalis-furesz\/#primaryimage"},"thumbnailUrl":"https:\/\/www.akuplastics.com\/wp-content\/uploads\/2024\/04\/Orbitalsaege-OS270.webp","datePublished":"2024-04-15T15:03:22+00:00","dateModified":"2024-06-10T10:50:51+00:00","description":"Az OS270 orbit\u00e1lis f\u0171r\u00e9sz sokoldal\u00fa \u00e9s mobil megold\u00e1s a 630 mm \u00e9s 1200 mm k\u00f6z\u00f6tti \u00e1tm\u00e9r\u0151j\u0171 m\u0171anyag cs\u00f6vek prec\u00edz m\u00e9retre v\u00e1g\u00e1s\u00e1hoz. Nagy teljes\u00edtm\u00e9ny\u0171 \u00e9s v\u00e1ltoztathat\u00f3 elektromos el\u0151tol\u00e1ssal, valamint rugalmas l\u00e1ncfesz\u00edt\u0151 rendszerrel rendelkezik, amely m\u00e9g a v\u00e9kony fal\u00fa cs\u00f6veket is alak\u00edtatlanul hagyja.","breadcrumb":{"@id":"https:\/\/www.akuplastics.com\/hu\/gepek-es-eszkoezoek\/orbitalis-furesz\/#breadcrumb"},"inLanguage":"hu","potentialAction":[{"@type":"ReadAction","target":["https:\/\/www.akuplastics.com\/hu\/gepek-es-eszkoezoek\/orbitalis-furesz\/"]}]},{"@type":"ImageObject","inLanguage":"hu","@id":"https:\/\/www.akuplastics.com\/hu\/gepek-es-eszkoezoek\/orbitalis-furesz\/#primaryimage","url":"https:\/\/www.akuplastics.com\/wp-content\/uploads\/2024\/04\/Orbitalsaege-OS270.webp","contentUrl":"https:\/\/www.akuplastics.com\/wp-content\/uploads\/2024\/04\/Orbitalsaege-OS270.webp","width":680,"height":680,"caption":"Orbitals\u00e4ge OS270 f\u00fcr gerades Abl\u00e4ngen von Kunststoffrohren"},{"@type":"BreadcrumbList","@id":"https:\/\/www.akuplastics.com\/hu\/gepek-es-eszkoezoek\/orbitalis-furesz\/#breadcrumb","itemListElement":[{"@type":"ListItem","position":1,"name":"Kezd\u0151lap","item":"https:\/\/www.akuplastics.com\/hu\/"},{"@type":"ListItem","position":2,"name":"G\u00e9pek \u00e9s eszk\u00f6z\u00f6k","item":"https:\/\/www.akuplastics.com\/hu\/gepek-es-eszkoezoek\/"},{"@type":"ListItem","position":3,"name":"Orbit\u00e1lis f\u0171r\u00e9sz"}]},{"@type":"WebSite","@id":"https:\/\/www.akuplastics.com\/hu\/#website","url":"https:\/\/www.akuplastics.com\/hu\/","name":"Semi-Finished Products \u2013 Finished Parts \u2013 Ventilation Moulded Parts \u2013 Machines","description":"Halbzeuge, Halbfabrikate, Kunststoffhalbzeuge, Kunststoffhalbfabrikate","publisher":{"@id":"https:\/\/www.akuplastics.com\/hu\/#organization"},"alternateName":"AKUPLASTICS \u2013 Engineering in Plastics","potentialAction":[{"@type":"SearchAction","target":{"@type":"EntryPoint","urlTemplate":"https:\/\/www.akuplastics.com\/hu\/?s={search_term_string}"},"query-input":{"@type":"PropertyValueSpecification","valueRequired":true,"valueName":"search_term_string"}}],"inLanguage":"hu"},{"@type":"Organization","@id":"https:\/\/www.akuplastics.com\/hu\/#organization","name":"Ing. Christian Ahlborn e.U.","alternateName":"AKU","url":"https:\/\/www.akuplastics.com\/hu\/","logo":{"@type":"ImageObject","inLanguage":"hu","@id":"https:\/\/www.akuplastics.com\/hu\/#\/schema\/logo\/image\/","url":"https:\/\/www.akuplastics.com\/wp-content\/uploads\/2020\/07\/Grafik14-inkl-r.png","contentUrl":"https:\/\/www.akuplastics.com\/wp-content\/uploads\/2020\/07\/Grafik14-inkl-r.png","width":1994,"height":743,"caption":"Ing. Christian Ahlborn e.U."},"image":{"@id":"https:\/\/www.akuplastics.com\/hu\/#\/schema\/logo\/image\/"}}]}},"_links":{"self":[{"href":"https:\/\/www.akuplastics.com\/hu\/wp-json\/wp\/v2\/pages\/21801","targetHints":{"allow":["GET"]}}],"collection":[{"href":"https:\/\/www.akuplastics.com\/hu\/wp-json\/wp\/v2\/pages"}],"about":[{"href":"https:\/\/www.akuplastics.com\/hu\/wp-json\/wp\/v2\/types\/page"}],"author":[{"embeddable":true,"href":"https:\/\/www.akuplastics.com\/hu\/wp-json\/wp\/v2\/users\/3"}],"replies":[{"embeddable":true,"href":"https:\/\/www.akuplastics.com\/hu\/wp-json\/wp\/v2\/comments?post=21801"}],"version-history":[{"count":10,"href":"https:\/\/www.akuplastics.com\/hu\/wp-json\/wp\/v2\/pages\/21801\/revisions"}],"predecessor-version":[{"id":23617,"href":"https:\/\/www.akuplastics.com\/hu\/wp-json\/wp\/v2\/pages\/21801\/revisions\/23617"}],"up":[{"embeddable":true,"href":"https:\/\/www.akuplastics.com\/hu\/wp-json\/wp\/v2\/pages\/9403"}],"wp:featuredmedia":[{"embeddable":true,"href":"https:\/\/www.akuplastics.com\/hu\/wp-json\/wp\/v2\/media\/21793"}],"wp:attachment":[{"href":"https:\/\/www.akuplastics.com\/hu\/wp-json\/wp\/v2\/media?parent=21801"}],"curies":[{"name":"wp","href":"https:\/\/api.w.org\/{rel}","templated":true}]}}