{"id":21321,"date":"2024-04-12T17:37:44","date_gmt":"2024-04-12T15:37:44","guid":{"rendered":"https:\/\/www.akuplastics.com\/profilhegeszto-gep\/"},"modified":"2024-04-15T09:13:30","modified_gmt":"2024-04-15T07:13:30","slug":"profilhegeszto-gep","status":"publish","type":"page","link":"https:\/\/www.akuplastics.com\/hu\/profilhegeszto-gep\/","title":{"rendered":"Profilhegeszt\u0151 g\u00e9p"},"content":{"rendered":"\t\t<div data-elementor-type=\"wp-page\" data-elementor-id=\"21321\" class=\"elementor elementor-21321 elementor-21276\" data-elementor-post-type=\"page\">\n\t\t\t\t\t\t<section class=\"elementor-section elementor-top-section elementor-element elementor-element-20ab3f5 elementor-section-boxed elementor-section-height-default elementor-section-height-default\" data-id=\"20ab3f5\" data-element_type=\"section\" data-e-type=\"section\">\n\t\t\t\t\t\t<div class=\"elementor-container elementor-column-gap-default\">\n\t\t\t\t\t<div class=\"elementor-column elementor-col-50 elementor-top-column elementor-element elementor-element-0c3e5d5\" data-id=\"0c3e5d5\" data-element_type=\"column\" data-e-type=\"column\">\n\t\t\t<div class=\"elementor-widget-wrap elementor-element-populated\">\n\t\t\t\t\t\t<div class=\"elementor-element elementor-element-b47ab76 elementor-widget__width-initial elementor-widget elementor-widget-text-editor\" data-id=\"b47ab76\" data-element_type=\"widget\" data-e-type=\"widget\" data-widget_type=\"text-editor.default\">\n\t\t\t\t<div class=\"elementor-widget-container\">\n\t\t\t\t\t\t\t\t\t<h1><span style=\"letter-spacing: 0px;\">Profilhegeszt\u0151 g\u00e9p <\/span><span style=\"letter-spacing: 0px;\"> <\/span>minden t\u00edpus\u00fa m\u0171anyag profil hegeszt\u00e9s\u00e9hez<\/h1>\n<\/p>\n<p>Az 1.0 X-PV profilhegeszt\u0151 g\u00e9p az 1.0 X-PV modellsorozat r\u00e9sze, \u00e9s a modularit\u00e1s jellemzi.<\/p>\n<\/p>\n<p><strong>Ezeket a g\u00e9peket kifejezetten mindenf\u00e9le profil, kis m\u00e9ret\u0171 \u00f6nt\u00f6tt alkatr\u00e9sz \u00e9s r\u00f6vid lemez hegeszt\u00e9s\u00e9re tervezt\u00e9k.<\/strong><\/p>\n<\/p>\n<p>A hegeszt\u00e9si ciklus teljesen automatikusan fut, \u00e9s a legfontosabb param\u00e9terek a kijelz\u0151n kereszt\u00fcl \u00e1ll\u00edthat\u00f3k be.<\/p>\n<p>Vez\u00e9rl\u00e9se integr\u00e1lt PLC-vel t\u00f6rt\u00e9nik, \u00e9s minden kezel\u0151elem a vez\u00e9rl\u0151panelen tal\u00e1lhat\u00f3.<\/p>\n<p><span style=\"color: var( --e-global-color-text ); font-family: var( --e-global-typography-text-font-family ), arial; font-size: var( --e-global-typography-text-font-size ); font-weight: var( --e-global-typography-text-font-weight ); letter-spacing: 0px;\">A szor\u00edt\u00e1si folyamatot egy l\u00e1bkapcsol\u00f3 ind\u00edtja, \u00e9s az id\u0151k a kijelz\u0151n kereszt\u00fcl is be\u00e1ll\u00edthat\u00f3k.<\/span><\/p>\n<\/p>\n<p><strong>A f\u0171t\u0151elem h\u0151m\u00e9rs\u00e9klete a kijelz\u0151n megjelen\u00edthet\u0151 \u00e9s be\u00e1ll\u00edthat\u00f3.<\/strong><\/p>\n\t\t\t\t\t\t\t\t<\/div>\n\t\t\t\t<\/div>\n\t\t\t\t\t<\/div>\n\t\t<\/div>\n\t\t\t\t<div class=\"elementor-column elementor-col-50 elementor-top-column elementor-element elementor-element-28dbbbc\" data-id=\"28dbbbc\" data-element_type=\"column\" data-e-type=\"column\">\n\t\t\t<div class=\"elementor-widget-wrap elementor-element-populated\">\n\t\t\t\t\t\t<div class=\"elementor-element elementor-element-ed8acd1 elementor-widget elementor-widget-image\" data-id=\"ed8acd1\" data-element_type=\"widget\" data-e-type=\"widget\" data-widget_type=\"image.default\">\n\t\t\t\t<div class=\"elementor-widget-container\">\n\t\t\t\t\t\t\t\t\t\t\t\t<figure class=\"wp-caption\">\n\t\t\t\t\t\t\t\t\t\t<img loading=\"lazy\" decoding=\"async\" width=\"183\" height=\"300\" src=\"https:\/\/www.akuplastics.com\/wp-content\/uploads\/2020\/09\/10-X-PV-183x300.jpg\" class=\"attachment-medium size-medium wp-image-9453\" alt=\"Profilschwei\u00dfmaschine\" srcset=\"https:\/\/www.akuplastics.com\/wp-content\/uploads\/2020\/09\/10-X-PV-183x300.jpg 183w, https:\/\/www.akuplastics.com\/wp-content\/uploads\/2020\/09\/10-X-PV.jpg 244w\" sizes=\"auto, (max-width: 183px) 100vw, 183px\" \/>\t\t\t\t\t\t\t\t\t\t\t<figcaption class=\"widget-image-caption wp-caption-text\">Profilhegeszt\u0151 g\u00e9p Minden t\u00edpus\u00fa m\u0171anyag profil hegeszt\u00e9se<\/figcaption>\n\t\t\t\t\t\t\t\t\t\t<\/figure>\n\t\t\t\t\t\t\t\t\t<\/div>\n\t\t\t\t<\/div>\n\t\t\t\t\t<\/div>\n\t\t<\/div>\n\t\t\t\t\t<\/div>\n\t\t<\/section>\n\t\t\t\t<\/div>\n\t\t","protected":false},"excerpt":{"rendered":"<p>Profilhegeszt\u0151 g\u00e9p minden t\u00edpus\u00fa m\u0171anyag profil hegeszt\u00e9s\u00e9hez Az 1.0 X-PV profilhegeszt\u0151 g\u00e9p az 1.0 X-PV modellsorozat r\u00e9sze, \u00e9s a modularit\u00e1s jellemzi. Ezeket a g\u00e9peket kifejezetten mindenf\u00e9le profil, kis m\u00e9ret\u0171 \u00f6nt\u00f6tt alkatr\u00e9sz \u00e9s r\u00f6vid lemez hegeszt\u00e9s\u00e9re tervezt\u00e9k. A hegeszt\u00e9si ciklus teljesen automatikusan fut, \u00e9s a legfontosabb param\u00e9terek a kijelz\u0151n kereszt\u00fcl \u00e1ll\u00edthat\u00f3k be. Vez\u00e9rl\u00e9se integr\u00e1lt PLC-vel t\u00f6rt\u00e9nik, [&hellip;]<\/p>\n","protected":false},"author":3,"featured_media":0,"parent":0,"menu_order":0,"comment_status":"closed","ping_status":"closed","template":"elementor_header_footer","meta":{"iawp_total_views":5,"footnotes":""},"class_list":["post-21321","page","type-page","status-publish","hentry"],"yoast_head":"<!-- This site is optimized with the Yoast SEO Premium plugin v27.4 (Yoast SEO v27.5) - https:\/\/yoast.com\/product\/yoast-seo-premium-wordpress\/ -->\n<title>Profilhegeszt\u0151 g\u00e9p Hegeszt\u00e9si rendszer Hegeszt\u00e9si profilok M\u0171anyag<\/title>\n<meta name=\"description\" content=\"Az 1.0 X-PV profilhegeszt\u0151 g\u00e9p az 1.0 X-PV modellsorozat r\u00e9sze, \u00e9s a modularit\u00e1s jellemzi. Ezeket a g\u00e9peket kifejezetten mindenf\u00e9le profil, kis m\u00e9ret\u0171 \u00f6nt\u00f6tt alkatr\u00e9sz \u00e9s r\u00f6vid lemez hegeszt\u00e9s\u00e9re tervezt\u00e9k.\" \/>\n<meta name=\"robots\" content=\"index, follow, max-snippet:-1, max-image-preview:large, max-video-preview:-1\" \/>\n<link rel=\"canonical\" href=\"https:\/\/www.akuplastics.com\/hu\/profilhegeszto-gep\/\" \/>\n<script type=\"application\/ld+json\" class=\"yoast-schema-graph\">{\"@context\":\"https:\\\/\\\/schema.org\",\"@graph\":[{\"@type\":\"WebPage\",\"@id\":\"https:\\\/\\\/www.akuplastics.com\\\/hu\\\/profilhegeszto-gep\\\/\",\"url\":\"https:\\\/\\\/www.akuplastics.com\\\/hu\\\/profilhegeszto-gep\\\/\",\"name\":\"Profilhegeszt\u0151 g\u00e9p Hegeszt\u00e9si rendszer Hegeszt\u00e9si profilok M\u0171anyag\",\"isPartOf\":{\"@id\":\"https:\\\/\\\/www.akuplastics.com\\\/hu\\\/#website\"},\"primaryImageOfPage\":{\"@id\":\"https:\\\/\\\/www.akuplastics.com\\\/hu\\\/profilhegeszto-gep\\\/#primaryimage\"},\"image\":{\"@id\":\"https:\\\/\\\/www.akuplastics.com\\\/hu\\\/profilhegeszto-gep\\\/#primaryimage\"},\"thumbnailUrl\":\"https:\\\/\\\/www.akuplastics.com\\\/wp-content\\\/uploads\\\/2020\\\/09\\\/10-X-PV-183x300.jpg\",\"datePublished\":\"2024-04-12T15:37:44+00:00\",\"dateModified\":\"2024-04-15T07:13:30+00:00\",\"description\":\"Az 1.0 X-PV profilhegeszt\u0151 g\u00e9p az 1.0 X-PV modellsorozat r\u00e9sze, \u00e9s a modularit\u00e1s jellemzi. Ezeket a g\u00e9peket kifejezetten mindenf\u00e9le profil, kis m\u00e9ret\u0171 \u00f6nt\u00f6tt alkatr\u00e9sz \u00e9s r\u00f6vid lemez hegeszt\u00e9s\u00e9re tervezt\u00e9k.\",\"breadcrumb\":{\"@id\":\"https:\\\/\\\/www.akuplastics.com\\\/hu\\\/profilhegeszto-gep\\\/#breadcrumb\"},\"inLanguage\":\"hu\",\"potentialAction\":[{\"@type\":\"ReadAction\",\"target\":[\"https:\\\/\\\/www.akuplastics.com\\\/hu\\\/profilhegeszto-gep\\\/\"]}]},{\"@type\":\"ImageObject\",\"inLanguage\":\"hu\",\"@id\":\"https:\\\/\\\/www.akuplastics.com\\\/hu\\\/profilhegeszto-gep\\\/#primaryimage\",\"url\":\"https:\\\/\\\/www.akuplastics.com\\\/wp-content\\\/uploads\\\/2020\\\/09\\\/10-X-PV-183x300.jpg\",\"contentUrl\":\"https:\\\/\\\/www.akuplastics.com\\\/wp-content\\\/uploads\\\/2020\\\/09\\\/10-X-PV-183x300.jpg\"},{\"@type\":\"BreadcrumbList\",\"@id\":\"https:\\\/\\\/www.akuplastics.com\\\/hu\\\/profilhegeszto-gep\\\/#breadcrumb\",\"itemListElement\":[{\"@type\":\"ListItem\",\"position\":1,\"name\":\"Kezd\u0151lap\",\"item\":\"https:\\\/\\\/www.akuplastics.com\\\/hu\\\/\"},{\"@type\":\"ListItem\",\"position\":2,\"name\":\"Profilhegeszt\u0151 g\u00e9p\"}]},{\"@type\":\"WebSite\",\"@id\":\"https:\\\/\\\/www.akuplastics.com\\\/hu\\\/#website\",\"url\":\"https:\\\/\\\/www.akuplastics.com\\\/hu\\\/\",\"name\":\"Semi-Finished Products \u2013 Finished Parts \u2013 Ventilation Moulded Parts \u2013 Machines\",\"description\":\"Halbzeuge, Halbfabrikate, Kunststoffhalbzeuge, Kunststoffhalbfabrikate\",\"publisher\":{\"@id\":\"https:\\\/\\\/www.akuplastics.com\\\/hu\\\/#organization\"},\"alternateName\":\"AKUPLASTICS \u2013 Engineering in Plastics\",\"potentialAction\":[{\"@type\":\"SearchAction\",\"target\":{\"@type\":\"EntryPoint\",\"urlTemplate\":\"https:\\\/\\\/www.akuplastics.com\\\/hu\\\/?s={search_term_string}\"},\"query-input\":{\"@type\":\"PropertyValueSpecification\",\"valueRequired\":true,\"valueName\":\"search_term_string\"}}],\"inLanguage\":\"hu\"},{\"@type\":\"Organization\",\"@id\":\"https:\\\/\\\/www.akuplastics.com\\\/hu\\\/#organization\",\"name\":\"Ing. Christian Ahlborn e.U.\",\"alternateName\":\"AKU\",\"url\":\"https:\\\/\\\/www.akuplastics.com\\\/hu\\\/\",\"logo\":{\"@type\":\"ImageObject\",\"inLanguage\":\"hu\",\"@id\":\"https:\\\/\\\/www.akuplastics.com\\\/hu\\\/#\\\/schema\\\/logo\\\/image\\\/\",\"url\":\"https:\\\/\\\/www.akuplastics.com\\\/wp-content\\\/uploads\\\/2020\\\/07\\\/Grafik14-inkl-r.png\",\"contentUrl\":\"https:\\\/\\\/www.akuplastics.com\\\/wp-content\\\/uploads\\\/2020\\\/07\\\/Grafik14-inkl-r.png\",\"width\":1994,\"height\":743,\"caption\":\"Ing. Christian Ahlborn e.U.\"},\"image\":{\"@id\":\"https:\\\/\\\/www.akuplastics.com\\\/hu\\\/#\\\/schema\\\/logo\\\/image\\\/\"}}]}<\/script>\n<!-- \/ Yoast SEO Premium plugin. -->","yoast_head_json":{"title":"Profilhegeszt\u0151 g\u00e9p Hegeszt\u00e9si rendszer Hegeszt\u00e9si profilok M\u0171anyag","description":"Az 1.0 X-PV profilhegeszt\u0151 g\u00e9p az 1.0 X-PV modellsorozat r\u00e9sze, \u00e9s a modularit\u00e1s jellemzi. Ezeket a g\u00e9peket kifejezetten mindenf\u00e9le profil, kis m\u00e9ret\u0171 \u00f6nt\u00f6tt alkatr\u00e9sz \u00e9s r\u00f6vid lemez hegeszt\u00e9s\u00e9re tervezt\u00e9k.","robots":{"index":"index","follow":"follow","max-snippet":"max-snippet:-1","max-image-preview":"max-image-preview:large","max-video-preview":"max-video-preview:-1"},"canonical":"https:\/\/www.akuplastics.com\/hu\/profilhegeszto-gep\/","schema":{"@context":"https:\/\/schema.org","@graph":[{"@type":"WebPage","@id":"https:\/\/www.akuplastics.com\/hu\/profilhegeszto-gep\/","url":"https:\/\/www.akuplastics.com\/hu\/profilhegeszto-gep\/","name":"Profilhegeszt\u0151 g\u00e9p Hegeszt\u00e9si rendszer Hegeszt\u00e9si profilok M\u0171anyag","isPartOf":{"@id":"https:\/\/www.akuplastics.com\/hu\/#website"},"primaryImageOfPage":{"@id":"https:\/\/www.akuplastics.com\/hu\/profilhegeszto-gep\/#primaryimage"},"image":{"@id":"https:\/\/www.akuplastics.com\/hu\/profilhegeszto-gep\/#primaryimage"},"thumbnailUrl":"https:\/\/www.akuplastics.com\/wp-content\/uploads\/2020\/09\/10-X-PV-183x300.jpg","datePublished":"2024-04-12T15:37:44+00:00","dateModified":"2024-04-15T07:13:30+00:00","description":"Az 1.0 X-PV profilhegeszt\u0151 g\u00e9p az 1.0 X-PV modellsorozat r\u00e9sze, \u00e9s a modularit\u00e1s jellemzi. Ezeket a g\u00e9peket kifejezetten mindenf\u00e9le profil, kis m\u00e9ret\u0171 \u00f6nt\u00f6tt alkatr\u00e9sz \u00e9s r\u00f6vid lemez hegeszt\u00e9s\u00e9re tervezt\u00e9k.","breadcrumb":{"@id":"https:\/\/www.akuplastics.com\/hu\/profilhegeszto-gep\/#breadcrumb"},"inLanguage":"hu","potentialAction":[{"@type":"ReadAction","target":["https:\/\/www.akuplastics.com\/hu\/profilhegeszto-gep\/"]}]},{"@type":"ImageObject","inLanguage":"hu","@id":"https:\/\/www.akuplastics.com\/hu\/profilhegeszto-gep\/#primaryimage","url":"https:\/\/www.akuplastics.com\/wp-content\/uploads\/2020\/09\/10-X-PV-183x300.jpg","contentUrl":"https:\/\/www.akuplastics.com\/wp-content\/uploads\/2020\/09\/10-X-PV-183x300.jpg"},{"@type":"BreadcrumbList","@id":"https:\/\/www.akuplastics.com\/hu\/profilhegeszto-gep\/#breadcrumb","itemListElement":[{"@type":"ListItem","position":1,"name":"Kezd\u0151lap","item":"https:\/\/www.akuplastics.com\/hu\/"},{"@type":"ListItem","position":2,"name":"Profilhegeszt\u0151 g\u00e9p"}]},{"@type":"WebSite","@id":"https:\/\/www.akuplastics.com\/hu\/#website","url":"https:\/\/www.akuplastics.com\/hu\/","name":"Semi-Finished Products \u2013 Finished Parts \u2013 Ventilation Moulded Parts \u2013 Machines","description":"Halbzeuge, Halbfabrikate, Kunststoffhalbzeuge, Kunststoffhalbfabrikate","publisher":{"@id":"https:\/\/www.akuplastics.com\/hu\/#organization"},"alternateName":"AKUPLASTICS \u2013 Engineering in Plastics","potentialAction":[{"@type":"SearchAction","target":{"@type":"EntryPoint","urlTemplate":"https:\/\/www.akuplastics.com\/hu\/?s={search_term_string}"},"query-input":{"@type":"PropertyValueSpecification","valueRequired":true,"valueName":"search_term_string"}}],"inLanguage":"hu"},{"@type":"Organization","@id":"https:\/\/www.akuplastics.com\/hu\/#organization","name":"Ing. Christian Ahlborn e.U.","alternateName":"AKU","url":"https:\/\/www.akuplastics.com\/hu\/","logo":{"@type":"ImageObject","inLanguage":"hu","@id":"https:\/\/www.akuplastics.com\/hu\/#\/schema\/logo\/image\/","url":"https:\/\/www.akuplastics.com\/wp-content\/uploads\/2020\/07\/Grafik14-inkl-r.png","contentUrl":"https:\/\/www.akuplastics.com\/wp-content\/uploads\/2020\/07\/Grafik14-inkl-r.png","width":1994,"height":743,"caption":"Ing. Christian Ahlborn e.U."},"image":{"@id":"https:\/\/www.akuplastics.com\/hu\/#\/schema\/logo\/image\/"}}]}},"_links":{"self":[{"href":"https:\/\/www.akuplastics.com\/hu\/wp-json\/wp\/v2\/pages\/21321","targetHints":{"allow":["GET"]}}],"collection":[{"href":"https:\/\/www.akuplastics.com\/hu\/wp-json\/wp\/v2\/pages"}],"about":[{"href":"https:\/\/www.akuplastics.com\/hu\/wp-json\/wp\/v2\/types\/page"}],"author":[{"embeddable":true,"href":"https:\/\/www.akuplastics.com\/hu\/wp-json\/wp\/v2\/users\/3"}],"replies":[{"embeddable":true,"href":"https:\/\/www.akuplastics.com\/hu\/wp-json\/wp\/v2\/comments?post=21321"}],"version-history":[{"count":3,"href":"https:\/\/www.akuplastics.com\/hu\/wp-json\/wp\/v2\/pages\/21321\/revisions"}],"predecessor-version":[{"id":21553,"href":"https:\/\/www.akuplastics.com\/hu\/wp-json\/wp\/v2\/pages\/21321\/revisions\/21553"}],"wp:attachment":[{"href":"https:\/\/www.akuplastics.com\/hu\/wp-json\/wp\/v2\/media?parent=21321"}],"curies":[{"name":"wp","href":"https:\/\/api.w.org\/{rel}","templated":true}]}}