{"id":14639,"date":"2024-01-18T16:09:45","date_gmt":"2024-01-18T15:09:45","guid":{"rendered":"https:\/\/www.akuplastics.com\/pvc-rudak-attekintese\/"},"modified":"2024-04-16T14:00:53","modified_gmt":"2024-04-16T12:00:53","slug":"pvc-rudak-attekintese","status":"publish","type":"page","link":"https:\/\/www.akuplastics.com\/hu\/felkesz-termekek-lemezek-tomor-rudak-ureges-rudak-profilok-csovek-hegesztesi-rudak\/tomor-rudak-rudak-felkesz-termekek-muanyagok\/pvc-rudak-attekintese\/","title":{"rendered":"PVC rudak \u00e1ttekint\u00e9se"},"content":{"rendered":"\t\t<div data-elementor-type=\"wp-post\" data-elementor-id=\"14639\" class=\"elementor elementor-14639 elementor-14626\" data-elementor-post-type=\"page\">\n\t\t\t\t\t\t<section class=\"elementor-section elementor-top-section elementor-element elementor-element-166b94ca elementor-section-full_width elementor-section-height-default elementor-section-height-default\" data-id=\"166b94ca\" data-element_type=\"section\" data-e-type=\"section\" data-settings=\"{&quot;background_background&quot;:&quot;gradient&quot;}\">\n\t\t\t\t\t\t<div class=\"elementor-container elementor-column-gap-default\">\n\t\t\t\t\t<div class=\"elementor-column elementor-col-100 elementor-top-column elementor-element elementor-element-593d882f\" data-id=\"593d882f\" data-element_type=\"column\" data-e-type=\"column\">\n\t\t\t<div class=\"elementor-widget-wrap elementor-element-populated\">\n\t\t\t\t\t\t<section class=\"elementor-section elementor-inner-section elementor-element elementor-element-6bdd9cf6 elementor-section-boxed elementor-section-height-default elementor-section-height-default\" data-id=\"6bdd9cf6\" data-element_type=\"section\" data-e-type=\"section\">\n\t\t\t\t\t\t<div class=\"elementor-container elementor-column-gap-default\">\n\t\t\t\t\t<div class=\"elementor-column elementor-col-50 elementor-inner-column elementor-element elementor-element-6d8db792\" data-id=\"6d8db792\" data-element_type=\"column\" data-e-type=\"column\">\n\t\t\t<div class=\"elementor-widget-wrap elementor-element-populated\">\n\t\t\t\t\t\t<div class=\"elementor-element elementor-element-1f3ec76 elementor-widget elementor-widget-text-editor\" data-id=\"1f3ec76\" data-element_type=\"widget\" data-e-type=\"widget\" data-widget_type=\"text-editor.default\">\n\t\t\t\t<div class=\"elementor-widget-container\">\n\t\t\t\t\t\t\t\t\t<h1>PVC-U \u00e9s PVC-C T\u00d6M\u00d6R RUDAK vagy KEREK RUDAK<\/h1>\n<p>a k\u00f6vetkez\u0151 v\u00e1ltozatokban \u00e1llnak rendelkez\u00e9sre:<\/p>\n<p><\/p>\n<ul>\n<li><a title=\"PVC-U extrud\u00e1lt\" href=\"https:\/\/www.akuplastics.com\/aku-dur-pvc-u-rundstaebe-vollstaebe-rundstaebe-vollstaebe\/\"><b>PVC-U<\/b><\/a><\/li>\n<li><a title=\"PVC-C \u00f6nt\u00f6tt\" href=\"https:\/\/www.akuplastics.com\/aku-dur-pvc-c-rundstaebe-vollstaebe-rundstaebe-vollstaebe-chloriertem-polyvinylchlorid-cpvc\/\"><b>PVC-C&nbsp;<\/b><br><\/a><\/li>\n<\/ul>\t\t\t\t\t\t\t\t<\/div>\n\t\t\t\t<\/div>\n\t\t\t\t<div class=\"elementor-element elementor-element-eedcb79 elementor-widget elementor-widget-text-editor\" data-id=\"eedcb79\" data-element_type=\"widget\" data-e-type=\"widget\" data-widget_type=\"text-editor.default\">\n\t\t\t\t<div class=\"elementor-widget-container\">\n\t\t\t\t\t\t\t\t\t<div data-testid=\"conversation-turn-47\">\n<div>\n<div>\n<div>\n<div>\n<div>\n<div data-message-author-role=\"assistant\" data-message-id=\"eae8b04e-6d87-4d51-8e63-8356c213a581\">\n<div>\n<p><b>Polivinil-klorid-kl\u00f3rozott<\/b><br>A <b>PVC-C, r\u00f6viden PVC-C<\/b> a kl\u00f3rozott polivinil-klorid (CPVC) <b>egy kl\u00f3rozott polivinil-klorid (CPVC, amelyet a PVC kl\u00f3roz\u00e1s\u00e1val \u00e1ll\u00edtanak el\u0151.<\/b> <br><span style=\"color: var( --e-global-color-text ); font-family: var( --e-global-typography-text-font-family ), arial; font-size: var( --e-global-typography-text-font-size ); text-align: var(--text-align);\"><br><b>A PVC-C tulajdons\u00e1gai:<\/b><\/span><b><br><\/b><\/p>\n<ul>\n<li><span style=\"background-color: transparent; color: var( --e-global-color-text ); font-family: var( --e-global-typography-text-font-family ), arial; font-weight: var( --e-global-typography-text-font-weight ); text-align: var(--text-align);\"><span style=\"background-color: transparent; color: var( --e-global-color-text ); font-family: var( --e-global-typography-text-font-family ), arial; font-weight: var( --e-global-typography-text-font-weight ); text-align: var(--text-align);\"><strong>K\u00e9miai ellen\u00e1ll\u00e1s:<\/strong> <br>A PVC-C-t kiv\u00e1l\u00f3 k\u00e9miai ellen\u00e1ll\u00e1s jellemzi, k\u00fcl\u00f6n\u00f6sen a savakkal, l\u00fagokkal \u00e9s sz\u00e1mos vegyszerrel szemben. Ez a tulajdons\u00e1ga ide\u00e1lisv\u00e1 teszi a k\u00e9sz\u00fcl\u00e9ket az ig\u00e9nyes ipari k\u00f6rnyezetben val\u00f3 haszn\u00e1latra.<\/span><\/span><\/li>\n<li><span style=\"background-color: transparent; color: var( --e-global-color-text ); font-family: var( --e-global-typography-text-font-family ), arial; text-align: var(--text-align);\"><b>H\u0151m\u00e9rs\u00e9kleti ellen\u00e1ll\u00e1s<\/b><\/span><span style=\"background-color: transparent; color: var( --e-global-color-text ); font-family: var( --e-global-typography-text-font-family ), arial; font-weight: var( --e-global-typography-text-font-weight ); text-align: var(--text-align);\"><span style=\"background-color: transparent; color: var( --e-global-color-text ); font-family: var( --e-global-typography-text-font-family ), arial; font-weight: var( --e-global-typography-text-font-weight ); text-align: var(--text-align);\">:<br>A PVC-C magasabb h\u0151m\u00e9rs\u00e9kletet is elvisel, mint a hagyom\u00e1nyos PVC (polivinil-klorid). Magasabb h\u0151m\u00e9rs\u00e9kleten is stabilabb marad (a PVC-hez k\u00e9pest), ami alkalmass\u00e1 teszi a melegv\u00edz-cs\u00f6vekben \u00e9s ipari folyamatokban val\u00f3 alkalmaz\u00e1sra.<\/span><\/span><\/li>\n<li><span style=\"background-color: transparent; color: var( --e-global-color-text ); font-family: var( --e-global-typography-text-font-family ), arial; text-align: var(--text-align);\"><b>T\u0171z\u00e1ll\u00f3s\u00e1g<\/b><\/span><span style=\"background-color: transparent; color: var( --e-global-color-text ); font-family: var( --e-global-typography-text-font-family ), arial; font-weight: var( --e-global-typography-text-font-weight ); text-align: var(--text-align);\"><span style=\"background-color: transparent; color: var( --e-global-color-text ); font-family: var( --e-global-typography-text-font-family ), arial; font-weight: var( --e-global-typography-text-font-weight ); text-align: var(--text-align);\">:  <br>A PVC-C \u00e9g\u00e9sg\u00e1tl\u00f3 \u00e9s megfelel a magas t\u0171zv\u00e9delmi k\u00f6vetelm\u00e9nyeknek. Ez teszi vonz\u00f3v\u00e1 a biztons\u00e1gkritikus alkalmaz\u00e1sokban val\u00f3 haszn\u00e1latot.<\/span><\/span><\/li>\n<li><span style=\"background-color: transparent; color: var( --e-global-color-text ); font-family: var( --e-global-typography-text-font-family ), arial; text-align: var(--text-align);\"><span style=\"background-color: transparent; color: var( --e-global-color-text ); font-family: var( --e-global-typography-text-font-family ), arial; text-align: var(--text-align);\"><b>Elektromos szigetel\u00e9s: <br><\/b><span style=\"font-weight: var( --e-global-typography-text-font-weight );\">A PVC-C j\u00f3 szigetel\u0151anyag, \u00e9s az elektromos iparban elektromos alkatr\u00e9szek gy\u00e1rt\u00e1s\u00e1ra haszn\u00e1lj\u00e1k.<\/span><\/span><\/span><\/li>\n<li><span style=\"background-color: transparent; color: var( --e-global-color-text ); font-family: var( --e-global-typography-text-font-family ), arial; text-align: var(--text-align);\"><span style=\"background-color: transparent; color: var( --e-global-color-text ); font-family: var( --e-global-typography-text-font-family ), arial; text-align: var(--text-align);\"><b>Mechanikai szil\u00e1rds\u00e1g: <br><\/b><span style=\"font-weight: var( --e-global-typography-text-font-weight );\">A PVC-C j\u00f3 mechanikai szil\u00e1rds\u00e1ggal rendelkezik, ez\u00e9rt alkalmas olyan alkalmaz\u00e1sokhoz, ahol fontos a szil\u00e1rds\u00e1g \u00e9s a tart\u00f3ss\u00e1g.<\/span><\/span><\/span><\/li>\n<li><span style=\"background-color: transparent; color: var( --e-global-color-text ); font-family: var( --e-global-typography-text-font-family ), arial; text-align: var(--text-align);\"><span style=\"background-color: transparent; color: var( --e-global-color-text ); font-family: var( --e-global-typography-text-font-family ), arial; text-align: var(--text-align);\"><b>J\u00f3 feldolgozhat\u00f3s\u00e1g: <br><\/b><span style=\"font-weight: var( --e-global-typography-text-font-weight );\">A PVC-C k\u00f6nnyen feldolgozhat\u00f3, \u00e9s k\u00fcl\u00f6nb\u00f6z\u0151 m\u00f3dszerekkel, p\u00e9ld\u00e1ul extrud\u00e1l\u00e1ssal, fr\u00f6ccs\u00f6nt\u00e9ssel \u00e9s sajtol\u00e1ssal alak\u00edthat\u00f3.<\/span><\/span><\/span><\/li>\n<\/ul>\n<div>&nbsp;<\/div>\n<p><b>A PVC-C alkalmaz\u00e1sai:<\/b><\/p>\n<p>A PVC-C-t sz\u00e1mos ipar\u00e1gban haszn\u00e1lj\u00e1k speci\u00e1lis alkalmaz\u00e1sokhoz, t\u00f6bbek k\u00f6z\u00f6tt a k\u00f6vetkez\u0151kh\u00f6z<\/p>\n<ul>\n<li><span style=\"background-color: transparent; color: var( --e-global-color-text ); font-family: var( --e-global-typography-text-font-family ), arial; text-align: var(--text-align);\">\n  <b>Vegyipar<\/b>\n<\/span><span style=\"background-color: transparent; color: var( --e-global-color-text ); font-family: var( --e-global-typography-text-font-family ), arial; font-weight: var( --e-global-typography-text-font-weight ); text-align: var(--text-align);\">\n  <span style=\"background-color: transparent; color: var( --e-global-color-text ); font-family: var( --e-global-typography-text-font-family ), arial; font-weight: var( --e-global-typography-text-font-weight ); text-align: var(--text-align);\"><br>Cs\u00f6vek, tart\u00e1lyok \u00e9s szerelv\u00e9nyek vegyi ellen\u00e1ll\u00e1sa miatt.<\/span>\n<\/span><\/li>\n<li><span style=\"background-color: transparent; color: var( --e-global-color-text ); font-family: var( --e-global-typography-text-font-family ), arial; text-align: var(--text-align);\">\n  <b>\u00c9p\u00edt\u0151ipar<\/b>\n<\/span><span style=\"background-color: transparent; color: var( --e-global-color-text ); font-family: var( --e-global-typography-text-font-family ), arial; font-weight: var( --e-global-typography-text-font-weight ); text-align: var(--text-align);\">\n  <span style=\"background-color: transparent; color: var( --e-global-color-text ); font-family: var( --e-global-typography-text-font-family ), arial; font-weight: var( --e-global-typography-text-font-weight ); text-align: var(--text-align);\">: <br>Melegv\u00edzcs\u00f6vek, ipari cs\u0151vezet\u00e9kek, szell\u0151z\u0151rendszerek \u00e9s egy\u00e9b \u00e9p\u00edt\u0151ipari elemek.<\/span>\n<\/span><\/li>\n<li><span style=\"background-color: transparent; color: var( --e-global-color-text ); font-family: var( --e-global-typography-text-font-family ), arial; text-align: var(--text-align);\">\n  <b>Villamosenergia-ipar<\/b>\n<\/span><span style=\"background-color: transparent; color: var( --e-global-color-text ); font-family: var( --e-global-typography-text-font-family ), arial; font-weight: var( --e-global-typography-text-font-weight ); text-align: var(--text-align);\">\n  <span style=\"background-color: transparent; color: var( --e-global-color-text ); font-family: var( --e-global-typography-text-font-family ), arial; font-weight: var( --e-global-typography-text-font-weight ); text-align: var(--text-align);\">: <br>Szigetel\u0151k, elektromos burkolatok \u00e9s egy\u00e9b alkatr\u00e9szek, ahol j\u00f3 elektromos szigetel\u00e9sre van sz\u00fcks\u00e9g.<\/span>\n<\/span><\/li>\n<li><span style=\"background-color: transparent; color: var( --e-global-color-text ); font-family: var( --e-global-typography-text-font-family ), arial; text-align: var(--text-align);\">\n  <b>Aut\u00f3ipar<\/b>\n<\/span><span style=\"background-color: transparent; color: var( --e-global-color-text ); font-family: var( --e-global-typography-text-font-family ), arial; font-weight: var( --e-global-typography-text-font-weight ); text-align: var(--text-align);\">\n  <span style=\"background-color: transparent; color: var( --e-global-color-text ); font-family: var( --e-global-typography-text-font-family ), arial; font-weight: var( --e-global-typography-text-font-weight ); text-align: var(--text-align);\">:<br>Alkalmaz\u00e1sok, ahol fokozott h\u0151m\u00e9rs\u00e9klet- \u00e9s vegyszer\u00e1ll\u00f3s\u00e1gra van sz\u00fcks\u00e9g.<\/span>\n<\/span><\/li>\n<\/ul>\n<div>&nbsp;<\/div>\n<p>Speci\u00e1lis tulajdons\u00e1gainak k\u00f6sz\u00f6nhet\u0151en a PVC-C<b> nagy teljes\u00edtm\u00e9ny\u0171 anyag a k\u00fcl\u00f6nb\u00f6z\u0151 m\u0171szaki alkalmaz\u00e1sokban<\/b>, k\u00fcl\u00f6n\u00f6sen azokon <b>a ter\u00fcleteken, ahol magas k\u00f6vetelm\u00e9nyeket t\u00e1masztanak a vegyi ellen\u00e1ll\u00e1s \u00e9s a h\u0151m\u00e9rs\u00e9klet-\u00e1ll\u00f3s\u00e1g ter\u00e9n<\/b>.<\/p>\n<\/div>\n<\/div>\n<\/div>\n<\/div>\n<\/div>\n<\/div>\n<\/div>\n<\/div>\t\t\t\t\t\t\t\t<\/div>\n\t\t\t\t<\/div>\n\t\t\t\t<div class=\"elementor-element elementor-element-d685fca elementor-widget elementor-widget-text-editor\" data-id=\"d685fca\" data-element_type=\"widget\" data-e-type=\"widget\" data-widget_type=\"text-editor.default\">\n\t\t\t\t<div class=\"elementor-widget-container\">\n\t\t\t\t\t\t\t\t\t<p><b>Polyvinil-klorid, l\u00e1gy\u00edtatlan (PVC-U)<\/b> a <b>polivinil-klorid egy olyan form\u00e1ja<\/b>, amelyet a k\u00f6vetkez\u0151kb\u0151l \u00e1ll\u00edtanak el\u0151 l\u00e1gy\u00edt\u00f3szerek hozz\u00e1ad\u00e1sa n\u00e9lk\u00fcl l\u00e1gy\u00edt\u00f3szerek vagy m\u00e1s l\u00e1gy\u00edt\u00f3 anyagok n\u00e9lk\u00fcl.<br \/><span style=\"color: var( --e-global-color-text ); font-family: var( --e-global-typography-text-font-family ), arial; font-size: var( --e-global-typography-text-font-size ); text-align: var(--text-align);\"><br \/><b>A PVC-U tulajdons\u00e1gai:<\/b><\/span><b><br \/><\/b><\/p>\n<ul>\n<li><span style=\"background-color: transparent; color: var( --e-global-color-text ); font-family: var( --e-global-typography-text-font-family ), arial; text-align: var(--text-align);\"><b>Kem\u00e9nys\u00e9g \u00e9s merevs\u00e9g: <br \/><\/b><span style=\"font-weight: var( --e-global-typography-text-font-weight );\">A PVC-U-t nagy kem\u00e9nys\u00e9g \u00e9s merevs\u00e9g jellemzi. Ezek a tulajdons\u00e1gok k\u00fcl\u00f6n\u00f6sen alkalmass\u00e1 teszik olyan alkalmaz\u00e1sokhoz, ahol szerkezeti integrit\u00e1sra \u00e9s szil\u00e1rds\u00e1gra van sz\u00fcks\u00e9g.<\/span><\/span><\/li>\n<li><span style=\"background-color: transparent; color: var( --e-global-color-text ); font-family: var( --e-global-typography-text-font-family ), arial; text-align: var(--text-align);\"><span style=\"background-color: transparent; color: var( --e-global-color-text ); font-family: var( --e-global-typography-text-font-family ), arial; text-align: var(--text-align);\"><b>K\u00e9miai ellen\u00e1ll\u00e1s: <br \/><\/b><span style=\"font-weight: var( --e-global-typography-text-font-weight );\">A PVC-U nagym\u00e9rt\u00e9kben ellen\u00e1ll sz\u00e1mos vegyi anyagnak, ami alkalmass\u00e1 teszi a k\u00fcl\u00f6nb\u00f6z\u0151 ipari k\u00f6rnyezetekben val\u00f3 haszn\u00e1latra. K\u00fcl\u00f6n\u00f6sen ellen\u00e1ll\u00f3 a savakkal, l\u00fagokkal \u00e9s m\u00e1s agressz\u00edv anyagokkal szemben. <\/span><\/span><\/span><\/li>\n<li><span style=\"background-color: transparent; color: var( --e-global-color-text ); font-family: var( --e-global-typography-text-font-family ), arial; text-align: var(--text-align);\"><span style=\"background-color: transparent; color: var( --e-global-color-text ); font-family: var( --e-global-typography-text-font-family ), arial; text-align: var(--text-align);\"><b>H\u0151m\u00e9rs\u00e9klet\u00e1ll\u00f3s\u00e1g: <br \/><\/b><span style=\"font-weight: var( --e-global-typography-text-font-weight );\">A PVC-U m\u00e9g magasabb h\u0151m\u00e9rs\u00e9kleten is meg\u0151rzi mechanikai tulajdons\u00e1gait, ami alkalmass\u00e1 teszi a k\u00fcl\u00f6nb\u00f6z\u0151 h\u0151m\u00e9rs\u00e9klet-tartom\u00e1nyokban t\u00f6rt\u00e9n\u0151 alkalmaz\u00e1sra. <\/span> <\/span><\/span><\/li>\n<li><span style=\"background-color: transparent; color: var( --e-global-color-text ); font-family: var( --e-global-typography-text-font-family ), arial; text-align: var(--text-align);\"><span style=\"background-color: transparent; color: var( --e-global-color-text ); font-family: var( --e-global-typography-text-font-family ), arial; text-align: var(--text-align);\"><b>Elektromos szigetel\u00e9s: <br \/><\/b><span style=\"font-weight: var( --e-global-typography-text-font-weight );\">A PVC-U j\u00f3 elektromos szigetel\u00e9si tulajdons\u00e1gokkal rendelkezik, \u00edgy alkalmas az elektromos iparban val\u00f3 alkalmaz\u00e1sra, k\u00fcl\u00f6n\u00f6sen a k\u00e1belek szigetel\u00e9s\u00e9re. <\/span> <\/span><\/span><\/li>\n<li><span style=\"background-color: transparent; color: var( --e-global-color-text ); font-family: var( --e-global-typography-text-font-family ), arial; text-align: var(--text-align);\"><b>L\u00e1ng\u00e1ll\u00f3s\u00e1g<\/b><\/span><span style=\"background-color: transparent; color: var( --e-global-color-text ); font-family: var( --e-global-typography-text-font-family ), arial; font-weight: var( --e-global-typography-text-font-weight ); text-align: var(--text-align);\"><span style=\"background-color: transparent; color: var( --e-global-color-text ); font-family: var( --e-global-typography-text-font-family ), arial; font-weight: var( --e-global-typography-text-font-weight ); text-align: var(--text-align);\"><br \/>A PVC-U \u00f6nmag\u00e1ban is \u00e9g\u00e9sg\u00e1tl\u00f3, \u00e9s k\u00fcl\u00f6nb\u00f6z\u0151 t\u0171zv\u00e9delmi oszt\u00e1lyokba sorolhat\u00f3, \u00edgy alkalmas bizonyos t\u0171zv\u00e9delmi alkalmaz\u00e1sokhoz.<\/span><\/span><\/li>\n<li><span style=\"background-color: transparent; color: var( --e-global-color-text ); font-family: var( --e-global-typography-text-font-family ), arial; text-align: var(--text-align);\"><b>Feldolgozhat\u00f3s\u00e1g<\/b><\/span><span style=\"background-color: transparent; color: var( --e-global-color-text ); font-family: var( --e-global-typography-text-font-family ), arial; text-align: var(--text-align);\"><span style=\"font-weight: var( --e-global-typography-text-font-weight );\">:<\/span><br \/><span style=\"font-weight: var( --e-global-typography-text-font-weight );\">A PVC-U k\u00fcl\u00f6nb\u00f6z\u0151 feldolgoz\u00e1si m\u00f3dszerekkel, p\u00e9ld\u00e1ul extrud\u00e1l\u00e1ssal, fr\u00f6ccs\u00f6nt\u00e9ssel \u00e9s kalanderez\u00e9ssel alak\u00edthat\u00f3 ki. Ez lehet\u0151v\u00e9 teszi a k\u00fcl\u00f6nb\u00f6z\u0151 term\u00e9kek gy\u00e1rt\u00e1s\u00e1t k\u00fcl\u00f6nb\u00f6z\u0151 alkalmaz\u00e1sokhoz.<\/span><\/span> <\/li>\n<\/ul>\n<ul>\n<li><span style=\"background-color: transparent; color: var( --e-global-color-text ); font-family: var( --e-global-typography-text-font-family ), arial; text-align: var(--text-align);\"><b>Alkalmaz\u00e1sok<\/b><\/span><span style=\"background-color: transparent; color: var( --e-global-color-text ); font-family: var( --e-global-typography-text-font-family ), arial; font-weight: var( --e-global-typography-text-font-weight ); text-align: var(--text-align);\"><span style=\"background-color: transparent; color: var( --e-global-color-text ); font-family: var( --e-global-typography-text-font-family ), arial; font-weight: var( --e-global-typography-text-font-weight ); text-align: var(--text-align);\">:<br \/><\/span><\/span>A PVC-U-t gyakran haszn\u00e1lj\u00e1k az \u00e9p\u00edt\u0151iparban cs\u00f6vekhez, ablakprofilokhoz, ajt\u00f3khoz \u00e9s egy\u00e9b \u00e9p\u00edt\u0151elemekhez. A vegyiparban, a v\u00edzell\u00e1t\u00e1sban, az elektromos iparban \u00e9s m\u00e1s m\u0171szaki alkalmaz\u00e1sokban is haszn\u00e1lj\u00e1k.<\/li>\n<\/ul>\n<div> <\/div>\n<p>A PVC-U pontos tulajdons\u00e1gai gy\u00e1rt\u00f3t\u00f3l \u00e9s \u00f6sszet\u00e9telt\u0151l f\u00fcgg\u0151en v\u00e1ltozhatnak. <br \/>Ez\u00e9rt az adott alkalmaz\u00e1shoz a megfelel\u0151 PVC-U term\u00e9k kiv\u00e1laszt\u00e1s\u00e1hoz c\u00e9lszer\u0171 a konkr\u00e9t m\u0171szaki adatlapokat \u00e9s aj\u00e1nl\u00e1sokat tanulm\u00e1nyozni.<br \/><strong><a href=\"https:\/\/www.akuplastics.com\/kontakt-zu-akuplastics-kontaktformular\/\">K\u00e9rdezzen minket<\/a><\/strong><\/p>\n\t\t\t\t\t\t\t\t<\/div>\n\t\t\t\t<\/div>\n\t\t\t\t\t<\/div>\n\t\t<\/div>\n\t\t\t\t<div class=\"elementor-column elementor-col-50 elementor-inner-column elementor-element elementor-element-5d0d711\" data-id=\"5d0d711\" data-element_type=\"column\" data-e-type=\"column\">\n\t\t\t<div class=\"elementor-widget-wrap elementor-element-populated\">\n\t\t\t\t\t\t<div class=\"elementor-element elementor-element-30732ef elementor-widget elementor-widget-image\" data-id=\"30732ef\" data-element_type=\"widget\" data-e-type=\"widget\" data-widget_type=\"image.default\">\n\t\t\t\t<div class=\"elementor-widget-container\">\n\t\t\t\t\t\t\t\t\t\t\t\t<figure class=\"wp-caption\">\n\t\t\t\t\t\t\t\t\t\t<img loading=\"lazy\" decoding=\"async\" width=\"300\" height=\"168\" src=\"https:\/\/www.akuplastics.com\/wp-content\/uploads\/2024\/02\/Platten-Staebe-Hohlstaebe-Schweissdraht_2051-300x168.webp\" class=\"attachment-medium size-medium wp-image-17714\" alt=\"PVC-U St\u00e4be diverse Farben\" srcset=\"https:\/\/www.akuplastics.com\/wp-content\/uploads\/2024\/02\/Platten-Staebe-Hohlstaebe-Schweissdraht_2051-300x168.webp 300w, https:\/\/www.akuplastics.com\/wp-content\/uploads\/2024\/02\/Platten-Staebe-Hohlstaebe-Schweissdraht_2051-1024x575.webp 1024w, https:\/\/www.akuplastics.com\/wp-content\/uploads\/2024\/02\/Platten-Staebe-Hohlstaebe-Schweissdraht_2051-768x431.webp 768w, https:\/\/www.akuplastics.com\/wp-content\/uploads\/2024\/02\/Platten-Staebe-Hohlstaebe-Schweissdraht_2051-1536x862.webp 1536w, https:\/\/www.akuplastics.com\/wp-content\/uploads\/2024\/02\/Platten-Staebe-Hohlstaebe-Schweissdraht_2051.webp 1920w\" sizes=\"auto, (max-width: 300px) 100vw, 300px\" \/>\t\t\t\t\t\t\t\t\t\t\t<figcaption class=\"widget-image-caption wp-caption-text\">T\u00f6m\u00f6r rudak PVC-U rudak k\u00fcl\u00f6nb\u00f6z\u0151 sz\u00ednekben<\/figcaption>\n\t\t\t\t\t\t\t\t\t\t<\/figure>\n\t\t\t\t\t\t\t\t\t<\/div>\n\t\t\t\t<\/div>\n\t\t\t\t<div class=\"elementor-element elementor-element-79ed80c elementor-widget elementor-widget-image\" data-id=\"79ed80c\" data-element_type=\"widget\" data-e-type=\"widget\" data-widget_type=\"image.default\">\n\t\t\t\t<div class=\"elementor-widget-container\">\n\t\t\t\t\t\t\t\t\t\t\t\t<figure class=\"wp-caption\">\n\t\t\t\t\t\t\t\t\t\t<img loading=\"lazy\" decoding=\"async\" width=\"230\" height=\"300\" src=\"https:\/\/www.akuplastics.com\/wp-content\/uploads\/2024\/02\/GEHR-PVC-1-230x300.webp\" class=\"attachment-medium size-medium wp-image-17242\" alt=\"PVC k\u00f6rrudak\" srcset=\"https:\/\/www.akuplastics.com\/wp-content\/uploads\/2024\/02\/GEHR-PVC-1-230x300.webp 230w, https:\/\/www.akuplastics.com\/wp-content\/uploads\/2024\/02\/GEHR-PVC-1.webp 283w\" sizes=\"auto, (max-width: 230px) 100vw, 230px\" \/>\t\t\t\t\t\t\t\t\t\t\t<figcaption class=\"widget-image-caption wp-caption-text\">T\u00f6m\u00f6r rudak PVC-U rudak k\u00fcl\u00f6nb\u00f6z\u0151 sz\u00ednekben<\/figcaption>\n\t\t\t\t\t\t\t\t\t\t<\/figure>\n\t\t\t\t\t\t\t\t\t<\/div>\n\t\t\t\t<\/div>\n\t\t\t\t<div class=\"elementor-element elementor-element-f4f4eef elementor-widget elementor-widget-image\" data-id=\"f4f4eef\" data-element_type=\"widget\" data-e-type=\"widget\" data-widget_type=\"image.default\">\n\t\t\t\t<div class=\"elementor-widget-container\">\n\t\t\t\t\t\t\t\t\t\t\t\t<figure class=\"wp-caption\">\n\t\t\t\t\t\t\t\t\t\t<img loading=\"lazy\" decoding=\"async\" width=\"300\" height=\"168\" src=\"https:\/\/www.akuplastics.com\/wp-content\/uploads\/2024\/02\/Platten-Staebe-Hohlstaebe-Schweissdraht_2072-300x168.webp\" class=\"attachment-medium size-medium wp-image-17337\" alt=\"PVC-U St\u00e4be graue Farbe\" srcset=\"https:\/\/www.akuplastics.com\/wp-content\/uploads\/2024\/02\/Platten-Staebe-Hohlstaebe-Schweissdraht_2072-300x168.webp 300w, https:\/\/www.akuplastics.com\/wp-content\/uploads\/2024\/02\/Platten-Staebe-Hohlstaebe-Schweissdraht_2072-1024x575.webp 1024w, https:\/\/www.akuplastics.com\/wp-content\/uploads\/2024\/02\/Platten-Staebe-Hohlstaebe-Schweissdraht_2072-768x431.webp 768w, https:\/\/www.akuplastics.com\/wp-content\/uploads\/2024\/02\/Platten-Staebe-Hohlstaebe-Schweissdraht_2072-1536x862.webp 1536w, https:\/\/www.akuplastics.com\/wp-content\/uploads\/2024\/02\/Platten-Staebe-Hohlstaebe-Schweissdraht_2072.webp 1920w\" sizes=\"auto, (max-width: 300px) 100vw, 300px\" \/>\t\t\t\t\t\t\t\t\t\t\t<figcaption class=\"widget-image-caption wp-caption-text\">T\u00f6m\u00f6r rudak PVC-U \u00e9s PVC-C rudak<\/figcaption>\n\t\t\t\t\t\t\t\t\t\t<\/figure>\n\t\t\t\t\t\t\t\t\t<\/div>\n\t\t\t\t<\/div>\n\t\t\t\t\t<\/div>\n\t\t<\/div>\n\t\t\t\t\t<\/div>\n\t\t<\/section>\n\t\t\t\t\t<\/div>\n\t\t<\/div>\n\t\t\t\t\t<\/div>\n\t\t<\/section>\n\t\t\t\t<\/div>\n\t\t","protected":false},"excerpt":{"rendered":"<p>PVC-U \u00e9s PVC-C T\u00d6M\u00d6R RUDAK vagy KEREK RUDAK a k\u00f6vetkez\u0151 v\u00e1ltozatokban \u00e1llnak rendelkez\u00e9sre: PVC-U PVC-C&nbsp; Polivinil-klorid-kl\u00f3rozottA PVC-C, r\u00f6viden PVC-C a kl\u00f3rozott polivinil-klorid (CPVC) egy kl\u00f3rozott polivinil-klorid (CPVC, amelyet a PVC kl\u00f3roz\u00e1s\u00e1val \u00e1ll\u00edtanak el\u0151. A PVC-C tulajdons\u00e1gai: K\u00e9miai ellen\u00e1ll\u00e1s: A PVC-C-t kiv\u00e1l\u00f3 k\u00e9miai ellen\u00e1ll\u00e1s jellemzi, k\u00fcl\u00f6n\u00f6sen a savakkal, l\u00fagokkal \u00e9s sz\u00e1mos vegyszerrel szemben. Ez a tulajdons\u00e1ga [&hellip;]<\/p>\n","protected":false},"author":3,"featured_media":0,"parent":9156,"menu_order":0,"comment_status":"closed","ping_status":"closed","template":"elementor_header_footer","meta":{"iawp_total_views":20,"footnotes":""},"class_list":["post-14639","page","type-page","status-publish","hentry"],"yoast_head":"<!-- This site is optimized with the Yoast SEO Premium plugin v27.4 (Yoast SEO v27.5) - https:\/\/yoast.com\/product\/yoast-seo-premium-wordpress\/ -->\n<title>PVC-U rudak PVC-C extrud\u00e1lt t\u00f6m\u00f6r rudak<\/title>\n<meta name=\"description\" content=\"Term\u00e9keink t\u00f6m\u00f6r rudak PVC-U \u00e9s PVC-C: extrud\u00e1lt. \u00dcdv\u00f6z\u00f6lj\u00fck az AKUPLASTICS-n\u00e1l, a kiv\u00e1l\u00f3 min\u0151s\u00e9g\u0171 f\u00e9lk\u00e9sz \u00e9s k\u00e9sz alkatr\u00e9szek megb\u00edzhat\u00f3 partner\u00e9n\u00e9l. Sz\u00e9les v\u00e1laszt\u00e9k a lemezekt\u0151l a hegeszt\u0151g\u00e9pekig, a PVC-t\u0151l a PTFE-ig. Fedezze fel a merev PVC, PVC-U, PVC-HI, PVC-ELS, PVC-C, C-PVC, CPVC, Trovidur\u00ae, Corzan\u00ae, hajl\u00e9kony PVC, PVC-P, merev PVC-hab, k\u00f6nny\u0171 PVC-hab \u00e9s m\u00e9g sok m\u00e1s term\u00e9kb\u0151l k\u00e9sz\u00fclt megold\u00e1sokat. Megmunk\u00e1l\u00f3 g\u00e9pek, hegeszt\u00e9si \u00e9s hajl\u00edt\u00e1si technol\u00f3gia, hegeszt\u00e9si tartoz\u00e9kok. Tudjon meg t\u00f6bbet sok\u00e9ves tapasztalatunkr\u00f3l. Szem\u00e9lyre szabott megold\u00e1sok\u00e9rt forduljon hozz\u00e1nk.\" \/>\n<meta name=\"robots\" content=\"index, follow, max-snippet:-1, max-image-preview:large, max-video-preview:-1\" \/>\n<link rel=\"canonical\" href=\"https:\/\/www.akuplastics.com\/hu\/felkesz-termekek-lemezek-tomor-rudak-ureges-rudak-profilok-csovek-hegesztesi-rudak\/tomor-rudak-rudak-felkesz-termekek-muanyagok\/pvc-rudak-attekintese\/\" \/>\n<script type=\"application\/ld+json\" class=\"yoast-schema-graph\">{\"@context\":\"https:\\\/\\\/schema.org\",\"@graph\":[{\"@type\":\"WebPage\",\"@id\":\"https:\\\/\\\/www.akuplastics.com\\\/hu\\\/felkesz-termekek-lemezek-tomor-rudak-ureges-rudak-profilok-csovek-hegesztesi-rudak\\\/tomor-rudak-rudak-felkesz-termekek-muanyagok\\\/pvc-rudak-attekintese\\\/\",\"url\":\"https:\\\/\\\/www.akuplastics.com\\\/hu\\\/felkesz-termekek-lemezek-tomor-rudak-ureges-rudak-profilok-csovek-hegesztesi-rudak\\\/tomor-rudak-rudak-felkesz-termekek-muanyagok\\\/pvc-rudak-attekintese\\\/\",\"name\":\"PVC-U rudak PVC-C extrud\u00e1lt t\u00f6m\u00f6r rudak\",\"isPartOf\":{\"@id\":\"https:\\\/\\\/www.akuplastics.com\\\/hu\\\/#website\"},\"primaryImageOfPage\":{\"@id\":\"https:\\\/\\\/www.akuplastics.com\\\/hu\\\/felkesz-termekek-lemezek-tomor-rudak-ureges-rudak-profilok-csovek-hegesztesi-rudak\\\/tomor-rudak-rudak-felkesz-termekek-muanyagok\\\/pvc-rudak-attekintese\\\/#primaryimage\"},\"image\":{\"@id\":\"https:\\\/\\\/www.akuplastics.com\\\/hu\\\/felkesz-termekek-lemezek-tomor-rudak-ureges-rudak-profilok-csovek-hegesztesi-rudak\\\/tomor-rudak-rudak-felkesz-termekek-muanyagok\\\/pvc-rudak-attekintese\\\/#primaryimage\"},\"thumbnailUrl\":\"https:\\\/\\\/www.akuplastics.com\\\/wp-content\\\/uploads\\\/2024\\\/02\\\/Platten-Staebe-Hohlstaebe-Schweissdraht_2051-300x168.webp\",\"datePublished\":\"2024-01-18T15:09:45+00:00\",\"dateModified\":\"2024-04-16T12:00:53+00:00\",\"description\":\"Term\u00e9keink t\u00f6m\u00f6r rudak PVC-U \u00e9s PVC-C: extrud\u00e1lt. \u00dcdv\u00f6z\u00f6lj\u00fck az AKUPLASTICS-n\u00e1l, a kiv\u00e1l\u00f3 min\u0151s\u00e9g\u0171 f\u00e9lk\u00e9sz \u00e9s k\u00e9sz alkatr\u00e9szek megb\u00edzhat\u00f3 partner\u00e9n\u00e9l. Sz\u00e9les v\u00e1laszt\u00e9k a lemezekt\u0151l a hegeszt\u0151g\u00e9pekig, a PVC-t\u0151l a PTFE-ig. Fedezze fel a merev PVC, PVC-U, PVC-HI, PVC-ELS, PVC-C, C-PVC, CPVC, Trovidur\u00ae, Corzan\u00ae, hajl\u00e9kony PVC, PVC-P, merev PVC-hab, k\u00f6nny\u0171 PVC-hab \u00e9s m\u00e9g sok m\u00e1s term\u00e9kb\u0151l k\u00e9sz\u00fclt megold\u00e1sokat. Megmunk\u00e1l\u00f3 g\u00e9pek, hegeszt\u00e9si \u00e9s hajl\u00edt\u00e1si technol\u00f3gia, hegeszt\u00e9si tartoz\u00e9kok. Tudjon meg t\u00f6bbet sok\u00e9ves tapasztalatunkr\u00f3l. Szem\u00e9lyre szabott megold\u00e1sok\u00e9rt forduljon hozz\u00e1nk.\",\"breadcrumb\":{\"@id\":\"https:\\\/\\\/www.akuplastics.com\\\/hu\\\/felkesz-termekek-lemezek-tomor-rudak-ureges-rudak-profilok-csovek-hegesztesi-rudak\\\/tomor-rudak-rudak-felkesz-termekek-muanyagok\\\/pvc-rudak-attekintese\\\/#breadcrumb\"},\"inLanguage\":\"hu\",\"potentialAction\":[{\"@type\":\"ReadAction\",\"target\":[\"https:\\\/\\\/www.akuplastics.com\\\/hu\\\/felkesz-termekek-lemezek-tomor-rudak-ureges-rudak-profilok-csovek-hegesztesi-rudak\\\/tomor-rudak-rudak-felkesz-termekek-muanyagok\\\/pvc-rudak-attekintese\\\/\"]}]},{\"@type\":\"ImageObject\",\"inLanguage\":\"hu\",\"@id\":\"https:\\\/\\\/www.akuplastics.com\\\/hu\\\/felkesz-termekek-lemezek-tomor-rudak-ureges-rudak-profilok-csovek-hegesztesi-rudak\\\/tomor-rudak-rudak-felkesz-termekek-muanyagok\\\/pvc-rudak-attekintese\\\/#primaryimage\",\"url\":\"https:\\\/\\\/www.akuplastics.com\\\/wp-content\\\/uploads\\\/2024\\\/02\\\/Platten-Staebe-Hohlstaebe-Schweissdraht_2051-300x168.webp\",\"contentUrl\":\"https:\\\/\\\/www.akuplastics.com\\\/wp-content\\\/uploads\\\/2024\\\/02\\\/Platten-Staebe-Hohlstaebe-Schweissdraht_2051-300x168.webp\"},{\"@type\":\"BreadcrumbList\",\"@id\":\"https:\\\/\\\/www.akuplastics.com\\\/hu\\\/felkesz-termekek-lemezek-tomor-rudak-ureges-rudak-profilok-csovek-hegesztesi-rudak\\\/tomor-rudak-rudak-felkesz-termekek-muanyagok\\\/pvc-rudak-attekintese\\\/#breadcrumb\",\"itemListElement\":[{\"@type\":\"ListItem\",\"position\":1,\"name\":\"Kezd\u0151lap\",\"item\":\"https:\\\/\\\/www.akuplastics.com\\\/hu\\\/\"},{\"@type\":\"ListItem\",\"position\":2,\"name\":\"F\u00e9lk\u00e9sz term\u00e9kek\",\"item\":\"https:\\\/\\\/www.akuplastics.com\\\/hu\\\/felkesz-termekek-lemezek-tomor-rudak-ureges-rudak-profilok-csovek-hegesztesi-rudak\\\/\"},{\"@type\":\"ListItem\",\"position\":3,\"name\":\"T\u00f6m\u00f6r rudak\",\"item\":\"https:\\\/\\\/www.akuplastics.com\\\/hu\\\/halbzeug-platten-vollstabe-hohlstabe-profile-rohre-schweisdrahte\\\/vollstaebe-stab-staebe-halbzeug-kunststoffe\\\/\"},{\"@type\":\"ListItem\",\"position\":4,\"name\":\"PVC rudak \u00e1ttekint\u00e9se\"}]},{\"@type\":\"WebSite\",\"@id\":\"https:\\\/\\\/www.akuplastics.com\\\/hu\\\/#website\",\"url\":\"https:\\\/\\\/www.akuplastics.com\\\/hu\\\/\",\"name\":\"Semi-Finished Products \u2013 Finished Parts \u2013 Ventilation Moulded Parts \u2013 Machines\",\"description\":\"Halbzeuge, Halbfabrikate, Kunststoffhalbzeuge, Kunststoffhalbfabrikate\",\"publisher\":{\"@id\":\"https:\\\/\\\/www.akuplastics.com\\\/hu\\\/#organization\"},\"alternateName\":\"AKUPLASTICS \u2013 Engineering in Plastics\",\"potentialAction\":[{\"@type\":\"SearchAction\",\"target\":{\"@type\":\"EntryPoint\",\"urlTemplate\":\"https:\\\/\\\/www.akuplastics.com\\\/hu\\\/?s={search_term_string}\"},\"query-input\":{\"@type\":\"PropertyValueSpecification\",\"valueRequired\":true,\"valueName\":\"search_term_string\"}}],\"inLanguage\":\"hu\"},{\"@type\":\"Organization\",\"@id\":\"https:\\\/\\\/www.akuplastics.com\\\/hu\\\/#organization\",\"name\":\"Ing. Christian Ahlborn e.U.\",\"alternateName\":\"AKU\",\"url\":\"https:\\\/\\\/www.akuplastics.com\\\/hu\\\/\",\"logo\":{\"@type\":\"ImageObject\",\"inLanguage\":\"hu\",\"@id\":\"https:\\\/\\\/www.akuplastics.com\\\/hu\\\/#\\\/schema\\\/logo\\\/image\\\/\",\"url\":\"https:\\\/\\\/www.akuplastics.com\\\/wp-content\\\/uploads\\\/2020\\\/07\\\/Grafik14-inkl-r.png\",\"contentUrl\":\"https:\\\/\\\/www.akuplastics.com\\\/wp-content\\\/uploads\\\/2020\\\/07\\\/Grafik14-inkl-r.png\",\"width\":1994,\"height\":743,\"caption\":\"Ing. Christian Ahlborn e.U.\"},\"image\":{\"@id\":\"https:\\\/\\\/www.akuplastics.com\\\/hu\\\/#\\\/schema\\\/logo\\\/image\\\/\"}}]}<\/script>\n<!-- \/ Yoast SEO Premium plugin. -->","yoast_head_json":{"title":"PVC-U rudak PVC-C extrud\u00e1lt t\u00f6m\u00f6r rudak","description":"Term\u00e9keink t\u00f6m\u00f6r rudak PVC-U \u00e9s PVC-C: extrud\u00e1lt. \u00dcdv\u00f6z\u00f6lj\u00fck az AKUPLASTICS-n\u00e1l, a kiv\u00e1l\u00f3 min\u0151s\u00e9g\u0171 f\u00e9lk\u00e9sz \u00e9s k\u00e9sz alkatr\u00e9szek megb\u00edzhat\u00f3 partner\u00e9n\u00e9l. Sz\u00e9les v\u00e1laszt\u00e9k a lemezekt\u0151l a hegeszt\u0151g\u00e9pekig, a PVC-t\u0151l a PTFE-ig. Fedezze fel a merev PVC, PVC-U, PVC-HI, PVC-ELS, PVC-C, C-PVC, CPVC, Trovidur\u00ae, Corzan\u00ae, hajl\u00e9kony PVC, PVC-P, merev PVC-hab, k\u00f6nny\u0171 PVC-hab \u00e9s m\u00e9g sok m\u00e1s term\u00e9kb\u0151l k\u00e9sz\u00fclt megold\u00e1sokat. Megmunk\u00e1l\u00f3 g\u00e9pek, hegeszt\u00e9si \u00e9s hajl\u00edt\u00e1si technol\u00f3gia, hegeszt\u00e9si tartoz\u00e9kok. Tudjon meg t\u00f6bbet sok\u00e9ves tapasztalatunkr\u00f3l. Szem\u00e9lyre szabott megold\u00e1sok\u00e9rt forduljon hozz\u00e1nk.","robots":{"index":"index","follow":"follow","max-snippet":"max-snippet:-1","max-image-preview":"max-image-preview:large","max-video-preview":"max-video-preview:-1"},"canonical":"https:\/\/www.akuplastics.com\/hu\/felkesz-termekek-lemezek-tomor-rudak-ureges-rudak-profilok-csovek-hegesztesi-rudak\/tomor-rudak-rudak-felkesz-termekek-muanyagok\/pvc-rudak-attekintese\/","schema":{"@context":"https:\/\/schema.org","@graph":[{"@type":"WebPage","@id":"https:\/\/www.akuplastics.com\/hu\/felkesz-termekek-lemezek-tomor-rudak-ureges-rudak-profilok-csovek-hegesztesi-rudak\/tomor-rudak-rudak-felkesz-termekek-muanyagok\/pvc-rudak-attekintese\/","url":"https:\/\/www.akuplastics.com\/hu\/felkesz-termekek-lemezek-tomor-rudak-ureges-rudak-profilok-csovek-hegesztesi-rudak\/tomor-rudak-rudak-felkesz-termekek-muanyagok\/pvc-rudak-attekintese\/","name":"PVC-U rudak PVC-C extrud\u00e1lt t\u00f6m\u00f6r rudak","isPartOf":{"@id":"https:\/\/www.akuplastics.com\/hu\/#website"},"primaryImageOfPage":{"@id":"https:\/\/www.akuplastics.com\/hu\/felkesz-termekek-lemezek-tomor-rudak-ureges-rudak-profilok-csovek-hegesztesi-rudak\/tomor-rudak-rudak-felkesz-termekek-muanyagok\/pvc-rudak-attekintese\/#primaryimage"},"image":{"@id":"https:\/\/www.akuplastics.com\/hu\/felkesz-termekek-lemezek-tomor-rudak-ureges-rudak-profilok-csovek-hegesztesi-rudak\/tomor-rudak-rudak-felkesz-termekek-muanyagok\/pvc-rudak-attekintese\/#primaryimage"},"thumbnailUrl":"https:\/\/www.akuplastics.com\/wp-content\/uploads\/2024\/02\/Platten-Staebe-Hohlstaebe-Schweissdraht_2051-300x168.webp","datePublished":"2024-01-18T15:09:45+00:00","dateModified":"2024-04-16T12:00:53+00:00","description":"Term\u00e9keink t\u00f6m\u00f6r rudak PVC-U \u00e9s PVC-C: extrud\u00e1lt. \u00dcdv\u00f6z\u00f6lj\u00fck az AKUPLASTICS-n\u00e1l, a kiv\u00e1l\u00f3 min\u0151s\u00e9g\u0171 f\u00e9lk\u00e9sz \u00e9s k\u00e9sz alkatr\u00e9szek megb\u00edzhat\u00f3 partner\u00e9n\u00e9l. Sz\u00e9les v\u00e1laszt\u00e9k a lemezekt\u0151l a hegeszt\u0151g\u00e9pekig, a PVC-t\u0151l a PTFE-ig. Fedezze fel a merev PVC, PVC-U, PVC-HI, PVC-ELS, PVC-C, C-PVC, CPVC, Trovidur\u00ae, Corzan\u00ae, hajl\u00e9kony PVC, PVC-P, merev PVC-hab, k\u00f6nny\u0171 PVC-hab \u00e9s m\u00e9g sok m\u00e1s term\u00e9kb\u0151l k\u00e9sz\u00fclt megold\u00e1sokat. Megmunk\u00e1l\u00f3 g\u00e9pek, hegeszt\u00e9si \u00e9s hajl\u00edt\u00e1si technol\u00f3gia, hegeszt\u00e9si tartoz\u00e9kok. Tudjon meg t\u00f6bbet sok\u00e9ves tapasztalatunkr\u00f3l. Szem\u00e9lyre szabott megold\u00e1sok\u00e9rt forduljon hozz\u00e1nk.","breadcrumb":{"@id":"https:\/\/www.akuplastics.com\/hu\/felkesz-termekek-lemezek-tomor-rudak-ureges-rudak-profilok-csovek-hegesztesi-rudak\/tomor-rudak-rudak-felkesz-termekek-muanyagok\/pvc-rudak-attekintese\/#breadcrumb"},"inLanguage":"hu","potentialAction":[{"@type":"ReadAction","target":["https:\/\/www.akuplastics.com\/hu\/felkesz-termekek-lemezek-tomor-rudak-ureges-rudak-profilok-csovek-hegesztesi-rudak\/tomor-rudak-rudak-felkesz-termekek-muanyagok\/pvc-rudak-attekintese\/"]}]},{"@type":"ImageObject","inLanguage":"hu","@id":"https:\/\/www.akuplastics.com\/hu\/felkesz-termekek-lemezek-tomor-rudak-ureges-rudak-profilok-csovek-hegesztesi-rudak\/tomor-rudak-rudak-felkesz-termekek-muanyagok\/pvc-rudak-attekintese\/#primaryimage","url":"https:\/\/www.akuplastics.com\/wp-content\/uploads\/2024\/02\/Platten-Staebe-Hohlstaebe-Schweissdraht_2051-300x168.webp","contentUrl":"https:\/\/www.akuplastics.com\/wp-content\/uploads\/2024\/02\/Platten-Staebe-Hohlstaebe-Schweissdraht_2051-300x168.webp"},{"@type":"BreadcrumbList","@id":"https:\/\/www.akuplastics.com\/hu\/felkesz-termekek-lemezek-tomor-rudak-ureges-rudak-profilok-csovek-hegesztesi-rudak\/tomor-rudak-rudak-felkesz-termekek-muanyagok\/pvc-rudak-attekintese\/#breadcrumb","itemListElement":[{"@type":"ListItem","position":1,"name":"Kezd\u0151lap","item":"https:\/\/www.akuplastics.com\/hu\/"},{"@type":"ListItem","position":2,"name":"F\u00e9lk\u00e9sz term\u00e9kek","item":"https:\/\/www.akuplastics.com\/hu\/felkesz-termekek-lemezek-tomor-rudak-ureges-rudak-profilok-csovek-hegesztesi-rudak\/"},{"@type":"ListItem","position":3,"name":"T\u00f6m\u00f6r rudak","item":"https:\/\/www.akuplastics.com\/hu\/halbzeug-platten-vollstabe-hohlstabe-profile-rohre-schweisdrahte\/vollstaebe-stab-staebe-halbzeug-kunststoffe\/"},{"@type":"ListItem","position":4,"name":"PVC rudak \u00e1ttekint\u00e9se"}]},{"@type":"WebSite","@id":"https:\/\/www.akuplastics.com\/hu\/#website","url":"https:\/\/www.akuplastics.com\/hu\/","name":"Semi-Finished Products \u2013 Finished Parts \u2013 Ventilation Moulded Parts \u2013 Machines","description":"Halbzeuge, Halbfabrikate, Kunststoffhalbzeuge, Kunststoffhalbfabrikate","publisher":{"@id":"https:\/\/www.akuplastics.com\/hu\/#organization"},"alternateName":"AKUPLASTICS \u2013 Engineering in Plastics","potentialAction":[{"@type":"SearchAction","target":{"@type":"EntryPoint","urlTemplate":"https:\/\/www.akuplastics.com\/hu\/?s={search_term_string}"},"query-input":{"@type":"PropertyValueSpecification","valueRequired":true,"valueName":"search_term_string"}}],"inLanguage":"hu"},{"@type":"Organization","@id":"https:\/\/www.akuplastics.com\/hu\/#organization","name":"Ing. Christian Ahlborn e.U.","alternateName":"AKU","url":"https:\/\/www.akuplastics.com\/hu\/","logo":{"@type":"ImageObject","inLanguage":"hu","@id":"https:\/\/www.akuplastics.com\/hu\/#\/schema\/logo\/image\/","url":"https:\/\/www.akuplastics.com\/wp-content\/uploads\/2020\/07\/Grafik14-inkl-r.png","contentUrl":"https:\/\/www.akuplastics.com\/wp-content\/uploads\/2020\/07\/Grafik14-inkl-r.png","width":1994,"height":743,"caption":"Ing. Christian Ahlborn e.U."},"image":{"@id":"https:\/\/www.akuplastics.com\/hu\/#\/schema\/logo\/image\/"}}]}},"_links":{"self":[{"href":"https:\/\/www.akuplastics.com\/hu\/wp-json\/wp\/v2\/pages\/14639","targetHints":{"allow":["GET"]}}],"collection":[{"href":"https:\/\/www.akuplastics.com\/hu\/wp-json\/wp\/v2\/pages"}],"about":[{"href":"https:\/\/www.akuplastics.com\/hu\/wp-json\/wp\/v2\/types\/page"}],"author":[{"embeddable":true,"href":"https:\/\/www.akuplastics.com\/hu\/wp-json\/wp\/v2\/users\/3"}],"replies":[{"embeddable":true,"href":"https:\/\/www.akuplastics.com\/hu\/wp-json\/wp\/v2\/comments?post=14639"}],"version-history":[{"count":14,"href":"https:\/\/www.akuplastics.com\/hu\/wp-json\/wp\/v2\/pages\/14639\/revisions"}],"predecessor-version":[{"id":22042,"href":"https:\/\/www.akuplastics.com\/hu\/wp-json\/wp\/v2\/pages\/14639\/revisions\/22042"}],"up":[{"embeddable":true,"href":"https:\/\/www.akuplastics.com\/hu\/wp-json\/wp\/v2\/pages\/9156"}],"wp:attachment":[{"href":"https:\/\/www.akuplastics.com\/hu\/wp-json\/wp\/v2\/media?parent=14639"}],"curies":[{"name":"wp","href":"https:\/\/api.w.org\/{rel}","templated":true}]}}