{"id":11225,"date":"2024-01-05T12:00:12","date_gmt":"2024-01-05T11:00:12","guid":{"rendered":"https:\/\/www.akuplastics.com\/lemezek-pp-attekintes\/"},"modified":"2024-03-01T08:41:32","modified_gmt":"2024-03-01T07:41:32","slug":"lemezek-pp-attekintes","status":"publish","type":"page","link":"https:\/\/www.akuplastics.com\/hu\/lemezek-pp-attekintes\/","title":{"rendered":"PP Lemezek \u00c1ttekint\u00e9s"},"content":{"rendered":"\t\t<div data-elementor-type=\"wp-page\" data-elementor-id=\"11225\" class=\"elementor elementor-11225 elementor-11204\" data-elementor-post-type=\"page\">\n\t\t\t\t\t\t<section class=\"elementor-section elementor-top-section elementor-element elementor-element-1ccd709 elementor-section-boxed elementor-section-height-default elementor-section-height-default\" data-id=\"1ccd709\" data-element_type=\"section\" data-e-type=\"section\">\n\t\t\t\t\t\t<div class=\"elementor-container elementor-column-gap-default\">\n\t\t\t\t\t<div class=\"elementor-column elementor-col-50 elementor-top-column elementor-element elementor-element-a61bd75\" data-id=\"a61bd75\" data-element_type=\"column\" data-e-type=\"column\">\n\t\t\t<div class=\"elementor-widget-wrap elementor-element-populated\">\n\t\t\t\t\t\t<section class=\"elementor-section elementor-inner-section elementor-element elementor-element-f660be8 elementor-section-boxed elementor-section-height-default elementor-section-height-default\" data-id=\"f660be8\" data-element_type=\"section\" data-e-type=\"section\">\n\t\t\t\t\t\t<div class=\"elementor-container elementor-column-gap-default\">\n\t\t\t\t\t<div class=\"elementor-column elementor-col-100 elementor-inner-column elementor-element elementor-element-5540b00\" data-id=\"5540b00\" data-element_type=\"column\" data-e-type=\"column\">\n\t\t\t<div class=\"elementor-widget-wrap elementor-element-populated\">\n\t\t\t\t\t\t<div class=\"elementor-element elementor-element-b4b2562 elementor-widget elementor-widget-text-editor\" data-id=\"b4b2562\" data-element_type=\"widget\" data-e-type=\"widget\" data-widget_type=\"text-editor.default\">\n\t\t\t\t<div class=\"elementor-widget-container\">\n\t\t\t\t\t\t\t\t\t<div data-id=\"64081370\" data-element_type=\"widget\" data-widget_type=\"text-editor.default\"><h1>AKU\u00ae-LEN PP lemezek (PP-H, PPs)<\/h1><p>a k\u00f6vetkez\u0151 v\u00e1ltozatokban \u00e1llnak rendelkez\u00e9sre:<\/p><\/div><ul><li><a href=\"https:\/\/www.akuplastics.com\/hu\/pp-lapok-pp-h-pp-extrudalt\/\"><b>PP-H xt<\/b><\/a><\/li><li><a href=\"https:\/\/www.akuplastics.com\/hu\/pp-h-oentoett\/\"><strong>PP-H pr\u00e9slemezek<\/strong><\/a><\/li><\/ul>\t\t\t\t\t\t\t\t<\/div>\n\t\t\t\t<\/div>\n\t\t\t\t<div class=\"elementor-element elementor-element-0dcc238 elementor-widget elementor-widget-text-editor\" data-id=\"0dcc238\" data-element_type=\"widget\" data-e-type=\"widget\" data-widget_type=\"text-editor.default\">\n\t\t\t\t<div class=\"elementor-widget-container\">\n\t\t\t\t\t\t\t\t\t<p><strong><br \/>PP-H (polipropil\u00e9n homopolimer) lemezek:  <\/strong><\/p>\n<p>Magas h\u0151m\u00e9rs\u00e9kleti \u00e9s vegyi ellen\u00e1ll\u00e1s<\/p>\n<p>A <b>homopolimer polipropil\u00e9nb\u0151l<\/b> k\u00e9sz\u00fclt <b>PP-H lemezeket<\/b> <b>magas h\u0151m\u00e9rs\u00e9klet-\u00e1ll\u00f3s\u00e1g<\/b> \u00e9s <b>kiv\u00e1l\u00f3 vegyszer\u00e1ll\u00f3s\u00e1g<\/b> jellemzi.  <br \/><b>A PP-H lemezek jellemz\u0151i \u00e9s alkalmaz\u00e1sai<\/b>:<\/p>\n<p><strong>Tulajdons\u00e1gok:<\/strong><\/p>\n<ul>\n<li><span style=\"background-color: transparent; color: var( --e-global-color-text ); font-family: var( --e-global-typography-text-font-family ), arial; text-align: var(--text-align);\"><br \/>\n  <b>Magas h\u0151m\u00e9rs\u00e9kleti ellen\u00e1ll\u00e1s:<br \/><\/b><br \/>\n<\/span>PP-H lemezek meg\u0151rzik szerkezeti tulajdons\u00e1gaikat magas h\u0151m\u00e9rs\u00e9kleten is, \u00edgy ide\u00e1lisak a magas h\u0151m\u00e9rs\u00e9kleti tartom\u00e1nyokban t\u00f6rt\u00e9n\u0151 alkalmaz\u00e1sokra.<\/li>\n<li><span style=\"background-color: transparent; color: var( --e-global-color-text ); font-family: var( --e-global-typography-text-font-family ), arial; text-align: var(--text-align);\"><br \/>\n  <b>K\u00e9miai ellen\u00e1ll\u00e1s:<br \/><\/b><br \/>\n<\/span>Vegyi anyagok sz\u00e9les sk\u00e1l\u00e1j\u00e1val szemben ellen\u00e1ll\u00f3ak, bele\u00e9rtve a savakat, l\u00fagokat \u00e9s old\u00f3szereket.<\/li>\n<li><span style=\"background-color: transparent; color: var( --e-global-color-text ); font-family: var( --e-global-typography-text-font-family ), arial; text-align: var(--text-align);\"><br \/>\n  <b>K\u00f6nny\u0171s\u00faly:<br \/><\/b><br \/>\n<\/span>A PP-H lemezek robusztuss\u00e1guk ellen\u00e9re k\u00f6nny\u0171ek \u00e9s k\u00f6nnyen kezelhet\u0151k.<\/li>\n<li><span style=\"background-color: transparent; color: var( --e-global-color-text ); font-family: var( --e-global-typography-text-font-family ), arial; text-align: var(--text-align);\"><br \/>\n  <b>Elektromos szigetel\u00e9s:<br \/><\/b><br \/>\n<\/span>A PP-H j\u00f3 elektromos szigetel\u00e9si tulajdons\u00e1gokkal rendelkezik, ami alkalmass\u00e1 teszi az elektromos ipar bizonyos alkalmaz\u00e1saihoz.<\/p>\n<\/li>\n<li><span style=\"background-color: transparent; color: var( --e-global-color-text ); font-family: var( --e-global-typography-text-font-family ), arial; text-align: var(--text-align); font-size: var( --e-global-typography-text-font-size ); font-weight: var( --e-global-typography-text-font-weight );\">\u00dajrahasznos\u00edthat\u00f3:<\/span><\/li>\n<\/ul>\n<p style=\"padding-left: 40px;\">A PP-H teljes m\u00e9rt\u00e9kben \u00fajrahasznos\u00edthat\u00f3, ez\u00e9rt t\u00e1mogatja a fenntarthat\u00f3 gyakorlatokat.<\/p>\n<p><b style=\"background-color: transparent; color: var( --e-global-color-text ); font-family: var( --e-global-typography-text-font-family ), arial; text-align: var(--text-align);\"><strong style=\"background-color: transparent; color: var( --e-global-color-text ); font-family: var( --e-global-typography-text-font-family ), arial; text-align: var(--text-align);\">Alkalmaz\u00e1sok:<\/strong><\/b><\/p>\n<div>\n<ul>\n<li><strong style=\"background-color: transparent; color: var( --e-global-color-text ); font-family: var( --e-global-typography-text-font-family ), arial; text-align: var(--text-align);\">Vegyipar:<\/strong><span style=\"background-color: transparent; color: var( --e-global-color-text ); font-family: var( --e-global-typography-text-font-family ), arial; font-weight: var( --e-global-typography-text-font-weight ); text-align: var(--text-align);\"><br \/>\n  <span style=\"background-color: transparent; color: var( --e-global-color-text ); font-family: var( --e-global-typography-text-font-family ), arial; font-weight: var( --e-global-typography-text-font-weight ); text-align: var(--text-align);\"> <br \/>A PP-H lemezeket vegyszer\u00e1ll\u00f3 tart\u00e1lyok, cs\u00f6vek \u00e9s szerelv\u00e9nyek gy\u00e1rt\u00e1s\u00e1ra haszn\u00e1lj\u00e1k a vegyiparban.<\/span><br \/>\n<\/span><\/p>\n<\/li>\n<li><strong style=\"background-color: transparent; color: var( --e-global-color-text ); font-family: var( --e-global-typography-text-font-family ), arial; text-align: var(--text-align);\">Villamosenergia-ipar:<\/strong><span style=\"background-color: transparent; color: var( --e-global-color-text ); font-family: var( --e-global-typography-text-font-family ), arial; font-weight: var( --e-global-typography-text-font-weight ); text-align: var(--text-align);\"><br \/>\n  <span style=\"background-color: transparent; color: var( --e-global-color-text ); font-family: var( --e-global-typography-text-font-family ), arial; font-weight: var( --e-global-typography-text-font-weight ); text-align: var(--text-align);\"> <br \/>Az elektromos iparban szigetel\u0151anyagokhoz, burkolatokhoz \u00e9s fedelekhez haszn\u00e1lj\u00e1k, k\u00fcl\u00f6n\u00f6sen ott, ahol magas h\u0151m\u00e9rs\u00e9klet fordul el\u0151.<\/span><br \/>\n<\/span><\/p>\n<\/li>\n<li><strong style=\"background-color: transparent; color: var( --e-global-color-text ); font-family: var( --e-global-typography-text-font-family ), arial; text-align: var(--text-align);\">\u00e9lelmiszeripar:<br \/><\/strong><span style=\"background-color: transparent; color: var( --e-global-color-text ); font-family: var( --e-global-typography-text-font-family ), arial; font-weight: var( --e-global-typography-text-font-weight ); text-align: var(--text-align);\"><br \/>\n  <span style=\"background-color: transparent; color: var( --e-global-color-text ); font-family: var( --e-global-typography-text-font-family ), arial; font-weight: var( --e-global-typography-text-font-weight ); text-align: var(--text-align);\">\u00c9lelmiszer-biztons\u00e1gi tulajdons\u00e1gaiknak k\u00f6sz\u00f6nhet\u0151en az \u00e9lelmiszer-feldolgoz\u00e1sban v\u00e1g\u00f3deszk\u00e1k, munkafel\u00fcletek \u00e9s csomagol\u00f3anyagok k\u00e9sz\u00edt\u00e9s\u00e9re haszn\u00e1lj\u00e1k.<\/span><br \/>\n<\/span><\/p>\n<\/li>\n<li><strong style=\"background-color: transparent; color: var( --e-global-color-text ); font-family: var( --e-global-typography-text-font-family ), arial; text-align: var(--text-align);\">K\u00f6rnyezetv\u00e9delmi technol\u00f3gia:<\/strong><span style=\"background-color: transparent; color: var( --e-global-color-text ); font-family: var( --e-global-typography-text-font-family ), arial; font-weight: var( --e-global-typography-text-font-weight ); text-align: var(--text-align);\"><br \/>\n  <span style=\"background-color: transparent; color: var( --e-global-color-text ); font-family: var( --e-global-typography-text-font-family ), arial; font-weight: var( --e-global-typography-text-font-weight ); text-align: var(--text-align);\"> <br \/>A PP-H lemezeket az agressz\u00edv k\u00f6zegekkel szembeni ellen\u00e1ll\u00f3 k\u00e9pess\u00e9g\u00fck miatt kipufog\u00f3g\u00e1z-tiszt\u00edt\u00e1si \u00e9s v\u00edzkezel\u00e9si alkalmaz\u00e1sokban haszn\u00e1lj\u00e1k.<\/span><br \/>\n<\/span><\/li>\n<li><strong style=\"background-color: transparent; color: var( --e-global-color-text ); font-family: var( --e-global-typography-text-font-family ), arial; text-align: var(--text-align);\">\u00c9p\u00edt\u00e9s:<\/strong><span style=\"background-color: transparent; color: var( --e-global-color-text ); font-family: var( --e-global-typography-text-font-family ), arial; font-weight: var( --e-global-typography-text-font-weight ); text-align: var(--text-align);\"><br \/>\n  <span style=\"background-color: transparent; color: var( --e-global-color-text ); font-family: var( --e-global-typography-text-font-family ), arial; font-weight: var( --e-global-typography-text-font-weight ); text-align: var(--text-align);\"> <br \/>\u00c9p\u00edt\u0151ipari alkalmaz\u00e1sokban tet\u0151szigetel\u00e9shez, falburkolatokhoz \u00e9s szigetel\u0151anyagokhoz.<\/p>\n<p><\/span><br \/>\n<\/span><\/li>\n<\/ul>\n<p>A PP-H lemezek <b>megb\u00edzhat\u00f3 megold\u00e1st<\/b> k\u00edn\u00e1lnak a <b>magas h\u0151m\u00e9rs\u00e9kletet, vegyi anyagoknak val\u00f3 kitetts\u00e9get \u00e9s ig\u00e9nyes k\u00f6rnyezetet<\/b> ig\u00e9nyl\u0151 alkalmaz\u00e1sokhoz.  <br \/><b>Alkalmaz\u00e1suk <\/b>sz\u00e9les <b>sk\u00e1l\u00e1ja <\/b>kiterjed a k\u00fcl\u00f6nb\u00f6z\u0151 ipari \u00e1gazatokra, ahol robusztuss\u00e1gra \u00e9s tart\u00f3ss\u00e1gra van sz\u00fcks\u00e9g.<\/p>\n<\/div>\n\t\t\t\t\t\t\t\t<\/div>\n\t\t\t\t<\/div>\n\t\t\t\t<div class=\"elementor-element elementor-element-b4b15f0 elementor-widget elementor-widget-text-editor\" data-id=\"b4b15f0\" data-element_type=\"widget\" data-e-type=\"widget\" data-widget_type=\"text-editor.default\">\n\t\t\t\t<div class=\"elementor-widget-container\">\n\t\t\t\t\t\t\t\t\t<h5><b style=\"color: inherit; font-family: inherit; font-size: 1rem; text-align: var(--text-align);\">Polipropil\u00e9n homopolimeriz\u00e1lt<\/b><\/h5>\n<p>r\u00f6vid\u00edtve PP-H, a polipropil\u00e9n egy speci\u00e1lis form\u00e1ja, amelyet propil\u00e9n homopolimeriz\u00e1ci\u00f3j\u00e1val \u00e1ll\u00edtanak el\u0151. <br \/>A PP-H-t bizonyos tulajdons\u00e1gok jellemzik, amelyek alkalmass\u00e1 teszik a k\u00fcl\u00f6nb\u00f6z\u0151 ipar\u00e1gakban t\u00f6rt\u00e9n\u0151 speci\u00e1lis alkalmaz\u00e1sokra.  <\/p>\n<p><strong>A PP-H tulajdons\u00e1gai:<\/strong><\/p>\n<ul>\n<li>\n<p><strong>Magas h\u0151m\u00e9rs\u00e9klet-ellen\u00e1ll\u00e1s:<\/strong> A PP-H j\u00f3 h\u0151m\u00e9rs\u00e9klet-ellen\u00e1ll\u00e1ssal rendelkezik, \u00e9s magasabb h\u0151m\u00e9rs\u00e9kleten is haszn\u00e1lhat\u00f3, mint a hagyom\u00e1nyos polipropil\u00e9n. Stabil marad 100 \u00b0C k\u00f6r\u00fcli h\u0151m\u00e9rs\u00e9kleten is.<\/p>\n<\/li>\n<li>\n<p><strong>K\u00e9miai ellen\u00e1ll\u00e1s:<\/strong> A PP-H ellen\u00e1ll a vegyszerek sz\u00e9les sk\u00e1l\u00e1j\u00e1nak, bele\u00e9rtve a savakat, l\u00fagokat \u00e9s old\u00f3szereket. Ez a tulajdons\u00e1ga vonz\u00f3v\u00e1 teszi a vegyiparban val\u00f3 alkalmaz\u00e1sra.<\/p>\n<\/li>\n<li>\n<p><strong>J\u00f3 szil\u00e1rds\u00e1g:<\/strong> A PP-H j\u00f3 mechanikai szil\u00e1rds\u00e1ggal rendelkezik, \u00e9s szerkezeti alkalmaz\u00e1sokban haszn\u00e1lhat\u00f3.<\/p>\n<\/li>\n<li>\n<p><strong>Alacsony v\u00edzfelv\u00e9tel:<\/strong> A PP-H csak kis mennyis\u00e9g\u0171 vizet vesz fel, ami alacsony nedvess\u00e9gfelv\u00e9telt eredm\u00e9nyez.<\/p>\n<\/li>\n<li>\n<p><strong>Elektromos szigetel\u00e9s:<\/strong> A legt\u00f6bb polipropil\u00e9nt\u00edpushoz hasonl\u00f3an a PP-H is j\u00f3 szigetel\u0151, \u00e9s az elektromos iparban elektromos alkatr\u00e9szek gy\u00e1rt\u00e1s\u00e1ra haszn\u00e1lj\u00e1k.<\/p>\n<\/li>\n<li>\n<p><strong>K\u00f6nny\u0171 s\u00faly:<\/strong> A PP-H sok m\u00e1s anyaghoz k\u00e9pest k\u00f6nny\u0171, ami megk\u00f6nny\u00edti a kezel\u00e9st \u00e9s a haszn\u00e1latot.<\/p>\n<\/li>\n<\/ul>\n<p><strong>A PP-H alkalmaz\u00e1sai:<\/strong><\/p>\n<p>A PP-H-t sz\u00e1mos ipar\u00e1gban haszn\u00e1lj\u00e1k speci\u00e1lis alkalmaz\u00e1sokhoz, t\u00f6bbek k\u00f6z\u00f6tt a k\u00f6vetkez\u0151kh\u00f6z<\/p>\n<ul>\n<li>\n<p><strong>Vegyipar:<\/strong> cs\u0151vezet\u00e9kek, tart\u00e1lyok, szerelv\u00e9nyek \u00e9s egy\u00e9b alkatr\u00e9szek vegyi ellen\u00e1ll\u00f3s\u00e1ga miatt.<\/p>\n<\/li>\n<li>\n<p><strong>\u00c9p\u00edt\u0151ipar:<\/strong> K\u00fcl\u00f6n\u00f6sen ott, ahol bizonyos h\u0151m\u00e9rs\u00e9klet-ellen\u00e1ll\u00f3s\u00e1gra \u00e9s szil\u00e1rds\u00e1gra van sz\u00fcks\u00e9g.<\/p>\n<\/li>\n<li>\n<p><strong>Villamosenergia-ipar:<\/strong> szigetel\u0151k, h\u00e1zak \u00e9s egy\u00e9b elektromos alkatr\u00e9szek j\u00f3 elektromos szigetel\u00e9si tulajdons\u00e1gai miatt.<\/p>\n<\/li>\n<li>\n<p><strong>Aut\u00f3ipar:<\/strong> Olyan alkatr\u00e9szek, amelyekn\u00e9l a szil\u00e1rds\u00e1g, a h\u0151m\u00e9rs\u00e9klet-ellen\u00e1ll\u00e1s \u00e9s az alacsony t\u00f6meg kombin\u00e1ci\u00f3j\u00e1ra van sz\u00fcks\u00e9g.<\/p>\n<\/li>\n<\/ul>\n<p>Speci\u00e1lis tulajdons\u00e1gainak k\u00f6sz\u00f6nhet\u0151en a PP-H sokoldal\u00fa v\u00e1laszt\u00e1s olyan alkalmaz\u00e1sokhoz, ahol j\u00f3 <b>k\u00e9miai<\/b> \u00e9s <b>h\u0151m\u00e9rs\u00e9kleti <\/b> ellen\u00e1ll\u00e1sra van sz\u00fcks\u00e9g.<\/p>\n\t\t\t\t\t\t\t\t<\/div>\n\t\t\t\t<\/div>\n\t\t\t\t\t<\/div>\n\t\t<\/div>\n\t\t\t\t\t<\/div>\n\t\t<\/section>\n\t\t\t\t\t<\/div>\n\t\t<\/div>\n\t\t\t\t<div class=\"elementor-column elementor-col-50 elementor-top-column elementor-element elementor-element-c5489d0\" data-id=\"c5489d0\" data-element_type=\"column\" data-e-type=\"column\">\n\t\t\t<div class=\"elementor-widget-wrap elementor-element-populated\">\n\t\t\t\t\t\t<div class=\"elementor-element elementor-element-7075d5c elementor-widget elementor-widget-image\" data-id=\"7075d5c\" data-element_type=\"widget\" data-e-type=\"widget\" data-widget_type=\"image.default\">\n\t\t\t\t<div class=\"elementor-widget-container\">\n\t\t\t\t\t\t\t\t\t\t\t\t<figure class=\"wp-caption\">\n\t\t\t\t\t\t\t\t\t\t<img loading=\"lazy\" decoding=\"async\" width=\"278\" height=\"300\" src=\"https:\/\/www.akuplastics.com\/wp-content\/uploads\/2024\/02\/GEHR-PP-30GF-278x300.webp\" class=\"attachment-medium size-medium wp-image-17224\" alt=\"ABS St\u00e4be Platten\" srcset=\"https:\/\/www.akuplastics.com\/wp-content\/uploads\/2024\/02\/GEHR-PP-30GF-278x300.webp 278w, https:\/\/www.akuplastics.com\/wp-content\/uploads\/2024\/02\/GEHR-PP-30GF.webp 597w\" sizes=\"auto, (max-width: 278px) 100vw, 278px\" \/>\t\t\t\t\t\t\t\t\t\t\t<figcaption class=\"widget-image-caption wp-caption-text\">PP-30GF lapok<\/figcaption>\n\t\t\t\t\t\t\t\t\t\t<\/figure>\n\t\t\t\t\t\t\t\t\t<\/div>\n\t\t\t\t<\/div>\n\t\t\t\t<div class=\"elementor-element elementor-element-56bfd5f elementor-widget elementor-widget-image\" data-id=\"56bfd5f\" data-element_type=\"widget\" data-e-type=\"widget\" data-widget_type=\"image.default\">\n\t\t\t\t<div class=\"elementor-widget-container\">\n\t\t\t\t\t\t\t\t\t\t\t\t<figure class=\"wp-caption\">\n\t\t\t\t\t\t\t\t\t\t<img loading=\"lazy\" decoding=\"async\" width=\"300\" height=\"300\" src=\"https:\/\/www.akuplastics.com\/wp-content\/uploads\/2024\/02\/Plastic-solid-plain-sheets-on-white-background-in-grayscale-with-no-structure-1-300x300.webp\" class=\"attachment-medium size-medium wp-image-16439\" alt=\"Lemezek, lapos rudak PE PVC POM PVDF PP ETFE PTFE PCTFE ECTFE FEP PFA ABS PET - Szimbolikus k\u00e9p, AI\/Chatgpt \u00e1ltal gener\u00e1lva\" srcset=\"https:\/\/www.akuplastics.com\/wp-content\/uploads\/2024\/02\/Plastic-solid-plain-sheets-on-white-background-in-grayscale-with-no-structure-1-300x300.webp 300w, https:\/\/www.akuplastics.com\/wp-content\/uploads\/2024\/02\/Plastic-solid-plain-sheets-on-white-background-in-grayscale-with-no-structure-1-150x150.webp 150w, https:\/\/www.akuplastics.com\/wp-content\/uploads\/2024\/02\/Plastic-solid-plain-sheets-on-white-background-in-grayscale-with-no-structure-1-768x768.webp 768w, https:\/\/www.akuplastics.com\/wp-content\/uploads\/2024\/02\/Plastic-solid-plain-sheets-on-white-background-in-grayscale-with-no-structure-1.webp 1024w\" sizes=\"auto, (max-width: 300px) 100vw, 300px\" \/>\t\t\t\t\t\t\t\t\t\t\t<figcaption class=\"widget-image-caption wp-caption-text\">PP-H pr\u00e9selt vagy extrud\u00e1lt lemezek<\/figcaption>\n\t\t\t\t\t\t\t\t\t\t<\/figure>\n\t\t\t\t\t\t\t\t\t<\/div>\n\t\t\t\t<\/div>\n\t\t\t\t\t<\/div>\n\t\t<\/div>\n\t\t\t\t\t<\/div>\n\t\t<\/section>\n\t\t\t\t<\/div>\n\t\t","protected":false},"excerpt":{"rendered":"<p>AKU\u00ae-LEN PP lemezek (PP-H, PPs) a k\u00f6vetkez\u0151 v\u00e1ltozatokban \u00e1llnak rendelkez\u00e9sre: PP-H xt PP-H pr\u00e9slemezek PP-H (polipropil\u00e9n homopolimer) lemezek: Magas h\u0151m\u00e9rs\u00e9kleti \u00e9s vegyi ellen\u00e1ll\u00e1s A homopolimer polipropil\u00e9nb\u0151l k\u00e9sz\u00fclt PP-H lemezeket magas h\u0151m\u00e9rs\u00e9klet-\u00e1ll\u00f3s\u00e1g \u00e9s kiv\u00e1l\u00f3 vegyszer\u00e1ll\u00f3s\u00e1g jellemzi. A PP-H lemezek jellemz\u0151i \u00e9s alkalmaz\u00e1sai: Tulajdons\u00e1gok: Magas h\u0151m\u00e9rs\u00e9kleti ellen\u00e1ll\u00e1s: PP-H lemezek meg\u0151rzik szerkezeti tulajdons\u00e1gaikat magas h\u0151m\u00e9rs\u00e9kleten is, \u00edgy ide\u00e1lisak [&hellip;]<\/p>\n","protected":false},"author":3,"featured_media":0,"parent":0,"menu_order":0,"comment_status":"closed","ping_status":"closed","template":"","meta":{"iawp_total_views":14,"footnotes":""},"class_list":["post-11225","page","type-page","status-publish","hentry"],"yoast_head":"<!-- This site is optimized with the Yoast SEO Premium plugin v27.4 (Yoast SEO v27.5) - https:\/\/yoast.com\/product\/yoast-seo-premium-wordpress\/ -->\n<title>Lemezek PP lemezek PP-H PPs extrud\u00e1lt pr\u00e9selt lemezek Pr\u00e9selt lemezek<\/title>\n<meta name=\"description\" content=\"\u00dcdv\u00f6z\u00f6lj\u00fck az AKUPLASTICS-n\u00e1l, a kiv\u00e1l\u00f3 min\u0151s\u00e9g\u0171 f\u00e9lk\u00e9sz term\u00e9kek \u00e9s k\u00e9sz alkatr\u00e9szek megb\u00edzhat\u00f3 partner\u00e9n\u00e9l. Sz\u00e9les v\u00e1laszt\u00e9k a lemezekt\u0151l a hegeszt\u0151g\u00e9pekig, a PVC-t\u0151l a PTFE-ig. Fedezze fel a merev PVC, PVC-U, PVC-HI, PVC-ELS, PVC-C, C-PVC, CPVC, Trovidur\u00ae, Corzan\u00ae, hajl\u00e9kony PVC, PVC-P, merev PVC hab, k\u00f6nny\u0171 PVC hab \u00e9s m\u00e9g sok m\u00e1s megold\u00e1s. Tov\u00e1bb\u00e1 megmunk\u00e1l\u00f3 g\u00e9pek, hegeszt\u00e9si \u00e9s hajl\u00edt\u00e1si technol\u00f3gia, hegeszt\u00e9si tartoz\u00e9kok. Tudjon meg t\u00f6bbet sok\u00e9ves tapasztalatunkr\u00f3l. L\u00e9pjen vel\u00fcnk kapcsolatba szem\u00e9lyre szabott megold\u00e1sok\u00e9rt.\" \/>\n<meta name=\"robots\" content=\"index, follow, max-snippet:-1, max-image-preview:large, max-video-preview:-1\" \/>\n<link rel=\"canonical\" href=\"https:\/\/www.akuplastics.com\/hu\/lemezek-pp-attekintes\/\" \/>\n<script type=\"application\/ld+json\" class=\"yoast-schema-graph\">{\"@context\":\"https:\\\/\\\/schema.org\",\"@graph\":[{\"@type\":\"WebPage\",\"@id\":\"https:\\\/\\\/www.akuplastics.com\\\/hu\\\/lemezek-pp-attekintes\\\/\",\"url\":\"https:\\\/\\\/www.akuplastics.com\\\/hu\\\/lemezek-pp-attekintes\\\/\",\"name\":\"Lemezek PP lemezek PP-H PPs extrud\u00e1lt pr\u00e9selt lemezek Pr\u00e9selt lemezek\",\"isPartOf\":{\"@id\":\"https:\\\/\\\/www.akuplastics.com\\\/hu\\\/#website\"},\"primaryImageOfPage\":{\"@id\":\"https:\\\/\\\/www.akuplastics.com\\\/hu\\\/lemezek-pp-attekintes\\\/#primaryimage\"},\"image\":{\"@id\":\"https:\\\/\\\/www.akuplastics.com\\\/hu\\\/lemezek-pp-attekintes\\\/#primaryimage\"},\"thumbnailUrl\":\"https:\\\/\\\/www.akuplastics.com\\\/wp-content\\\/uploads\\\/2024\\\/02\\\/GEHR-PP-30GF-278x300.webp\",\"datePublished\":\"2024-01-05T11:00:12+00:00\",\"dateModified\":\"2024-03-01T07:41:32+00:00\",\"description\":\"\u00dcdv\u00f6z\u00f6lj\u00fck az AKUPLASTICS-n\u00e1l, a kiv\u00e1l\u00f3 min\u0151s\u00e9g\u0171 f\u00e9lk\u00e9sz term\u00e9kek \u00e9s k\u00e9sz alkatr\u00e9szek megb\u00edzhat\u00f3 partner\u00e9n\u00e9l. Sz\u00e9les v\u00e1laszt\u00e9k a lemezekt\u0151l a hegeszt\u0151g\u00e9pekig, a PVC-t\u0151l a PTFE-ig. Fedezze fel a merev PVC, PVC-U, PVC-HI, PVC-ELS, PVC-C, C-PVC, CPVC, Trovidur\u00ae, Corzan\u00ae, hajl\u00e9kony PVC, PVC-P, merev PVC hab, k\u00f6nny\u0171 PVC hab \u00e9s m\u00e9g sok m\u00e1s megold\u00e1s. Tov\u00e1bb\u00e1 megmunk\u00e1l\u00f3 g\u00e9pek, hegeszt\u00e9si \u00e9s hajl\u00edt\u00e1si technol\u00f3gia, hegeszt\u00e9si tartoz\u00e9kok. Tudjon meg t\u00f6bbet sok\u00e9ves tapasztalatunkr\u00f3l. L\u00e9pjen vel\u00fcnk kapcsolatba szem\u00e9lyre szabott megold\u00e1sok\u00e9rt.\",\"breadcrumb\":{\"@id\":\"https:\\\/\\\/www.akuplastics.com\\\/hu\\\/lemezek-pp-attekintes\\\/#breadcrumb\"},\"inLanguage\":\"hu\",\"potentialAction\":[{\"@type\":\"ReadAction\",\"target\":[\"https:\\\/\\\/www.akuplastics.com\\\/hu\\\/lemezek-pp-attekintes\\\/\"]}]},{\"@type\":\"ImageObject\",\"inLanguage\":\"hu\",\"@id\":\"https:\\\/\\\/www.akuplastics.com\\\/hu\\\/lemezek-pp-attekintes\\\/#primaryimage\",\"url\":\"https:\\\/\\\/www.akuplastics.com\\\/wp-content\\\/uploads\\\/2024\\\/02\\\/GEHR-PP-30GF-278x300.webp\",\"contentUrl\":\"https:\\\/\\\/www.akuplastics.com\\\/wp-content\\\/uploads\\\/2024\\\/02\\\/GEHR-PP-30GF-278x300.webp\"},{\"@type\":\"BreadcrumbList\",\"@id\":\"https:\\\/\\\/www.akuplastics.com\\\/hu\\\/lemezek-pp-attekintes\\\/#breadcrumb\",\"itemListElement\":[{\"@type\":\"ListItem\",\"position\":1,\"name\":\"Kezd\u0151lap\",\"item\":\"https:\\\/\\\/www.akuplastics.com\\\/hu\\\/\"},{\"@type\":\"ListItem\",\"position\":2,\"name\":\"PP Lemezek \u00c1ttekint\u00e9s\"}]},{\"@type\":\"WebSite\",\"@id\":\"https:\\\/\\\/www.akuplastics.com\\\/hu\\\/#website\",\"url\":\"https:\\\/\\\/www.akuplastics.com\\\/hu\\\/\",\"name\":\"Semi-Finished Products \u2013 Finished Parts \u2013 Ventilation Moulded Parts \u2013 Machines\",\"description\":\"Halbzeuge, Halbfabrikate, Kunststoffhalbzeuge, Kunststoffhalbfabrikate\",\"publisher\":{\"@id\":\"https:\\\/\\\/www.akuplastics.com\\\/hu\\\/#organization\"},\"alternateName\":\"AKUPLASTICS \u2013 Engineering in Plastics\",\"potentialAction\":[{\"@type\":\"SearchAction\",\"target\":{\"@type\":\"EntryPoint\",\"urlTemplate\":\"https:\\\/\\\/www.akuplastics.com\\\/hu\\\/?s={search_term_string}\"},\"query-input\":{\"@type\":\"PropertyValueSpecification\",\"valueRequired\":true,\"valueName\":\"search_term_string\"}}],\"inLanguage\":\"hu\"},{\"@type\":\"Organization\",\"@id\":\"https:\\\/\\\/www.akuplastics.com\\\/hu\\\/#organization\",\"name\":\"Ing. Christian Ahlborn e.U.\",\"alternateName\":\"AKU\",\"url\":\"https:\\\/\\\/www.akuplastics.com\\\/hu\\\/\",\"logo\":{\"@type\":\"ImageObject\",\"inLanguage\":\"hu\",\"@id\":\"https:\\\/\\\/www.akuplastics.com\\\/hu\\\/#\\\/schema\\\/logo\\\/image\\\/\",\"url\":\"https:\\\/\\\/www.akuplastics.com\\\/wp-content\\\/uploads\\\/2020\\\/07\\\/Grafik14-inkl-r.png\",\"contentUrl\":\"https:\\\/\\\/www.akuplastics.com\\\/wp-content\\\/uploads\\\/2020\\\/07\\\/Grafik14-inkl-r.png\",\"width\":1994,\"height\":743,\"caption\":\"Ing. Christian Ahlborn e.U.\"},\"image\":{\"@id\":\"https:\\\/\\\/www.akuplastics.com\\\/hu\\\/#\\\/schema\\\/logo\\\/image\\\/\"}}]}<\/script>\n<!-- \/ Yoast SEO Premium plugin. -->","yoast_head_json":{"title":"Lemezek PP lemezek PP-H PPs extrud\u00e1lt pr\u00e9selt lemezek Pr\u00e9selt lemezek","description":"\u00dcdv\u00f6z\u00f6lj\u00fck az AKUPLASTICS-n\u00e1l, a kiv\u00e1l\u00f3 min\u0151s\u00e9g\u0171 f\u00e9lk\u00e9sz term\u00e9kek \u00e9s k\u00e9sz alkatr\u00e9szek megb\u00edzhat\u00f3 partner\u00e9n\u00e9l. Sz\u00e9les v\u00e1laszt\u00e9k a lemezekt\u0151l a hegeszt\u0151g\u00e9pekig, a PVC-t\u0151l a PTFE-ig. Fedezze fel a merev PVC, PVC-U, PVC-HI, PVC-ELS, PVC-C, C-PVC, CPVC, Trovidur\u00ae, Corzan\u00ae, hajl\u00e9kony PVC, PVC-P, merev PVC hab, k\u00f6nny\u0171 PVC hab \u00e9s m\u00e9g sok m\u00e1s megold\u00e1s. Tov\u00e1bb\u00e1 megmunk\u00e1l\u00f3 g\u00e9pek, hegeszt\u00e9si \u00e9s hajl\u00edt\u00e1si technol\u00f3gia, hegeszt\u00e9si tartoz\u00e9kok. Tudjon meg t\u00f6bbet sok\u00e9ves tapasztalatunkr\u00f3l. L\u00e9pjen vel\u00fcnk kapcsolatba szem\u00e9lyre szabott megold\u00e1sok\u00e9rt.","robots":{"index":"index","follow":"follow","max-snippet":"max-snippet:-1","max-image-preview":"max-image-preview:large","max-video-preview":"max-video-preview:-1"},"canonical":"https:\/\/www.akuplastics.com\/hu\/lemezek-pp-attekintes\/","schema":{"@context":"https:\/\/schema.org","@graph":[{"@type":"WebPage","@id":"https:\/\/www.akuplastics.com\/hu\/lemezek-pp-attekintes\/","url":"https:\/\/www.akuplastics.com\/hu\/lemezek-pp-attekintes\/","name":"Lemezek PP lemezek PP-H PPs extrud\u00e1lt pr\u00e9selt lemezek Pr\u00e9selt lemezek","isPartOf":{"@id":"https:\/\/www.akuplastics.com\/hu\/#website"},"primaryImageOfPage":{"@id":"https:\/\/www.akuplastics.com\/hu\/lemezek-pp-attekintes\/#primaryimage"},"image":{"@id":"https:\/\/www.akuplastics.com\/hu\/lemezek-pp-attekintes\/#primaryimage"},"thumbnailUrl":"https:\/\/www.akuplastics.com\/wp-content\/uploads\/2024\/02\/GEHR-PP-30GF-278x300.webp","datePublished":"2024-01-05T11:00:12+00:00","dateModified":"2024-03-01T07:41:32+00:00","description":"\u00dcdv\u00f6z\u00f6lj\u00fck az AKUPLASTICS-n\u00e1l, a kiv\u00e1l\u00f3 min\u0151s\u00e9g\u0171 f\u00e9lk\u00e9sz term\u00e9kek \u00e9s k\u00e9sz alkatr\u00e9szek megb\u00edzhat\u00f3 partner\u00e9n\u00e9l. Sz\u00e9les v\u00e1laszt\u00e9k a lemezekt\u0151l a hegeszt\u0151g\u00e9pekig, a PVC-t\u0151l a PTFE-ig. Fedezze fel a merev PVC, PVC-U, PVC-HI, PVC-ELS, PVC-C, C-PVC, CPVC, Trovidur\u00ae, Corzan\u00ae, hajl\u00e9kony PVC, PVC-P, merev PVC hab, k\u00f6nny\u0171 PVC hab \u00e9s m\u00e9g sok m\u00e1s megold\u00e1s. Tov\u00e1bb\u00e1 megmunk\u00e1l\u00f3 g\u00e9pek, hegeszt\u00e9si \u00e9s hajl\u00edt\u00e1si technol\u00f3gia, hegeszt\u00e9si tartoz\u00e9kok. Tudjon meg t\u00f6bbet sok\u00e9ves tapasztalatunkr\u00f3l. L\u00e9pjen vel\u00fcnk kapcsolatba szem\u00e9lyre szabott megold\u00e1sok\u00e9rt.","breadcrumb":{"@id":"https:\/\/www.akuplastics.com\/hu\/lemezek-pp-attekintes\/#breadcrumb"},"inLanguage":"hu","potentialAction":[{"@type":"ReadAction","target":["https:\/\/www.akuplastics.com\/hu\/lemezek-pp-attekintes\/"]}]},{"@type":"ImageObject","inLanguage":"hu","@id":"https:\/\/www.akuplastics.com\/hu\/lemezek-pp-attekintes\/#primaryimage","url":"https:\/\/www.akuplastics.com\/wp-content\/uploads\/2024\/02\/GEHR-PP-30GF-278x300.webp","contentUrl":"https:\/\/www.akuplastics.com\/wp-content\/uploads\/2024\/02\/GEHR-PP-30GF-278x300.webp"},{"@type":"BreadcrumbList","@id":"https:\/\/www.akuplastics.com\/hu\/lemezek-pp-attekintes\/#breadcrumb","itemListElement":[{"@type":"ListItem","position":1,"name":"Kezd\u0151lap","item":"https:\/\/www.akuplastics.com\/hu\/"},{"@type":"ListItem","position":2,"name":"PP Lemezek \u00c1ttekint\u00e9s"}]},{"@type":"WebSite","@id":"https:\/\/www.akuplastics.com\/hu\/#website","url":"https:\/\/www.akuplastics.com\/hu\/","name":"Semi-Finished Products \u2013 Finished Parts \u2013 Ventilation Moulded Parts \u2013 Machines","description":"Halbzeuge, Halbfabrikate, Kunststoffhalbzeuge, Kunststoffhalbfabrikate","publisher":{"@id":"https:\/\/www.akuplastics.com\/hu\/#organization"},"alternateName":"AKUPLASTICS \u2013 Engineering in Plastics","potentialAction":[{"@type":"SearchAction","target":{"@type":"EntryPoint","urlTemplate":"https:\/\/www.akuplastics.com\/hu\/?s={search_term_string}"},"query-input":{"@type":"PropertyValueSpecification","valueRequired":true,"valueName":"search_term_string"}}],"inLanguage":"hu"},{"@type":"Organization","@id":"https:\/\/www.akuplastics.com\/hu\/#organization","name":"Ing. Christian Ahlborn e.U.","alternateName":"AKU","url":"https:\/\/www.akuplastics.com\/hu\/","logo":{"@type":"ImageObject","inLanguage":"hu","@id":"https:\/\/www.akuplastics.com\/hu\/#\/schema\/logo\/image\/","url":"https:\/\/www.akuplastics.com\/wp-content\/uploads\/2020\/07\/Grafik14-inkl-r.png","contentUrl":"https:\/\/www.akuplastics.com\/wp-content\/uploads\/2020\/07\/Grafik14-inkl-r.png","width":1994,"height":743,"caption":"Ing. Christian Ahlborn e.U."},"image":{"@id":"https:\/\/www.akuplastics.com\/hu\/#\/schema\/logo\/image\/"}}]}},"_links":{"self":[{"href":"https:\/\/www.akuplastics.com\/hu\/wp-json\/wp\/v2\/pages\/11225","targetHints":{"allow":["GET"]}}],"collection":[{"href":"https:\/\/www.akuplastics.com\/hu\/wp-json\/wp\/v2\/pages"}],"about":[{"href":"https:\/\/www.akuplastics.com\/hu\/wp-json\/wp\/v2\/types\/page"}],"author":[{"embeddable":true,"href":"https:\/\/www.akuplastics.com\/hu\/wp-json\/wp\/v2\/users\/3"}],"replies":[{"embeddable":true,"href":"https:\/\/www.akuplastics.com\/hu\/wp-json\/wp\/v2\/comments?post=11225"}],"version-history":[{"count":12,"href":"https:\/\/www.akuplastics.com\/hu\/wp-json\/wp\/v2\/pages\/11225\/revisions"}],"predecessor-version":[{"id":19045,"href":"https:\/\/www.akuplastics.com\/hu\/wp-json\/wp\/v2\/pages\/11225\/revisions\/19045"}],"wp:attachment":[{"href":"https:\/\/www.akuplastics.com\/hu\/wp-json\/wp\/v2\/media?parent=11225"}],"curies":[{"name":"wp","href":"https:\/\/api.w.org\/{rel}","templated":true}]}}